{"id":933,"date":"2010-09-17T18:57:55","date_gmt":"2010-09-17T18:57:55","guid":{"rendered":"http:\/\/www.muntdemots.org\/"},"modified":"2010-09-24T14:56:33","modified_gmt":"2010-09-24T14:56:33","slug":"cuentae-linguae","status":"publish","type":"page","link":"http:\/\/muntdemots.org\/2010\/cuentae-linguae\/","title":{"rendered":"Cuentae Linguae"},"content":{"rendered":"<p><strong> <\/strong><\/p>\n<p>\u00bfPueden  las historias incluso traspasar la barrera del idioma? Esto es lo que  comprobaremos en esta sesi\u00f3n sacada directamente de la Torre de Babel.  Cuentos en distintas lenguas, para disfrutar de la musicalidad de las  palabras y darnos cuenta de que entendemos todo, todo lo que nos est\u00e1n  contando\u2026<br \/>\n<em>Dia: Dissabte 23<br \/>\nHora: 19:00hs<br \/>\nLloc: <\/em><a href=\"http:\/\/www.bcn.cat\/centrecivicpatillimona\" target=\"_blank\">C. C. PATI LL\u00cdMONA<\/a><a href=\"www.bcn.cat\/centrecivicpatillimona\" target=\"_blank\"><br \/>\n<\/a><a href=\"http:\/\/w20.bcn.cat\/Guiamap\/Default.aspx#x=28616.746&amp;y=86219.774&amp;z=5&amp;c=K014K015K001K002K003K011K013K006&amp;w=1057&amp;h=442&amp;p=28616.746,86219.774\" target=\"_blank\"><\/a><a href=\"http:\/\/w20.bcn.cat\/Guiamap\/Default.aspx#x=31446.088&amp;y=81641.358&amp;z=5&amp;c=K014K015K001K002K003K011K013K006&amp;w=1057&amp;h=442&amp;p=31446.088,81641.358\" target=\"_blank\">\u00bfC\u00f3mo llegar?<\/a><\/p>\n<p><span style=\"color: #ffffff;\">.<\/span><\/p>\n<p><strong> <\/strong><\/p>\n<p><strong>Con la participaci\u00f3n de<\/strong><\/p>\n<p>Mar\u00eda  Grazia Celso (Italiano), Ainara Bilbao (Euskera), Furafollas (Gallego),  Monika Klose (Alem\u00e1n), Carine Dubois (Franc\u00e9s), Yoshi Hioki (Japon\u00e9s),  Carol Westerman (Ingl\u00e9s), Mariona Vilanova (Lengua de Signos Catalana.  Traducci\u00f3n a viva voz: Esther Pozo)<\/p>\n","protected":false},"excerpt":{"rendered":"<p>\u00bfPueden las historias incluso traspasar la barrera del idioma? Esto es lo que comprobaremos en esta sesi\u00f3n sacada directamente de la Torre de Babel. Cuentos en distintas lenguas, para disfrutar de la musicalidad de las palabras y darnos cuenta de que entendemos todo, todo lo que nos est\u00e1n contando\u2026 Dia: Dissabte 23 Hora: 19:00hs Lloc: [&hellip;]<\/p>\n","protected":false},"author":1,"featured_media":0,"parent":0,"menu_order":0,"comment_status":"open","ping_status":"open","template":"","meta":[],"_links":{"self":[{"href":"http:\/\/muntdemots.org\/2010\/wp-json\/wp\/v2\/pages\/933"}],"collection":[{"href":"http:\/\/muntdemots.org\/2010\/wp-json\/wp\/v2\/pages"}],"about":[{"href":"http:\/\/muntdemots.org\/2010\/wp-json\/wp\/v2\/types\/page"}],"author":[{"embeddable":true,"href":"http:\/\/muntdemots.org\/2010\/wp-json\/wp\/v2\/users\/1"}],"replies":[{"embeddable":true,"href":"http:\/\/muntdemots.org\/2010\/wp-json\/wp\/v2\/comments?post=933"}],"version-history":[{"count":4,"href":"http:\/\/muntdemots.org\/2010\/wp-json\/wp\/v2\/pages\/933\/revisions"}],"predecessor-version":[{"id":936,"href":"http:\/\/muntdemots.org\/2010\/wp-json\/wp\/v2\/pages\/933\/revisions\/936"}],"wp:attachment":[{"href":"http:\/\/muntdemots.org\/2010\/wp-json\/wp\/v2\/media?parent=933"}],"curies":[{"name":"wp","href":"https:\/\/api.w.org\/{rel}","templated":true}]}}