{"id":748,"date":"2010-09-16T14:56:19","date_gmt":"2010-09-16T14:56:19","guid":{"rendered":"http:\/\/www.muntdemots.org\/"},"modified":"2010-09-25T16:52:15","modified_gmt":"2010-09-25T16:52:15","slug":"nohemi-caballer","status":"publish","type":"page","link":"http:\/\/muntdemots.org\/2010\/nohemi-caballer\/","title":{"rendered":"Nohem\u00ed Caballer"},"content":{"rendered":"<p>Diplomada en Biblioteconomia i Documentaci\u00f3 per la Facultat de Biblioteconomia de la Universitat del Barcelona, treballa com a documentalista i com a narradora oral des de l\u2019any 1995, activitat a trav\u00e9s de la qual es relaciona amb el p\u00fablic infantil, adolescent i adult.\u00a0 Desenvolupa i investiga en projectes de narraci\u00f3 per a infants i ha participat en diferents programacions, festivals i trobades de narradores de car\u00e0cter internacional i intercontinental.<\/p>\n<p><span style=\"color: #ffffff;\">.<\/span><\/p>\n<p><strong>VOCES DE MUJER<\/strong><br \/>\n<em> In\u00e9s Macpherson, Isabela M\u00e9ndez i Noem\u00ed Caballer<\/em><br \/>\nEs tracta d\u2019una sessi\u00f3 de contes en la qual tres joves creadores, en la seva doble condici\u00f3 d\u2019autores i de conta contes, narraran de viva veu alguns dels seus escrits, poemes i relats. In\u00e9s Macpherson, Isabela M\u00e9ndez i Noem\u00ed Caballer ens oferiran aquest inusual privilegi. Una nit per a deixar-se endur all\u00e0 on ens vulguin portar aquestes <em>Veus de Dones<\/em>\u2026<br \/>\n<em>Dia: Dijous 21<br \/>\nHora: 18:00hrs<br \/>\nLloc: <\/em><a href=\"http:\/\/www.cctorrellobeta.es\/\" target=\"_blank\">C. C. TORRE LLOBETA<\/a><a href=\"http:\/\/www.centreshg.net\/taxonera\" target=\"_blank\"><br \/>\n<\/a><a href=\"http:\/\/w20.bcn.cat\/Guiamap\/Default.aspx#x=31057.262&amp;y=86644.19&amp;z=5&amp;c=K014K015K001K002K003K011K013K006&amp;w=1057&amp;h=442&amp;p=31057.262,86644.19\" target=\"_blank\">\u00bfC\u00f3mo llegar?<\/a><br \/>\n<strong><br \/>\n<strong>In\u00e9s Macpherson<\/strong><\/strong> (Catalunya). Escriptora i llicenciada en Filosofia. Conta contes des de l\u2019any 2002 i narra cada mes a l\u2019Astrolabi des del 2003.<br \/>\n<strong><br \/>\n<strong>Isabela M\u00e9ndez<\/strong><\/strong> (Vene\u00e7uela). Escriptora, actriu, cantant. Narradora oral des de l\u2019any 2006. Va estudiar teatre a Caracas i a Nova York.<br \/>\n<strong><br \/>\n<strong>Noem\u00ed Caballer<\/strong><\/strong> (Catalunya) Escriptora i bibliotec\u00e0ria, narra des de l\u2019any 1994. Ha participat en festivals d\u2019Argentina, Portugal i M\u00e8xic.<br \/>\n<em><\/em><em><\/em><\/p>\n<p><em><span style=\"color: #ffffff;\">.<\/span><br \/>\n<\/em><\/p>\n<p><em><a href=\"\/2010\/wp-content\/uploads\/2010\/09\/NOHEM\u00cd-CABALLER-1.jpg\"><img decoding=\"async\" loading=\"lazy\" class=\"alignleft size-full wp-image-751\" title=\"NOHEM\u00cd CABALLER 1\" src=\"\/2010\/wp-content\/uploads\/2010\/09\/NOHEM\u00cd-CABALLER-1.jpg\" alt=\"\" width=\"197\" height=\"181\" \/><\/a><br \/>\n<\/em><\/p>\n","protected":false},"excerpt":{"rendered":"<p>Diplomada en Biblioteconomia i Documentaci\u00f3 per la Facultat de Biblioteconomia de la Universitat del Barcelona, treballa com a documentalista i com a narradora oral des de l\u2019any 1995, activitat a trav\u00e9s de la qual es relaciona amb el p\u00fablic infantil, adolescent i adult.\u00a0 Desenvolupa i investiga en projectes de narraci\u00f3 per a infants i ha [&hellip;]<\/p>\n","protected":false},"author":1,"featured_media":0,"parent":0,"menu_order":0,"comment_status":"open","ping_status":"open","template":"","meta":[],"_links":{"self":[{"href":"http:\/\/muntdemots.org\/2010\/wp-json\/wp\/v2\/pages\/748"}],"collection":[{"href":"http:\/\/muntdemots.org\/2010\/wp-json\/wp\/v2\/pages"}],"about":[{"href":"http:\/\/muntdemots.org\/2010\/wp-json\/wp\/v2\/types\/page"}],"author":[{"embeddable":true,"href":"http:\/\/muntdemots.org\/2010\/wp-json\/wp\/v2\/users\/1"}],"replies":[{"embeddable":true,"href":"http:\/\/muntdemots.org\/2010\/wp-json\/wp\/v2\/comments?post=748"}],"version-history":[{"count":7,"href":"http:\/\/muntdemots.org\/2010\/wp-json\/wp\/v2\/pages\/748\/revisions"}],"predecessor-version":[{"id":1523,"href":"http:\/\/muntdemots.org\/2010\/wp-json\/wp\/v2\/pages\/748\/revisions\/1523"}],"wp:attachment":[{"href":"http:\/\/muntdemots.org\/2010\/wp-json\/wp\/v2\/media?parent=748"}],"curies":[{"name":"wp","href":"https:\/\/api.w.org\/{rel}","templated":true}]}}