{"id":721,"date":"2010-09-16T07:42:28","date_gmt":"2010-09-16T07:42:28","guid":{"rendered":"http:\/\/www.muntdemots.org\/"},"modified":"2010-09-25T17:34:33","modified_gmt":"2010-09-25T17:34:33","slug":"ruben-martinez-santana","status":"publish","type":"page","link":"http:\/\/muntdemots.org\/2010\/ruben-martinez-santana\/","title":{"rendered":"Rub\u00e9n Mart\u00ednez Santana"},"content":{"rendered":"<p><a href=\"http:\/\/www.rubenmartinezsantana.com\/\">www.rubenmartinezsantana.com<\/a><\/p>\n<p>Es periodista (UCV, 1990). Cuentacuentos desde 1984, ha publicado ya nueve libros de cuentos, teatro y poes\u00eda. Es Premio Nacional de Cuento Breve, de Cuento Infantil, de Libro de Texto, de Dramaturgia Infantil y de M\u00fasica para ni\u00f1os en su pa\u00eds. Ha editado cuatro discos con su m\u00fasica. Vive en Barcelona desde 2001, dictando talleres y contando cuentos.<\/p>\n<p><span style=\"color: #ffffff;\">.<\/span><\/p>\n<p>MASTERCLASS EN EL INSTITUT DEL TEATRE<br \/>\n<strong>NARRACI\u00d3N ORAL Y TEATRO<\/strong><br \/>\nRub\u00e9n Mart\u00ednez Santana<strong> <\/strong><\/p>\n<p>\u00bfQu\u00e9 diferencia hay entre el trabajo de un actor o una actriz y el un\/a Cuentacuentos? \u00bfExiste realmente alguna diferencia? \u00bfPuede un actor o una actriz ser Cuentacuentos? En esta masterclass se explorar\u00e1n los l\u00edmites que separan a ambas artes esc\u00e9nicas, sus puntos de encuentro y desencuentro, mostrando \u2013sobre todo- las leyes que rigen el oficio arcano de los\/as narradores orales.<\/p>\n<p>La clase estar\u00e1 acompa\u00f1ada por una muestra pr\u00e1ctica de distintos narradores y narradoras orales, de distintos estilos y t\u00e9cticas.<br \/>\n<em>Duraci\u00f3n<\/em>: 90 min.<br \/>\n<em>Dia: Dimecres 20<br \/>\nHora: 16:30hrs<br \/>\nLloc: <\/em><a href=\"http:\/\/www.institutdelteatre.org\/\" target=\"_blank\">INSTITUT DEL TEATRE<\/a><a href=\"http:\/\/www.centreshg.net\/taxonera\" target=\"_blank\"><br \/>\n<\/a><a href=\"http:\/\/w20.bcn.cat\/Guiamap\/Default.aspx#x=29639.529&amp;y=80530.907&amp;z=5&amp;c=K014K015K001K002K003K011K013K006&amp;w=1057&amp;h=442&amp;p=29639.529,80530.907\" target=\"_blank\">\u00bfC\u00f3mo llegar?<\/a><a href=\"http:\/\/www.institutdelteatre.org\/\" target=\"_blank\"><br \/>\n<\/a><a href=\"http:\/\/www.institutdelteatre.org\/\" target=\"_blank\"> <\/a><\/p>\n<p><span style=\"color: #ffffff;\">.<\/span><\/p>\n<p><strong><em>PRESENTACI\u00d3N DEL LIBRO<br \/>\nCOQUITOS <\/em><\/strong>EN LA  LIBRER\u00cdA SANTOS OCHOA<br \/>\nISABEL DE LOS RIOS, EditorA<br \/>\nde Rub\u00e9n Mart\u00ednez Santana<br \/>\ncon Ilustraciones de Alekos<br \/>\nPoes\u00eda para ni\u00f1os y ni\u00f1as<br \/>\n48 p\u00e1gs.<\/p>\n<p><strong> <\/strong><\/p>\n<p>Este libro de peque\u00f1os poemas para ni\u00f1os y ni\u00f1as obtuvo este a\u00f1o el Premio al Mejor Libro Infantil, otrogado por el Centro Nacional del Libro (Venezuela).<br \/>\n<em>Dia: Dissabte 23<br \/>\nHora: 12:00hrs<br \/>\nLloc: <\/em><a href=\"http:\/\/www.santosochoa.es\/\" target=\"_blank\">LIBRER\u00cdA SANTOS OCHOA<\/a><a href=\"http:\/\/www.centreshg.net\/taxonera\" target=\"_blank\"><br \/>\n<\/a><a href=\"http:\/\/w20.bcn.cat\/Guiamap\/Default.aspx#x=31455.899&amp;y=87037.379&amp;z=5&amp;c=K014K015K001K002K003K011K013K006&amp;w=1057&amp;h=442&amp;p=31455.899,87037.379\" target=\"_blank\">\u00bfC\u00f3mo llegar?<\/a><\/p>\n<p><span style=\"color: #ffffff;\">.<\/span><br \/>\n<a href=\"http:\/\/www.cuentacuentos.eu\/narradores\/coordinadores\/Alekos.htm\" target=\"_blank\"><strong>Alekos<\/strong> <\/a>Cuentacuentos colombiano, es Coordinador de la <em>Red  Internacional<\/em><em> de Cuentacuentos<\/em> y hace recitales en los que se integran Palabra, m\u00fasica e imagen. Artista pl\u00e1stico, ha expuesto individual y colectivamente en Am\u00e9rica y Europa. Es ilustrador de numerosas publicaciones y autor de cinco libros. Integrante de un dueto de canciones de despecho: <em>Malmarido y 4copas <\/em><strong><a href=\"http:\/\/www.cuentacuentos.eu\/narradores\/coordinadores\/Alekos.htm\"><\/a><\/strong><\/p>\n<p><strong><span style=\"color: #ffffff;\">.<\/span><br \/>\n<\/strong><\/p>\n<p><strong><a href=\"\/2010\/wp-content\/uploads\/2010\/09\/RubenMartinez.jpg\"><img decoding=\"async\" loading=\"lazy\" class=\"alignleft size-medium wp-image-726\" title=\"RubenMartinez\" src=\"\/2010\/wp-content\/uploads\/2010\/09\/RubenMartinez-300x200.jpg\" alt=\"\" width=\"300\" height=\"200\" srcset=\"https:\/\/muntdemots.org\/2010\/wp-content\/uploads\/2010\/09\/RubenMartinez-300x200.jpg 300w, https:\/\/muntdemots.org\/2010\/wp-content\/uploads\/2010\/09\/RubenMartinez-1024x682.jpg 1024w\" sizes=\"(max-width: 300px) 100vw, 300px\" \/><\/a><br \/>\n<\/strong><\/p>\n","protected":false},"excerpt":{"rendered":"<p>www.rubenmartinezsantana.com Es periodista (UCV, 1990). Cuentacuentos desde 1984, ha publicado ya nueve libros de cuentos, teatro y poes\u00eda. Es Premio Nacional de Cuento Breve, de Cuento Infantil, de Libro de Texto, de Dramaturgia Infantil y de M\u00fasica para ni\u00f1os en su pa\u00eds. Ha editado cuatro discos con su m\u00fasica. Vive en Barcelona desde 2001, dictando [&hellip;]<\/p>\n","protected":false},"author":1,"featured_media":0,"parent":0,"menu_order":0,"comment_status":"open","ping_status":"open","template":"","meta":[],"_links":{"self":[{"href":"http:\/\/muntdemots.org\/2010\/wp-json\/wp\/v2\/pages\/721"}],"collection":[{"href":"http:\/\/muntdemots.org\/2010\/wp-json\/wp\/v2\/pages"}],"about":[{"href":"http:\/\/muntdemots.org\/2010\/wp-json\/wp\/v2\/types\/page"}],"author":[{"embeddable":true,"href":"http:\/\/muntdemots.org\/2010\/wp-json\/wp\/v2\/users\/1"}],"replies":[{"embeddable":true,"href":"http:\/\/muntdemots.org\/2010\/wp-json\/wp\/v2\/comments?post=721"}],"version-history":[{"count":12,"href":"http:\/\/muntdemots.org\/2010\/wp-json\/wp\/v2\/pages\/721\/revisions"}],"predecessor-version":[{"id":729,"href":"http:\/\/muntdemots.org\/2010\/wp-json\/wp\/v2\/pages\/721\/revisions\/729"}],"wp:attachment":[{"href":"http:\/\/muntdemots.org\/2010\/wp-json\/wp\/v2\/media?parent=721"}],"curies":[{"name":"wp","href":"https:\/\/api.w.org\/{rel}","templated":true}]}}