{"id":597,"date":"2010-09-14T23:43:59","date_gmt":"2010-09-14T23:43:59","guid":{"rendered":"http:\/\/www.muntdemots.org\/"},"modified":"2010-09-25T16:50:04","modified_gmt":"2010-09-25T16:50:04","slug":"nelson-jara-y-aurora-arenare","status":"publish","type":"page","link":"http:\/\/muntdemots.org\/2010\/nelson-jara-y-aurora-arenare\/","title":{"rendered":"Nelson Jara y Aurora Arenare"},"content":{"rendered":"<p>Aurora Arenare es m\u00fasica trombonista. Hace parte del grupo\u00a0 &#8220;Eusebio  Paraguas&#8221; como cantante y adem\u00e1s colabora con El Teatro de los Sentidos  en los recientes montajes de la compa\u00f1ia. Nelson Jara es actor  colombiano, llanero de ciudad y contador de mentiras y pocas historias.<\/p>\n<p><span style=\"color: #ffffff;\">.<\/span><\/p>\n<p><strong> <\/strong><\/p>\n<p><strong>FIESTA EN EL VALLE<\/strong><\/p>\n<p>Imagenes  de un amanecer, acompa\u00f1ados por la voz suave de una canci\u00f3n femenina;  dan inicio a este cuento adapatado de un poema de la regi\u00f3n de los  llanos de Colombia. Las costumbres, las voces, los personajes van  contando una sencilla pero c\u00e1lida historia llena de mucha y muchas  verdades.<br \/>\n<em>Dia: Divendres 22<br \/>\nHora: 21:00hrs<br \/>\nLloc: <\/em><a href=\"http:\/\/www.teatrodelossentidos.com\/\" target=\"_blank\">EL POLVOR\u00cdN DE MONTJU\u00cfC<\/a><a href=\"http:\/\/www.centreshg.net\/taxonera\" target=\"_blank\"><br \/>\n<\/a><a href=\"http:\/\/www.teatrodelossentidos.com\/\" target=\"_blank\">EL POLVOR\u00cdN DE MONTJU\u00cfC<\/a><\/p>\n<p><span style=\"color: #ffffff;\">.<\/span><\/p>\n<p><a href=\"\/2010\/wp-content\/uploads\/2010\/09\/cuentosdelvalle-TEATRO-DE-LOS-SENTIDOS.jpg\"><img decoding=\"async\" loading=\"lazy\" class=\"alignleft size-medium wp-image-598\" title=\"OLYMPUS DIGITAL CAMERA\" src=\"\/2010\/wp-content\/uploads\/2010\/09\/cuentosdelvalle-TEATRO-DE-LOS-SENTIDOS-300x168.jpg\" alt=\"\" width=\"300\" height=\"168\" srcset=\"https:\/\/muntdemots.org\/2010\/wp-content\/uploads\/2010\/09\/cuentosdelvalle-TEATRO-DE-LOS-SENTIDOS-300x168.jpg 300w, https:\/\/muntdemots.org\/2010\/wp-content\/uploads\/2010\/09\/cuentosdelvalle-TEATRO-DE-LOS-SENTIDOS-1024x576.jpg 1024w, https:\/\/muntdemots.org\/2010\/wp-content\/uploads\/2010\/09\/cuentosdelvalle-TEATRO-DE-LOS-SENTIDOS.jpg 1920w\" sizes=\"(max-width: 300px) 100vw, 300px\" \/><\/a><\/p>\n<p><span style=\"color: #ffffff;\"><br \/>\n<\/span><\/p>\n","protected":false},"excerpt":{"rendered":"<p>Aurora Arenare es m\u00fasica trombonista. Hace parte del grupo\u00a0 &#8220;Eusebio Paraguas&#8221; como cantante y adem\u00e1s colabora con El Teatro de los Sentidos en los recientes montajes de la compa\u00f1ia. Nelson Jara es actor colombiano, llanero de ciudad y contador de mentiras y pocas historias. . FIESTA EN EL VALLE Imagenes de un amanecer, acompa\u00f1ados por [&hellip;]<\/p>\n","protected":false},"author":1,"featured_media":0,"parent":0,"menu_order":0,"comment_status":"open","ping_status":"open","template":"","meta":[],"_links":{"self":[{"href":"http:\/\/muntdemots.org\/2010\/wp-json\/wp\/v2\/pages\/597"}],"collection":[{"href":"http:\/\/muntdemots.org\/2010\/wp-json\/wp\/v2\/pages"}],"about":[{"href":"http:\/\/muntdemots.org\/2010\/wp-json\/wp\/v2\/types\/page"}],"author":[{"embeddable":true,"href":"http:\/\/muntdemots.org\/2010\/wp-json\/wp\/v2\/users\/1"}],"replies":[{"embeddable":true,"href":"http:\/\/muntdemots.org\/2010\/wp-json\/wp\/v2\/comments?post=597"}],"version-history":[{"count":4,"href":"http:\/\/muntdemots.org\/2010\/wp-json\/wp\/v2\/pages\/597\/revisions"}],"predecessor-version":[{"id":600,"href":"http:\/\/muntdemots.org\/2010\/wp-json\/wp\/v2\/pages\/597\/revisions\/600"}],"wp:attachment":[{"href":"http:\/\/muntdemots.org\/2010\/wp-json\/wp\/v2\/media?parent=597"}],"curies":[{"name":"wp","href":"https:\/\/api.w.org\/{rel}","templated":true}]}}