{"id":584,"date":"2010-09-14T23:27:56","date_gmt":"2010-09-14T23:27:56","guid":{"rendered":"http:\/\/www.muntdemots.org\/"},"modified":"2010-09-25T15:09:05","modified_gmt":"2010-09-25T15:09:05","slug":"helena-cabo","status":"publish","type":"page","link":"http:\/\/muntdemots.org\/2010\/helena-cabo\/","title":{"rendered":"Helena Cabo"},"content":{"rendered":"<p>Licenciada  en Pedagog\u00eda en la UAB (2000-2006). Titulada en l\u2019EVTSI Certificate  Master Teacher of the Estill Voice Model Barcelona 2007. Coordinadora  pedag\u00f3gica del departamento de Expresi\u00f3n Oral y docente de Canto y Voz  Hablada en el Centro Superior de Arte Dram\u00e1tico E\u00d2LIA de Barcelona\u00a0 (2003-10).  Profesora del Master en Musicotarapia de la Universidad de Barcelona.  Profesora en los talleres de voz y canto de la Casa Elizalde de  Barcelona desde el a\u00f1o 2003<\/p>\n<p><span style=\"color: #ffffff;\">.<\/span><\/p>\n<p><strong>LA VEU: ESPAI SONOR DEL CONTE<\/strong><\/p>\n<p>La  voz de un cuentacuentos tiene una dimensi\u00f3n pl\u00e1stica enorme. Con ella  creamos el espacio sonoro del cuento; el lugar que hace posible que el  p\u00fablico pueda habitar las historias que contamos. En esta Charla\/Taller  explorarmos las posibilidades expresivas de nuestra voz y podremos en  pr\u00e1ctica algunos de sus recursos.<br \/>\n<em>Dia: Dijous 21<br \/>\nHora: 19:00hrs<br \/>\nLloc: <\/em><a href=\"http:\/\/w3.bcn.es\/XMLServeis\/XMLHomeLinkPl\/0,4022,650916769,00.html\" target=\"_blank\">BIBLIOTECA SANT ANTONI- JOAN OLIVER<\/a><a href=\"http:\/\/www.centreshg.net\/taxonera\" target=\"_blank\"><br \/>\n<\/a><a href=\"http:\/\/w20.bcn.cat\/Guiamap\/Default.aspx#x=30085.26&amp;y=81194.234&amp;z=5&amp;c=K014K015K001K002K003K011K013K006&amp;w=1057&amp;h=442&amp;p=30085.26,81194.234\" target=\"_blank\">\u00bfC\u00f3mo llegar?<\/a><\/p>\n<p><span style=\"color: #ffffff;\">.<\/span><\/p>\n<p><a href=\"\/2010\/wp-content\/uploads\/2010\/09\/HELENA-CABO-1.jpg\"><img decoding=\"async\" loading=\"lazy\" class=\"alignleft size-full wp-image-585\" title=\"HELENA CABO 1\" src=\"\/2010\/wp-content\/uploads\/2010\/09\/HELENA-CABO-1.jpg\" alt=\"\" width=\"169\" height=\"327\" srcset=\"https:\/\/muntdemots.org\/2010\/wp-content\/uploads\/2010\/09\/HELENA-CABO-1.jpg 169w, https:\/\/muntdemots.org\/2010\/wp-content\/uploads\/2010\/09\/HELENA-CABO-1-155x300.jpg 155w\" sizes=\"(max-width: 169px) 100vw, 169px\" \/><\/a><\/p>\n","protected":false},"excerpt":{"rendered":"<p>Licenciada en Pedagog\u00eda en la UAB (2000-2006). Titulada en l\u2019EVTSI Certificate Master Teacher of the Estill Voice Model Barcelona 2007. Coordinadora pedag\u00f3gica del departamento de Expresi\u00f3n Oral y docente de Canto y Voz Hablada en el Centro Superior de Arte Dram\u00e1tico E\u00d2LIA de Barcelona\u00a0 (2003-10). Profesora del Master en Musicotarapia de la Universidad de Barcelona. [&hellip;]<\/p>\n","protected":false},"author":1,"featured_media":0,"parent":0,"menu_order":0,"comment_status":"open","ping_status":"open","template":"","meta":[],"_links":{"self":[{"href":"http:\/\/muntdemots.org\/2010\/wp-json\/wp\/v2\/pages\/584"}],"collection":[{"href":"http:\/\/muntdemots.org\/2010\/wp-json\/wp\/v2\/pages"}],"about":[{"href":"http:\/\/muntdemots.org\/2010\/wp-json\/wp\/v2\/types\/page"}],"author":[{"embeddable":true,"href":"http:\/\/muntdemots.org\/2010\/wp-json\/wp\/v2\/users\/1"}],"replies":[{"embeddable":true,"href":"http:\/\/muntdemots.org\/2010\/wp-json\/wp\/v2\/comments?post=584"}],"version-history":[{"count":5,"href":"http:\/\/muntdemots.org\/2010\/wp-json\/wp\/v2\/pages\/584\/revisions"}],"predecessor-version":[{"id":1476,"href":"http:\/\/muntdemots.org\/2010\/wp-json\/wp\/v2\/pages\/584\/revisions\/1476"}],"wp:attachment":[{"href":"http:\/\/muntdemots.org\/2010\/wp-json\/wp\/v2\/media?parent=584"}],"curies":[{"name":"wp","href":"https:\/\/api.w.org\/{rel}","templated":true}]}}