{"id":572,"date":"2010-09-14T09:58:26","date_gmt":"2010-09-14T09:58:26","guid":{"rendered":"http:\/\/www.muntdemots.org\/"},"modified":"2010-09-30T16:39:44","modified_gmt":"2010-09-30T16:39:44","slug":"raquel-de-manuel-mur","status":"publish","type":"page","link":"http:\/\/muntdemots.org\/2010\/raquel-de-manuel-mur\/","title":{"rendered":"Raquel de Manuel Mur"},"content":{"rendered":"<p><a href=\"http:\/\/raqueldemanuelmur.blogspot.com\/\" target=\"_blank\">http:\/\/raqueldemanuelmur.blogspot.com\/<\/a><\/p>\n<p>Contacontes  i estudiant de psicologia. Ha explicat contes per a adults a diferents  espais de Barcelona, al Centre C\u00edvic Pati Llimona, al Centre C\u00edvic Sant  Mart\u00ed i al Bar Bemba, entre d&#8217;altres. Tamb\u00e9 ha explicat contes per a  nens i joves a diferents escoles i centres culturals de la ciutat i ha  participat en la II trobada de narradors orals de Barcelona.<\/p>\n<p><span style=\"color: #ffffff;\">.<\/span><\/p>\n<p><strong>IMAGINACONTES<\/strong><\/p>\n<p>Historias para ni\u00f1os y ni\u00f1as, contadas por varios de los mejores   Cuentacuentos surgidos de los talleres de formaci\u00f3n que se imparten en   las bibliotecas y centros c\u00edvicos de Barcelona: Esther Pozo Vives, Juntos pero  no revueltos, M\u00f3nica Mart\u00ednez Paz, Pili Romano, Raquel de Manuel Mur, Som 3  de 3&#8230;<br \/>\nCuentos para toda la familia, en los que los y las Cuentacuentos ponen   las palabras y el p\u00fablico asistente s\u00f3lo debe dejarse llevar por su   propia imaginaci\u00f3n.<em><br \/>\nDia: Dissabte 16<br \/>\nHora: 11:00hrs<br \/>\nLloc: <\/em><a href=\"http:\/\/obrasocial.lacaixa.es\/nuestroscentros\/caixaforumbarcelona\/elcentro_es.html\" target=\"_blank\">CAIXA FORUM (CALLE MODERNISTA)<\/a><a href=\"http:\/\/www.centreshg.net\/taxonera\" target=\"_blank\"><br \/>\n<\/a><a href=\"http:\/\/w20.bcn.cat\/Guiamap\/Default.aspx#x=28974.653&amp;y=80528.805&amp;z=5&amp;c=K014K015K001K002K003K011K013K006&amp;w=1057&amp;h=442&amp;p=28974.653,80528.805\" target=\"_blank\">\u00bfC\u00f3mo llegar?<\/a><a href=\"http:\/\/w20.bcn.cat\/Guiamap\/Default.aspx#x=30109.788&amp;y=80868.613&amp;z=5&amp;c=K014K015K001K002K003K011K013K006&amp;w=1057&amp;h=442&amp;p=30109.788,80868.613\" target=\"_blank\"><br \/>\n<\/a><\/p>\n<p><span style=\"color: #ffffff;\">.<\/span><\/p>\n<p><strong> <\/strong><\/p>\n<p><strong>LA INSOSTENIBLE LLEUGERESA DE LES COSES: CONTES EF\u00cdMERS<\/strong><\/p>\n<p>Contes sobre la fugacitat de la mat\u00e8ria, contes sobre el desig, insostenible, de posseir a persones, a coses, a emocions, a idees, a instants de temps&#8230;<br \/>\nContes que clamen a la voluptuositat de la lleugeresa i que entreobren la recerca de la vol\u00e0til ess\u00e8ncia del que ens sost\u00e9, feixucs i mortals.<br \/>\n<em>Dia: Divendres 22<br \/>\nHora: 20:00hrs<br \/>\nLloc: <\/em><a href=\"http:\/\/www.myspace.com\/barmacondo\" target=\"_blank\">MACONDO BAR<\/a><a href=\"http:\/\/www.centreshg.net\/taxonera\" target=\"_blank\"><br \/>\n<\/a><a href=\"http:\/\/w20.bcn.cat\/Guiamap\/Default.aspx#x=31563.246&amp;y=85197.07&amp;z=5&amp;c=K014K015K001K002K003K011K013K006&amp;w=1057&amp;h=442&amp;p=31563.246,85197.07\" target=\"_blank\">\u00bfC\u00f3mo llegar?<\/a><\/p>\n<p><span style=\"color: #ffffff;\">.<\/span><\/p>\n<p><a href=\"\/2010\/wp-content\/uploads\/2010\/09\/Raquel-de-Manuel-2.jpg\"><img decoding=\"async\" loading=\"lazy\" class=\"alignleft size-full wp-image-573\" title=\"Raquel de Manuel 2\" src=\"\/2010\/wp-content\/uploads\/2010\/09\/Raquel-de-Manuel-2.jpg\" alt=\"\" width=\"153\" height=\"160\" \/><\/a><\/p>\n","protected":false},"excerpt":{"rendered":"<p>http:\/\/raqueldemanuelmur.blogspot.com\/ Contacontes i estudiant de psicologia. Ha explicat contes per a adults a diferents espais de Barcelona, al Centre C\u00edvic Pati Llimona, al Centre C\u00edvic Sant Mart\u00ed i al Bar Bemba, entre d&#8217;altres. Tamb\u00e9 ha explicat contes per a nens i joves a diferents escoles i centres culturals de la ciutat i ha participat en [&hellip;]<\/p>\n","protected":false},"author":1,"featured_media":0,"parent":0,"menu_order":0,"comment_status":"open","ping_status":"open","template":"","meta":[],"_links":{"self":[{"href":"http:\/\/muntdemots.org\/2010\/wp-json\/wp\/v2\/pages\/572"}],"collection":[{"href":"http:\/\/muntdemots.org\/2010\/wp-json\/wp\/v2\/pages"}],"about":[{"href":"http:\/\/muntdemots.org\/2010\/wp-json\/wp\/v2\/types\/page"}],"author":[{"embeddable":true,"href":"http:\/\/muntdemots.org\/2010\/wp-json\/wp\/v2\/users\/1"}],"replies":[{"embeddable":true,"href":"http:\/\/muntdemots.org\/2010\/wp-json\/wp\/v2\/comments?post=572"}],"version-history":[{"count":7,"href":"http:\/\/muntdemots.org\/2010\/wp-json\/wp\/v2\/pages\/572\/revisions"}],"predecessor-version":[{"id":1660,"href":"http:\/\/muntdemots.org\/2010\/wp-json\/wp\/v2\/pages\/572\/revisions\/1660"}],"wp:attachment":[{"href":"http:\/\/muntdemots.org\/2010\/wp-json\/wp\/v2\/media?parent=572"}],"curies":[{"name":"wp","href":"https:\/\/api.w.org\/{rel}","templated":true}]}}