{"id":57,"date":"2010-09-03T16:48:06","date_gmt":"2010-09-03T16:48:06","guid":{"rendered":"http:\/\/www.muntdemots.org\/"},"modified":"2010-09-24T15:01:46","modified_gmt":"2010-09-24T15:01:46","slug":"albert-marques-%e2%80%9cl%e2%80%99os-mandros%e2%80%9d","status":"publish","type":"page","link":"http:\/\/muntdemots.org\/2010\/albert-marques-%e2%80%9cl%e2%80%99os-mandros%e2%80%9d\/","title":{"rendered":"Albert Marques \u201cL\u2019\u00d3s Mandr\u00f3s\u201d"},"content":{"rendered":"<p><a href=\"http:\/\/osmandros.blogspot.com\">http:\/\/osmandros.blogspot.com<\/a><\/p>\n<p>Vaig compartir els contes per primera vegada en un escenari el 1994. Des d\u2019aleshores, jugo amb les hist\u00f2ries i les maneres de contar. Actuo per a nens, nenes i adults, guio tallers i participo en activitats d&#8217;animaci\u00f3 a la lectura. Incontinent i amant de la narraci\u00f3 oral no esc\u00e8nica, tamb\u00e9 explico contes a domicili i organitzo trobades, cercles sense escenaris on tothom \u00e9s alternativament oient i narrador.<\/p>\n<p><span style=\"color: #ffffff;\">.<\/span><\/p>\n<p><strong>EL Q\u00dcENTILADOR<\/strong><\/p>\n<p>Un dia a les golfes de casa vaig trobar una m\u00e0quina estranya. Va resultar ser un <em>q\u00fcentilador<\/em>. D\u2019en\u00e7\u00e0 que el vaig engegar, que explica contes a dojo. En tinc la casa plena! N&#8217;hi ha a la banyera, al congelador i dins de les sabates, als calaixos, a la rentadora i, fins i tot, al v\u00e0ter!!! Sempre estic escoltant contes, aix\u00ed que he d\u2019anar explicant-los arreu, per tal de no explotar d\u2019un tip de contes.<br \/>\n<em>Dia: Dimecres 20<br \/>\nHora: 18:00hs<br \/>\nLloc: <\/em><a href=\"http:\/\/w3.bcn.es\/XMLServeis\/Asia\/XMLFitxaAsiaCtl\/0,4122,370084977_424430559_2_92086004593,00.html?tipusEnllac=equipament&amp;idFitxa=92086004593&amp;nomesFitxa=true\" target=\"_blank\">SALA DE LECTURA DEL CLOT<\/a><a href=\"http:\/\/www.centreshg.net\/taxonera\" target=\"_blank\"><br \/>\n<\/a><a href=\"http:\/\/w20.bcn.cat\/Guiamap\/Default.aspx#x=32184.155&amp;y=84437.486&amp;z=5&amp;c=K014K015K001K002K003K011K013K006&amp;w=1057&amp;h=442&amp;p=32184.155,84437.486\" target=\"_blank\">\u00bfC\u00f3mo llegar?<\/a><\/p>\n<p><span style=\"color: #ffffff;\">.<\/span><\/p>\n<p><a href=\"\/2010\/wp-content\/uploads\/2010\/09\/osmandros1.jpg\"><img decoding=\"async\" loading=\"lazy\" class=\"alignnone size-full wp-image-1347\" title=\"osmandros\" src=\"\/2010\/wp-content\/uploads\/2010\/09\/osmandros1.jpg\" alt=\"\" width=\"282\" height=\"282\" srcset=\"https:\/\/muntdemots.org\/2010\/wp-content\/uploads\/2010\/09\/osmandros1.jpg 200w, https:\/\/muntdemots.org\/2010\/wp-content\/uploads\/2010\/09\/osmandros1-150x150.jpg 150w\" sizes=\"(max-width: 282px) 100vw, 282px\" \/><\/a><\/p>\n","protected":false},"excerpt":{"rendered":"<p>http:\/\/osmandros.blogspot.com Vaig compartir els contes per primera vegada en un escenari el 1994. Des d\u2019aleshores, jugo amb les hist\u00f2ries i les maneres de contar. Actuo per a nens, nenes i adults, guio tallers i participo en activitats d&#8217;animaci\u00f3 a la lectura. Incontinent i amant de la narraci\u00f3 oral no esc\u00e8nica, tamb\u00e9 explico contes a domicili [&hellip;]<\/p>\n","protected":false},"author":1,"featured_media":0,"parent":0,"menu_order":0,"comment_status":"open","ping_status":"open","template":"","meta":[],"_links":{"self":[{"href":"http:\/\/muntdemots.org\/2010\/wp-json\/wp\/v2\/pages\/57"}],"collection":[{"href":"http:\/\/muntdemots.org\/2010\/wp-json\/wp\/v2\/pages"}],"about":[{"href":"http:\/\/muntdemots.org\/2010\/wp-json\/wp\/v2\/types\/page"}],"author":[{"embeddable":true,"href":"http:\/\/muntdemots.org\/2010\/wp-json\/wp\/v2\/users\/1"}],"replies":[{"embeddable":true,"href":"http:\/\/muntdemots.org\/2010\/wp-json\/wp\/v2\/comments?post=57"}],"version-history":[{"count":10,"href":"http:\/\/muntdemots.org\/2010\/wp-json\/wp\/v2\/pages\/57\/revisions"}],"predecessor-version":[{"id":1423,"href":"http:\/\/muntdemots.org\/2010\/wp-json\/wp\/v2\/pages\/57\/revisions\/1423"}],"wp:attachment":[{"href":"http:\/\/muntdemots.org\/2010\/wp-json\/wp\/v2\/media?parent=57"}],"curies":[{"name":"wp","href":"https:\/\/api.w.org\/{rel}","templated":true}]}}