{"id":54,"date":"2010-09-03T16:43:14","date_gmt":"2010-09-03T16:43:14","guid":{"rendered":"http:\/\/www.muntdemots.org\/"},"modified":"2010-09-24T14:59:28","modified_gmt":"2010-09-24T14:59:28","slug":"albert-estengre","status":"publish","type":"page","link":"http:\/\/muntdemots.org\/2010\/albert-estengre\/","title":{"rendered":"Albert Estengre"},"content":{"rendered":"<p><a href=\"http:\/\/www.albertestengre.com\/\">http:\/\/www.albertestengre.com<\/a><\/p>\n<p>S\u00f3c d\u2019un poble de la prov\u00edncia de Barcelona i, des del 1996, em dedico exclusivament a explicar contes a p\u00fablic de totes les edats. B\u00e0sicament, el meu repertori es nodreix de contes i d\u2019hist\u00f2ries de tradici\u00f3 oral. S\u00f3c soci d\u2019ANIN, programador d\u2019alguns espais de narraci\u00f3 a Barcelona i impulsor del festival d\u2019Arenys de Contes. He participat en festivals, maratons i programacions a Catalunya i a la resta de l\u2019Estat Espanyol.<\/p>\n<p><span style=\"color: #ffffff;\">.<\/span><\/p>\n<p><strong>BRUIXES, RIALS I PLATGES<\/strong><\/p>\n<p>A les muntanyes del meu poble, n\u2019hi ha una bruixa que fa ploure. Arran de mar hi ha platges, que s\u00f3n les muntanyes que la pluja ha trencat. Hist\u00f2ries de bruixes i dones d\u2019aigua, de pagesos i pescadors del Maresme.<br \/>\n<em>Dia: Dimarts 19<br \/>\nHora: 18:00hs<br \/>\nLloc: <\/em><a href=\"http:\/\/w3.bcn.es\/V51\/Home\/V51HomeLinkPl\/0,3989,526653874_528527126_2,00.html\" target=\"_blank\">BIBLIOTECA SAGRADA FAM\u00ccLIA<\/a><a href=\"http:\/\/www.centreshg.net\/taxonera\" target=\"_blank\"><br \/>\n<\/a><a href=\"http:\/\/w20.bcn.cat\/Guiamap\/Default.aspx#x=31251.628&amp;y=84333.813&amp;z=5&amp;c=K014K015K001K002K003K011K013K006&amp;w=1057&amp;h=442&amp;p=31251.628,84333.813\" target=\"_blank\">\u00bfC\u00f3mo llegar?<\/a><\/p>\n<p><span style=\"color: #ffffff;\">.<\/span><\/p>\n<p><a href=\"\/2010\/wp-content\/uploads\/2010\/09\/Albert-ESTENGRE-1.jpg\"><img decoding=\"async\" loading=\"lazy\" class=\"alignnone size-full wp-image-265\" title=\"Albert ESTENGRE 1\" src=\"\/2010\/wp-content\/uploads\/2010\/09\/Albert-ESTENGRE-1.jpg\" alt=\"\" width=\"142\" height=\"159\" \/><\/a><\/p>\n","protected":false},"excerpt":{"rendered":"<p>http:\/\/www.albertestengre.com S\u00f3c d\u2019un poble de la prov\u00edncia de Barcelona i, des del 1996, em dedico exclusivament a explicar contes a p\u00fablic de totes les edats. B\u00e0sicament, el meu repertori es nodreix de contes i d\u2019hist\u00f2ries de tradici\u00f3 oral. S\u00f3c soci d\u2019ANIN, programador d\u2019alguns espais de narraci\u00f3 a Barcelona i impulsor del festival d\u2019Arenys de Contes. [&hellip;]<\/p>\n","protected":false},"author":1,"featured_media":0,"parent":0,"menu_order":0,"comment_status":"open","ping_status":"open","template":"","meta":[],"_links":{"self":[{"href":"http:\/\/muntdemots.org\/2010\/wp-json\/wp\/v2\/pages\/54"}],"collection":[{"href":"http:\/\/muntdemots.org\/2010\/wp-json\/wp\/v2\/pages"}],"about":[{"href":"http:\/\/muntdemots.org\/2010\/wp-json\/wp\/v2\/types\/page"}],"author":[{"embeddable":true,"href":"http:\/\/muntdemots.org\/2010\/wp-json\/wp\/v2\/users\/1"}],"replies":[{"embeddable":true,"href":"http:\/\/muntdemots.org\/2010\/wp-json\/wp\/v2\/comments?post=54"}],"version-history":[{"count":10,"href":"http:\/\/muntdemots.org\/2010\/wp-json\/wp\/v2\/pages\/54\/revisions"}],"predecessor-version":[{"id":56,"href":"http:\/\/muntdemots.org\/2010\/wp-json\/wp\/v2\/pages\/54\/revisions\/56"}],"wp:attachment":[{"href":"http:\/\/muntdemots.org\/2010\/wp-json\/wp\/v2\/media?parent=54"}],"curies":[{"name":"wp","href":"https:\/\/api.w.org\/{rel}","templated":true}]}}