{"id":485,"date":"2010-09-12T11:15:37","date_gmt":"2010-09-12T11:15:37","guid":{"rendered":"http:\/\/www.muntdemots.org\/"},"modified":"2010-09-28T13:57:20","modified_gmt":"2010-09-28T13:57:20","slug":"programacio-exposicions-i-documentals-2","status":"publish","type":"page","link":"http:\/\/muntdemots.org\/2010\/programacio-exposicions-i-documentals-2\/","title":{"rendered":"Programaci\u00f3 Exposicions i Documentals"},"content":{"rendered":"<h2><span style=\"color: #ffffff;\">.<\/span><\/h2>\n<h2><strong>Dissabte 16<\/strong><\/h2>\n<p><span style=\"text-decoration: underline;\">19:00hrs<\/span><br \/>\n<strong>INAUGURACI\u00d3N DE LA EXPOSICI\u00d3N DE PANCARTAS<\/strong><strong><br \/>\n<a href=\"\/2010\/alekos-alexis-forrero\/\" target=\"_blank\">LA<\/a><\/strong><a href=\"\/2010\/alekos-alexis-forrero\/\" target=\"_blank\"> <strong>PALABRA<\/strong> <strong>PINTADA<\/strong><\/a>, <em>ALEKOS<br \/>\n<\/em><a href=\"http:\/\/www.bcn.cat\/centrecivicpatillimona\" target=\"_blank\">C. C. PATI LL\u00cdMONA<\/a><br \/>\n<a href=\"http:\/\/w20.bcn.cat\/Guiamap\/Default.aspx#x=31446.088&amp;y=81641.358&amp;z=5&amp;c=K014K015K001K002K003K011K013K006&amp;w=1057&amp;h=442&amp;p=31446.088,81641.358\" target=\"_blank\"> <\/a>C\/ Regomir 3<br \/>\n08002 \u2013 Barcelona<br \/>\n932684700<br \/>\n<a href=\"http:\/\/w20.bcn.cat\/Guiamap\/Default.aspx#x=31446.088&amp;y=81641.358&amp;z=5&amp;c=K014K015K001K002K003K011K013K006&amp;w=1057&amp;h=442&amp;p=31446.088,81641.358\" target=\"_blank\">\u00bfC\u00f3mo llegar?<\/a><\/p>\n<p><span style=\"text-decoration: underline;\"> <\/span><\/p>\n<p><span style=\"color: #ffffff;\">.<\/span><\/p>\n<p><span style=\"text-decoration: underline;\">19:00hrs<\/span><br \/>\n<a href=\"\/2010\/marc-virgil\" target=\"_blank\"><strong>INAUGURACI\u00d3N DE LA EXPOSICI\u00d3N<\/strong> <strong>FOTOGR\u00c1FICA<\/strong><br \/>\n<\/a> <strong><a href=\"\/2010\/marc-virgil\" target=\"_blank\">HI HAVIA UNA VEGADA<\/a>&#8230;,<\/strong> <em>MARC VIRGIL<\/em><br \/>\n<a href=\"http:\/\/www.bcn.cat\/centrecivicpatillimona\" target=\"_blank\"> C. C. PATI LL\u00cdMONA<\/a><br \/>\n<a href=\"http:\/\/w20.bcn.cat\/Guiamap\/Default.aspx#x=31446.088&amp;y=81641.358&amp;z=5&amp;c=K014K015K001K002K003K011K013K006&amp;w=1057&amp;h=442&amp;p=31446.088,81641.358\" target=\"_blank\"> <\/a>C\/ Regomir 3<br \/>\n08002 \u2013 Barcelona<br \/>\n932684700<br \/>\n<a href=\"http:\/\/w20.bcn.cat\/Guiamap\/Default.aspx#x=31446.088&amp;y=81641.358&amp;z=5&amp;c=K014K015K001K002K003K011K013K006&amp;w=1057&amp;h=442&amp;p=31446.088,81641.358\" target=\"_blank\">\u00bfC\u00f3mo llegar?<\/a><\/p>\n<p><span style=\"text-decoration: underline;\"> <\/span><\/p>\n<p><span style=\"color: #ffffff;\">.<\/span><\/p>\n<p><strong> <\/strong><\/p>\n<h2><strong>Dilluns 18<\/strong><\/h2>\n<p><span style=\"text-decoration: underline;\">18:30hrs<\/span><br \/>\n<a href=\"\/2010\/pia-codina\" target=\"_blank\"><strong>INAUGURACI\u00d3N DE LA EXPOSICI\u00d3N FOTOGR\u00c1FICA<br \/>\nNARRADORS ORALS, ELS MAGS DE LA PARAULA<\/strong><\/a>, <em>P\u00cdA CODINA<\/em><br \/>\n<a href=\" http:\/\/www.ccparcsandaru.cat\/\" target=\"_blank\"> C. C. PARC SANDARU<\/a><br \/>\nC\/ Buenaventura Mu\u00f1oz, 21<br \/>\n08018 &#8211; Barcelona<br \/>\n93 309 06 35<br \/>\n<a href=\"http:\/\/w20.bcn.cat\/Guiamap\/Default.aspx#x=31937.401&amp;y=82767.414&amp;z=5&amp;c=K014K015K001K002K003K011K013K006&amp;w=1057&amp;h=442&amp;p=31937.401,82767.414\" target=\"_blank\">\u00bfC\u00f3mo llegar?<\/a><\/p>\n<p><span style=\"text-decoration: underline;\"> <\/span><\/p>\n<p><span style=\"color: #ffffff;\">.<\/span><\/p>\n<h2><strong>Dimarts 19<\/strong><\/h2>\n<p><span style=\"text-decoration: underline;\">19:00hrs<\/span><br \/>\n<strong>INAUGURACI\u00d3N DE LA EXPOSICI\u00d3N DE ILUSTRACIONES ORIGINALES<\/strong><strong><br \/>\n<a href=\"\/2010\/il\u00b7lustrat-tambe-conten\/\" target=\"_blank\">IL.LUSTRATS TAMB\u00c9 CONTEN<\/a><\/strong>, <em>ILUSTRADORES DE EDICIONES EKAR\u00c9, LIBROS DEL ZORRO ROJO, THULE EDITORES<\/em><br \/>\n<a href=\"http:\/\/www.cotxeresborrell.net\/\" target=\"_blank\"> CENTRE C\u00cdVIC COTXERES BORRELL<\/a><br \/>\nC\/Viladomat, 2-8<br \/>\n08015 &#8211; Barcelona<br \/>\n<a href=\"http:\/\/w20.bcn.cat\/Guiamap\/Default.aspx#x=30096.171&amp;y=80992.1&amp;z=5&amp;c=K014K015K001K002K003K011K013K006&amp;w=1057&amp;h=442&amp;p=30096.171,80992.1\" target=\"_blank\">\u00bfC\u00f3mo llegar?<\/a><\/p>\n<p><span style=\"color: #ffffff;\">.<\/span><\/p>\n<p><span style=\"text-decoration: underline;\">19:00hrs<\/span><br \/>\n<strong>PRESENTACI\u00d3N DE LIBRO<br \/>\n<a href=\"\/2010\/ana-cristina-herreros\/\" target=\"_blank\">LA SORPRENET I VERITABLE HISTORIA D\u2019UN RATOL\u00cd ANOMENAT P\u00c9REZ<\/a><\/strong>, <em>ANA CRISTINA HERREROS<\/em><br \/>\n<a href=\" www.santosochoa.es\" target=\"_blank\"> <\/a><a href=\"http:\/\/www.santosochoa.es\" target=\"_blank\">LIBRER\u00cdA SANTOS OCHOA<\/a><br \/>\n<a href=\"http:\/\/w20.bcn.cat\/Guiamap\/Default.aspx#x=31455.899&amp;y=87037.379&amp;z=5&amp;c=K014K015K001K002K003K011K013K006&amp;w=1057&amp;h=442&amp;p=31455.899,87037.379\" target=\"_blank\"> <\/a>Pg. Fabra i Puig 165<br \/>\nBarcelona<br \/>\n<a href=\"http:\/\/w20.bcn.cat\/Guiamap\/Default.aspx#x=31455.899&amp;y=87037.379&amp;z=5&amp;c=K014K015K001K002K003K011K013K006&amp;w=1057&amp;h=442&amp;p=31455.899,87037.379\" target=\"_blank\">\u00bfC\u00f3mo llegar?<\/a><span style=\"color: #ffffff;\">.<\/span><\/p>\n<p><span style=\"color: #ffffff;\">.<\/span><\/p>\n<p><span style=\"text-decoration: underline;\">20:00hrs<\/span><br \/>\n<a href=\"\/2010\/raul-contel\" target=\"_blank\"><strong>PROYECCI\u00d3N DE LA PEL\u00cdCULA \u201cL&#8217;AMIC DE LA MORT\u201d<\/strong><\/a><br \/>\nDE <em>RA\u00dcL CONTEL<\/em><br \/>\n<a href=\" http:\/\/www.ccparcsandaru.cat\" target=\"_blank\"> C. C. PARC SANDARU<\/a><br \/>\nC\/ Buenaventura Mu\u00f1oz, 21<br \/>\n08018 &#8211; Barcelona<br \/>\n93 309 06 35<br \/>\n<a href=\"http:\/\/w20.bcn.cat\/Guiamap\/Default.aspx#x=31937.401&amp;y=82767.414&amp;z=5&amp;c=K014K015K001K002K003K011K013K006&amp;w=1057&amp;h=442&amp;p=31937.401,82767.414\" target=\"_blank\">\u00bfC\u00f3mo llegar?<\/a><\/p>\n<p><span style=\"color: #ffffff;\">.<\/span><\/p>\n<h2><strong>Divendres 22<\/strong><\/h2>\n<p><span style=\"text-decoration: underline;\">17:00hrs \u2013 19:00hrs<\/span><br \/>\nEXPOSICI\u00d3N-ESPECT\u00c1CULO FAMILIAR (+12)<br \/>\n<a href=\"\/2010\/alekos-alexis-forrero\/\" target=\"_blank\"><strong>INUTENSILIOS<\/strong><\/a>, <em>ALEKOS<\/em><br \/>\n<a href=\"http:\/\/www.teatrodelossentidos.com\/\" target=\"_blank\">EL POLVOR\u00cdN DE MONTJU\u00cfC<\/a> &#8211; TEATRO DE LOS SENTIDOS<br \/>\nCam\u00ed del Polvor\u00ed s\/n<br \/>\n08038 Barcelona<br \/>\n933 161 111 \/ 678 751 788<br \/>\n<a href=\"http:\/\/www.teatrodelossentidos.com\/eo\/noticiadetall.php?idn=23\" target=\"_blank\"> \u00bfC\u00f3mo llegar?<\/a><\/p>\n<p><span style=\"color: #ffffff;\">.<\/span><\/p>\n<p><strong> <\/strong><\/p>\n<p><span style=\"text-decoration: underline;\">23:30hrs \u2013 00:30hrs<\/span><br \/>\nEXPOSICI\u00d3N-ESPECT\u00c1CULO FAMILIAR (+12)<br \/>\n<a href=\"\/2010\/alek\" target=\"_blank\"><strong>INUTENSILIOS<\/strong><\/a>, <em>ALEKOS<\/em><br \/>\n<a href=\"http:\/\/www.teatrodelossentidos.com\/\" target=\"_blank\">EL POLVOR\u00cdN DE MONTJU\u00cfC<\/a> &#8211; TEATRO DE LOS SENTIDOS<br \/>\nCam\u00ed del Polvor\u00ed s\/n<br \/>\n08038 Barcelona<br \/>\n933 161 111 \/ 678 751 788<br \/>\n<a href=\"http:\/\/www.teatrodelossentidos.com\/eo\/noticiadetall.php?idn=23\" target=\"_blank\"> \u00bfC\u00f3mo llegar?<\/a><\/p>\n<p><span style=\"color: #ffffff;\">.<\/span><\/p>\n<h2><strong>Dissabte 23<\/strong><\/h2>\n<p><span style=\"text-decoration: underline;\"> 10.30 a 14.30 h i de 17 a 20 h<\/span><br \/>\n<a href=\"\/2010\/un-pati-de-llibres\/\" target=\"_blank\"><strong>UN PATI DE LLIBRES<\/strong><\/a><br \/>\n<em>Exhibici\u00f3 i venta de llibres<\/em><br \/>\n<a href=\"http:\/\/www.bcn.cat\/centrecivicpatillimona\" target=\"_blank\">C. C. PATI LL\u00cdMONA<\/a><a href=\"http:\/\/www.bcn.cat\/centrecivicpatillimona\" target=\"_blank\"><br \/>\n<\/a><a href=\"http:\/\/w20.bcn.cat\/Guiamap\/Default.aspx#x=31446.088&amp;y=81641.358&amp;z=5&amp;c=K014K015K001K002K003K011K013K006&amp;w=1057&amp;h=442&amp;p=31446.088,81641.358\" target=\"_blank\"> <\/a>C\/ Regomir 3<br \/>\n08002 \u2013 Barcelona<br \/>\n932684700<a href=\"http:\/\/www.bcn.cat\/centrecivicpatillimona\"><br \/>\n<\/a> <a href=\"http:\/\/w20.bcn.cat\/Guiamap\/Default.aspx#x=31446.088&amp;y=81641.358&amp;z=5&amp;c=K014K015K001K002K003K011K013K006&amp;w=1057&amp;h=442&amp;p=31446.088,81641.358\" target=\"_blank\">\u00bfC\u00f3mo llegar?<\/a><a href=\"www.bcn.cat\/centrecivicpatillimona\" target=\"_blank\"> <\/a><br \/>\n<br \/>\n<span style=\"text-decoration: underline;\">12:00hrs<\/span><br \/>\n<a href=\"\/2010\/ruben-martinez-santana\" target=\"_blank\"><strong>PRESENTACI\u00d3N DEL LIBRO<br \/>\nCOQUITOS<\/strong><\/a>, <em>RUB\u00c9N  MART\u00cdNEZ<\/em><em> SANTANA Y ALEKOS<br \/>\n<\/em><a href=\"http:\/\/www.santosochoa.es\/\" target=\"_blank\">LIBRER\u00cdA SANTOS OCHOA<\/a><br \/>\n<a href=\"http:\/\/w20.bcn.cat\/Guiamap\/Default.aspx#x=31455.899&amp;y=87037.379&amp;z=5&amp;c=K014K015K001K002K003K011K013K006&amp;w=1057&amp;h=442&amp;p=31455.899,87037.379\" target=\"_blank\"> <\/a>Pg. Fabra i Puig 165<br \/>\nBarcelona<br \/>\n<a href=\"http:\/\/w20.bcn.cat\/Guiamap\/Default.aspx#x=31455.899&amp;y=87037.379&amp;z=5&amp;c=K014K015K001K002K003K011K013K006&amp;w=1057&amp;h=442&amp;p=31455.899,87037.379\" target=\"_blank\">\u00bfC\u00f3mo llegar?<\/a><\/p>\n<p><span style=\"color: #ffffff;\">.<\/span><\/p>\n<p><span style=\"text-decoration: underline;\">18:00hrs \u2013 20:00hrs<\/span><br \/>\nEXPOSICI\u00d3N-ESPECT\u00c1CULO FAMILIAR (+12)<br \/>\n<strong><a href=\"..\/alekos-alexis-forrero\/\" target=\"_blank\">INUTENSILIOS<\/a><\/strong>, <em>ALEKOS<\/em><br \/>\n<a href=\"http:\/\/www.teatrodelossentidos.com\/\" target=\"_blank\">EL POLVOR\u00cdN DE MONTJU\u00cfC<\/a> &#8211; TEATRO DE LOS SENTIDOS<br \/>\nCam\u00ed del Polvor\u00ed s\/n<br \/>\n08038 Barcelona<br \/>\n933 161 111 \/ 678 751 788<br \/>\n<a href=\"http:\/\/www.teatrodelossentidos.com\/eo\/noticiadetall.php?idn=23\" target=\"_blank\"> \u00bfC\u00f3mo llegar?<\/a><\/p>\n<p><span style=\"color: #ffffff;\">.<\/span><\/p>\n","protected":false},"excerpt":{"rendered":"<p>. Dissabte 16 19:00hrs INAUGURACI\u00d3N DE LA EXPOSICI\u00d3N DE PANCARTAS LA PALABRA PINTADA, ALEKOS C. C. PATI LL\u00cdMONA C\/ Regomir 3 08002 \u2013 Barcelona 932684700 \u00bfC\u00f3mo llegar? . 19:00hrs INAUGURACI\u00d3N DE LA EXPOSICI\u00d3N FOTOGR\u00c1FICA HI HAVIA UNA VEGADA&#8230;, MARC VIRGIL C. C. PATI LL\u00cdMONA C\/ Regomir 3 08002 \u2013 Barcelona 932684700 \u00bfC\u00f3mo llegar? . Dilluns [&hellip;]<\/p>\n","protected":false},"author":1,"featured_media":0,"parent":0,"menu_order":0,"comment_status":"open","ping_status":"open","template":"","meta":[],"_links":{"self":[{"href":"http:\/\/muntdemots.org\/2010\/wp-json\/wp\/v2\/pages\/485"}],"collection":[{"href":"http:\/\/muntdemots.org\/2010\/wp-json\/wp\/v2\/pages"}],"about":[{"href":"http:\/\/muntdemots.org\/2010\/wp-json\/wp\/v2\/types\/page"}],"author":[{"embeddable":true,"href":"http:\/\/muntdemots.org\/2010\/wp-json\/wp\/v2\/users\/1"}],"replies":[{"embeddable":true,"href":"http:\/\/muntdemots.org\/2010\/wp-json\/wp\/v2\/comments?post=485"}],"version-history":[{"count":20,"href":"http:\/\/muntdemots.org\/2010\/wp-json\/wp\/v2\/pages\/485\/revisions"}],"predecessor-version":[{"id":487,"href":"http:\/\/muntdemots.org\/2010\/wp-json\/wp\/v2\/pages\/485\/revisions\/487"}],"wp:attachment":[{"href":"http:\/\/muntdemots.org\/2010\/wp-json\/wp\/v2\/media?parent=485"}],"curies":[{"name":"wp","href":"https:\/\/api.w.org\/{rel}","templated":true}]}}