{"id":467,"date":"2010-09-09T14:16:03","date_gmt":"2010-09-09T14:16:03","guid":{"rendered":"http:\/\/www.muntdemots.org\/"},"modified":"2010-09-22T23:00:37","modified_gmt":"2010-09-22T23:00:37","slug":"taller-de-gestion-de-las-emociones-para-cuentacuentos","status":"publish","type":"page","link":"http:\/\/muntdemots.org\/2010\/taller-de-gestion-de-las-emociones-para-cuentacuentos\/","title":{"rendered":"Taller de gesti\u00f3n de las emociones para cuentacuentos"},"content":{"rendered":"<p><strong>Para vencer el miedo esc\u00e9nico y contar con las emociones<\/strong><strong><br \/>\n<strong>Prof. Flavia Piazza<\/strong><\/strong><\/p>\n<p><strong><strong><span style=\"color: #ffffff;\">.<\/span><br \/>\n<\/strong><\/strong><\/p>\n<p>La narraci\u00f3n oral, \u00a0como todo arte esc\u00e9nico, \u00a0implica llamar y mantener la atenci\u00f3n del p\u00fablico. Esto, en muchos casos, pude ser sin\u00f3nimo de ansiedad, angustia, miedo, inseguridad y toda una gama de estados internos que finalmente impiden que la persona pueda mostrar lo mejor de s\u00ed a la hora de contar un cuento.<\/p>\n<p>El objetivo central de este taller es el de brindar algunas herramientas necesarias para la gesti\u00f3n de esos estados internos, desde los instrumentos que ofrece la PNL (Programaci\u00f3n Neuroling\u00fc\u00edstica), disciplina que se define como la ciencia y el arte\u00a0 que estudia el funcionamiento de la mente, el cuerpo y las emociones humanas.<\/p>\n<p><span style=\"color: #ffffff;\">.<\/span><\/p>\n<p><span style=\"text-decoration: underline;\">Flavia Piazza:<\/span> Lic. en Ingenier\u00eda Qu\u00edmica por USB de Caracas-Venezuela (1998).\u00a0 Actriz y co-directora del grupo de Teatro Altosf Barcelona con m\u00e1s de diez a\u00f1os de experiencia (1996- 2007). Ha dictado diversos talleres a ni\u00f1os y adultos. Particip\u00f3 en la creaci\u00f3n y direcci\u00f3n log\u00edstica del 1er. Festival de Teatro latinoamericano de Barcelona (ULLS 2006). \u00a0Master Practitioner y Master en Coaching con PNL por el Institut Gestalt de Barcelona. En su trabajo combina su conocimiento de las artes esc\u00e9nicas y trabajo corporal con las t\u00e9cnicas de coaching y de PNL.<\/p>\n<p><span style=\"color: #ffffff;\">.<\/span><\/p>\n<p><strong>Calendario: <\/strong>Domingo 17 de octubre.<strong><br \/>\nLugar: <\/strong>Espai de Salut Al\u00e8<br \/>\nPasseig Sant Joan, 196. 1\u00ba-1\u00aa (Metro L4 Joanic) Gr\u00e0cia -Barcelona<strong><br \/>\nDuraci\u00f3n:<\/strong> 4 horas (una \u00fanica sesi\u00f3n c\/u.)<strong><br \/>\nHorario:<\/strong> 10:00 a 14:00hrs<strong><br \/>\nPlazas limitadas:<\/strong> 15 participantes, m\u00e1ximo.<br \/>\n<strong>Costo: <\/strong>30 \u20ac<br \/>\nInscripciones abiertas desde el d\u00eda 4 de octubre<br \/>\nLlamar al Espai Al\u00e8, en las tardes, al 605453114<\/p>\n<p><span style=\"color: #ffffff;\">.<\/span><\/p>\n<p><a href=\"\/2010\/wp-content\/uploads\/2010\/09\/Foto-carnet-Flavia.jpg\"><img decoding=\"async\" loading=\"lazy\" class=\"alignnone size-medium wp-image-1361\" title=\"Foto carnet Flavia\" src=\"\/2010\/wp-content\/uploads\/2010\/09\/Foto-carnet-Flavia-205x300.jpg\" alt=\"\" width=\"205\" height=\"300\" srcset=\"https:\/\/muntdemots.org\/2010\/wp-content\/uploads\/2010\/09\/Foto-carnet-Flavia-205x300.jpg 205w, https:\/\/muntdemots.org\/2010\/wp-content\/uploads\/2010\/09\/Foto-carnet-Flavia-701x1024.jpg 701w, https:\/\/muntdemots.org\/2010\/wp-content\/uploads\/2010\/09\/Foto-carnet-Flavia.jpg 1715w\" sizes=\"(max-width: 205px) 100vw, 205px\" \/><\/a><\/p>\n","protected":false},"excerpt":{"rendered":"<p>Para vencer el miedo esc\u00e9nico y contar con las emociones Prof. Flavia Piazza . La narraci\u00f3n oral, \u00a0como todo arte esc\u00e9nico, \u00a0implica llamar y mantener la atenci\u00f3n del p\u00fablico. Esto, en muchos casos, pude ser sin\u00f3nimo de ansiedad, angustia, miedo, inseguridad y toda una gama de estados internos que finalmente impiden que la persona pueda [&hellip;]<\/p>\n","protected":false},"author":1,"featured_media":0,"parent":0,"menu_order":0,"comment_status":"open","ping_status":"open","template":"","meta":[],"_links":{"self":[{"href":"http:\/\/muntdemots.org\/2010\/wp-json\/wp\/v2\/pages\/467"}],"collection":[{"href":"http:\/\/muntdemots.org\/2010\/wp-json\/wp\/v2\/pages"}],"about":[{"href":"http:\/\/muntdemots.org\/2010\/wp-json\/wp\/v2\/types\/page"}],"author":[{"embeddable":true,"href":"http:\/\/muntdemots.org\/2010\/wp-json\/wp\/v2\/users\/1"}],"replies":[{"embeddable":true,"href":"http:\/\/muntdemots.org\/2010\/wp-json\/wp\/v2\/comments?post=467"}],"version-history":[{"count":4,"href":"http:\/\/muntdemots.org\/2010\/wp-json\/wp\/v2\/pages\/467\/revisions"}],"predecessor-version":[{"id":1362,"href":"http:\/\/muntdemots.org\/2010\/wp-json\/wp\/v2\/pages\/467\/revisions\/1362"}],"wp:attachment":[{"href":"http:\/\/muntdemots.org\/2010\/wp-json\/wp\/v2\/media?parent=467"}],"curies":[{"name":"wp","href":"https:\/\/api.w.org\/{rel}","templated":true}]}}