{"id":4,"date":"2010-09-03T16:49:03","date_gmt":"2010-09-03T16:49:03","guid":{"rendered":"http:\/\/www.muntdemots.org\/modelo3\/?page_id=4"},"modified":"2010-09-30T15:34:21","modified_gmt":"2010-09-30T15:34:21","slug":"participants","status":"publish","type":"page","link":"http:\/\/muntdemots.org\/2010\/participants\/","title":{"rendered":"Participants"},"content":{"rendered":"<p>La llista de participants \u00e9s la seg\u00fcent:<\/p>\n<p><a href=\"\/2010\/cuentae-linguae\/\" target=\"_blank\">Ainara Bilbao<\/a><a href=\"\/2010\/cuentae-linguae\/\" target=\"_blank\"><br \/>\n<\/a><a href=\"\/2010\/albert-estengre\" target=\"_blank\">Albert Estengre<\/a><a href=\"\/2010\/cuentae-linguae\/\" target=\"_blank\"><br \/>\n<\/a><a href=\"\/2010\/albert-marques\" target=\"_blank\">Albert Marques<\/a><a href=\"\/2010\/aldo-mendez\/\"><br \/>\n<\/a><a href=\"\/2010\/aldo-mendez\" target=\"_blank\">Aldo M\u00e9ndez<\/a><a href=\"\/2010\/alekos-alexis-forrero\/\" target=\"_blank\"><br \/>\nAlekos<\/a><a href=\"\/2010\/alfredo-becker\/\" target=\"_blank\"><br \/>\nAlfredo Becker<\/a><a href=\"\/2010\/ana-cristina-herreros\/\" target=\"_blank\"><br \/>\n<\/a><a href=\"\/2010\/alicia-molina\" target=\"_blank\">Alicia Molina<\/a><a href=\"\/2010\/ana-cristina-herreros\/\" target=\"_blank\"><br \/>\nAna Cristina Herreros<\/a><a href=\"\/2010\/ana-garcia-y-paco-asencio\/\" target=\"_blank\"><br \/>\nAnna Garc\u00eda<br \/>\n<\/a><a href=\"\/2010\/arnau-vilardebo\/\" target=\"_blank\">Arnau Vilardeb\u00f2<\/a><a href=\"\/2010\/aurora-arenare\" target=\"_blank\"><br \/>\n<\/a><a href=\"\/2010\/nelson-jara-y-aurora-arenare\/\" target=\"_blank\">Aurora Arenare<\/a><a href=\"\/2010\/aurora-arenare\" target=\"_blank\"><br \/>\n<\/a><a href=\"\/2010\/boniface-ofogo\/\" target=\"_blank\">Boniface Ofogo<\/a><a href=\"\/2010\/aurora-arenare\" target=\"_blank\"><br \/>\n<\/a><a href=\"\/2010\/cuentae-linguae\/\" target=\"_blank\">Carol Westerman<\/a><a href=\"\/2010\/aurora-arenare\" target=\"_blank\"><br \/>\n<\/a><a href=\"\/2010\/carolina-ortiz\/\" target=\"_blank\">Carolina Ortiz<\/a><br \/>\n<a href=\"\/2010\/cuentae-linguae\/\" target=\"_blank\">Carine Dubois<\/a><a href=\"\/2010\/catherine-favret\/\" target=\"_blank\"><br \/>\n<\/a><a href=\"\/2010\/nuts-club-co\/\" target=\"_blank\">Catherine Favret<\/a><br \/>\n<a href=\"\/2010\/cecilia-bellorin\" target=\"_blank\">Cecilia Bellor\u00edn<\/a><br \/>\n<a href=\"\/2010\/tim-bowley-y-charo-pita\/\" target=\"_blank\">Charo Pita<br \/>\n<\/a><a href=\"\/2010\/cristina-salvador\/\" target=\"_blank\">Cristina Salvador<\/a><a href=\"\/2010\/domingo-chinchilla\/\" target=\"_blank\"><br \/>\nDomingo Chinchilla<br \/>\n<\/a><a href=\"..\/enrique-vargas\/\" target=\"_blank\">Enrique Vargas<br \/>\n<\/a> <a href=\"\/2010\/esther-pozo-vives\/\" target=\"_blank\">Esther Pozo Vives<\/a><a href=\"\/2010\/felix-albo\/\"><br \/>\n<\/a><a href=\"\/2010\/fanny-fuguet\" target=\"_blank\">Fanny Fuguet<\/a><a href=\"\/2010\/felix-albo\/\" target=\"_blank\"><br \/>\nF\u00e9lix Albo<\/a><a href=\"\/2010\/taller-de-gestion-de-las-emociones-para-cuentacuentos\/\" target=\"_blank\"><br \/>\nFlavia Piazza<\/a><a href=\"\/2010\/cuentae-linguae\/\" target=\"_blank\"><br \/>\n<\/a><a href=\"..\/cuentae-linguae\/\" target=\"_blank\">Furafollas<\/a><a href=\"\/2010\/cuentae-linguae\/\" target=\"_blank\"><br \/>\n<\/a><a href=\"\/2010\/helena-cabo\/\" target=\"_blank\">Helena Cabo<\/a><a href=\"\/2010\/cuentae-linguae\/\" target=\"_blank\"><br \/>\n<\/a><a href=\"\/2010\/ignasi-Potrony\" target=\"_blank\">Ignasi Potrony<\/a><br \/>\n<a href=\"\/2010\/ines-macpherson\/\" target=\"_blank\">In\u00e9s Macpherson<\/a><br \/>\n<a href=\"\/2010\/isabela-mendez\/\" target=\"_blank\">Isabela Mendez<\/a><br \/>\n<a href=\"\/2010\/jose-luis-mellado\/\" target=\"_blank\"> Jose Luis Mellado<\/a><br \/>\n<a href=\"\/2010\/juan-pablo-fuentes\/\" target=\"_blank\">Juan Pablo Fuentes<\/a><br \/>\n<a href=\"\/2010\/juanan\/\" target=\"_blank\">Juanan<\/a><br \/>\n<a href=\"\/2010\/kristinoshka-garcia\/\" target=\"_blank\">Kristinoshka Garc\u00eda<\/a><br \/>\n<a href=\"\/2010\/laura-rodriguez\/\" target=\"_blank\">Laura Rodr\u00edguez<\/a><br \/>\n<a href=\"\/2010\/marc-virgili-torrent\/\" target=\"_blank\">Marc Virgili Torrent<\/a><br \/>\n<a href=\"\/2010\/marga-socias\/\" target=\"_blank\">Marga Socias<\/a><br \/>\n<a href=\"\/2010\/cuentae-linguae\/\" target=\"_blank\">Mar\u00eda Grazia Celso<\/a><br \/>\n<a href=\"\/2010\/marina-pallares\/\" target=\"_blank\">Marina Pallar\u00e8s<\/a><br \/>\n<a href=\"\/2010\/cuentae-linguae\/\" target=\"_blank\">Mariona Vilanova<\/a><br \/>\n<a href=\"\/2010\/marta-escudero\/\" target=\"_blank\">Marta Escudero<\/a><br \/>\n<a href=\"\/2010\/mercedes-carrion\/\" target=\"_blank\">Mercedes Carri\u00f3n<br \/>\n<\/a><a href=\"..\/cuentae-linguae\/\" target=\"_blank\">Monika Klose<\/a><br \/>\n<a href=\"\/2010\/monica-martinez-paz\/\" target=\"_blank\">M\u00f3nica Mart\u00ednez Paz<\/a><br \/>\n<a href=\"\/2010\/monica-torra\/\" target=\"_blank\"> M\u00f2nica Torra<\/a><br \/>\n<a href=\"\/2010\/nelson-jara-y-aurora-arenare\/\" target=\"_blank\">Nelson Jara<\/a><strong><br \/>\n<\/strong><a href=\"\/2010\/nohemi-caballer\" target=\"_blank\">Nohem\u00ed Caballer<strong><\/strong><\/a><br \/>\n<a href=\"\/2010\/pablo-larraguibel\/\" target=\"_blank\">Pablo Larraguibel<br \/>\n<\/a><a href=\"..\/ana-garcia-y-paco-asencio\/\" target=\"_blank\">Paco Asencio<\/a><a href=\"..\/arnau-vilardebo\/\" target=\"_blank\"><br \/>\n<\/a><a href=\"\/2010\/patricia-mac-gill\/\" target=\"_blank\">Patricia Mac Gill<\/a><br \/>\n<a href=\"\/2010\/pep-duran\/ \" target=\"_blank\">Pep Dur\u00e1n<\/a><br \/>\n<a href=\"\/2010\/pia-codina-pi\/\" target=\"_blank\">Pia Codina Pi<\/a><br \/>\n<a href=\"\/2010\/raquel-de-manuel-mur\/\" target=\"_blank\">Raquel de Manuel Mur<\/a><br \/>\n<a href=\"\/2010\/raul-contel\/ \" target=\"_blank\">Ra\u00fcl Contel<\/a><br \/>\n<a href=\"\/2010\/sherezade-bardaji-y-rebeca-luciani-torres\/\" target=\"_blank\">Rebeca Luciani Torres<\/a><br \/>\n<a href=\"\/2010\/roger-corominas\/\" target=\"_blank\">Roger Corominas<\/a><br \/>\n<a href=\"\/2010\/roser-ros\/\" target=\"_blank\">Roser Ros<\/a><br \/>\n<a href=\"\/2010\/ruben-martinez-santana\/\" target=\"_blank\">Rub\u00e9n Mart\u00ednez Santana<\/a><br \/>\n<a href=\"\/2010\/sherezade-bardaji-y-rebeca-luciani-torres\/\" target=\"_blank\">Sherezade Bardaj\u00ed<\/a><br \/>\n<a href=\"\/2010\/soledad-felloza\/\" target=\"_blank\">Soledad Felloza<\/a><br \/>\n<a href=\"\/2010\/susana-tornero\/\" target=\"_blank\">Susana Tornero<\/a><br \/>\n<a href=\"\/2010\/tim-bowley\/\" target=\"_blank\">Tim Bowley<\/a><br \/>\n<a href=\"\/2010\/vivim-del-cuentu\/\"> <\/a><a href=\"\/2010\/willo\/\" target=\"_blank\">Willo<\/a><br \/>\n<a href=\"\/2010\/yoshihira-hioki\/\"> <\/a><a href=\"\/2010\/yoshihira-hioki\" target=\"_blank\">Yoshihira Hioki<\/a><\/p>\n<p><strong>Grups<\/strong><\/p>\n<p><a href=\"..\/bocabadats\/\" target=\"_blank\">Bocabadats<\/a><br \/>\n<a href=\"\/2010\/encantacontes\/\" target=\"_blank\">Encantacontes<br \/>\n<\/a><a href=\"\/2010\/juntos-pero-no-revueltos\" target=\"_blank\">Juntos pero no revueltos<\/a><a href=\"\/2010\/encantacontes\/\" target=\"_blank\"><br \/>\n<\/a> <a href=\"\/2010\/malena-placeres\" target=\"_blank\">Malena Placeres<\/a><br \/>\n<a href=\"..\/maracala\/\" target=\"_blank\">Maracal\u00e0<\/a><br \/>\n<a href=\"..\/narrin-narran\/\" target=\"_blank\">Narr\u00edn Narr\u00e1n<\/a><br \/>\n<a href=\"..\/nuts-club-co\/\" target=\"_blank\">Nuts Club &amp; Co<\/a><a href=\"..\/nuts-club-co\/\" target=\"_blank\"><br \/>\n<\/a><a href=\"..\/vivim-del-cuentu\/\" target=\"_blank\">Vivim Del Cuentu<\/a><\/p>\n","protected":false},"excerpt":{"rendered":"<p>La llista de participants \u00e9s la seg\u00fcent: Ainara Bilbao Albert Estengre Albert Marques Aldo M\u00e9ndez Alekos Alfredo Becker Alicia Molina Ana Cristina Herreros Anna Garc\u00eda Arnau Vilardeb\u00f2 Aurora Arenare Boniface Ofogo Carol Westerman Carolina Ortiz Carine Dubois Catherine Favret Cecilia Bellor\u00edn Charo Pita Cristina Salvador Domingo Chinchilla Enrique Vargas Esther Pozo Vives Fanny Fuguet F\u00e9lix [&hellip;]<\/p>\n","protected":false},"author":1,"featured_media":0,"parent":0,"menu_order":0,"comment_status":"open","ping_status":"open","template":"","meta":[],"_links":{"self":[{"href":"http:\/\/muntdemots.org\/2010\/wp-json\/wp\/v2\/pages\/4"}],"collection":[{"href":"http:\/\/muntdemots.org\/2010\/wp-json\/wp\/v2\/pages"}],"about":[{"href":"http:\/\/muntdemots.org\/2010\/wp-json\/wp\/v2\/types\/page"}],"author":[{"embeddable":true,"href":"http:\/\/muntdemots.org\/2010\/wp-json\/wp\/v2\/users\/1"}],"replies":[{"embeddable":true,"href":"http:\/\/muntdemots.org\/2010\/wp-json\/wp\/v2\/comments?post=4"}],"version-history":[{"count":94,"href":"http:\/\/muntdemots.org\/2010\/wp-json\/wp\/v2\/pages\/4\/revisions"}],"predecessor-version":[{"id":61,"href":"http:\/\/muntdemots.org\/2010\/wp-json\/wp\/v2\/pages\/4\/revisions\/61"}],"wp:attachment":[{"href":"http:\/\/muntdemots.org\/2010\/wp-json\/wp\/v2\/media?parent=4"}],"curies":[{"name":"wp","href":"https:\/\/api.w.org\/{rel}","templated":true}]}}