{"id":39,"date":"2010-09-03T16:18:04","date_gmt":"2010-09-03T16:18:04","guid":{"rendered":"http:\/\/www.muntdemots.org\/"},"modified":"2010-10-19T11:04:05","modified_gmt":"2010-10-19T11:04:05","slug":"tota-la-programacio","status":"publish","type":"page","link":"http:\/\/muntdemots.org\/2010\/tota-la-programacio\/","title":{"rendered":"Tota la programaci\u00f3"},"content":{"rendered":"<h2><span style=\"color: #ffffff;\">.<\/span><\/h2>\n<h2><span style=\"color: #ff6600;\">Dissabte 16 d&#8217;octubre<\/span><\/h2>\n<p><span style=\"color: #ff6600;\"><span style=\"color: #ffffff;\">.<\/span><br \/>\n<\/span><\/p>\n<p><span style=\"text-decoration: underline;\">10:00 \u2013 14:00hrs y 15:00 \u2013 18:00hrs<\/span><strong><br \/>\n<a href=\"..\/tim-bowley\" target=\"_blank\">TALLER<\/a><\/strong><a href=\"..\/tim-bowley\" target=\"_blank\"> <strong>EL ARTE DE CONTAR CUENTOS<\/strong><\/a>, <em>TIM BOWLEY<\/em><br \/>\n<a href=\"http:\/\/www.almazen.net\/\" target=\"_blank\"> EL ALMAZEN<\/a><br \/>\n<a href=\"http:\/\/w20.bcn.cat\/Guiamap\/Default.aspx#x=30387.38&amp;y=81637.054&amp;z=5&amp;c=K014K015K001K002K003K011K013K006&amp;w=1057&amp;h=442&amp;p=30387.38,81637.054\" target=\"_blank\"> <\/a>C\/ Guifr\u00e9 9, baixos<br \/>\n08001 &#8211; Barcelona<br \/>\n934426215<br \/>\nCosto 150\u20ac. Interesados llamar a Mar 664277579<br \/>\n<a href=\"http:\/\/w20.bcn.cat\/Guiamap\/Default.aspx#x=30387.38&amp;y=81637.054&amp;z=5&amp;c=K014K015K001K002K003K011K013K006&amp;w=1057&amp;h=442&amp;p=30387.38,81637.054\" target=\"_blank\">\u00bfC\u00f3mo llegar?<\/a><\/p>\n<p><span style=\"text-decoration: underline;\"> <\/span><\/p>\n<p><span style=\"color: #ffffff;\">.<\/span><\/p>\n<p><span style=\"text-decoration: underline;\">11:00hrs<\/span><br \/>\nSESI\u00d3N INFANTIL<br \/>\n<a href=\"..\/imaginacontes\/\" target=\"_blank\"><strong>IMAGINACONTES<\/strong><\/a>, <em>VARIAS\/OS NARRADORAS\/ES<\/em><br \/>\n<a href=\"http:\/\/obrasocial.lacaixa.es\/nuestroscentros\/caixaforumbarcelona\/elcentro_es.html\" target=\"_blank\">CAIXA FORUM (CALLE MODERNISTA)<\/a><br \/>\nAv. Francesc Ferrer i Gu\u00e0rdia, 6-8<br \/>\n08038 &#8211; Barcelona<br \/>\n93 476 86  00<br \/>\n<a href=\"http:\/\/w20.bcn.cat\/Guiamap\/Default.aspx#x=28974.653&amp;y=80528.805&amp;z=5&amp;c=K014K015K001K002K003K011K013K006&amp;w=1057&amp;h=442&amp;p=28974.653,80528.805\" target=\"_blank\"> \u00bfC\u00f3mo llegar?<\/a><\/p>\n<p><span style=\"text-decoration: underline;\"> <\/span><\/p>\n<p><span style=\"color: #ffffff;\">.<\/span><\/p>\n<p><span style=\"text-decoration: underline;\">12:00hrs<\/span><br \/>\nSESI\u00d3N INFANTIL<strong><br \/>\n<a href=\"..\/alekos-alexis-forrero\/\" target=\"_blank\">JOROBAILO<\/a><\/strong>, <em>ALEKOS<\/em><br \/>\n<a href=\"http:\/\/www.santosochoa.es\/\" target=\"_blank\"> LIBRER\u00cdA SANTOS OCHOA<\/a><br \/>\n<a href=\"http:\/\/w20.bcn.cat\/Guiamap\/Default.aspx#x=31455.899&amp;y=87037.379&amp;z=5&amp;c=K014K015K001K002K003K011K013K006&amp;w=1057&amp;h=442&amp;p=31455.899,87037.379\" target=\"_blank\"> <\/a>Pg. Fabra i Puig 165<br \/>\nBarcelona<br \/>\n<a href=\"http:\/\/w20.bcn.cat\/Guiamap\/Default.aspx#x=31455.899&amp;y=87037.379&amp;z=5&amp;c=K014K015K001K002K003K011K013K006&amp;w=1057&amp;h=442&amp;p=31455.899,87037.379\" target=\"_blank\">\u00bfC\u00f3mo llegar?<\/a><\/p>\n<p><span style=\"text-decoration: underline;\"> <\/span><\/p>\n<p><span style=\"text-decoration: underline;\"> <\/span><\/p>\n<p><span style=\"color: #ffffff;\">.<\/span><\/p>\n<p><span style=\"text-decoration: underline;\">17:00hrs<\/span><br \/>\n<strong><a href=\"..\/trobada-de-narradors-i-narradoresarradors-i-narradores\" target=\"_blank\">TROBADA DE NARRADORES I NARRADORS<\/a><br \/>\n<\/strong><a href=\"http:\/\/www.bcn.cat\/centrecivicpatillimona\" target=\"_blank\">C. C. PATI LL\u00cdMONA<\/a><br \/>\n<a href=\"http:\/\/w20.bcn.cat\/Guiamap\/Default.aspx#x=31446.088&amp;y=81641.358&amp;z=5&amp;c=K014K015K001K002K003K011K013K006&amp;w=1057&amp;h=442&amp;p=31446.088,81641.358\" target=\"_blank\"> <\/a>C\/ Regomir 3<br \/>\n08002 \u2013 Barcelona<br \/>\n932684700<br \/>\n<a href=\"http:\/\/w20.bcn.cat\/Guiamap\/Default.aspx#x=31446.088&amp;y=81641.358&amp;z=5&amp;c=K014K015K001K002K003K011K013K006&amp;w=1057&amp;h=442&amp;p=31446.088,81641.358\" target=\"_blank\">\u00bfC\u00f3mo llegar?<\/a><\/p>\n<p><span style=\"text-decoration: underline;\"> <\/span><\/p>\n<p><span style=\"color: #ffffff;\">.<\/span><\/p>\n<p><span style=\"text-decoration: underline;\">19:00hrs<\/span><br \/>\n<strong>INAUGURACI\u00d3N DE LA EXPOSICI\u00d3N DE PANCARTAS<\/strong><strong><br \/>\n<a href=\"..\/alekos-alexis-forrero\/\" target=\"_blank\">LA<\/a><\/strong><a href=\"..\/alekos-alexis-forrero\/\" target=\"_blank\"> <strong>PALABRA<\/strong> <strong>PINTADA<\/strong><\/a>, <em>ALEKOS<br \/>\n<\/em><a href=\"http:\/\/www.bcn.cat\/centrecivicpatillimona\" target=\"_blank\">C. C. PATI LL\u00cdMONA<\/a><br \/>\n<a href=\"http:\/\/w20.bcn.cat\/Guiamap\/Default.aspx#x=31446.088&amp;y=81641.358&amp;z=5&amp;c=K014K015K001K002K003K011K013K006&amp;w=1057&amp;h=442&amp;p=31446.088,81641.358\" target=\"_blank\"> <\/a>C\/ Regomir 3<br \/>\n08002 \u2013 Barcelona<br \/>\n932684700<br \/>\n<a href=\"http:\/\/w20.bcn.cat\/Guiamap\/Default.aspx#x=31446.088&amp;y=81641.358&amp;z=5&amp;c=K014K015K001K002K003K011K013K006&amp;w=1057&amp;h=442&amp;p=31446.088,81641.358\" target=\"_blank\">\u00bfC\u00f3mo llegar?<\/a><\/p>\n<p><span style=\"text-decoration: underline;\"> <\/span><\/p>\n<p><span style=\"color: #ffffff;\">.<\/span><\/p>\n<p><span style=\"text-decoration: underline;\">19:00hrs<\/span><br \/>\n<a href=\"..\/marc-virgil\" target=\"_blank\"><strong>INAUGURACI\u00d3N DE LA EXPOSICI\u00d3N<\/strong> <strong>FOTOGR\u00c1FICA<\/strong><br \/>\n<\/a> <strong><a href=\"..\/marc-virgil\" target=\"_blank\">HI HAVIA UNA VEGADA<\/a>&#8230;,<\/strong> <em>MARC VIRGIL<\/em><br \/>\n<a href=\"http:\/\/www.bcn.cat\/centrecivicpatillimona\" target=\"_blank\"> C. C. PATI LL\u00cdMONA<\/a><br \/>\n<a href=\"http:\/\/w20.bcn.cat\/Guiamap\/Default.aspx#x=31446.088&amp;y=81641.358&amp;z=5&amp;c=K014K015K001K002K003K011K013K006&amp;w=1057&amp;h=442&amp;p=31446.088,81641.358\" target=\"_blank\"> <\/a>C\/ Regomir 3<br \/>\n08002 \u2013 Barcelona<br \/>\n932684700<br \/>\n<a href=\"http:\/\/w20.bcn.cat\/Guiamap\/Default.aspx#x=31446.088&amp;y=81641.358&amp;z=5&amp;c=K014K015K001K002K003K011K013K006&amp;w=1057&amp;h=442&amp;p=31446.088,81641.358\" target=\"_blank\">\u00bfC\u00f3mo llegar?<\/a><\/p>\n<p><span style=\"text-decoration: underline;\"> <\/span><\/p>\n<p><span style=\"color: #ffffff;\">.<\/span><\/p>\n<p><span style=\"text-decoration: underline;\">20:30hrs<\/span><br \/>\nSESI\u00d3N ADULTOS<a href=\"..\/isabela-mendez\" target=\"_blank\"><strong><br \/>\nHISTORIAS SIN FRONTERAS- COLOMBIA Y VENEZUELA<\/strong><\/a>, <em>ISABELA M\u00c9NDEZ Y ALEKOS<\/em><a href=\"http:\/\/www.harlemjazzclub.es\/\" target=\"_blank\"><br \/>\nHARLEM JAZZ CLUB<\/a><br \/>\nC\/ Comtessa de Sobradiel 8<br \/>\n08002 \u2013 Barcelona<br \/>\n933100755<a href=\"http:\/\/w20.bcn.cat\/Guiamap\/Default.aspx#x=31396.225&amp;y=81598.878&amp;z=5&amp;c=K014K015K001K002K003K011K013K006&amp;w=1057&amp;h=442&amp;p=31396.225,81598.878\" target=\"_blank\"><br \/>\n\u00bfC\u00f3mo llegar?<\/a><\/p>\n<p><span style=\"text-decoration: underline;\"> <\/span><\/p>\n<p><span style=\"text-decoration: underline;\"> <\/span><\/p>\n<p><span style=\"color: #ffffff;\">.<\/span><\/p>\n<p><span style=\"text-decoration: underline;\">21:00hrs<\/span><br \/>\nSESI\u00d3N ADULTOS<br \/>\n<a href=\"..\/tim-bowley\" target=\"_blank\"><strong>HILANDO<\/strong> <strong>CUENTOS<\/strong><\/a>, <em>TIM BOWLEY Y CHARO PITA<\/em><br \/>\n<a href=\"http:\/\/www.almazen.net\/\" target=\"_blank\"> EL ALMAZEN<\/a><br \/>\n<a href=\"http:\/\/w20.bcn.cat\/Guiamap\/Default.aspx#x=30387.38&amp;y=81637.054&amp;z=5&amp;c=K014K015K001K002K003K011K013K006&amp;w=1057&amp;h=442&amp;p=30387.38,81637.054\" target=\"_blank\"> <\/a>C\/ Guifr\u00e9 9, baixos<br \/>\n08001 &#8211; Barcelona<br \/>\n934426215<br \/>\n<a href=\"http:\/\/w20.bcn.cat\/Guiamap\/Default.aspx#x=30387.38&amp;y=81637.054&amp;z=5&amp;c=K014K015K001K002K003K011K013K006&amp;w=1057&amp;h=442&amp;p=30387.38,81637.054\" target=\"_blank\">\u00bfC\u00f3mo llegar?<\/a><\/p>\n<p><span style=\"text-decoration: underline;\"> <\/span><\/p>\n<p><span style=\"text-decoration: underline;\"> <\/span><\/p>\n<p><span style=\"color: #ffffff;\">.<\/span><\/p>\n<p><span style=\"text-decoration: underline;\">22:00hrs<\/span><br \/>\nSESI\u00d3N ADULTOS<br \/>\n<a href=\"..\/juan-pablo-fuentes\" target=\"_blank\"><strong>EROS UNA VEZ<\/strong><\/a>, <em>JUAN PABLO FUENTES<\/em><br \/>\n<a href=\"http:\/\/www.centreshg.net\/casagroga\/index.php\" target=\"_blank\"> C. C. CASA GROGA<\/a><br \/>\nAv. Jord\u00e0, 27<br \/>\n08035 &#8211; Barcelona<br \/>\n93 418 65 31<br \/>\n<a href=\"http:\/\/w20.bcn.cat\/Guiamap\/Default.aspx#x=28021.82&amp;y=86708.382&amp;z=5&amp;c=K014K015K001K002K003K011K013K006&amp;w=1057&amp;h=442&amp;p=28021.82,86708.382\" target=\"_blank\">\u00bfC\u00f3mo llegar?<\/a>\ufeff<\/p>\n<p><span style=\"color: #ffffff;\">.<\/span><\/p>\n<h2><span style=\"color: #ff6600;\">Diumenge 17 d&#8217;octubre<\/span><\/h2>\n<p><span style=\"color: #ff6600;\"><span style=\"color: #ffffff;\">.<\/span><br \/>\n<\/span><\/p>\n<p><span style=\"text-decoration: underline;\">10:00 \u2013 14:00hrs y 15:00 \u2013 18:00hrs<\/span><br \/>\n<strong> <a href=\"..\/tim-bowley\" target=\"_blank\">TALLER<\/a><\/strong><a href=\"..\/tim-bowley\" target=\"_blank\"> <strong>EL ARTE DE CONTAR CUENTOS<\/strong><\/a>, <em>TIM BOWLEY<\/em><br \/>\n<em>TIM BOWLEY<\/em><br \/>\n<a href=\"www.almazen.net\" target=\"_blank\"> <\/a><a href=\"http:\/\/www.almazen.net\/\" target=\"_blank\">EL ALMAZEN<\/a><br \/>\n<a href=\"http:\/\/w20.bcn.cat\/Guiamap\/Default.aspx#x=30387.38&amp;y=81637.054&amp;z=5&amp;c=K014K015K001K002K003K011K013K006&amp;w=1057&amp;h=442&amp;p=30387.38,81637.054\" target=\"_blank\"> <\/a>C\/ Guifr\u00e9 9, baixos<br \/>\n08001 &#8211; Barcelona<br \/>\n934426215<a href=\"http:\/\/www.almazen.net\/\" target=\"_blank\"><br \/>\n<\/a>Costo 150\u20ac. Interesados llamar a Mar 664277579<br \/>\n<a href=\"http:\/\/w20.bcn.cat\/Guiamap\/Default.aspx#x=30387.38&amp;y=81637.054&amp;z=5&amp;c=K014K015K001K002K003K011K013K006&amp;w=1057&amp;h=442&amp;p=30387.38,81637.054\" target=\"_blank\">\u00bfC\u00f3mo llegar?<\/a><\/p>\n<p><span style=\"color: #ffffff;\">.<\/span><\/p>\n<p><span style=\"text-decoration: underline;\">10:00- 14:00hrs<\/span><br \/>\n<a href=\"..\/taller-de-gestion-de-las-emociones-para-cuentacuentos\/\" target=\"_blank\"><strong>TALLER DE GESTI\u00d3N DE EMOCIONES PARA CUENTACUENTOS<\/strong><\/a>, <em>FLAVIA PIAZZA<br \/>\n<\/em><a href=\"http:\/\/www.espaiale.cat\/\" target=\"_blank\">ESPAI AL\u00c8<\/a><br \/>\nPg. Sant Joan, 196, 1\u00ba-2\u00aa<br \/>\n08012 Barcelona<br \/>\nPlazas limitadas, 15 participantes. Costo 30\u20ac<br \/>\nInscripciones abiertas desde el d\u00eda 4 de octubre<br \/>\nLlamar al Espai Al\u00e8 en las tardes al 605453114<br \/>\n<a href=\"http:\/\/w20.bcn.cat\/Guiamap\/Default.aspx#x=30210.78&amp;y=84146.618&amp;z=5&amp;c=K014K015K001K002K003K011K013K006&amp;w=1057&amp;h=458&amp;p=30210.78,84146.618\" target=\"_blank\">\u00bfC\u00f3mo llegar?<\/a><\/p>\n<p><span style=\"color: #ffffff;\">.<\/span><\/p>\n<p><span style=\"text-decoration: underline;\">12:00hrs<\/span><br \/>\nSESI\u00d3N INFANTIL<br \/>\n<a href=\"..\/fanny-fuguet\" target=\"_blank\"><strong>JUGUE<\/strong>\u2026 <strong>CONTE<\/strong>\u2026 <strong>CANTEMOS<\/strong>!<\/a>, <em>FANNY FUGUET<\/em><br \/>\n<a href=\"http:\/\/www.bcn.cat\/cclescorts\" target=\"_blank\"> C. C. LES CORTS \u2013  AUSPICIA: CONSEJO DE IGUALDAD DE LA MUJER<\/a><br \/>\nC\/ Dolors Masferrer i Bosch, 33-35<br \/>\n08028 Barcelona<br \/>\n932916462<br \/>\n<a href=\"http:\/\/w20.bcn.cat\/Guiamap\/Default.aspx#x=27198.875&amp;y=82062.49&amp;z=5&amp;c=K014K015K001K002K003K011K013K006&amp;w=1057&amp;h=458&amp;p=27198.875,82062.49\" target=\"_blank\">\u00bfC\u00f3mo llegar?<\/a><\/p>\n<p><span style=\"color: #ffffff;\">.<\/span><\/p>\n<p><span style=\"text-decoration: underline;\">12:00hrs<\/span><br \/>\nSESI\u00d3N INFANTIL<br \/>\n<a href=\"..\/patricia-mac-gill\" target=\"_blank\"><strong>TOCAT DE RETOC<\/strong><\/a>, <em>PATRICIA MACGILL<\/em><br \/>\n<a href=\"http:\/\/www.museupicasso.bcn.es\/\" target=\"_blank\"> MUSEO PICASSO<\/a><br \/>\nc\/ Montcada 15-23<br \/>\n08003 Barcelona<br \/>\n93 256 30 00<br \/>\n<a href=\"http:\/\/w20.bcn.cat\/Guiamap\/Default.aspx#x=31603.364&amp;y=82042.116&amp;z=5&amp;c=K014K015K001K002K003K011K013K006&amp;w=1057&amp;h=458&amp;p=31603.364,82042.116\" target=\"_blank\">\u00bfC\u00f3mo llegar?<\/a><\/p>\n<p><span style=\"color: #ffffff;\">.<\/span><\/p>\n<p><span style=\"text-decoration: underline;\">12:00hrs<\/span><br \/>\nSESI\u00d3N INFANTIL<br \/>\n<a href=\"..\/monica-martinez-paz\" target=\"_blank\"><strong>CONTES D\u2019AQU\u00cd, D\u2019ALL\u00c0 I D\u2019ACULL\u00c0<\/strong><\/a>,  <em>M\u00d3NICA MART\u00cdNEZ<\/em><em> PAZ<br \/>\n<\/em><a href=\"http:\/\/www.centreshg.net\/taxonera\" target=\"_blank\">C. C. TAXONERA<\/a><br \/>\nC Arenys, 75<br \/>\n08035 \u2013 Barcelona<br \/>\n932563388<br \/>\n<a href=\"http:\/\/w20.bcn.cat\/Guiamap\/Default.aspx#x=28616.746&amp;y=86219.774&amp;z=5&amp;c=K014K015K001K002K003K011K013K006&amp;w=1057&amp;h=442&amp;p=28616.746,86219.774\" target=\"_blank\">\u00bfC\u00f3mo llegar?<\/a><\/p>\n<p><span style=\"color: #ffffff;\">.<\/span><\/p>\n<p><span style=\"text-decoration: underline;\">12:00hrs<\/span><br \/>\nSESI\u00d3N INFANTIL  (+5)<strong><br \/>\n<a href=\"..\/esther-pozo\" target=\"_blank\">CASTANYES I CONTES AMB BANYES<\/a><\/strong>, <em>ESTHER POZO<\/em><br \/>\n<a href=\"http:\/\/w3.bcn.es\/V51\/Home\/V51HomeLinkPl\/0,3989,526634255,00.html\" target=\"_blank\"> BIBLIOTECA EL CARMEL- JUAN MARS\u00c9<\/a><br \/>\nC\/ Murtra, 135-145<br \/>\n08032 Barcelona<br \/>\n934 072 870<br \/>\n<a href=\"http:\/\/w20.bcn.cat\/Guiamap\/Default.aspx#x=29490.304&amp;y=86042.169&amp;z=5&amp;c=K014K015K001K002K003K011K013K006&amp;w=1057&amp;h=442&amp;p=29490.304,86042.169\" target=\"_blank\">\u00bfC\u00f3mo llegar?<\/a><\/p>\n<p><span style=\"color: #ffffff;\">.<\/span><\/p>\n<p><span style=\"text-decoration: underline;\">17:00hrs<\/span><br \/>\nSESI\u00d3N ADULTOS<br \/>\n<a href=\"..\/arnau-vilardebo\" target=\"_blank\"><strong>88 INFINITS<\/strong><\/a>, <em>ARNAU VILARDEB\u00d2<\/em><br \/>\n<a href=\"http:\/\/obrasocial.lacaixa.es\/nuestroscentros\/caixaforumbarcelona\/elcentro_es.html\" target=\"_blank\"> CAIXA FORUM (CALLE MODERNISTA)<\/a><br \/>\nAv. Francesc Ferrer i Gu\u00e0rdia, 6-8<br \/>\n08038 &#8211; Barcelona<br \/>\n93 476 86  00<br \/>\n<a href=\"http:\/\/w20.bcn.cat\/Guiamap\/Default.aspx#x=28974.653&amp;y=80528.805&amp;z=5&amp;c=K014K015K001K002K003K011K013K006&amp;w=1057&amp;h=442&amp;p=28974.653,80528.805\" target=\"_blank\"> \u00bfC\u00f3mo llegar?<\/a><\/p>\n<p><span style=\"color: #ffffff;\">.<\/span><\/p>\n<p><span style=\"text-decoration: underline;\">19:00hrs<\/span><br \/>\nSESI\u00d3N ADULTOS<strong><br \/>\n<a href=\"..\/arnau-vilardebo\" target=\"_blank\">LA MAGRANA I LA MIRRA<\/a><\/strong>, <em>ARNAU VILARDEB\u00d2<br \/>\n<\/em><a href=\"http:\/\/www.facebook.com\/bemba.barcelona\" target=\"_blank\">BAR BEMBA<\/a><br \/>\nC\/ Blasco de Garay 8<br \/>\n08004 \u2013 Barcelona<br \/>\n933 248 300<br \/>\n<a href=\"http:\/\/w20.bcn.cat\/Guiamap\/Default.aspx#x=30109.788&amp;y=80868.613&amp;z=5&amp;c=K014K015K001K002K003K011K013K006&amp;w=1057&amp;h=442&amp;p=30109.788,80868.613\" target=\"_blank\">\u00bfC\u00f3mo llegar?<\/a><\/p>\n<p><span style=\"color: #ffffff;\">.<\/span><\/p>\n<p><span style=\"text-decoration: underline;\">20:00hrs<\/span><br \/>\nSESI\u00d3N ADULTOS<br \/>\n<a href=\"..\/monica-torra\" target=\"_blank\"><strong>D\u2019AQUELLS BOLEROS, AQUESTS CONTES<\/strong><\/a>, <em>M\u00d2NICA TORRA<\/em><br \/>\n<a href=\"http:\/\/w3.bcn.es\/V62\/Home\/V62XMLHomeLinkPl\/0,4388,285254511_285742177_1,00.html\" target=\"_blank\"> MUSEU DE LA M\u00d9SICA<\/a><br \/>\nL&#8217;Auditori. C\/ Lepant, 150<br \/>\n08013 &#8211; Barcelona<br \/>\n93 256 36 50<br \/>\n<a href=\"http:\/\/w20.bcn.cat\/Guiamap\/Default.aspx#x=31954.352&amp;y=83505.968&amp;z=5&amp;c=K014K015K001K002K003K011K013K006&amp;w=1057&amp;h=442&amp;p=31954.352,83505.968\" target=\"_blank\">\u00bfC\u00f3mo llegar?<\/a><\/p>\n<p><span style=\"color: #ffffff;\">.<\/span><\/p>\n<p><span style=\"text-decoration: underline;\">20:30hrs<\/span><br \/>\nSESI\u00d3N ADULTOS<strong><a href=\"..\/alfredo-becker\" target=\"_blank\"><br \/>\nCUENTOS DE AQU\u00cd&#8230;\u00bfO DE ALL\u00c1?<\/a>,<\/strong> ALFREDO BECKER<br \/>\n<a href=\"http:\/\/lamardecuentosnostromo.blogspot.com\/\" target=\"_blank\"> NOSTROMO BAR<\/a><br \/>\nC\/Ripoll, 16<br \/>\n08002 &#8211; Barcelona<a href=\"http:\/\/www.barcelona-on-line.es\/nostromo\/\" target=\"_blank\"><br \/>\n<\/a>934122455<br \/>\n<a href=\"http:\/\/w20.bcn.cat\/Guiamap\/Default.aspx#x=31149.596&amp;y=82067.129&amp;z=5&amp;c=K014K015K001K002K003K011K013K006&amp;w=1057&amp;h=442&amp;p=31149.596,82067.129\" target=\"_blank\">\u00bfC\u00f3mo llegar?<\/a><\/p>\n<p><span style=\"color: #ffffff;\">.<\/span><\/p>\n<h2><span style=\"color: #ff6600;\">Dilluns 18 d&#8217;octubre<\/span><\/h2>\n<p><span style=\"color: #ff6600;\"><span style=\"color: #ffffff;\">.<\/span><br \/>\n<\/span><\/p>\n<p><span style=\"text-decoration: underline;\">18:00hrs<\/span><br \/>\nSESI\u00d3N INFANTIL (+4)<br \/>\n<a href=\"..\/alfredo-becker\" target=\"_blank\"><strong>\u2026Y SE LLAMABA MIGUEL<\/strong><\/a>, <em>ALFREDO BECKER<\/em><br \/>\n<a href=\"http:\/\/www.bcn.cat\/bibbonpastor\" target=\"_blank\"> BIBLIOTECA BON PASTOR<\/a><br \/>\nC\/Estadella, 62<br \/>\n08030 &#8211; Barcelona<br \/>\n934980216<br \/>\n<a href=\"http:\/\/w20.bcn.cat\/Guiamap\/Default.aspx#x=33646.344&amp;y=87575.817&amp;z=5&amp;c=K014K015K001K002K003K011K013K006&amp;w=1057&amp;h=442&amp;p=33646.344,87575.817\" target=\"_blank\">\u00bfC\u00f3mo llegar?<\/a><\/p>\n<p><span style=\"color: #ffffff;\">.<\/span><\/p>\n<p><span style=\"text-decoration: underline;\">18:30hrs<\/span><br \/>\n<a href=\"..\/pia-codina\" target=\"_blank\"><strong>INAUGURACI\u00d3N DE LA EXPOSICI\u00d3N FOTOGR\u00c1FICA<br \/>\nNARRADORS ORALS, ELS MAGS DE LA PARAULA<\/strong><\/a>, <em>P\u00cdA CODINA<\/em><br \/>\n<a href=\"http:\/\/www.ccparcsandaru.cat\/\" target=\"_blank\"> C. C. PARC SANDARU<\/a><br \/>\nC\/ Buenaventura Mu\u00f1oz, 21<br \/>\n08018 &#8211; Barcelona<br \/>\n93 309 06 35<br \/>\n<a href=\"http:\/\/w20.bcn.cat\/Guiamap\/Default.aspx#x=31937.401&amp;y=82767.414&amp;z=5&amp;c=K014K015K001K002K003K011K013K006&amp;w=1057&amp;h=442&amp;p=31937.401,82767.414\" target=\"_blank\">\u00bfC\u00f3mo llegar?<\/a><\/p>\n<p><span style=\"text-decoration: underline;\"> <\/span><\/p>\n<p><span style=\"color: #ffffff;\">.<\/span><\/p>\n<p><span style=\"text-decoration: underline;\">19:00hrs<\/span><br \/>\nSESI\u00d3N ADULTOS<br \/>\n<a href=\"..\/marta-escudero\" target=\"_blank\"><strong>LOS RETABLOS DE ROM\u00c1N CALVO<\/strong><strong> <\/strong><\/a>, <em>MARTHA ESCUDERO<\/em><br \/>\n<a href=\"http:\/\/www.bcn.cat\/bibcanmariner\" target=\"_blank\"> BIBLIOTECA HORTA- CAN MARINER<\/a><br \/>\nCarrer del Vent, 1<br \/>\n08031 BARCELONA<br \/>\n934 208 285<br \/>\n<a href=\"http:\/\/w20.bcn.cat\/Guiamap\/Default.aspx#x=29971.922&amp;y=87159.811&amp;z=5&amp;c=K014K015K001K002K003K011K013K006&amp;w=1057&amp;h=442&amp;p=29971.922,87159.811\" target=\"_blank\">\u00bfC\u00f3mo llegar?<\/a><\/p>\n<p><span style=\"color: #ffffff;\">.<\/span><\/p>\n<p><span style=\"text-decoration: underline;\">19:00hrs<\/span><br \/>\nSESI\u00d3N ADULTOS<br \/>\n<a href=\"..\/laura-rodriguez\" target=\"_blank\"><strong>IDOLOG\u00cdA<\/strong><\/a>, <em>LAURA  RODR\u00cdGUEZ<\/em><br \/>\n<a href=\"http:\/\/lastrolabi.blogspot.com\/\" target=\"_blank\"> L\u2019ASTROLABI<\/a><br \/>\nC\/Mart\u00ednez de la Rosa, 14<br \/>\nBARCELONA<br \/>\n<a href=\"http:\/\/w20.bcn.cat\/Guiamap\/Default.aspx#x=29853.503&amp;y=83631.433&amp;z=5&amp;c=K014K015K001K002K003K011K013K006&amp;w=1057&amp;h=442&amp;p=29853.503,83631.433\" target=\"_blank\">\u00bfC\u00f3mo llegar?<\/a><\/p>\n<p><span style=\"color: #ffffff;\">.<\/span><\/p>\n<p><strong> <\/strong><span style=\"text-decoration: underline;\">20:00hrs<\/span><br \/>\n<a href=\"..\/inauguracion\/\" target=\"_blank\"><strong>INAUGURACI\u00d3N<\/strong> <strong>DEL FESTIVAL<\/strong><\/a><br \/>\n<em>ANA CRISTINA HERREROS, ALEKOS, ARNAU VILARDEB\u00d2, JOSELUIS MELLADO, M\u00d3NICA MART\u00cdNEZ PAZ,  TIM BOWLEY Y CHARO PITA<\/em>, MALENA PLACERES,<br \/>\nNUTS &amp; CO.<br \/>\n<a href=\"http:\/\/www.teatreromea.com\/\" target=\"_blank\"> Teatre Romea<\/a><br \/>\nC\/ Hospital 51<br \/>\n08001 Barcelona<br \/>\n934 816 696<br \/>\n<a href=\"http:\/\/w20.bcn.cat\/Guiamap\/Default.aspx#x=30781.756&amp;y=81539.382&amp;z=5&amp;c=K014K015K001K002K003K011K013K006&amp;w=1057&amp;h=442&amp;p=30781.756,81539.382\" target=\"_blank\">\u00bfC\u00f3mo llegar?<\/a><\/p>\n<p><span style=\"color: #ffffff;\">.<\/span><\/p>\n<p><span style=\"text-decoration: underline;\">22:15hrs<\/span><br \/>\nSESI\u00d3N ADULTOS<br \/>\n<a href=\"..\/roger-corominas\" target=\"_blank\"><strong>CONTACTES<\/strong><\/a>, <em>ROGER COROMINAS &#8220;El Lladre de <\/em>guants blancs<em>&#8220;<\/em><br \/>\n<a href=\"http:\/\/www.myspace.com\/barmacondo\" target=\"_blank\"> MACONDO BAR<\/a><br \/>\nC\/Conca, 21<br \/>\n08026 &#8211; Barcelona<br \/>\n<a href=\"http:\/\/w20.bcn.cat\/Guiamap\/Default.aspx#x=31563.246&amp;y=85197.07&amp;z=5&amp;c=K014K015K001K002K003K011K013K006&amp;w=1057&amp;h=442&amp;p=31563.246,85197.07\" target=\"_blank\">\u00bfC\u00f3mo llegar?<\/a><\/p>\n<p><span style=\"color: #ffffff;\">.<\/span><\/p>\n<h2><span style=\"color: #ff6600;\">Dimarts 19 d&#8217;octubre<\/span><\/h2>\n<p><span style=\"color: #ff6600;\"><span style=\"color: #ffffff;\">.<\/span><br \/>\n<\/span><\/p>\n<p><span style=\"text-decoration: underline;\">17:30hrs<\/span><br \/>\nSESI\u00d3N FAMILIAR<br \/>\n<a href=\"..\/soledad-felloza\" target=\"_blank\"><strong>DE TIN MAR\u00cdN<\/strong><\/a>,  <em>SOLEDAD FELLOZA<\/em><br \/>\n<a href=\"http:\/\/www.bcn.cat\/cctrinitatvella\" target=\"_blank\"> C. C. TRINITAT VELLA<\/a><br \/>\nForadada, 36-38<br \/>\n08033 &#8211; Barcelona<br \/>\n933 457 016<br \/>\n<a href=\"http:\/\/w20.bcn.cat\/Guiamap\/Default.aspx#x=32537.834&amp;y=89413.102&amp;z=5&amp;c=K014K015K001K002K003K011K013K006&amp;w=1057&amp;h=442&amp;p=32537.834,89413.102\" target=\"_blank\">\u00bfC\u00f3mo llegar?<\/a><\/p>\n<p><span style=\"color: #ffffff;\">.<\/span><\/p>\n<p><span style=\"text-decoration: underline;\"> <\/span><\/p>\n<p><span style=\"text-decoration: underline;\">17:30hrs<\/span><br \/>\nSESI\u00d3N INFANTIL (+4)<br \/>\n<a href=\"..\/alfredo-becker\" target=\"_blank\"><strong>\u2026Y SE LLAMABA MIGUEL<\/strong><\/a>, <em>ALFREDO BECKER<\/em><br \/>\n<a href=\"http:\/\/www.bcn.cat\/bibcanroses\" target=\"_blank\"> BIBLIOTECA CAN ROS\u00c9S<\/a><br \/>\nCarrer de D\u00e9u i Mata, 57<br \/>\n08029 \u2013Barcelona<br \/>\n934 191 929 <a href=\"http:\/\/www.bcn.cat\/bibcanroses\"><br \/>\n<\/a><a href=\"http:\/\/w20.bcn.cat\/Guiamap\/Default.aspx#x=27758.99&amp;y=82422.686&amp;z=5&amp;c=K014K015K001K002K003K011K013K006&amp;w=1057&amp;h=442&amp;p=27758.99,82422.686\" target=\"_blank\">\u00bfC\u00f3mo llegar?<\/a><\/p>\n<p><span style=\"color: #ffffff;\">.<\/span><\/p>\n<p><span style=\"text-decoration: underline;\">18:00hrs<\/span><br \/>\nSESI\u00d3N INFANTIL (+4)<br \/>\n<a href=\"..\/albert-estengre\" target=\"_blank\"><strong>BRUIXES, RIALS I PLATGES<\/strong><\/a>, <em>ALBERT ESTENGRE<\/em><br \/>\n<a href=\"http:\/\/w3.bcn.es\/V51\/Home\/V51HomeLinkPl\/0,3989,526653874_528527126_2,00.html\" target=\"_blank\"> BIBLIOTECA SAGRADA FAM\u00ccLIA<\/a><br \/>\nC\/Proven\u00e7a, 480<br \/>\n08025 &#8211; Barcelona<br \/>\n93 450 87 33<br \/>\n<a href=\"http:\/\/w20.bcn.cat\/Guiamap\/Default.aspx#x=31251.628&amp;y=84333.813&amp;z=5&amp;c=K014K015K001K002K003K011K013K006&amp;w=1057&amp;h=442&amp;p=31251.628,84333.813\" target=\"_blank\">\u00bfC\u00f3mo llegar?<\/a><\/p>\n<p><span style=\"color: #ffffff;\">.<\/span><\/p>\n<p><span style=\"text-decoration: underline;\">18:00hrs<\/span><br \/>\n<span style=\"color: #ff0000;\"><strong>Malauradament aquesta activitat ha sigut suspesa. Des de l\u2019organitzaci\u00f3 del Festival us <\/strong><strong>preguem <\/strong><strong>disculpes<\/strong><\/span><br \/>\nSESI\u00d3N INFANTIL  (+3)<br \/>\n<a href=\"..\/sherezade-bardaji-y-rebeca-luciani\" target=\"_blank\"><strong>EL SOMRIURE DE LA DANIELA<\/strong><\/a>, <em>SHEREZADE BARDAJI I REBECA LUCIANI<\/em><br \/>\n<a href=\"http:\/\/w3.bcn.es\/V51\/Home\/V51HomeLinkPl\/0,3989,171935332_173110308_2,00.html\" target=\"_blank\"> BIBLIOTECA SANT PAU- SANTA CREU<\/a><br \/>\nCarme, 47 \/ Hospital, 56<br \/>\n08001 &#8211; Barcelona<br \/>\n93 302 07<span style=\"text-decoration: underline;\"><br \/>\n<a href=\"http:\/\/w20.bcn.cat\/Guiamap\/Default.aspx#x=30606.382&amp;y=81645.275&amp;z=5&amp;c=K014K015K001K002K003K011K013K006&amp;w=1057&amp;h=442&amp;p=30606.382,81645.275\" target=\"_blank\">\u00bfC\u00f3mo llegar?<\/a><\/span><\/p>\n<p><span style=\"color: #ffffff;\">.<\/span><\/p>\n<p><span style=\"text-decoration: underline;\">19:00hrs<\/span><br \/>\n<strong>INAUGURACI\u00d3N DE LA EXPOSICI\u00d3N DE ILUSTRACIONES ORIGINALES<\/strong><strong><br \/>\n<a href=\"..\/il%C2%B7lustrat-tambe-conten\/\" target=\"_blank\">IL.LUSTRATS TAMB\u00c9 CONTEN<\/a><\/strong>, <em>ILUSTRADORES DE EDICIONES EKAR\u00c9, LIBROS DEL ZORRO ROJO, THULE EDITORES<\/em><br \/>\n<a href=\"http:\/\/www.cotxeresborrell.net\/\" target=\"_blank\"> CENTRE C\u00cdVIC COTXERES BORRELL<\/a><br \/>\nC\/Viladomat, 2-8<br \/>\n08015 &#8211; Barcelona<br \/>\n<a href=\"http:\/\/w20.bcn.cat\/Guiamap\/Default.aspx#x=30096.171&amp;y=80992.1&amp;z=5&amp;c=K014K015K001K002K003K011K013K006&amp;w=1057&amp;h=442&amp;p=30096.171,80992.1\" target=\"_blank\">\u00bfC\u00f3mo llegar?<\/a><\/p>\n<p><span style=\"color: #ffffff;\">.<\/span><\/p>\n<p><span style=\"text-decoration: underline;\">19:00hrs<\/span><br \/>\nSESI\u00d3N ADULTOS<br \/>\n<a href=\"\/2010\/jose-luis-mellado\/\" target=\"_blank\"><strong>SONORO<\/strong> <strong>Y<\/strong> <strong>A<\/strong> <strong>COLOR<\/strong><\/a>,  <em>JOSELUIS MELLADO<\/em><br \/>\n<a href=\"http:\/\/w3.bcn.es\/XMLServeis\/XMLHomeLinkPl\/0,4022,1013028920,00.html\" target=\"_blank\"> BIBLIOTECA G\u00d2TIC- ANDREU NIN<\/a><br \/>\nLa Rambla, 30-32<br \/>\n08002 &#8211; Barcelona<br \/>\n933 437 369<br \/>\n<a href=\"http:\/\/w20.bcn.cat\/Guiamap\/Default.aspx#x=31195.978&amp;y=81302.72&amp;z=5&amp;c=K014K015K001K002K003K011K013K006&amp;w=1057&amp;h=442&amp;p=31195.978,81302.72\" target=\"_blank\">\u00bfC\u00f3mo llegar?<\/a><\/p>\n<p><span style=\"color: #ffffff;\">.<\/span><\/p>\n<p><span style=\"text-decoration: underline;\">19:00hrs<\/span><br \/>\nCONFERENCIA<br \/>\n<a href=\"..\/pablo-larraguibel\/\" target=\"_blank\"><strong>DE LA TRADICI\u00d3N ORAL AL LIBRO INFANTIL<\/strong><\/a>, <em>PABLO LAGARRIBEL<\/em><br \/>\n<a href=\"http:\/\/w3.bcn.es\/XMLServeis\/XMLHomeLinkPl\/0,4022,650920084_709536676_1,00.html\" target=\"_blank\">BIBLIOTECA VILA DE GR\u00c0CIA<\/a><br \/>\nTorrent de l&#8217;Olla, 104<br \/>\n08012 &#8211; Barcelona<br \/>\n93 284 77 90<br \/>\n<a href=\"http:\/\/w20.bcn.cat\/Guiamap\/Default.aspx#x=29729.58&amp;y=83871.468&amp;z=5&amp;c=K014K015K001K002K003K011K013K006&amp;w=1057&amp;h=442&amp;p=29729.58,83871.468\" target=\"_blank\">\u00bfC\u00f3mo llegar?<\/a><\/p>\n<p><span style=\"color: #ffffff;\">.<\/span><\/p>\n<p><span style=\"text-decoration: underline;\">19:00hrs<\/span><br \/>\n<strong>PRESENTACI\u00d3N DE LIBRO<br \/>\n<a href=\"..\/ana-cristina-herreros\/\" target=\"_blank\">LA SORPRENET I VERITABLE HISTORIA D\u2019UN RATOL\u00cd ANOMENAT P\u00c9REZ<\/a><\/strong>, <em>ANA CRISTINA HERREROS<\/em><br \/>\n<a href=\"www.santosochoa.es\" target=\"_blank\"> <\/a><a href=\"http:\/\/www.santosochoa.es\" target=\"_blank\">LIBRER\u00cdA SANTOS OCHOA<\/a><br \/>\n<a href=\"http:\/\/w20.bcn.cat\/Guiamap\/Default.aspx#x=31455.899&amp;y=87037.379&amp;z=5&amp;c=K014K015K001K002K003K011K013K006&amp;w=1057&amp;h=442&amp;p=31455.899,87037.379\" target=\"_blank\"> <\/a>Pg. Fabra i Puig 165<br \/>\nBarcelona<br \/>\n<a href=\"http:\/\/w20.bcn.cat\/Guiamap\/Default.aspx#x=31455.899&amp;y=87037.379&amp;z=5&amp;c=K014K015K001K002K003K011K013K006&amp;w=1057&amp;h=442&amp;p=31455.899,87037.379\" target=\"_blank\">\u00bfC\u00f3mo llegar?<\/a><\/p>\n<p><span style=\"color: #ffffff;\">.<\/span><\/p>\n<p><span style=\"text-decoration: underline;\">19:00hrs<\/span><br \/>\nCHARLA<br \/>\n<a href=\"..\/encuentro-con%E2%80%A6-anin\/\" target=\"_blank\"><strong>ENCUENTRO CON\u2026<\/strong> <em>ANIN<\/em><\/a><br \/>\n<a href=\"www.bcn.cat\/centrecivicpatillimona\" target=\"_blank\"> <\/a><a href=\"http:\/\/www.bcn.cat\/centrecivicpatillimona\" target=\"_blank\">C. C. PATI LL\u00cdMONA<\/a><br \/>\n<a href=\"http:\/\/w20.bcn.cat\/Guiamap\/Default.aspx#x=31446.088&amp;y=81641.358&amp;z=5&amp;c=K014K015K001K002K003K011K013K006&amp;w=1057&amp;h=442&amp;p=31446.088,81641.358\" target=\"_blank\"> <\/a>C\/ Regomir 3<br \/>\n08002 \u2013 Barcelona<br \/>\n932684700<br \/>\n<a href=\"http:\/\/w20.bcn.cat\/Guiamap\/Default.aspx#x=31446.088&amp;y=81641.358&amp;z=5&amp;c=K014K015K001K002K003K011K013K006&amp;w=1057&amp;h=442&amp;p=31446.088,81641.358\" target=\"_blank\">\u00bfC\u00f3mo llegar?<\/a><\/p>\n<p><span style=\"color: #ffffff;\">.<\/span><\/p>\n<p><span style=\"text-decoration: underline;\"> <\/span><\/p>\n<p><span style=\"text-decoration: underline;\">20:00hrs<\/span><br \/>\nSESI\u00d3N ADULTOS<br \/>\n<a href=\"..\/narrin-narran\" target=\"_blank\"><strong>CONTES ER\u00d2TICS<\/strong><\/a>, <em>NARR\u00cdN NARR\u00c1N<\/em><br \/>\n<a href=\"http:\/\/www.farinera.org\/\" target=\"_blank\"> LA FARINERA DEL CLOT<\/a><br \/>\nGran V\u00eda Corts Catalanes, 837<br \/>\n08018 &#8211; Barcelona<br \/>\n932 918 080<br \/>\n<a href=\"http:\/\/w20.bcn.cat\/Guiamap\/Default.aspx#x=32260.124&amp;y=84230.16&amp;z=5&amp;c=K014K015K001K002K003K011K013K006&amp;w=1057&amp;h=442&amp;p=32260.124,84230.16\" target=\"_blank\">\u00bfC\u00f3mo llegar?<\/a><\/p>\n<p><span style=\"color: #ffffff;\">.<\/span><\/p>\n<p><span style=\"text-decoration: underline;\">20:00hrs<\/span><br \/>\nSESI\u00d3N ADULTOS<br \/>\n<a href=\"..\/cecilia-bellorin\" target=\"_blank\"><strong>CECILIA CUENTA Y CANTA<\/strong><\/a>, <em>CECILIA BELLOR\u00cdN<\/em><br \/>\n<a href=\"http:\/\/lastrolabi.blogspot.com\/\" target=\"_blank\"> L\u2019ASTROLABI<\/a><br \/>\nC\/Mart\u00ednez de la Rosa, 14<br \/>\nBARCELONA<br \/>\n<a href=\"http:\/\/w20.bcn.cat\/Guiamap\/Default.aspx#x=29853.503&amp;y=83631.433&amp;z=5&amp;c=K014K015K001K002K003K011K013K006&amp;w=1057&amp;h=442&amp;p=29853.503,83631.433\" target=\"_blank\">\u00bfC\u00f3mo llegar?<\/a><\/p>\n<p><span style=\"color: #ffffff;\">.<\/span><\/p>\n<p><span style=\"text-decoration: underline;\">20:00hrs<\/span><br \/>\n<a href=\"..\/raul-contel\" target=\"_blank\"><strong>PROYECCI\u00d3N DE LA PEL\u00cdCULA \u201cL&#8217;AMIC DE LA MORT\u201d<\/strong><\/a><br \/>\nDE <em>RA\u00dcL CONTEL<\/em><br \/>\n<a href=\"http:\/\/www.ccparcsandaru.cat\/\" target=\"_blank\"> C. C. PARC SANDARU<\/a><br \/>\nC\/ Buenaventura Mu\u00f1oz, 21<br \/>\n08018 &#8211; Barcelona<br \/>\n93 309 06 35<br \/>\n<a href=\"http:\/\/w20.bcn.cat\/Guiamap\/Default.aspx#x=31937.401&amp;y=82767.414&amp;z=5&amp;c=K014K015K001K002K003K011K013K006&amp;w=1057&amp;h=442&amp;p=31937.401,82767.414\" target=\"_blank\">\u00bfC\u00f3mo llegar?<\/a><\/p>\n<p><span style=\"color: #ffffff;\">.<\/span><\/p>\n<p><span style=\"text-decoration: underline;\">21:00hrs<\/span><br \/>\nSESION ADULTOS<br \/>\n<a href=\"..\/tim-bowley\" target=\"_blank\"><strong>HILANDO<\/strong> <strong>CUENTOS<\/strong><\/a>, <em>TIM BOWLEY Y CHARO PITA<\/em><br \/>\n<a href=\"www.bcn.cat\/centrecivicpatillimona\" target=\"_blank\"> <\/a><a href=\"http:\/\/www.bcn.cat\/centrecivicpatillimona\" target=\"_blank\">C. C. PATI LL\u00cdMONA<\/a><br \/>\n<a href=\"http:\/\/w20.bcn.cat\/Guiamap\/Default.aspx#x=31446.088&amp;y=81641.358&amp;z=5&amp;c=K014K015K001K002K003K011K013K006&amp;w=1057&amp;h=442&amp;p=31446.088,81641.358\" target=\"_blank\"> <\/a>C\/ Regomir 3<br \/>\n08002 \u2013 Barcelona<br \/>\n932684700<a href=\"http:\/\/www.bcn.cat\/centrecivicpatillimona\"><br \/>\n<\/a> <a href=\"http:\/\/w20.bcn.cat\/Guiamap\/Default.aspx#x=31446.088&amp;y=81641.358&amp;z=5&amp;c=K014K015K001K002K003K011K013K006&amp;w=1057&amp;h=442&amp;p=31446.088,81641.358\" target=\"_blank\">\u00bfC\u00f3mo llegar?<\/a><\/p>\n<p><span style=\"color: #ffffff;\">.<\/span><\/p>\n<p><span style=\"text-decoration: underline;\">22:15hrs<\/span><br \/>\n<span style=\"color: #ff0000;\"><strong>Canvi d\u2019\u00faltim moment. Enlloc d\u2019actuar <a title=\"Kristinoshka Garc\u00eda\" href=\"..\/kristinoshka-garcia\/\">Kristinoshka Garc\u00eda<\/a> podreu gaudir de la narradora vene\u00e7olana M\u00f3nica Mart\u00ednez Paz aquesta nit al Bar Macondo. <\/strong><\/span><br \/>\nSESI\u00d3N ADULTOS<br \/>\n<a href=\"..\/kristinoshka-garcia\" target=\"_blank\"><strong>PIES Y P\u00c1JAROS<\/strong><\/a>, <em>KRISTINOSHKA GARC\u00cdA<\/em><br \/>\n<a href=\"http:\/\/www.myspace.com\/barmacondo\" target=\"_blank\"> MACONDO BAR<\/a><br \/>\nC\/Conca, 21<br \/>\n08026 &#8211; Barcelona<br \/>\n<a href=\"http:\/\/w20.bcn.cat\/Guiamap\/Default.aspx#x=31563.246&amp;y=85197.07&amp;z=5&amp;c=K014K015K001K002K003K011K013K006&amp;w=1057&amp;h=442&amp;p=31563.246,85197.07\" target=\"_blank\">\u00bfC\u00f3mo llegar?<\/a><\/p>\n<p><span style=\"color: #ffffff;\">.<\/span><\/p>\n<h2><span style=\"color: #ff6600;\">Dimecres 20 d&#8217;octubre<\/span><\/h2>\n<p><span style=\"color: #ff6600;\"><span style=\"color: #ffffff;\">.<\/span><br \/>\n<\/span><\/p>\n<p><span style=\"text-decoration: underline;\">16:30hrs<\/span><br \/>\nMASTERCLASS<br \/>\n<a href=\"..\/ruben-martinez-santana\" target=\"_blank\"><strong>NARRACI\u00d3N ORAL Y TEATRO<\/strong><\/a>,  <em>RUB\u00c9N MART\u00cdNEZ SANTANA<\/em><br \/>\n<strong><a href=\"..\/rube\" target=\"_blank\">MUESTRA DE NARRACI\u00d3N ORAL<\/a>,<\/strong> <em>VARIOS CUENTACUENTOS<\/em><br \/>\n<a href=\"http:\/\/www.institutdelteatre.org\/\" target=\"_blank\"> INSTITUT DEL TEATRE<\/a><br \/>\nPla\u00e7a Margarida Xirgu, s\/n<br \/>\n08004 Barcelona<br \/>\n932 273 900<br \/>\n<a href=\"http:\/\/w20.bcn.cat\/Guiamap\/Default.aspx#x=29639.529&amp;y=80530.907&amp;z=5&amp;c=K014K015K001K002K003K011K013K006&amp;w=1057&amp;h=442&amp;p=29639.529,80530.907\" target=\"_blank\">\u00bfC\u00f3mo llegar?<\/a><a href=\"http:\/\/www.institutdelteatre.org\/\" target=\"_blank\"><br \/>\n<\/a><\/p>\n<p><span style=\"color: #ffffff;\">.<\/span><\/p>\n<p><span style=\"text-decoration: underline;\">18:00hrs<\/span><br \/>\nSESI\u00d3N INFANTIL<a href=\"..\/albert-marques\" target=\"_blank\"><strong><br \/>\nEL<\/strong> <strong>Q\u00dcENTILADOR<\/strong><\/a>, <em>ALBERT MARQUES<\/em><br \/>\n<a href=\"http:\/\/w3.bcn.es\/XMLServeis\/Asia\/XMLFitxaAsiaCtl\/0,4122,370084977_424430559_2_92086004593,00.html?tipusEnllac=equipament&amp;idFitxa=92086004593&amp;nomesFitxa=true\" target=\"_blank\"> SALA DE LECTURA DEL CLOT<\/a><br \/>\nC\/Clot, 21-25<br \/>\n08018 \u2013 Barcelona<br \/>\n932463928<br \/>\n<a href=\"http:\/\/w20.bcn.cat\/Guiamap\/Default.aspx#x=32184.155&amp;y=84437.486&amp;z=5&amp;c=K014K015K001K002K003K011K013K006&amp;w=1057&amp;h=442&amp;p=32184.155,84437.486\" target=\"_blank\">\u00bfC\u00f3mo llegar?<\/a><\/p>\n<p><span style=\"color: #ffffff;\">.<\/span><\/p>\n<p><span style=\"text-decoration: underline;\">18:00hrs<\/span><br \/>\nSESI\u00d3N INFANTIL<strong><br \/>\n<a href=\"\/2010\/marga-socias\/\" target=\"_blank\">El LLIBRE SECRET<\/a><\/strong>, <em>MARGA SOCIAS<\/em><a href=\"http:\/\/w3.bcn.es\/V51\/Home\/V51HomeLinkPl\/0,3989,171936303,00.html\" target=\"_blank\"><br \/>\nBIBLIOTECA FORT PIENC<\/a><br \/>\nCarrer Ribes, 12-14<br \/>\n08013-Barcelona<br \/>\n932 652 435<a href=\"http:\/\/w3.bcn.es\/V51\/Home\/V51HomeLinkPl\/0,3989,171936303,00.html\" target=\"_blank\"><br \/>\n<\/a><a href=\"http:\/\/w20.bcn.cat\/Guiamap\/Default.aspx#x=32342.902&amp;y=88723.621&amp;z=5&amp;c=K014K015K001K002K003K011K013K006&amp;w=1057&amp;h=442&amp;p=32342.902,88723.621\" target=\"_blank\">\u00bfC\u00f3mo llegar?<\/a><\/p>\n<p><span style=\"color: #ffffff;\">.<\/span><\/p>\n<p><span style=\"text-decoration: underline;\">19:00hrs<\/span><br \/>\nSESI\u00d3N ADULTOS<br \/>\n<a href=\"..\/yoshihira-hioki\" target=\"_blank\"><strong>MIL ESCAMAS DE DRAG\u00d3N, MIL CUENTOS DEL JAP\u00d3N<\/strong><\/a>,<em> YOSHIHIRA HIOKI<\/em><br \/>\n<a href=\"http:\/\/w3.bcn.es\/V51\/Home\/V51HomeLinkPl\/0,3989,171936303,00.html\" target=\"_blank\"> BIBLIOTECA FORT PIENC<\/a><br \/>\nCarrer Ribes, 12-14<br \/>\n08013-Barcelona<br \/>\n932 652 435<a href=\"http:\/\/w3.bcn.es\/V51\/Home\/V51HomeLinkPl\/0,3989,171936303,00.html\" target=\"_blank\"><br \/>\n<\/a><a href=\"http:\/\/w20.bcn.cat\/Guiamap\/Default.aspx#x=32342.902&amp;y=88723.621&amp;z=5&amp;c=K014K015K001K002K003K011K013K006&amp;w=1057&amp;h=442&amp;p=32342.902,88723.621\" target=\"_blank\">\u00bfC\u00f3mo llegar?<\/a><\/p>\n<p><span style=\"color: #ffffff;\">.<\/span><\/p>\n<p><span style=\"text-decoration: underline;\">19:00hrs<\/span><br \/>\nCHARLA\/TALLER<br \/>\n<a href=\"..\/monica-martinez-paz\/\" target=\"_blank\"><strong>NO HACE FALTA UN TALLER DE NARRACI\u00d3N ORAL PARA APRENDER A CONTAR CUENTOS<\/strong><\/a><br \/>\n<em>M\u00d3NICA MART\u00cdNEZ<\/em><em> PAZ<\/em><br \/>\n<a href=\"http:\/\/w3.bcn.es\/XMLServeis\/XMLHomeLinkPl\/0,4022,650916769,00.html\" target=\"_blank\"> BIBLIOTECA SANT ANTONI- JOAN OLIVER<\/a><br \/>\nComte Borrell, 44-46<br \/>\n08015 Barcelona<br \/>\n933 297 216<br \/>\n<a href=\"http:\/\/w20.bcn.cat\/Guiamap\/Default.aspx#x=30085.26&amp;y=81194.234&amp;z=5&amp;c=K014K015K001K002K003K011K013K006&amp;w=1057&amp;h=442&amp;p=30085.26,81194.234\" target=\"_blank\">\u00bfC\u00f3mo llegar?<\/a><\/p>\n<p><span style=\"color: #ffffff;\">.<\/span><\/p>\n<p><span style=\"text-decoration: underline;\">19:00hrs<\/span><br \/>\nCONFERENCIA<br \/>\n<a href=\"..\/ana-cris\" target=\"_blank\"><strong>LA<\/strong> <strong>ORALIDAD<\/strong> <strong>TRADICIONAL<\/strong><\/a>, <em>ANA CRISTINA HERREROS<\/em><br \/>\n<a href=\"http:\/\/w3.bcn.es\/XMLServeis\/XMLHomeLinkPl\/0,4022,650920084_709536676_1,00.html\" target=\"_blank\"> BIBLIOTECA VILA DE GR\u00c0CIA<\/a><br \/>\nTorrent de l&#8217;Olla, 104<br \/>\n08012 &#8211; Barcelona<br \/>\n93 284 77 90<br \/>\n<a href=\"http:\/\/w20.bcn.cat\/Guiamap\/Default.aspx#x=29729.58&amp;y=83871.468&amp;z=5&amp;c=K014K015K001K002K003K011K013K006&amp;w=1057&amp;h=442&amp;p=29729.58,83871.468\" target=\"_blank\">\u00bfC\u00f3mo llegar?<\/a><\/p>\n<p><span style=\"color: #ffffff;\">.<\/span><\/p>\n<p><span style=\"text-decoration: underline;\">19:00hrs<\/span><br \/>\nCHARLA<br \/>\n<a href=\"\/2010\/encuentro-con%E2%80%A6-red-internacional-de-cuentacuentos-y-associacio-de-narradors-professionals\/\"><strong>ENCUENTRO CON\u2026<\/strong> <em>RED INTERNACIONAL DE CUENTACUENTOS Y ASSOCIACI\u00d3 DE NARRADORS PROFESSIONALS<\/em><\/a><br \/>\n<a href=\"http:\/\/www.bcn.cat\/centrecivicpatillimona\" target=\"_blank\">C. C. PATI LL\u00cdMONA<br \/>\n<\/a><a href=\"http:\/\/w20.bcn.cat\/Guiamap\/Default.aspx#x=31446.088&amp;y=81641.358&amp;z=5&amp;c=K014K015K001K002K003K011K013K006&amp;w=1057&amp;h=442&amp;p=31446.088,81641.358\" target=\"_blank\"> <\/a>C\/ Regomir 3<br \/>\n08002 \u2013 Barcelona<br \/>\n932684700<a href=\"http:\/\/www.bcn.cat\/centrecivicpatillimona\"><br \/>\n<\/a> <a href=\"http:\/\/w20.bcn.cat\/Guiamap\/Default.aspx#x=31446.088&amp;y=81641.358&amp;z=5&amp;c=K014K015K001K002K003K011K013K006&amp;w=1057&amp;h=442&amp;p=31446.088,81641.358\" target=\"_blank\">\u00bfC\u00f3mo llegar?<\/a><a href=\"www.bcn.cat\/centrecivicpatillimona\" target=\"_blank\"> <\/a><\/p>\n<p><span style=\"color: #ffffff;\">.<\/span><\/p>\n<p><span style=\"text-decoration: underline;\">19:30hrs<\/span><br \/>\nCONFERENCIA<br \/>\n<a href=\"..\/juan-pablo\" target=\"_blank\"><strong>LA TELARA\u00d1A EN LA RED, CUENTOS Y NARRACIONES EN INTERNET<\/strong><\/a><br \/>\n<em>JUAN PABLO FUENTES<\/em><br \/>\n<a href=\"http:\/\/www.racomultimedia.net\/\" target=\"_blank\"> C. C. GUINARD\u00d3 \u2013 EL RACONET<\/a><br \/>\nRda Guinardo, 113<br \/>\n08041 \u2013 Barcelona<br \/>\n93 450 39 87<a href=\"http:\/\/www.racomultimedia.net\/\" target=\"_blank\"><br \/>\n<\/a><a href=\"http:\/\/w20.bcn.cat\/Guiamap\/Default.aspx#x=31008.099&amp;y=85478.573&amp;z=5&amp;c=K014K015K001K002K003K011K013K006&amp;w=1057&amp;h=442&amp;p=31008.099,85478.573\" target=\"_blank\">\u00bfC\u00f3mo llegar?<\/a><a href=\"http:\/\/www.racomultimedia.net\/\" target=\"_blank\"><br \/>\n<\/a><\/p>\n<p><span style=\"color: #ffffff;\">.<\/span><\/p>\n<p><span style=\"text-decoration: underline;\">20:00hrs<\/span><br \/>\nSESI\u00d3N ADULTOS<br \/>\n<a href=\"..\/juanan\" target=\"_blank\"><strong>SEXO EN EL PARAISO<\/strong><\/a>, <em>JUANAN<\/em><br \/>\n<a href=\"http:\/\/lastrolabi.blogspot.com\/\" target=\"_blank\"> L\u2019ASTROLABI<\/a><span style=\"text-decoration: underline;\"><br \/>\n<\/span>CARRER MART\u00cdNEZ DE LA ROSA, 14<br \/>\nBARCELONA<br \/>\n<a href=\"http:\/\/w20.bcn.cat\/Guiamap\/Default.aspx#x=29853.503&amp;y=83631.433&amp;z=5&amp;c=K014K015K001K002K003K011K013K006&amp;w=1057&amp;h=442&amp;p=29853.503,83631.433\" target=\"_blank\">\u00bfC\u00f3mo llegar?<\/a><\/p>\n<p><span style=\"color: #ffffff;\">.<\/span><\/p>\n<p><span style=\"text-decoration: underline;\">21:00hrs<\/span><br \/>\nSESI\u00d3N ADULTOS<br \/>\n<a href=\"..\/jose-luis-mellado\" target=\"_blank\"><strong>SOUPER<\/strong> <strong>NATURAL<\/strong><\/a>, <em>JOSELUIS MELLADO<\/em><br \/>\nCon el auspicio de <a href=\"http:\/\/www.americat.net\/\" target=\"_blank\">Casa Am\u00e8rica Catalunya<\/a><br \/>\n<a href=\"http:\/\/www.bcn.cat\/centrecivicpatillimona\" target=\"_blank\">C. C. PATI LL\u00cdMONA<\/a><a href=\"www.bcn.cat\/centrecivicpatillimona\" target=\"_blank\"><br \/>\n<\/a><a href=\"http:\/\/w20.bcn.cat\/Guiamap\/Default.aspx#x=31446.088&amp;y=81641.358&amp;z=5&amp;c=K014K015K001K002K003K011K013K006&amp;w=1057&amp;h=442&amp;p=31446.088,81641.358\" target=\"_blank\"> <\/a>C\/ Regomir 3<br \/>\n08002 \u2013 Barcelona<br \/>\n932684700<a href=\"http:\/\/www.bcn.cat\/centrecivicpatillimona\"><br \/>\n<\/a> <a href=\"http:\/\/w20.bcn.cat\/Guiamap\/Default.aspx#x=31446.088&amp;y=81641.358&amp;z=5&amp;c=K014K015K001K002K003K011K013K006&amp;w=1057&amp;h=442&amp;p=31446.088,81641.358\" target=\"_blank\">\u00bfC\u00f3mo llegar?<\/a><a href=\"www.bcn.cat\/centrecivicpatillimona\" target=\"_blank\"> <\/a><\/p>\n<p><span style=\"color: #ffffff;\">.<\/span><\/p>\n<p><span style=\"text-decoration: underline;\">22:15hrs<\/span><br \/>\nSESI\u00d3N ADULTOS<br \/>\n<a href=\"..\/cristina-salvador\" target=\"_blank\"><strong>LA VIDA ENCUENTO<\/strong><\/a>, <em>CRISTINA SALVADOR<\/em><br \/>\n<a href=\"http:\/\/www.myspace.com\/barmacondo\" target=\"_blank\">MACONDO BAR<\/a><br \/>\nC\/Conca, 21<br \/>\n08026 &#8211; Barcelona<br \/>\n<a href=\"http:\/\/w20.bcn.cat\/Guiamap\/Default.aspx#x=31563.246&amp;y=85197.07&amp;z=5&amp;c=K014K015K001K002K003K011K013K006&amp;w=1057&amp;h=442&amp;p=31563.246,85197.07\" target=\"_blank\">\u00bfC\u00f3mo llegar?<\/a><\/p>\n<p><span style=\"color: #ffffff;\">.<\/span><\/p>\n<h2><span style=\"color: #ff6600;\">Dijous 21 d&#8217;octubre<\/span><\/h2>\n<p><span style=\"color: #ff6600;\"><span style=\"color: #ffffff;\">.<\/span><br \/>\n<\/span><\/p>\n<p><span style=\"text-decoration: underline;\">18:00hrs<\/span><br \/>\nSESI\u00d3N ADULTOS<br \/>\n<a href=\"..\/nohemi-caballer\" target=\"_blank\"><strong>VOCES DE MUJER<\/strong><\/a><br \/>\nIN\u00c9S MACPHERSON, ISABELA M\u00c9NDEZ, NOHEM\u00cd CABALLER<br \/>\n<a href=\"http:\/\/www.cctorrellobeta.es\/\" target=\"_blank\"> C. C. TORRE LLOBETA<\/a><br \/>\n<a href=\"http:\/\/w20.bcn.cat\/GuiaHandler\/GuiaHandler.ashx\/Guia.cca?x=31057.262&amp;y=86644.19&amp;z=6&amp;c=&amp;w=1057&amp;h=442&amp;p=31057.262,86644.19\" target=\"_blank\"> <\/a>C\/ Santa Fe, 2 bis<br \/>\n08031 &#8211; Barcelona<br \/>\n93 358 56 14<br \/>\n<a href=\"http:\/\/w20.bcn.cat\/Guiamap\/Default.aspx#x=31057.262&amp;y=86644.19&amp;z=5&amp;c=K014K015K001K002K003K011K013K006&amp;w=1057&amp;h=442&amp;p=31057.262,86644.19\" target=\"_blank\">\u00bfC\u00f3mo llegar?<\/a><\/p>\n<p><span style=\"color: #ffffff;\">.<\/span><\/p>\n<p><span style=\"text-decoration: underline;\">18:00hrs<\/span><br \/>\nSESI\u00d3N INFANTIL<br \/>\n<a href=\"..\/patricia-mac-gill\" target=\"_blank\"><strong>CONTES A LA CASSOLA<\/strong><\/a>, <em>PATRICIA MC GILL<\/em><br \/>\n<a href=\"http:\/\/w3.bcn.es\/XMLServeis\/Asia\/XMLFitxaAsiaCtl\/0,4122,370084977_424430559_2_92086004593,00.html?tipusEnllac=equipament&amp;idFitxa=92086004593&amp;nomesFitxa=true\" target=\"_blank\">SALA DE LECTURA DEL CLOT<\/a><br \/>\nC\/Clot, 21-25<br \/>\n08018 \u2013 Barcelona<br \/>\n932463928<br \/>\n<a href=\"http:\/\/w20.bcn.cat\/Guiamap\/Default.aspx#x=32184.155&amp;y=84437.486&amp;z=5&amp;c=K014K015K001K002K003K011K013K006&amp;w=1057&amp;h=442&amp;p=32184.155,84437.486\" target=\"_blank\">\u00bfC\u00f3mo llegar?<\/a><\/p>\n<p><span style=\"color: #ffffff;\">.<\/span><\/p>\n<p><span style=\"text-decoration: underline;\">18:00hrs<\/span><br \/>\nSESI\u00d3N INFANTIL  (2-4)<br \/>\n<a href=\"..\/marina-pallares\" target=\"_blank\"><strong>CONTES A LA M\u00c1<\/strong><\/a>, <em>MARINA PALLAR\u00c8S<\/em><br \/>\n<a href=\"http:\/\/w3.bcn.es\/XMLServeis\/XMLHomeLinkPl\/0,4022,650929368_708500075_1,00.html\" target=\"_blank\"> BIBLIOTECA POBLE NOU MANUEL ARRANZ<\/a><br \/>\nC\/ Joncar, 35<br \/>\nBarcelona<br \/>\n93 485 66 22<br \/>\n<a href=\"http:\/\/w20.bcn.cat\/Guiamap\/Default.aspx#x=33600.705&amp;y=83824.516&amp;z=5&amp;c=K014K015K001K002K003K011K013K006&amp;w=1057&amp;h=442&amp;p=33600.705,83824.516\" target=\"_blank\">\u00bfC\u00f3mo llegar?<\/a><\/p>\n<p><span style=\"color: #ffffff;\">.<\/span><\/p>\n<p><span style=\"text-decoration: underline;\">18:00hrs \u2013 21:00hrs<\/span><br \/>\nEXPOSICI\u00d3N-ESPECT\u00c1CULO FAMILIAR +12<br \/>\n<a href=\"..\/alekos-alexis-forrero\/\" target=\"_blank\"><strong>INUTENSILIOS<\/strong><\/a>, <em>ALEKOS<\/em><br \/>\n<a href=\"http:\/\/www.teatrodelossentidos.com\/\" target=\"_blank\">EL POLVOR\u00cdN DE MONTJU\u00cfC<\/a> &#8211; TEATRO DE LOS SENTIDOS<br \/>\nCam\u00ed del Polvor\u00ed s\/n<br \/>\n08038 Barcelona<br \/>\n933 161 111 \/ 678 751 788<br \/>\n<a href=\"http:\/\/www.teatrodelossentidos.com\/eo\/noticiadetall.php?idn=23\" target=\"_blank\"> \u00bfC\u00f3mo llegar?<\/a><\/p>\n<p><span style=\"color: #ffffff;\">.<\/span><\/p>\n<p><span style=\"text-decoration: underline;\">19:00hrs<\/span><br \/>\nSESI\u00d3N ADULTOS<br \/>\n<a href=\"..\/pep-duran\" target=\"_blank\"><strong>TRAGINER DE CONTES<\/strong><\/a>, <em>PEP DUR\u00c1N<\/em><br \/>\n<a href=\"http:\/\/www.diba.es\/francescabonnemaison\" target=\"_blank\"> BIBLIOTECA  FRANCESCA BONNEMAISON<\/a><br \/>\nCarrer de Sant Pere M\u00e9s Baix, 7<br \/>\n08003 Barcelona<br \/>\n934 022 762<br \/>\n<a href=\"http:\/\/w20.bcn.cat\/Guiamap\/Default.aspx#x=31216.154&amp;y=82194.319&amp;z=5&amp;c=K014K015K001K002K003K011K013K006&amp;w=1057&amp;h=442&amp;p=31216.154,82194.319\" target=\"_blank\">\u00bfC\u00f3mo llegar?<\/a><\/p>\n<p><span style=\"color: #ffffff;\">.<\/span><\/p>\n<p><span style=\"text-decoration: underline;\"> <\/span><\/p>\n<p><span style=\"text-decoration: underline;\">19:00hrs<\/span><br \/>\nCHARLA\/TALLER<br \/>\n<strong><a href=\"..\/helena-cabo\/\" target=\"_blank\">LA VEU: ESPAI SONOR DEL CONTE<\/a>,<\/strong> <em>HELENA CABO<\/em><br \/>\n<a href=\"http:\/\/w3.bcn.es\/XMLServeis\/XMLHomeLinkPl\/0,4022,650916769,00.html\" target=\"_blank\"> BIBLIOTECA SANT ANTONI- JOAN OLIVER<\/a><br \/>\nComte Borrell, 44-46<br \/>\n08015 Barcelona<br \/>\n933 297 216<br \/>\n<a href=\"http:\/\/w20.bcn.cat\/Guiamap\/Default.aspx#x=30085.26&amp;y=81194.234&amp;z=5&amp;c=K014K015K001K002K003K011K013K006&amp;w=1057&amp;h=442&amp;p=30085.26,81194.234\" target=\"_blank\">\u00bfC\u00f3mo llegar?<\/a><\/p>\n<p><span style=\"color: #ffffff;\">.<\/span><\/p>\n<p><span style=\"text-decoration: underline;\">19:00hrs<\/span><br \/>\nCONFERENCIA<br \/>\n<a href=\"..\/ignasi-Potrony\" target=\"_blank\"><strong>LA CONCEPCI\u00d3 DELS M\u00d3NS A TRAV\u00c9S DEL MITE<\/strong><\/a>, <em>IGNASI POTRONY<\/em><br \/>\n<a href=\"http:\/\/w3.bcn.es\/XMLServeis\/XMLHomeLinkPl\/0,4022,650920084_709536676_1,00.html\" target=\"_blank\">BIBLIOTECA VILA DE GR\u00c0CIA<\/a><br \/>\nTorrent de l&#8217;Olla, 104<br \/>\n08012 &#8211; Barcelona<br \/>\n93 284 77 90<br \/>\n<a href=\"http:\/\/w20.bcn.cat\/Guiamap\/Default.aspx#x=29729.58&amp;y=83871.468&amp;z=5&amp;c=K014K015K001K002K003K011K013K006&amp;w=1057&amp;h=442&amp;p=29729.58,83871.468\" target=\"_blank\">\u00bfC\u00f3mo llegar?<\/a><\/p>\n<p><span style=\"color: #ffffff;\">.<\/span><\/p>\n<p><span style=\"text-decoration: underline;\">19:00hrs<\/span><br \/>\nCHARLA<br \/>\n<a href=\"..\/encuentro-con-programadores-de-catalunya\" target=\"_blank\"><strong>ENCUENTRO CON\u2026<\/strong> <em>PROGRAMADORES DE CUENTACUENTOS<\/em><\/a><br \/>\n<a href=\"http:\/\/www.bcn.cat\/centrecivicpatillimona\" target=\"_blank\">C. C. PATI LL\u00cdMONA<\/a><a href=\"www.bcn.cat\/centrecivicpatillimona\" target=\"_blank\"><br \/>\n<\/a><a href=\"http:\/\/w20.bcn.cat\/Guiamap\/Default.aspx#x=31446.088&amp;y=81641.358&amp;z=5&amp;c=K014K015K001K002K003K011K013K006&amp;w=1057&amp;h=442&amp;p=31446.088,81641.358\" target=\"_blank\"> <\/a>C\/ Regomir 3<br \/>\n08002 \u2013 Barcelona<br \/>\n932684700<a href=\"http:\/\/www.bcn.cat\/centrecivicpatillimona\"><br \/>\n<\/a> <a href=\"http:\/\/w20.bcn.cat\/Guiamap\/Default.aspx#x=31446.088&amp;y=81641.358&amp;z=5&amp;c=K014K015K001K002K003K011K013K006&amp;w=1057&amp;h=442&amp;p=31446.088,81641.358\" target=\"_blank\">\u00bfC\u00f3mo llegar?<\/a><a href=\"www.bcn.cat\/centrecivicpatillimona\" target=\"_blank\"> <\/a><\/p>\n<p><span style=\"color: #ffffff;\">.<\/span><\/p>\n<p><span style=\"text-decoration: underline;\">20:00hrs<\/span><br \/>\n<span style=\"color: #ff0000;\"><strong>Canvi d\u2019\u00faltim moment. En  lloc d\u2019actuar Domingo Chinchilla podreu gaudir de les fant\u00e0stiques <a href=\"\/2010\/susana-tornero\/\" target=\"_blank\"> Susana Tornero<\/a> i <a href=\"\/2010\/patricia-mac-gill\" target=\"_blank\">Patricia McGill<\/a> amb el seu espectacle ENS ANEM DE  CONTES. <\/strong><\/span><br \/>\nSESI\u00d3N ADULTOS<br \/>\n<a href=\"..\/domingo-chinchilla\" target=\"_blank\"><strong>HIST\u00d2RIES QUE CONTEN<\/strong><\/a>, <em>DOMINGO CHINCHILLA<\/em><br \/>\n<a href=\"http:\/\/www.racomultimedia.net\/\" target=\"_blank\">C. C. GUINARD\u00d3 \u2013 EL RACONET<\/a><br \/>\nRda Guinardo, 113<br \/>\n08041 \u2013 Barcelona<br \/>\n93 450 39 87<a href=\"http:\/\/www.racomultimedia.net\/\" target=\"_blank\"><br \/>\n<\/a><a href=\"http:\/\/w20.bcn.cat\/Guiamap\/Default.aspx#x=31008.099&amp;y=85478.573&amp;z=5&amp;c=K014K015K001K002K003K011K013K006&amp;w=1057&amp;h=442&amp;p=31008.099,85478.573\" target=\"_blank\">\u00bfC\u00f3mo llegar?<\/a><a href=\"http:\/\/www.racomultimedia.net\/\" target=\"_blank\"><br \/>\n<\/a><a href=\"http:\/\/www.racomultimedia.net\/\" target=\"_blank\"> <\/a><\/p>\n<p><span style=\"color: #ffffff;\">.<\/span><\/p>\n<p><span style=\"text-decoration: underline;\">20:00hrs<\/span><br \/>\nSESI\u00d3N FAMILIAR<br \/>\n<a href=\"..\/narrin-narran\" target=\"_blank\"><strong>CONTES DE MISTERI I TERROR<\/strong><\/a>, <em>NARR\u00cdN NARR\u00c1N<\/em><br \/>\n<a href=\"http:\/\/w3.bcn.es\/XMLServeis\/Asia\/XMLFitxaAsiaCtl\/0,4122,370084977_424430559_2_99400201447,00.html?tipusEnllac=equipament&amp;idFitxa=99400201447&amp;nomesFitxa=true\" target=\"_blank\"> ESPAI ANTONI MIR\u00d3 PERIS<\/a><br \/>\nPl Carme Monturiol, 10<br \/>\n08026 &#8211; Barcelona<br \/>\n934507013<br \/>\n<a href=\"http:\/\/w20.bcn.cat\/Guiamap\/Default.aspx#x=31942.052&amp;y=85115.403&amp;z=5&amp;c=K014K015K001K002K003K011K013K006&amp;w=1057&amp;h=442&amp;p=31942.052,85115.403\" target=\"_blank\">\u00bfC\u00f3mo llegar?<\/a><\/p>\n<p><span style=\"color: #ffffff;\">.<\/span><\/p>\n<p><span style=\"text-decoration: underline;\">20:00hrs<\/span><br \/>\nSESI\u00d3N ADULTOS<br \/>\n<a href=\"..\/carolina-ortiz\" target=\"_blank\"><strong>CUENTA LO QUE SE CUENTA<\/strong><\/a>, <em>CAROLINA ORTIZ<\/em><br \/>\n<a href=\"http:\/\/www.santosochoa.es\/\" target=\"_blank\">LIBRER\u00cdA SANTOS OCHOA<\/a><br \/>\n<a href=\"http:\/\/w20.bcn.cat\/Guiamap\/Default.aspx#x=31455.899&amp;y=87037.379&amp;z=5&amp;c=K014K015K001K002K003K011K013K006&amp;w=1057&amp;h=442&amp;p=31455.899,87037.379\" target=\"_blank\"> <\/a>Pg. Fabra i Puig 165<br \/>\nBarcelona<br \/>\n<a href=\"http:\/\/w20.bcn.cat\/Guiamap\/Default.aspx#x=31455.899&amp;y=87037.379&amp;z=5&amp;c=K014K015K001K002K003K011K013K006&amp;w=1057&amp;h=442&amp;p=31455.899,87037.379\" target=\"_blank\">\u00bfC\u00f3mo llegar?<\/a><\/p>\n<p><span style=\"color: #ffffff;\">.<\/span><\/p>\n<p><span style=\"text-decoration: underline;\">20:30hrs<\/span><br \/>\nSESI\u00d3N ADULTOS<br \/>\n<a href=\"..\/ana-cristina-herreros\/\" target=\"_blank\"><strong>NARRADORAS DE LA NOCHE<\/strong><\/a>, <em>ANA CRISTINA HERREROS<\/em><br \/>\n<a href=\"http:\/\/w3.bcn.es\/XMLServeis\/XMLHomeLinkPl\/0,4022,339754497,00.html\" target=\"_blank\"> C. C. VIL.LA FLORIDA<\/a><br \/>\nMuntaner, 544<br \/>\n08022 Barcelona<br \/>\n932546265<br \/>\n<a href=\"http:\/\/w20.bcn.cat\/Guiamap\/Default.aspx#x=27817.752&amp;y=84319.658&amp;z=5&amp;c=K014K015K001K002K003K011K013K006&amp;w=1057&amp;h=442&amp;p=27817.752,84319.658\" target=\"_blank\">\u00bfC\u00f3mo llegar?<\/a><\/p>\n<p><span style=\"color: #ffffff;\">.<\/span><\/p>\n<p><span style=\"text-decoration: underline;\">21:00hrs<\/span><br \/>\nSESI\u00d3N ADULTOS<strong><br \/>\n<a href=\"..\/ines-macpherson\" target=\"_blank\">DULCES SUE\u00d1OS&#8230; A VECES<\/a><\/strong><strong>,<\/strong> <em>IN\u00c9S MACPHERSON<\/em><br \/>\n<a href=\"http:\/\/lastrolabi.blogspot.com\/\" target=\"_blank\">L\u2019ASTROLABI<\/a><span style=\"text-decoration: underline;\"><br \/>\n<\/span>CARRER MART\u00cdNEZ DE LA ROSA, 14<br \/>\nBARCELONA<br \/>\n<a href=\"http:\/\/w20.bcn.cat\/Guiamap\/Default.aspx#x=29853.503&amp;y=83631.433&amp;z=5&amp;c=K014K015K001K002K003K011K013K006&amp;w=1057&amp;h=442&amp;p=29853.503,83631.433\" target=\"_blank\">\u00bfC\u00f3mo llegar?<\/a><\/p>\n<p><span style=\"color: #ffffff;\">.<\/span><\/p>\n<p><span style=\"text-decoration: underline;\">21:00hrs<\/span><br \/>\nSESI\u00d3N ADULTOS<br \/>\n<a href=\"..\/cuentodos\/\" target=\"_blank\"><strong>CUENTODOS<\/strong><\/a>,  PARTICIPACI\u00d3N ABIERTA<br \/>\n<a href=\"http:\/\/www.bcn.cat\/centrecivicpatillimona\" target=\"_blank\">C. C. PATI LL\u00cdMONA<br \/>\n<\/a><a href=\"http:\/\/w20.bcn.cat\/Guiamap\/Default.aspx#x=31446.088&amp;y=81641.358&amp;z=5&amp;c=K014K015K001K002K003K011K013K006&amp;w=1057&amp;h=442&amp;p=31446.088,81641.358\" target=\"_blank\"> <\/a>C\/ Regomir 3<br \/>\n08002 \u2013 Barcelona<br \/>\n932684700<a href=\"http:\/\/www.bcn.cat\/centrecivicpatillimona\"><br \/>\n<\/a> <a href=\"http:\/\/w20.bcn.cat\/Guiamap\/Default.aspx#x=31446.088&amp;y=81641.358&amp;z=5&amp;c=K014K015K001K002K003K011K013K006&amp;w=1057&amp;h=442&amp;p=31446.088,81641.358\" target=\"_blank\">\u00bfC\u00f3mo llegar?<\/a><\/p>\n<p><span style=\"color: #ffffff;\">.<\/span><\/p>\n<p><span style=\"text-decoration: underline;\">22:15hrs<\/span><br \/>\nSESI\u00d3N ADULTOS<br \/>\n<strong><a href=\"\/2010\/alicia-molina\" target=\"_blank\">UNIVERSOS CONC\u00c8NTRICS<\/a>, <\/strong><em>ALICIA MOLINA<\/em><br \/>\n<a href=\"http:\/\/www.myspace.com\/barmacondo\" target=\"_blank\">MACONDO BAR<\/a><br \/>\nC\/Conca, 21<br \/>\n08026 &#8211; Barcelona<br \/>\n<a href=\"http:\/\/w20.bcn.cat\/Guiamap\/Default.aspx#x=31563.246&amp;y=85197.07&amp;z=5&amp;c=K014K015K001K002K003K011K013K006&amp;w=1057&amp;h=442&amp;p=31563.246,85197.07\" target=\"_blank\">\u00bfC\u00f3mo llegar?<\/a><\/p>\n<p><span style=\"color: #ffffff;\">.<\/span><\/p>\n<h2><span style=\"color: #ff6600;\">Divendres 22 d&#8217;octubre<\/span><\/h2>\n<p><span style=\"color: #ffffff;\">.<\/span><\/p>\n<p><span style=\"text-decoration: underline;\">17:00hrs \u2013 19:00hrs<\/span><br \/>\nEXPOSICI\u00d3N-ESPECT\u00c1CULO FAMILIAR +12<br \/>\n<a href=\"..\/alekos-alexis-forrero\/\" target=\"_blank\"><strong>INUTENSILIOS<\/strong><\/a>, <em>ALEKOS<\/em><br \/>\n<a href=\"http:\/\/www.teatrodelossentidos.com\/\" target=\"_blank\">EL POLVOR\u00cdN DE MONTJU\u00cfC<\/a> &#8211; TEATRO DE LOS SENTIDOS<br \/>\nCam\u00ed del Polvor\u00ed s\/n<br \/>\n08038 Barcelona<br \/>\n933 161 111 \/ 678 751 788<br \/>\n<a href=\"http:\/\/www.teatrodelossentidos.com\/eo\/noticiadetall.php?idn=23\" target=\"_blank\"> \u00bfC\u00f3mo llegar?<\/a><\/p>\n<p><span style=\"color: #ffffff;\">.<\/span><\/p>\n<p><span style=\"text-decoration: underline;\">18:00hrs<\/span><br \/>\nSESI\u00d3N INFANTIL<br \/>\n<strong><a href=\"..\/mercedes-carrion\" target=\"_blank\">\u00a1AY! \u00a1QUE LOS CUENTOS SE ME SALEN POR LA BOCA!<\/a>, <\/strong><em>MERCEDES CARRI\u00d3N<\/em><br \/>\n<a href=\"http:\/\/ccsagradafamilia.net\/\" target=\"_blank\"> C. C. SAGRADA  FAM\u00cdLIA<\/a><br \/>\nC\/ Proven\u00e7a, 480<br \/>\n08025 Barcelona<br \/>\n93 450 89 17<br \/>\n<a href=\"http:\/\/w20.bcn.cat\/Guiamap\/Default.aspx#x=31251.628&amp;y=84333.813&amp;z=5&amp;c=K014K015K001K002K003K011K013K006&amp;w=1057&amp;h=442&amp;p=31251.628,84333.813\" target=\"_blank\">\u00bfC\u00f3mo llegar?<\/a><\/p>\n<p><span style=\"color: #ffffff;\">.<\/span><\/p>\n<p><span style=\"color: #ffffff;\"> <\/span><span style=\"text-decoration: underline;\">19:00hrs<\/span><br \/>\nSESI\u00d3N ADULTOS<br \/>\n<a href=\"..\/willo\/\" target=\"_blank\"><strong>CADA LOCO CON SU CUENTO<\/strong><\/a>, <em>WILLIAM \u201cWILLO\u201d ARUNATEGUI<\/em><br \/>\n<a href=\"http:\/\/w3.bcn.es\/XMLServeis\/Asia\/XMLFitxaAsiaCtl\/0,4122,370084977_424430559_2_92086004593,00.html?tipusEnllac=equipament&amp;idFitxa=92086004593&amp;nomesFitxa=true\" target=\"_blank\">SALA DE LECTURA DEL CLOT<\/a><br \/>\nC\/Clot, 21-25<br \/>\n08018 \u2013 Barcelona<br \/>\n932463928<br \/>\n<a href=\"http:\/\/w20.bcn.cat\/Guiamap\/Default.aspx#x=32184.155&amp;y=84437.486&amp;z=5&amp;c=K014K015K001K002K003K011K013K006&amp;w=1057&amp;h=442&amp;p=32184.155,84437.486\" target=\"_blank\">\u00bfC\u00f3mo llegar?<\/a><\/p>\n<p><span style=\"color: #ffffff;\">.<\/span><\/p>\n<p><span style=\"text-decoration: underline;\">19:00hrs<\/span><br \/>\nCONFERENCIA<br \/>\n<a href=\"..\/enrique-vargas\" target=\"_blank\"><strong>EL TEATRO Y LOS RITOS-MITOS EN LAS COMUNIDADES IND\u00cdGENAS DE<br \/>\nLA REGI\u00d3N AMAZ\u00d3NICA DE COLOMBIA<\/strong><\/a>, <em>ENRIQUE VARGAS<\/em><br \/>\n<a href=\"http:\/\/www.teatrodelossentidos.com\/\" target=\"_blank\">EL POLVOR\u00cdN DE MONTJU\u00cfC<\/a> &#8211; TEATRO DE LOS SENTIDOS<br \/>\nCam\u00ed del Polvor\u00ed s\/n<br \/>\n08038 Barcelona<br \/>\n933 161 111 \/ 678 751 788<br \/>\n<a href=\"http:\/\/www.teatrodelossentidos.com\/eo\/noticiadetall.php?idn=23\" target=\"_blank\"> \u00bfC\u00f3mo llegar?<\/a><\/p>\n<p><span style=\"color: #ffffff;\">.<\/span><\/p>\n<p><span style=\"text-decoration: underline;\">19:00hrs<\/span><br \/>\nCONFERENCIA<br \/>\n<a href=\"..\/roser-ros\/\" target=\"_blank\"><strong>LES TRES VELLETES D\u2019ORALITAT: L\u2019ESCOLTA, LA MEM\u00d2RIA I LA VEU<\/strong><\/a>, <em>ROSER ROS<\/em><br \/>\n<a href=\"http:\/\/w3.bcn.es\/XMLServeis\/XMLHomeLinkPl\/0,4022,650920084_709536676_1,00.html\" target=\"_blank\">BIBLIOTECA VILA DE GR\u00c0CIA<\/a><br \/>\nTorrent de l&#8217;Olla, 104<br \/>\n08012 &#8211; Barcelona<br \/>\n93 284 77 90<br \/>\n<a href=\"http:\/\/w20.bcn.cat\/Guiamap\/Default.aspx#x=29729.58&amp;y=83871.468&amp;z=5&amp;c=K014K015K001K002K003K011K013K006&amp;w=1057&amp;h=442&amp;p=29729.58,83871.468\" target=\"_blank\">\u00bfC\u00f3mo llegar?<\/a><\/p>\n<p><span style=\"color: #ffffff;\">.<\/span><\/p>\n<p><span style=\"text-decoration: underline;\"> <\/span><\/p>\n<p><span style=\"text-decoration: underline;\">19:00hrs<\/span><br \/>\nCHARLA<br \/>\n<a href=\"..\/encuentro-con-festivales-de-narracion-oral-en-cataluna\" target=\"_blank\"><strong>ENCUENTRO CON\u2026<\/strong> <em>FESTIVALES DE CATALUNYA<\/em><\/a><br \/>\n<a href=\"http:\/\/www.bcn.cat\/centrecivicpatillimona\" target=\"_blank\">C. C. PATI LL\u00cdMONA<br \/>\n<\/a><a href=\"http:\/\/w20.bcn.cat\/Guiamap\/Default.aspx#x=31446.088&amp;y=81641.358&amp;z=5&amp;c=K014K015K001K002K003K011K013K006&amp;w=1057&amp;h=442&amp;p=31446.088,81641.358\" target=\"_blank\"> <\/a>C\/ Regomir 3<br \/>\n08002 \u2013 Barcelona<br \/>\n932684700<a href=\"http:\/\/www.bcn.cat\/centrecivicpatillimona\"><br \/>\n<\/a> <a href=\"http:\/\/w20.bcn.cat\/Guiamap\/Default.aspx#x=31446.088&amp;y=81641.358&amp;z=5&amp;c=K014K015K001K002K003K011K013K006&amp;w=1057&amp;h=442&amp;p=31446.088,81641.358\" target=\"_blank\">\u00bfC\u00f3mo llegar?<\/a><a href=\"www.bcn.cat\/centrecivicpatillimona\" target=\"_blank\"> <\/a><\/p>\n<p><span style=\"color: #ffffff;\">.<\/span><\/p>\n<p><span style=\"text-decoration: underline;\">19:00hrs<\/span><br \/>\nSESI\u00d3N ADULTOS<br \/>\n<a href=\"..\/aldo-mendez\" target=\"_blank\"><strong>DONDE DIJE\u2026 \u00a1DIGO!<\/strong><\/a>, <em>ALDO M\u00c9NDEZ<\/em><br \/>\n<a href=\"http:\/\/www.toniguida.org\/\" target=\"_blank\"> C. CULTURAL TON I GUIDA<\/a><br \/>\nC\/ Romani 6<br \/>\n08042 &#8211; Barcelona<br \/>\n93-354-87-21<br \/>\n<a href=\"http:\/\/w20.bcn.cat\/Guiamap\/Default.aspx#x=31189.212&amp;y=88847.898&amp;z=5&amp;c=&amp;w=1057&amp;h=442&amp;p=31189.212,88847.898\" target=\"_blank\"> \u00bfC\u00f3mo llegar?<\/a><\/p>\n<p><span style=\"color: #ffffff;\">.<\/span><\/p>\n<p><span style=\"text-decoration: underline;\">20:00hrs<\/span><br \/>\nSESI\u00d3N FAMILIAR<br \/>\n<a href=\"..\/ignasi-Potrony\" target=\"_blank\"><strong>BIRLIBOM, LA VACA BLANCA I ALTRES VE\u00cfNS<\/strong><\/a>, <em>T\u00c0\u00c1NDEM<\/em><br \/>\n(<em>IGNASI POTRONY Y SUSANA TORNERO)<\/em><br \/>\n<a href=\"http:\/\/w3.bcn.es\/XMLServeis\/XMLHomeLinkPl\/0,4022,656966449_674234318_1,00.html\" target=\"_blank\"> MUSEU ETNOL\u00d2GIC<\/a><br \/>\nPasseig Santa Madrona, SN<br \/>\n08038 &#8211; Barcelona<br \/>\n934 246 807<a href=\"http:\/\/w3.bcn.es\/XMLServeis\/XMLHomeLinkPl\/0,4022,656966449_674234318_1,00.html\"><br \/>\n<\/a> <a href=\"http:\/\/w20.bcn.cat\/Guiamap\/Default.aspx#x=29660.07&amp;y=80071.91&amp;z=5&amp;c=&amp;w=1057&amp;h=442&amp;p=29660.07,80071.91\" target=\"_blank\">\u00bfC\u00f3mo llegar?<\/a><a href=\"http:\/\/w3.bcn.es\/XMLServeis\/XMLHomeLinkPl\/0,4022,656966449_674234318_1,00.html\"><br \/>\n<\/a><\/p>\n<p><span style=\"color: #ffffff;\">.<\/span><\/p>\n<p><span style=\"text-decoration: underline;\">20:00hrs<\/span><br \/>\nSESI\u00d3N ADULTOS<br \/>\n<strong><a href=\"..\/raquel-de-manuel-mur\" target=\"_blank\">LA INSOSTENIBLE LLEUGERESA DE LES COSES:<br \/>\nCONTES EF\u00cdMERS<\/a>,<\/strong> <em>RAQUEL DE MANUEL MUR<\/em><br \/>\n<a href=\"http:\/\/www.myspace.com\/barmacondo\" target=\"_blank\">MACONDO BAR<\/a><br \/>\nC\/Conca, 21<br \/>\n08026 &#8211; Barcelona<br \/>\n<a href=\"http:\/\/w20.bcn.cat\/Guiamap\/Default.aspx#x=31563.246&amp;y=85197.07&amp;z=5&amp;c=K014K015K001K002K003K011K013K006&amp;w=1057&amp;h=442&amp;p=31563.246,85197.07\" target=\"_blank\">\u00bfC\u00f3mo llegar?<\/a><\/p>\n<p><span style=\"color: #ffffff;\">.<\/span><\/p>\n<p><span style=\"text-decoration: underline;\">21:00hrs<\/span><br \/>\nSESI\u00d3N ADULTOS<br \/>\n<a href=\"..\/mercedes-carrion\" target=\"_blank\"><strong>EL TRUCO DEL CUENTO<\/strong><\/a>, <em>MERCEDES<\/em> <em>CARRI\u00d3N Y M\u00d3NICA MART\u00cdNEZ<\/em><br \/>\n<a href=\"http:\/\/www.almazen.net\" target=\"_blank\">EL ALMAZEN<\/a><br \/>\n<a href=\"http:\/\/w20.bcn.cat\/Guiamap\/Default.aspx#x=30387.38&amp;y=81637.054&amp;z=5&amp;c=K014K015K001K002K003K011K013K006&amp;w=1057&amp;h=442&amp;p=30387.38,81637.054\" target=\"_blank\"> <\/a>C\/ Guifr\u00e9 9, baixos<br \/>\n08001 &#8211; Barcelona<br \/>\n934426215<br \/>\n<a href=\"http:\/\/w20.bcn.cat\/Guiamap\/Default.aspx#x=30387.38&amp;y=81637.054&amp;z=5&amp;c=K014K015K001K002K003K011K013K006&amp;w=1057&amp;h=442&amp;p=30387.38,81637.054\" target=\"_blank\">\u00bfC\u00f3mo llegar?<\/a><\/p>\n<p><span style=\"color: #ffffff;\">.<\/span><\/p>\n<p><span style=\"text-decoration: underline;\">21:00hrs<\/span><br \/>\nSESI\u00d3N ADULTOS<strong><br \/>\n<a href=\"..\/nelson-jara-y-aurora-arenare\/\" target=\"_blank\">FIESTA EN EL VALLE<\/a><\/strong>, <em>NELS\u00d3N JARA Y AURORA ARENARE<br \/>\n<\/em><a href=\"http:\/\/www.teatrodelossentidos.com\/\" target=\"_blank\">EL POLVOR\u00cdN DE MONTJU\u00cfC<\/a> &#8211; TEATRO DE LOS SENTIDOS<br \/>\nCam\u00ed del Polvor\u00ed s\/n<br \/>\n08038 Barcelona<br \/>\n933 161 111 \/ 678 751 788<br \/>\n<a href=\"http:\/\/www.teatrodelossentidos.com\/eo\/noticiadetall.php?idn=23\" target=\"_blank\"> \u00bfC\u00f3mo llegar?<\/a><\/p>\n<p><span style=\"color: #ffffff;\">.<\/span><\/p>\n<p><span style=\"text-decoration: underline;\">21:00hrs<\/span><br \/>\nSESI\u00d3N ADULTOS<br \/>\n<a href=\"..\/enrique-vargas\" target=\"_blank\"><strong>SANCOCHO DE COLA<\/strong><\/a>, <em>ENRIQUE  VARGAS<\/em><br \/>\n<a href=\"http:\/\/www.teatrodelossentidos.com\/\" target=\"_blank\">EL POLVOR\u00cdN DE MONTJU\u00cfC<\/a> &#8211; TEATRO DE LOS SENTIDOS<br \/>\nCam\u00ed del Polvor\u00ed s\/n<br \/>\n08038 Barcelona<br \/>\n933 161 111 \/ 678 751 788<br \/>\n<a href=\"http:\/\/www.teatrodelossentidos.com\/eo\/noticiadetall.php?idn=23\" target=\"_blank\"> \u00bfC\u00f3mo llegar?<\/a><\/p>\n<p><span style=\"color: #ffffff;\">.<\/span><\/p>\n<p><span style=\"text-decoration: underline;\">21:00hrs<\/span><br \/>\nSESI\u00d3N ADULTOS<br \/>\n<a href=\"..\/boniface-ofogo\/\" target=\"_blank\"><strong>EL ELEFANTE QUE PERDI\u00d3 SU OJO<\/strong><\/a>, <em>BONIFACE OFOGO<\/em><br \/>\n<a href=\"http:\/\/www.bcn.cat\/centrecivicpatillimona\" target=\"_blank\">C. C. PATI LL\u00cdMONA<\/a><a href=\"www.bcn.cat\/centrecivicpatillimona\" target=\"_blank\"><br \/>\n<\/a><a href=\"http:\/\/w20.bcn.cat\/Guiamap\/Default.aspx#x=31446.088&amp;y=81641.358&amp;z=5&amp;c=K014K015K001K002K003K011K013K006&amp;w=1057&amp;h=442&amp;p=31446.088,81641.358\" target=\"_blank\"> <\/a>C\/ Regomir 3<br \/>\n08002 \u2013 Barcelona<br \/>\n932684700<a href=\"http:\/\/www.bcn.cat\/centrecivicpatillimona\"><br \/>\n<\/a> <a href=\"http:\/\/w20.bcn.cat\/Guiamap\/Default.aspx#x=31446.088&amp;y=81641.358&amp;z=5&amp;c=K014K015K001K002K003K011K013K006&amp;w=1057&amp;h=442&amp;p=31446.088,81641.358\" target=\"_blank\">\u00bfC\u00f3mo llegar?<\/a><a href=\"www.bcn.cat\/centrecivicpatillimona\" target=\"_blank\"> <\/a><\/p>\n<p><span style=\"color: #ffffff;\">.<\/span><\/p>\n<p><span style=\"text-decoration: underline;\">22:00hrs \u2013 23:00hrs<\/span><br \/>\n<span style=\"text-decoration: underline;\">23:30hrs \u2013 00:30hrs<\/span><br \/>\nEXPOSICI\u00d3N-ESPECT\u00c1CULO FAMILIAR +12<br \/>\n<a href=\"..\/alek\" target=\"_blank\"><strong>INUTENSILIOS<\/strong><\/a>, <em>ALEKOS<\/em><br \/>\n<a href=\"http:\/\/www.teatrodelossentidos.com\/\" target=\"_blank\">EL POLVOR\u00cdN DE MONTJU\u00cfC<\/a> &#8211; TEATRO DE LOS SENTIDOS<br \/>\nCam\u00ed del Polvor\u00ed s\/n<br \/>\n08038 Barcelona<br \/>\n933 161 111 \/ 678 751 788<br \/>\n<a href=\"http:\/\/www.teatrodelossentidos.com\/eo\/noticiadetall.php?idn=23\" target=\"_blank\"> \u00bfC\u00f3mo llegar?<\/a><\/p>\n<p><span style=\"color: #ffffff;\">.<\/span><\/p>\n<h2><span style=\"color: #ff6600;\">Dissabte 23 d&#8217;octubre<\/span><\/h2>\n<p><span style=\"color: #ff6600;\"><span style=\"color: #ffffff;\">.<\/span><br \/>\n<\/span><br \/>\n<span style=\"text-decoration: underline;\"> 10.30 a 14.30 h i de 17 a 20 h<\/span><br \/>\n<a href=\"\/2010\/un-pati-de-llibres\/\" target=\"_blank\"><strong>UN PATI DE LLIBRES<\/strong><\/a><br \/>\n<em>Exhibici\u00f3 i venta de llibres<\/em><br \/>\n<a href=\"http:\/\/www.bcn.cat\/centrecivicpatillimona\" target=\"_blank\">C. C. PATI LL\u00cdMONA<\/a><a href=\"http:\/\/www.bcn.cat\/centrecivicpatillimona\" target=\"_blank\"><br \/>\n<\/a><a href=\"http:\/\/w20.bcn.cat\/Guiamap\/Default.aspx#x=31446.088&amp;y=81641.358&amp;z=5&amp;c=K014K015K001K002K003K011K013K006&amp;w=1057&amp;h=442&amp;p=31446.088,81641.358\" target=\"_blank\"> <\/a>C\/ Regomir 3<br \/>\n08002 \u2013 Barcelona<br \/>\n932684700<a href=\"http:\/\/www.bcn.cat\/centrecivicpatillimona\"><br \/>\n<\/a> <a href=\"http:\/\/w20.bcn.cat\/Guiamap\/Default.aspx#x=31446.088&amp;y=81641.358&amp;z=5&amp;c=K014K015K001K002K003K011K013K006&amp;w=1057&amp;h=442&amp;p=31446.088,81641.358\" target=\"_blank\">\u00bfC\u00f3mo llegar?<\/a><a href=\"www.bcn.cat\/centrecivicpatillimona\" target=\"_blank\"> <\/a><\/p>\n<p><span style=\"text-decoration: underline;\">11:00 \u2013 13:00hrs<\/span><br \/>\n<a href=\"..\/maraton-de-cuentos-para-ninos-y-ninas\" target=\"_blank\"><strong>MARAT\u00d3N DE CUENTOS INFANTILES<\/strong><\/a><br \/>\n<em>GRUPOS: VIVIM DEL CUENTU,<\/em><strong> <\/strong><em>MARACAL\u00c0, BOCABADATS<\/em>, <em>ENCANTACONTES<\/em><br \/>\n<a href=\"http:\/\/www.bcn.cat\/centrecivicpatillimona\" target=\"_blank\">C. C. PATI LL\u00cdMONA<\/a><a href=\"http:\/\/www.bcn.cat\/centrecivicpatillimona\" target=\"_blank\"><br \/>\n<\/a><a href=\"http:\/\/w20.bcn.cat\/Guiamap\/Default.aspx#x=31446.088&amp;y=81641.358&amp;z=5&amp;c=K014K015K001K002K003K011K013K006&amp;w=1057&amp;h=442&amp;p=31446.088,81641.358\" target=\"_blank\"> <\/a>C\/ Regomir 3<br \/>\n08002 \u2013 Barcelona<br \/>\n932684700<a href=\"http:\/\/www.bcn.cat\/centrecivicpatillimona\"><br \/>\n<\/a> <a href=\"http:\/\/w20.bcn.cat\/Guiamap\/Default.aspx#x=31446.088&amp;y=81641.358&amp;z=5&amp;c=K014K015K001K002K003K011K013K006&amp;w=1057&amp;h=442&amp;p=31446.088,81641.358\" target=\"_blank\">\u00bfC\u00f3mo llegar?<\/a><a href=\"www.bcn.cat\/centrecivicpatillimona\" target=\"_blank\"> <\/a><\/p>\n<p><span style=\"color: #ffffff;\">.<\/span><\/p>\n<p><span style=\"text-decoration: underline;\">12:00hrs<\/span><br \/>\n<strong>SESI\u00d3N INFANTIL<\/strong><strong><br \/>\n<a href=\"..\/felix-albo\" target=\"_blank\">CUENTOS DE LA MALETA<\/a><\/strong>, <em>F\u00c9LIX ALBO<\/em><strong><br \/>\n<\/strong><a href=\"http:\/\/www.cctorrellobeta.es\/\" target=\"_blank\">C. C. TORRE LLOBETA<\/a><br \/>\n<a href=\"http:\/\/w20.bcn.cat\/GuiaHandler\/GuiaHandler.ashx\/Guia.cca?x=31057.262&amp;y=86644.19&amp;z=6&amp;c=&amp;w=1057&amp;h=442&amp;p=31057.262,86644.19\" target=\"_blank\"> <\/a>C\/ Santa Fe, 2 bis<br \/>\n08031 &#8211; Barcelona<br \/>\n93 358 56 14<br \/>\n<a href=\"http:\/\/w20.bcn.cat\/Guiamap\/Default.aspx#x=31057.262&amp;y=86644.19&amp;z=5&amp;c=K014K015K001K002K003K011K013K006&amp;w=1057&amp;h=442&amp;p=31057.262,86644.19\" target=\"_blank\">\u00bfC\u00f3mo llegar?<\/a><\/p>\n<p><span style=\"color: #ffffff;\">.<\/span><\/p>\n<p><span style=\"text-decoration: underline;\">12:00hrs<\/span><br \/>\n<a href=\"..\/ruben-martinez-santana\" target=\"_blank\"><strong>PRESENTACI\u00d3N DEL LIBRO<br \/>\nCOQUITOS<\/strong><\/a>, <em>RUB\u00c9N  MART\u00cdNEZ<\/em><em> SANTANA Y ALEKOS<br \/>\n<\/em><a href=\"http:\/\/www.santosochoa.es\/\" target=\"_blank\">LIBRER\u00cdA SANTOS OCHOA<\/a><br \/>\n<a href=\"http:\/\/w20.bcn.cat\/Guiamap\/Default.aspx#x=31455.899&amp;y=87037.379&amp;z=5&amp;c=K014K015K001K002K003K011K013K006&amp;w=1057&amp;h=442&amp;p=31455.899,87037.379\" target=\"_blank\"> <\/a>Pg. Fabra i Puig 165<br \/>\nBarcelona<br \/>\n<a href=\"http:\/\/w20.bcn.cat\/Guiamap\/Default.aspx#x=31455.899&amp;y=87037.379&amp;z=5&amp;c=K014K015K001K002K003K011K013K006&amp;w=1057&amp;h=442&amp;p=31455.899,87037.379\" target=\"_blank\">\u00bfC\u00f3mo llegar?<\/a><\/p>\n<p><span style=\"color: #ffffff;\">.<\/span><\/p>\n<p><span style=\"text-decoration: underline;\">15:00hrs \u2013 16:30hrs<\/span><br \/>\nEXPOSICI\u00d3N-ESPECT\u00c1CULO FAMILIAR<strong> +<\/strong>12<strong><br \/>\n<a href=\"..\/alekos-alexis-forrero\/\" target=\"_blank\">INUTENSILIOS<\/a><\/strong>, <em>ALEKOS<\/em><br \/>\n<a href=\"http:\/\/www.teatrodelossentidos.com\/\" target=\"_blank\">EL POLVOR\u00cdN DE MONTJU\u00cfC<\/a> &#8211; TEATRO DE LOS SENTIDOS<br \/>\nCam\u00ed del Polvor\u00ed s\/n<br \/>\n08038 Barcelona<br \/>\n933 161 111 \/ 678 751 788<br \/>\n<a href=\"http:\/\/www.teatrodelossentidos.com\/eo\/noticiadetall.php?idn=23\" target=\"_blank\"> \u00bfC\u00f3mo llegar?<\/a><\/p>\n<p><span style=\"color: #ffffff;\">.<\/span><\/p>\n<p><span style=\"text-decoration: underline;\">17:00hrs<\/span><br \/>\nSESI\u00d3N INFANTIL<br \/>\n<a href=\"..\/marga-socias\" target=\"_blank\"><strong>LES INCRE\u00cfBLES HIST\u00d2RIES DEL PA\u00cdS 27<\/strong><\/a>, <em>MARGA SOCIAS<\/em><br \/>\n<a href=\"http:\/\/www.teatrodelossentidos.com\/\" target=\"_blank\">EL POLVOR\u00cdN DE MONTJU\u00cfC<\/a> &#8211; TEATRO DE LOS SENTIDOS<br \/>\nCam\u00ed del Polvor\u00ed s\/n<br \/>\n08038 Barcelona<br \/>\n933 161 111 \/ 678 751 788<br \/>\n<a href=\"http:\/\/www.teatrodelossentidos.com\/eo\/noticiadetall.php?idn=23\" target=\"_blank\"> \u00bfC\u00f3mo llegar?<\/a><\/p>\n<p><span style=\"color: #ffffff;\">.<\/span><\/p>\n<p><span style=\"text-decoration: underline;\">18:00hrs \u2013 20:00hrs<\/span><br \/>\nEXPOSICI\u00d3N-ESPECT\u00c1CULO FAMILIAR +12<br \/>\n<strong><a href=\"..\/alekos-alexis-forrero\/\" target=\"_blank\">INUTENSILIOS<\/a><\/strong>, <em>ALEKOS<\/em><br \/>\n<a href=\"http:\/\/www.teatrodelossentidos.com\/\" target=\"_blank\">EL POLVOR\u00cdN DE MONTJU\u00cfC<\/a> &#8211; TEATRO DE LOS SENTIDOS<br \/>\nCam\u00ed del Polvor\u00ed s\/n<br \/>\n08038 Barcelona<br \/>\n933 161 111 \/ 678 751 788<br \/>\n<a href=\"http:\/\/www.teatrodelossentidos.com\/eo\/noticiadetall.php?idn=23\" target=\"_blank\"> \u00bfC\u00f3mo llegar?<\/a><\/p>\n<p><span style=\"color: #ffffff;\">.<\/span><\/p>\n<p><span style=\"text-decoration: underline;\">18:00hrs<\/span><br \/>\nSESI\u00d3N INFANTIL<br \/>\n<a href=\"..\/ana-garcia-y-paco-asencio\" target=\"_blank\"><strong>CANTACONTES<\/strong><\/a>, <em>ANNA  GARC\u00cdA Y<\/em><em> PACO ASENCIO<\/em><br \/>\n<a href=\"http:\/\/www.espaiperepruna.org\/\" target=\"_blank\"> C. C. PERE PRUNA<\/a><br \/>\nGanduxer, 130<br \/>\nBarcelona<strong><br \/>\n<\/strong>93 4186537<br \/>\n<a href=\"http:\/\/w20.bcn.cat\/Guiamap\/Default.aspx#x=27481.942&amp;y=84083.609&amp;z=5&amp;c=K014K015K001K002K003K011K009K013K006&amp;w=1057&amp;h=442&amp;p=27481.942,84083.609\" target=\"_blank\"> \u00bfC\u00f3mo llegar?<\/a><\/p>\n<p><span style=\"color: #ffffff;\">.<\/span><\/p>\n<p><span style=\"text-decoration: underline;\"> <\/span><\/p>\n<p><span style=\"text-decoration: underline;\">19:00hrs<\/span><br \/>\nSESI\u00d3N ADULTOS<br \/>\n<strong><a href=\"..\/cuentae-linguae\" target=\"_blank\">CUENTAE LINGUAE<\/a>, <\/strong><em>MARIONA  VILANOVA (LENGUA DE SIGNOS CATALANA), MAR\u00cdA GRAZIA CELSO (ITALIANO),  AINARA BILBAO (EUSKERA), GRUPO FURAFOLLAS (GALLEGO), MONIKA KLOSE  (ALEM\u00c1N), CARINE DUBOIS (FRANC\u00c9S), CAROL WESTERMAN (INGL\u00c9S)<\/em><br \/>\n<a href=\"http:\/\/www.bcn.cat\/centrecivicpatillimona\" target=\"_blank\">C. C. PATI LL\u00cdMONA<\/a><a href=\"www.bcn.cat\/centrecivicpatillimona\" target=\"_blank\"><br \/>\n<\/a><a href=\"http:\/\/w20.bcn.cat\/Guiamap\/Default.aspx#x=31446.088&amp;y=81641.358&amp;z=5&amp;c=K014K015K001K002K003K011K013K006&amp;w=1057&amp;h=442&amp;p=31446.088,81641.358\" target=\"_blank\"> <\/a>C\/ Regomir 3<br \/>\n08002 \u2013 Barcelona<br \/>\n932684700<a href=\"http:\/\/www.bcn.cat\/centrecivicpatillimona\"><br \/>\n<\/a> <a href=\"http:\/\/w20.bcn.cat\/Guiamap\/Default.aspx#x=31446.088&amp;y=81641.358&amp;z=5&amp;c=K014K015K001K002K003K011K013K006&amp;w=1057&amp;h=442&amp;p=31446.088,81641.358\" target=\"_blank\">\u00bfC\u00f3mo llegar?<\/a><\/p>\n<p><span style=\"color: #ffffff;\">.<\/span><\/p>\n<p><span style=\"color: #ffffff;\"> <\/span><span style=\"text-decoration: underline;\">20:30hrs<\/span><br \/>\nSESI\u00d3N ADULTOS<br \/>\n<a href=\"..\/felix-albo\" target=\"_blank\"><strong>CUENTOS DE BOLSILLO<\/strong><\/a>, <em>F\u00c9LIX ALBO<\/em><br \/>\n<a href=\"http:\/\/www.harlemjazzclub.es\/\" target=\"_blank\">HARLEM JAZZ CLUB<\/a><br \/>\n<a href=\"http:\/\/w20.bcn.cat\/Guiamap\/Default.aspx#x=31396.225&amp;y=81598.878&amp;z=5&amp;c=K014K015K001K002K003K011K013K006&amp;w=1057&amp;h=442&amp;p=31396.225,81598.878\" target=\"_blank\"> <\/a>C\/ Comtessa de Sobradiel 8<br \/>\n08002 \u2013 Barcelona<br \/>\n933100755<br \/>\n<a href=\"http:\/\/w20.bcn.cat\/Guiamap\/Default.aspx#x=31396.225&amp;y=81598.878&amp;z=5&amp;c=K014K015K001K002K003K011K013K006&amp;w=1057&amp;h=442&amp;p=31396.225,81598.878\" target=\"_blank\">\u00bfC\u00f3mo llegar?<\/a><\/p>\n<p><span style=\"color: #ffffff;\">.<\/span><\/p>\n<p><span style=\"text-decoration: underline;\">22:30hrs.<\/span><br \/>\nSESI\u00d3N ADULTOS<br \/>\n<a href=\"..\/clausura-del-festival\" target=\"_blank\"><strong>CLAUSURA DEL FESTIVAL<\/strong><\/a><br \/>\n<a href=\"http:\/\/www.bcn.cat\/centrecivicpatillimona\" target=\"_blank\">C. C. PATI LL\u00cdMONA<\/a><a href=\"www.bcn.cat\/centrecivicpatillimona\" target=\"_blank\"><br \/>\n<\/a><a href=\"http:\/\/w20.bcn.cat\/Guiamap\/Default.aspx#x=31446.088&amp;y=81641.358&amp;z=5&amp;c=K014K015K001K002K003K011K013K006&amp;w=1057&amp;h=442&amp;p=31446.088,81641.358\" target=\"_blank\"> <\/a>C\/ Regomir 3<br \/>\n08002 \u2013 Barcelona<br \/>\n932684700<a href=\"http:\/\/www.bcn.cat\/centrecivicpatillimona\"><br \/>\n<\/a> <a href=\"http:\/\/w20.bcn.cat\/Guiamap\/Default.aspx#x=31446.088&amp;y=81641.358&amp;z=5&amp;c=K014K015K001K002K003K011K013K006&amp;w=1057&amp;h=442&amp;p=31446.088,81641.358\" target=\"_blank\">\u00bfC\u00f3mo llegar?<\/a><a href=\"www.bcn.cat\/centrecivicpatillimona\" target=\"_blank\"> <\/a><\/p>\n","protected":false},"excerpt":{"rendered":"<p>. Dissabte 16 d&#8217;octubre . 10:00 \u2013 14:00hrs y 15:00 \u2013 18:00hrs TALLER EL ARTE DE CONTAR CUENTOS, TIM BOWLEY EL ALMAZEN C\/ Guifr\u00e9 9, baixos 08001 &#8211; Barcelona 934426215 Costo 150\u20ac. Interesados llamar a Mar 664277579 \u00bfC\u00f3mo llegar? . 11:00hrs SESI\u00d3N INFANTIL IMAGINACONTES, VARIAS\/OS NARRADORAS\/ES CAIXA FORUM (CALLE MODERNISTA) Av. Francesc Ferrer i Gu\u00e0rdia, [&hellip;]<\/p>\n","protected":false},"author":1,"featured_media":0,"parent":0,"menu_order":0,"comment_status":"open","ping_status":"open","template":"","meta":[],"_links":{"self":[{"href":"http:\/\/muntdemots.org\/2010\/wp-json\/wp\/v2\/pages\/39"}],"collection":[{"href":"http:\/\/muntdemots.org\/2010\/wp-json\/wp\/v2\/pages"}],"about":[{"href":"http:\/\/muntdemots.org\/2010\/wp-json\/wp\/v2\/types\/page"}],"author":[{"embeddable":true,"href":"http:\/\/muntdemots.org\/2010\/wp-json\/wp\/v2\/users\/1"}],"replies":[{"embeddable":true,"href":"http:\/\/muntdemots.org\/2010\/wp-json\/wp\/v2\/comments?post=39"}],"version-history":[{"count":87,"href":"http:\/\/muntdemots.org\/2010\/wp-json\/wp\/v2\/pages\/39\/revisions"}],"predecessor-version":[{"id":48,"href":"http:\/\/muntdemots.org\/2010\/wp-json\/wp\/v2\/pages\/39\/revisions\/48"}],"wp:attachment":[{"href":"http:\/\/muntdemots.org\/2010\/wp-json\/wp\/v2\/media?parent=39"}],"curies":[{"name":"wp","href":"https:\/\/api.w.org\/{rel}","templated":true}]}}