{"id":37,"date":"2010-09-03T16:15:42","date_gmt":"2010-09-03T16:15:42","guid":{"rendered":"http:\/\/www.muntdemots.org\/"},"modified":"2010-09-28T13:55:08","modified_gmt":"2010-09-28T13:55:08","slug":"dissabte-23-doctubre","status":"publish","type":"page","link":"http:\/\/muntdemots.org\/2010\/dissabte-23-doctubre\/","title":{"rendered":"Dissabte 23 d&#8217;octubre"},"content":{"rendered":"<p><span style=\"text-decoration: underline;\"> 10.30 a 14.30 h i de 17 a 20 h<\/span><br \/>\n<a href=\"\/2010\/un-pati-de-llibres\/\" target=\"_blank\"><strong>UN PATI DE LLIBRES<\/strong><\/a><br \/>\n<em>Exhibici\u00f3 i venta de llibres<\/em><br \/>\n<a href=\"http:\/\/www.bcn.cat\/centrecivicpatillimona\" target=\"_blank\">C. C. PATI LL\u00cdMONA<\/a><a href=\"http:\/\/www.bcn.cat\/centrecivicpatillimona\" target=\"_blank\"><br \/>\n<\/a><a href=\"http:\/\/w20.bcn.cat\/Guiamap\/Default.aspx#x=31446.088&amp;y=81641.358&amp;z=5&amp;c=K014K015K001K002K003K011K013K006&amp;w=1057&amp;h=442&amp;p=31446.088,81641.358\" target=\"_blank\"> <\/a>C\/ Regomir 3<br \/>\n08002 \u2013 Barcelona<br \/>\n932684700<a href=\"http:\/\/www.bcn.cat\/centrecivicpatillimona\"><br \/>\n<\/a> <a href=\"http:\/\/w20.bcn.cat\/Guiamap\/Default.aspx#x=31446.088&amp;y=81641.358&amp;z=5&amp;c=K014K015K001K002K003K011K013K006&amp;w=1057&amp;h=442&amp;p=31446.088,81641.358\" target=\"_blank\">\u00bfC\u00f3mo llegar?<\/a><a href=\"www.bcn.cat\/centrecivicpatillimona\" target=\"_blank\"> <\/a><br \/>\n<br \/>\n<span style=\"text-decoration: underline;\">11:00 \u2013 13:00hrs<\/span><br \/>\n<a href=\"\/2010\/maraton-de-cuentos-para-ninos-y-ninas\" target=\"_blank\"><strong>MARAT\u00d3N DE CUENTOS INFANTILES<\/strong><\/a><br \/>\n<em>GRUPOS: VIVIM DEL CUENTU,<\/em><strong> <\/strong><em>MARACAL\u00c0, BOCABADATS<\/em>, <em>ENCANTACONTES<\/em><br \/>\n<a href=\"http:\/\/www.bcn.cat\/centrecivicpatillimona\" target=\"_blank\">C. C. PATI LL\u00cdMONA<\/a><a href=\"http:\/\/www.bcn.cat\/centrecivicpatillimona\" target=\"_blank\"><br \/>\n<\/a><a href=\"http:\/\/w20.bcn.cat\/Guiamap\/Default.aspx#x=31446.088&amp;y=81641.358&amp;z=5&amp;c=K014K015K001K002K003K011K013K006&amp;w=1057&amp;h=442&amp;p=31446.088,81641.358\" target=\"_blank\"> <\/a>C\/ Regomir 3<br \/>\n08002 \u2013 Barcelona<br \/>\n932684700<a href=\"http:\/\/www.bcn.cat\/centrecivicpatillimona\"><br \/>\n<\/a> <a href=\"http:\/\/w20.bcn.cat\/Guiamap\/Default.aspx#x=31446.088&amp;y=81641.358&amp;z=5&amp;c=K014K015K001K002K003K011K013K006&amp;w=1057&amp;h=442&amp;p=31446.088,81641.358\" target=\"_blank\">\u00bfC\u00f3mo llegar?<\/a><a href=\"www.bcn.cat\/centrecivicpatillimona\" target=\"_blank\"> <\/a><\/p>\n<p><span style=\"color: #ffffff;\">.<\/span><\/p>\n<p><span style=\"text-decoration: underline;\">12:00hrs<\/span><br \/>\n<strong>SESI\u00d3N INFANTIL<\/strong><strong><br \/>\n<a href=\"\/2010\/felix-albo\" target=\"_blank\">CUENTOS DE LA MALETA<\/a><\/strong>, <em>F\u00c9LIX ALBO<\/em><strong><br \/>\n<\/strong><a href=\"http:\/\/www.cctorrellobeta.es\/\" target=\"_blank\">C. C. TORRE LLOBETA<\/a><br \/>\n<a href=\"http:\/\/w20.bcn.cat\/GuiaHandler\/GuiaHandler.ashx\/Guia.cca?x=31057.262&amp;y=86644.19&amp;z=6&amp;c=&amp;w=1057&amp;h=442&amp;p=31057.262,86644.19\" target=\"_blank\"> <\/a>C\/ Santa Fe, 2 bis<br \/>\n08031 &#8211; Barcelona<br \/>\n93 358 56 14<br \/>\n<a href=\"http:\/\/w20.bcn.cat\/Guiamap\/Default.aspx#x=31057.262&amp;y=86644.19&amp;z=5&amp;c=K014K015K001K002K003K011K013K006&amp;w=1057&amp;h=442&amp;p=31057.262,86644.19\" target=\"_blank\">\u00bfC\u00f3mo llegar?<\/a><\/p>\n<p><span style=\"color: #ffffff;\">.<\/span><\/p>\n<p><span style=\"text-decoration: underline;\">12:00hrs<\/span><br \/>\n<a href=\"\/2010\/ruben-martinez-santana\" target=\"_blank\"><strong>PRESENTACI\u00d3N DEL LIBRO<br \/>\nCOQUITOS<\/strong><\/a>, <em>RUB\u00c9N  MART\u00cdNEZ<\/em><em> SANTANA Y ALEKOS<br \/>\n<\/em><a href=\"http:\/\/www.santosochoa.es\/\" target=\"_blank\">LIBRER\u00cdA SANTOS OCHOA<\/a><br \/>\n<a href=\"http:\/\/w20.bcn.cat\/Guiamap\/Default.aspx#x=31455.899&amp;y=87037.379&amp;z=5&amp;c=K014K015K001K002K003K011K013K006&amp;w=1057&amp;h=442&amp;p=31455.899,87037.379\" target=\"_blank\"> <\/a>Pg. Fabra i Puig 165<br \/>\nBarcelona<br \/>\n<a href=\"http:\/\/w20.bcn.cat\/Guiamap\/Default.aspx#x=31455.899&amp;y=87037.379&amp;z=5&amp;c=K014K015K001K002K003K011K013K006&amp;w=1057&amp;h=442&amp;p=31455.899,87037.379\" target=\"_blank\">\u00bfC\u00f3mo llegar?<\/a><\/p>\n<p><span style=\"color: #ffffff;\">.<\/span><\/p>\n<p><span style=\"text-decoration: underline;\">15:00hrs \u2013 16:30hrs<\/span><br \/>\nEXPOSICI\u00d3N-ESPECT\u00c1CULO FAMILIAR<strong> <\/strong>(<strong>+<\/strong>12)<strong><br \/>\n<a href=\"\/2010\/alekos-alexis-forrero\/\" target=\"_blank\">INUTENSILIOS<\/a><\/strong>, <em>ALEKOS<\/em><br \/>\n<a href=\"http:\/\/www.teatrodelossentidos.com\/\" target=\"_blank\">EL POLVOR\u00cdN DE MONTJU\u00cfC<\/a> &#8211; TEATRO DE LOS SENTIDOS<br \/>\nCam\u00ed del Polvor\u00ed s\/n<br \/>\n08038 Barcelona<br \/>\n933 161 111 \/ 678 751 788<br \/>\n<a href=\"http:\/\/www.teatrodelossentidos.com\/eo\/noticiadetall.php?idn=23\" target=\"_blank\"> \u00bfC\u00f3mo llegar?<\/a><\/p>\n<p><span style=\"color: #ffffff;\">.<\/span><\/p>\n<p><span style=\"text-decoration: underline;\">17:00hrs<\/span><br \/>\nSESI\u00d3N INFANTIL<br \/>\n<a href=\"\/2010\/marga-socias\" target=\"_blank\"><strong>LES INCRE\u00cfBLES HIST\u00d2RIES DEL PA\u00cdS 27<\/strong><\/a>, <em>MARGA SOCIAS<\/em><br \/>\n<a href=\"http:\/\/www.teatrodelossentidos.com\/\" target=\"_blank\">EL POLVOR\u00cdN DE MONTJU\u00cfC<\/a> &#8211; TEATRO DE LOS SENTIDOS<br \/>\nCam\u00ed del Polvor\u00ed s\/n<br \/>\n08038 Barcelona<br \/>\n933 161 111 \/ 678 751 788<br \/>\n<a href=\"http:\/\/www.teatrodelossentidos.com\/eo\/noticiadetall.php?idn=23\" target=\"_blank\"> \u00bfC\u00f3mo llegar?<\/a><\/p>\n<p><span style=\"color: #ffffff;\">.<\/span><\/p>\n<p><span style=\"text-decoration: underline;\">18:00hrs \u2013 20:00hrs<\/span><br \/>\nEXPOSICI\u00d3N-ESPECT\u00c1CULO FAMILIAR<strong> <\/strong>(<strong>+<\/strong>12)<strong><br \/>\n<\/strong><strong><a href=\"..\/alekos-alexis-forrero\/\" target=\"_blank\">INUTENSILIOS<\/a><\/strong>, <em>ALEKOS<\/em><br \/>\n<a href=\"http:\/\/www.teatrodelossentidos.com\/\" target=\"_blank\">EL POLVOR\u00cdN DE MONTJU\u00cfC<\/a> &#8211; TEATRO DE LOS SENTIDOS<br \/>\nCam\u00ed del Polvor\u00ed s\/n<br \/>\n08038 Barcelona<br \/>\n933 161 111 \/ 678 751 788<br \/>\n<a href=\"http:\/\/www.teatrodelossentidos.com\/eo\/noticiadetall.php?idn=23\" target=\"_blank\"> \u00bfC\u00f3mo llegar?<\/a><\/p>\n<p><span style=\"color: #ffffff;\">..<\/span><\/p>\n<p><span style=\"text-decoration: underline;\">18:00hrs<\/span><br \/>\nSESI\u00d3N INFANTIL<br \/>\n<a href=\"\/2010\/ana-garcia-y-paco-asencio\" target=\"_blank\"><strong>CANTACONTES<\/strong><\/a>, <em>ANNA  GARC\u00cdA Y<\/em><em> PACO ASENCIO<\/em><br \/>\n<a href=\" http:\/\/www.espaiperepruna.org\" target=\"_blank\"> C. C. PERE PRUNA<\/a><br \/>\nGanduxer, 130<br \/>\nBarcelona<strong><br \/>\n<\/strong>93 4186537<br \/>\n<a href=\"http:\/\/w20.bcn.cat\/Guiamap\/Default.aspx#x=27481.942&amp;y=84083.609&amp;z=5&amp;c=K014K015K001K002K003K011K009K013K006&amp;w=1057&amp;h=442&amp;p=27481.942,84083.609\" target=\"_blank\"> \u00bfC\u00f3mo llegar?<\/a><\/p>\n<p><span style=\"color: #ffffff;\">.<\/span><\/p>\n<p><span style=\"text-decoration: underline;\"> <\/span><\/p>\n<p><span style=\"text-decoration: underline;\">19:00hrs<\/span><br \/>\nSESI\u00d3N ADULTOS<br \/>\n<strong><a href=\"\/2010\/cuentae-linguae\" target=\"_blank\">CUENTAE LINGUAE<\/a>, <\/strong><em>MARIONA VILANOVA (LENGUA DE SIGNOS CATALANA), MAR\u00cdA GRAZIA CELSO (ITALIANO), AINARA BILBAO (EUSKERA), GRUPO FURAFOLLAS (GALLEGO), MONIKA KLOSE (ALEM\u00c1N), CARINE DUBOIS (FRANC\u00c9S), CAROL WESTERMAN (INGL\u00c9S)<\/em><br \/>\n<a href=\"http:\/\/www.bcn.cat\/centrecivicpatillimona\" target=\"_blank\">C. C. PATI LL\u00cdMONA<\/a><a href=\"www.bcn.cat\/centrecivicpatillimona\" target=\"_blank\"><br \/>\n<\/a><a href=\"http:\/\/w20.bcn.cat\/Guiamap\/Default.aspx#x=31446.088&amp;y=81641.358&amp;z=5&amp;c=K014K015K001K002K003K011K013K006&amp;w=1057&amp;h=442&amp;p=31446.088,81641.358\" target=\"_blank\"> <\/a>C\/ Regomir 3<br \/>\n08002 \u2013 Barcelona<br \/>\n932684700<a href=\"http:\/\/www.bcn.cat\/centrecivicpatillimona\"><br \/>\n<\/a> <a href=\"http:\/\/w20.bcn.cat\/Guiamap\/Default.aspx#x=31446.088&amp;y=81641.358&amp;z=5&amp;c=K014K015K001K002K003K011K013K006&amp;w=1057&amp;h=442&amp;p=31446.088,81641.358\" target=\"_blank\">\u00bfC\u00f3mo llegar?<\/a><a href=\"www.bcn.cat\/centrecivicpatillimona\" target=\"_blank\"><\/a><\/p>\n<p><span style=\"color: #ffffff;\">.<\/span><\/p>\n<p><span style=\"color: #ffffff;\"> <\/span><span style=\"text-decoration: underline;\">20:30hrs<\/span><br \/>\nSESI\u00d3N ADULTOS<br \/>\n<a href=\"\/2010\/felix-albo\" target=\"_blank\"><strong>CUENTOS DE BOLSILLO<\/strong><\/a>, <em>F\u00c9LIX ALBO<\/em><br \/>\n<a href=\"http:\/\/www.harlemjazzclub.es\" target=\"_blank\">HARLEM JAZZ CLUB<\/a><br \/>\n<a href=\"http:\/\/w20.bcn.cat\/Guiamap\/Default.aspx#x=31396.225&amp;y=81598.878&amp;z=5&amp;c=K014K015K001K002K003K011K013K006&amp;w=1057&amp;h=442&amp;p=31396.225,81598.878\" target=\"_blank\"> <\/a>C\/ Comtessa de Sobradiel 8<br \/>\n08002 \u2013 Barcelona<br \/>\n933100755<br \/>\n<a href=\"http:\/\/w20.bcn.cat\/Guiamap\/Default.aspx#x=31396.225&amp;y=81598.878&amp;z=5&amp;c=K014K015K001K002K003K011K013K006&amp;w=1057&amp;h=442&amp;p=31396.225,81598.878\" target=\"_blank\">\u00bfC\u00f3mo llegar?<\/a><\/p>\n<p><span style=\"color: #ffffff;\">.<\/span><\/p>\n<p><span style=\"text-decoration: underline;\">22:30hrs.<\/span><br \/>\nSESI\u00d3N ADULTOS<br \/>\n<a href=\"\/2010\/clausura-del-festival\" target=\"_blank\"><strong>CLAUSURA DEL FESTIVAL<\/strong><\/a><br \/>\n<a href=\"http:\/\/www.bcn.cat\/centrecivicpatillimona\" target=\"_blank\">C. C. PATI LL\u00cdMONA<\/a><a href=\"www.bcn.cat\/centrecivicpatillimona\" target=\"_blank\"><br \/>\n<\/a><a href=\"http:\/\/w20.bcn.cat\/Guiamap\/Default.aspx#x=31446.088&amp;y=81641.358&amp;z=5&amp;c=K014K015K001K002K003K011K013K006&amp;w=1057&amp;h=442&amp;p=31446.088,81641.358\" target=\"_blank\"> <\/a>C\/ Regomir 3<br \/>\n08002 \u2013 Barcelona<br \/>\n932684700<a href=\"http:\/\/www.bcn.cat\/centrecivicpatillimona\"><br \/>\n<\/a> <a href=\"http:\/\/w20.bcn.cat\/Guiamap\/Default.aspx#x=31446.088&amp;y=81641.358&amp;z=5&amp;c=K014K015K001K002K003K011K013K006&amp;w=1057&amp;h=442&amp;p=31446.088,81641.358\" target=\"_blank\">\u00bfC\u00f3mo llegar?<\/a><a href=\"www.bcn.cat\/centrecivicpatillimona\" target=\"_blank\"> <\/a><\/p>\n","protected":false},"excerpt":{"rendered":"<p>10.30 a 14.30 h i de 17 a 20 h UN PATI DE LLIBRES Exhibici\u00f3 i venta de llibres C. C. PATI LL\u00cdMONA C\/ Regomir 3 08002 \u2013 Barcelona 932684700 \u00bfC\u00f3mo llegar? 11:00 \u2013 13:00hrs MARAT\u00d3N DE CUENTOS INFANTILES GRUPOS: VIVIM DEL CUENTU, MARACAL\u00c0, BOCABADATS, ENCANTACONTES C. C. PATI LL\u00cdMONA C\/ Regomir 3 08002 \u2013 [&hellip;]<\/p>\n","protected":false},"author":1,"featured_media":0,"parent":0,"menu_order":0,"comment_status":"open","ping_status":"open","template":"","meta":[],"_links":{"self":[{"href":"http:\/\/muntdemots.org\/2010\/wp-json\/wp\/v2\/pages\/37"}],"collection":[{"href":"http:\/\/muntdemots.org\/2010\/wp-json\/wp\/v2\/pages"}],"about":[{"href":"http:\/\/muntdemots.org\/2010\/wp-json\/wp\/v2\/types\/page"}],"author":[{"embeddable":true,"href":"http:\/\/muntdemots.org\/2010\/wp-json\/wp\/v2\/users\/1"}],"replies":[{"embeddable":true,"href":"http:\/\/muntdemots.org\/2010\/wp-json\/wp\/v2\/comments?post=37"}],"version-history":[{"count":45,"href":"http:\/\/muntdemots.org\/2010\/wp-json\/wp\/v2\/pages\/37\/revisions"}],"predecessor-version":[{"id":1605,"href":"http:\/\/muntdemots.org\/2010\/wp-json\/wp\/v2\/pages\/37\/revisions\/1605"}],"wp:attachment":[{"href":"http:\/\/muntdemots.org\/2010\/wp-json\/wp\/v2\/media?parent=37"}],"curies":[{"name":"wp","href":"https:\/\/api.w.org\/{rel}","templated":true}]}}