{"id":368,"date":"2010-09-07T08:00:07","date_gmt":"2010-09-07T08:00:07","guid":{"rendered":"http:\/\/www.muntdemots.org\/"},"modified":"2010-09-25T17:37:47","modified_gmt":"2010-09-25T17:37:47","slug":"soledad-felloza","status":"publish","type":"page","link":"http:\/\/muntdemots.org\/2010\/soledad-felloza\/","title":{"rendered":"Soledad Felloza"},"content":{"rendered":"<p><a href=\"http:\/\/soledadfelloza.com\/\" target=\"_blank\">http:\/\/soledadfelloza.com<\/a><\/p>\n<p>Conta contes des de fa 23 anys. Els primers nens als quals va explicar contes a l\u2019<em>Escuela 89<\/em> de Paysand\u00fa (Uruguai), la seva ciutat natal, eren quasi de la seva edat. Docent, actriu i dramaturga amb una \u00e0mplia formaci\u00f3 en el camp del teatre i la narraci\u00f3 oral.<br \/>\nHa dirigit i dirigeix tallers d\u2019expressi\u00f3, teatre i narraci\u00f3 en col\u00b7legis, escoles preescolars i biblioteques d\u2019Argentina, Vene\u00e7uela i Espanya.<\/p>\n<p><span style=\"color: #ffffff;\">.<\/span><\/p>\n<p><strong>DE TIN MAR\u00cdN<\/strong><\/p>\n<p>Quin ser\u00e0 el primer conte d\u2019aquest espectacle? Ser\u00e0 <em>Olegario<\/em>, que continua buscant un electricista que li permeti ser la cuca de llum m\u00e9s brillant del bosc? Ser\u00e0 <em>Mongorito Flores<\/em> que torna de triomfar pel m\u00f3n? O l\u2019<em>Esportivo Combot\u00e1 <\/em>que guanya el mundial del barri Bella Vista? O el Gripau que est\u00e0 m\u00e9s enamorat que mai de l\u2019\u00e0nega? O potser \u00e9s el <em>Ratol\u00ed Ninja<\/em> que segueix tractant de dominar el m\u00f3n..?<br \/>\n<em>Dia: Dimarts 19<br \/>\nHora: 17:30hrs<br \/>\nLloc: <\/em><a href=\"http:\/\/www.bcn.cat\/cctrinitatvella\" target=\"_blank\">C. C. TRINITAT VELLA<\/a><a href=\"http:\/\/www.centreshg.net\/taxonera\" target=\"_blank\"><br \/>\n<\/a><a href=\"http:\/\/w20.bcn.cat\/Guiamap\/Default.aspx#x=32537.834&amp;y=89413.102&amp;z=5&amp;c=K014K015K001K002K003K011K013K006&amp;w=1057&amp;h=442&amp;p=32537.834,89413.102\" target=\"_blank\">\u00bfC\u00f3mo llegar?<\/a><\/p>\n<p><span style=\"color: #ffffff;\">.<\/span><\/p>\n<p><a href=\"\/2010\/wp-content\/uploads\/2010\/09\/SOLEDAD-FELLOZA.jpg\"><img decoding=\"async\" loading=\"lazy\" class=\"alignnone size-medium wp-image-369\" title=\"SOLEDAD FELLOZA\" src=\"\/2010\/wp-content\/uploads\/2010\/09\/SOLEDAD-FELLOZA-300x213.jpg\" alt=\"\" width=\"300\" height=\"213\" srcset=\"https:\/\/muntdemots.org\/2010\/wp-content\/uploads\/2010\/09\/SOLEDAD-FELLOZA-300x213.jpg 300w, https:\/\/muntdemots.org\/2010\/wp-content\/uploads\/2010\/09\/SOLEDAD-FELLOZA.jpg 640w\" sizes=\"(max-width: 300px) 100vw, 300px\" \/><\/a><\/p>\n","protected":false},"excerpt":{"rendered":"<p>http:\/\/soledadfelloza.com Conta contes des de fa 23 anys. Els primers nens als quals va explicar contes a l\u2019Escuela 89 de Paysand\u00fa (Uruguai), la seva ciutat natal, eren quasi de la seva edat. Docent, actriu i dramaturga amb una \u00e0mplia formaci\u00f3 en el camp del teatre i la narraci\u00f3 oral. Ha dirigit i dirigeix tallers d\u2019expressi\u00f3, [&hellip;]<\/p>\n","protected":false},"author":1,"featured_media":0,"parent":0,"menu_order":0,"comment_status":"open","ping_status":"open","template":"","meta":[],"_links":{"self":[{"href":"http:\/\/muntdemots.org\/2010\/wp-json\/wp\/v2\/pages\/368"}],"collection":[{"href":"http:\/\/muntdemots.org\/2010\/wp-json\/wp\/v2\/pages"}],"about":[{"href":"http:\/\/muntdemots.org\/2010\/wp-json\/wp\/v2\/types\/page"}],"author":[{"embeddable":true,"href":"http:\/\/muntdemots.org\/2010\/wp-json\/wp\/v2\/users\/1"}],"replies":[{"embeddable":true,"href":"http:\/\/muntdemots.org\/2010\/wp-json\/wp\/v2\/comments?post=368"}],"version-history":[{"count":4,"href":"http:\/\/muntdemots.org\/2010\/wp-json\/wp\/v2\/pages\/368\/revisions"}],"predecessor-version":[{"id":1170,"href":"http:\/\/muntdemots.org\/2010\/wp-json\/wp\/v2\/pages\/368\/revisions\/1170"}],"wp:attachment":[{"href":"http:\/\/muntdemots.org\/2010\/wp-json\/wp\/v2\/media?parent=368"}],"curies":[{"name":"wp","href":"https:\/\/api.w.org\/{rel}","templated":true}]}}