{"id":35,"date":"2010-09-03T16:14:55","date_gmt":"2010-09-03T16:14:55","guid":{"rendered":"http:\/\/www.muntdemots.org\/"},"modified":"2010-09-25T18:35:45","modified_gmt":"2010-09-25T18:35:45","slug":"divendres-22-doctubre","status":"publish","type":"page","link":"http:\/\/muntdemots.org\/2010\/divendres-22-doctubre\/","title":{"rendered":"Divendres 22 d&#8217;octubre"},"content":{"rendered":"<p><span style=\"text-decoration: underline;\">17:00hrs \u2013 19:00hrs<\/span><br \/>\nEXPOSICI\u00d3N-ESPECT\u00c1CULO FAMILIAR\u00a0 (+12)<br \/>\n<a href=\"\/2010\/alekos-alexis-forrero\/\" target=\"_blank\"><strong>INUTENSILIOS<\/strong><\/a>, <em>ALEKOS<\/em><br \/>\n<a href=\"http:\/\/www.teatrodelossentidos.com\/\" target=\"_blank\">EL POLVOR\u00cdN DE MONTJU\u00cfC<\/a> &#8211; TEATRO DE LOS SENTIDOS<br \/>\nCam\u00ed del Polvor\u00ed s\/n<br \/>\n08038 Barcelona<br \/>\n933 161 111 \/ 678 751 788<br \/>\n<a href=\"http:\/\/www.teatrodelossentidos.com\/eo\/noticiadetall.php?idn=23\" target=\"_blank\"> \u00bfC\u00f3mo llegar?<\/a><\/p>\n<p><span style=\"color: #ffffff;\">.<\/span><\/p>\n<p><span style=\"text-decoration: underline;\">18:00hrs<\/span><br \/>\nSESI\u00d3N INFANTIL<br \/>\n<strong><a href=\"\/2010\/mercedes-carrion\" target=\"_blank\">\u00a1AY! \u00a1QUE LOS CUENTOS SE ME SALEN POR LA BOCA!<\/a>, <\/strong><em>MERCEDES CARRI\u00d3N<\/em><br \/>\n<a href=\" http:\/\/ccsagradafamilia.net\" target=\"_blank\"> C. C. SAGRADA  FAM\u00cdLIA<\/a><br \/>\nC\/ Proven\u00e7a, 480<br \/>\n08025 Barcelona<br \/>\n93 450 89 17<br \/>\n<a href=\"http:\/\/w20.bcn.cat\/Guiamap\/Default.aspx#x=31251.628&amp;y=84333.813&amp;z=5&amp;c=K014K015K001K002K003K011K013K006&amp;w=1057&amp;h=442&amp;p=31251.628,84333.813\" target=\"_blank\">\u00bfC\u00f3mo llegar?<\/a><\/p>\n<p><span style=\"color: #ffffff;\">.<\/span><\/p>\n<p><span style=\"color: #ffffff;\"> <\/span><span style=\"text-decoration: underline;\">19:00hrs<\/span><br \/>\nSESI\u00d3N ADULTOS<br \/>\n<a href=\"\/2010\/willo\/\" target=\"_blank\"><strong>CADA LOCO CON SU CUENTO<\/strong><\/a>, <em>WILLIAM \u201cWILLO\u201d ARUNATEGUI<\/em><br \/>\n<a href=\"http:\/\/w3.bcn.es\/XMLServeis\/Asia\/XMLFitxaAsiaCtl\/0,4122,370084977_424430559_2_92086004593,00.html?tipusEnllac=equipament&amp;idFitxa=92086004593&amp;nomesFitxa=true\" target=\"_blank\">SALA DE LECTURA DEL CLOT<\/a><br \/>\nC\/Clot, 21-25<br \/>\n08018 \u2013 Barcelona<br \/>\n932463928<br \/>\n<a href=\"http:\/\/w20.bcn.cat\/Guiamap\/Default.aspx#x=32184.155&amp;y=84437.486&amp;z=5&amp;c=K014K015K001K002K003K011K013K006&amp;w=1057&amp;h=442&amp;p=32184.155,84437.486\" target=\"_blank\">\u00bfC\u00f3mo llegar?<\/a><\/p>\n<p><span style=\"color: #ffffff;\">.<\/span><\/p>\n<p><span style=\"text-decoration: underline;\">19:00hrs<\/span><br \/>\nCONFERENCIA<br \/>\n<a href=\"\/2010\/enrique-vargas\" target=\"_blank\"><strong>EL TEATRO Y LOS RITOS-MITOS EN LAS COMUNIDADES IND\u00cdGENAS DE<br \/>\nLA REGI\u00d3N AMAZ\u00d3NICA DE COLOMBIA<\/strong><\/a>, <em>ENRIQUE VARGAS<\/em><br \/>\n<a href=\"http:\/\/www.teatrodelossentidos.com\/\" target=\"_blank\">EL POLVOR\u00cdN DE MONTJU\u00cfC<\/a> &#8211; TEATRO DE LOS SENTIDOS<br \/>\nCam\u00ed del Polvor\u00ed s\/n<br \/>\n08038 Barcelona<br \/>\n933 161 111 \/ 678 751 788<br \/>\n<a href=\"http:\/\/www.teatrodelossentidos.com\/eo\/noticiadetall.php?idn=23\" target=\"_blank\"> \u00bfC\u00f3mo llegar?<\/a><\/p>\n<p><span style=\"color: #ffffff;\">.<\/span><\/p>\n<p><span style=\"text-decoration: underline;\">19:00hrs<\/span><br \/>\nCONFERENCIA<br \/>\n<a href=\"\/2010\/roser-ros\/\" target=\"_blank\"><strong>LES TRES VELLETES D\u2019ORALITAT: L\u2019ESCOLTA, LA MEM\u00d2RIA I LA VEU<\/strong><\/a>, <em>ROSER ROS<\/em><br \/>\n<a href=\"http:\/\/w3.bcn.es\/XMLServeis\/XMLHomeLinkPl\/0,4022,650920084_709536676_1,00.html\" target=\"_blank\">BIBLIOTECA VILA DE GR\u00c0CIA<\/a><br \/>\nTorrent de l&#8217;Olla, 104<br \/>\n08012 &#8211; Barcelona<br \/>\n93 284 77 90<br \/>\n<a href=\"http:\/\/w20.bcn.cat\/Guiamap\/Default.aspx#x=29729.58&amp;y=83871.468&amp;z=5&amp;c=K014K015K001K002K003K011K013K006&amp;w=1057&amp;h=442&amp;p=29729.58,83871.468\" target=\"_blank\">\u00bfC\u00f3mo llegar?<\/a><\/p>\n<p><span style=\"color: #ffffff;\">.<\/span><\/p>\n<p><span style=\"text-decoration: underline;\"> <\/span><\/p>\n<p><span style=\"text-decoration: underline;\">19:00hrs<\/span><br \/>\nCHARLA<br \/>\n<a href=\"\/2010\/encuentro-con-festivales-de-narracion-oral-en-cataluna\" target=\"_blank\"><strong>ENCUENTRO CON\u2026<\/strong> <em>FESTIVALES DE CATALUNYA<\/em><\/a><br \/>\n<a href=\"http:\/\/www.bcn.cat\/centrecivicpatillimona\" target=\"_blank\">C. C. PATI LL\u00cdMONA<br \/>\n<\/a><a href=\"http:\/\/w20.bcn.cat\/Guiamap\/Default.aspx#x=31446.088&amp;y=81641.358&amp;z=5&amp;c=K014K015K001K002K003K011K013K006&amp;w=1057&amp;h=442&amp;p=31446.088,81641.358\" target=\"_blank\"> <\/a>C\/ Regomir 3<br \/>\n08002 \u2013 Barcelona<br \/>\n932684700<a href=\"http:\/\/www.bcn.cat\/centrecivicpatillimona\"><br \/>\n<\/a> <a href=\"http:\/\/w20.bcn.cat\/Guiamap\/Default.aspx#x=31446.088&amp;y=81641.358&amp;z=5&amp;c=K014K015K001K002K003K011K013K006&amp;w=1057&amp;h=442&amp;p=31446.088,81641.358\" target=\"_blank\">\u00bfC\u00f3mo llegar?<\/a><a href=\"www.bcn.cat\/centrecivicpatillimona\" target=\"_blank\"> <\/a><\/p>\n<p><span style=\"color: #ffffff;\">.<\/span><\/p>\n<p><span style=\"text-decoration: underline;\">19:00hrs<\/span><br \/>\nSESI\u00d3N ADULTOS<br \/>\n<a href=\"\/2010\/aldo-mendez\" target=\"_blank\"><strong>DONDE DIJE\u2026 \u00a1DIGO!<\/strong><\/a>, <em>ALDO M\u00c9NDEZ<\/em><br \/>\n<a href=\"http:\/\/www.toniguida.org\" target=\"_blank\"> C. CULTURAL TON I GUIDA<\/a><br \/>\nC\/ Romani 6<br \/>\n08042 &#8211; Barcelona<br \/>\n93-354-87-21<br \/>\n<a href=\"http:\/\/w20.bcn.cat\/Guiamap\/Default.aspx#x=31189.212&amp;y=88847.898&amp;z=5&amp;c=&amp;w=1057&amp;h=442&amp;p=31189.212,88847.898\" target=\"_blank\"> \u00bfC\u00f3mo llegar?<\/a><\/p>\n<p><span style=\"color: #ffffff;\">.<\/span><\/p>\n<p><span style=\"text-decoration: underline;\">20:00hrs<\/span><br \/>\nSESI\u00d3N FAMILIAR<br \/>\n<a href=\"\/2010\/ignasi-Potrony\" target=\"_blank\"><strong>BIRLIBOM, LA VACA BLANCA I ALTRES VE\u00cfNS<\/strong><\/a>, <em>T\u00c0\u00c1NDEM<\/em><br \/>\n(<em>IGNASI POTRONY Y SUSANA TORNERO)<\/em><br \/>\n<a href=\" http:\/\/w3.bcn.es\/XMLServeis\/XMLHomeLinkPl\/0,4022,656966449_674234318_1,00.html\" target=\"_blank\"> MUSEU ETNOL\u00d2GIC<\/a><br \/>\nPasseig Santa Madrona, SN<br \/>\n08038 &#8211; Barcelona<br \/>\n934 246 807<a href=\"http:\/\/w3.bcn.es\/XMLServeis\/XMLHomeLinkPl\/0,4022,656966449_674234318_1,00.html\"><br \/>\n<\/a> <a href=\"http:\/\/w20.bcn.cat\/Guiamap\/Default.aspx#x=29660.07&amp;y=80071.91&amp;z=5&amp;c=&amp;w=1057&amp;h=442&amp;p=29660.07,80071.91\" target=\"_blank\">\u00bfC\u00f3mo llegar?<\/a><a href=\"http:\/\/w3.bcn.es\/XMLServeis\/XMLHomeLinkPl\/0,4022,656966449_674234318_1,00.html\"><br \/>\n<\/a><\/p>\n<p><span style=\"color: #ffffff;\">.<\/span><\/p>\n<p><span style=\"text-decoration: underline;\">20:00hrs<\/span><br \/>\nSESI\u00d3N ADULTOS<br \/>\n<strong><a href=\"..\/raquel-de-manuel-mur\" target=\"_blank\">LA INSOSTENIBLE LLEUGERESA DE LES COSES:<br \/>\nCONTES EF\u00cdMERS<\/a>,<\/strong> <em>RAQUEL DE MANUEL MUR<\/em><br \/>\n<a href=\"http:\/\/www.myspace.com\/barmacondo\" target=\"_blank\">MACONDO BAR<\/a><br \/>\nC\/Conca, 21<br \/>\n08026 &#8211; Barcelona<br \/>\n<a href=\"http:\/\/w20.bcn.cat\/Guiamap\/Default.aspx#x=31563.246&amp;y=85197.07&amp;z=5&amp;c=K014K015K001K002K003K011K013K006&amp;w=1057&amp;h=442&amp;p=31563.246,85197.07\" target=\"_blank\">\u00bfC\u00f3mo llegar?<\/a><\/p>\n<p><span style=\"color: #ffffff;\">.<\/span><\/p>\n<p><span style=\"text-decoration: underline;\">21:00hrs<\/span><br \/>\nSESI\u00d3N ADULTOS<br \/>\n<a href=\"\/2010\/mercedes-carrion\" target=\"_blank\"><strong>EL TRUCO DEL CUENTO<\/strong><\/a>, <em>MERCEDES<\/em> <em>CARRI\u00d3N Y M\u00d3NICA MART\u00cdNEZ<\/em><br \/>\nEL ALMAZEN<br \/>\n<a href=\"http:\/\/w20.bcn.cat\/Guiamap\/Default.aspx#x=30387.38&amp;y=81637.054&amp;z=5&amp;c=K014K015K001K002K003K011K013K006&amp;w=1057&amp;h=442&amp;p=30387.38,81637.054\" target=\"_blank\"> <\/a>C\/ Guifr\u00e9 9, baixos<br \/>\n08001 &#8211; Barcelona<br \/>\n934426215<br \/>\n<a href=\"http:\/\/w20.bcn.cat\/Guiamap\/Default.aspx#x=30387.38&amp;y=81637.054&amp;z=5&amp;c=K014K015K001K002K003K011K013K006&amp;w=1057&amp;h=442&amp;p=30387.38,81637.054\" target=\"_blank\">\u00bfC\u00f3mo llegar?<\/a><\/p>\n<p><span style=\"color: #ffffff;\">.<\/span><\/p>\n<p><span style=\"text-decoration: underline;\">21:00hrs<\/span><br \/>\nSESI\u00d3N ADULTOS<strong><br \/>\n<a href=\"\/2010\/nelson-jara-y-aurora-arenare\/\" target=\"_blank\">FIESTA EN EL VALLE<\/a><\/strong>, <em>NELS\u00d3N JARA Y AURORA ARENARE<br \/>\n<\/em><a href=\"http:\/\/www.teatrodelossentidos.com\/\" target=\"_blank\">EL POLVOR\u00cdN DE MONTJU\u00cfC<\/a> &#8211; TEATRO DE LOS SENTIDOS<br \/>\nCam\u00ed del Polvor\u00ed s\/n<br \/>\n08038 Barcelona<br \/>\n933 161 111 \/ 678 751 788<br \/>\n<a href=\"http:\/\/www.teatrodelossentidos.com\/eo\/noticiadetall.php?idn=23\" target=\"_blank\"> \u00bfC\u00f3mo llegar?<\/a><\/p>\n<p><span style=\"color: #ffffff;\">.<\/span><\/p>\n<p><span style=\"text-decoration: underline;\">21:00hrs<\/span><br \/>\nSESI\u00d3N ADULTOS<br \/>\n<a href=\"\/2010\/enrique-vargas\" target=\"_blank\"><strong>SANCOCHO DE COLA<\/strong><\/a>, <em>ENRIQUE  VARGAS<\/em><br \/>\n<a href=\"http:\/\/www.teatrodelossentidos.com\/\" target=\"_blank\">EL POLVOR\u00cdN DE MONTJU\u00cfC<\/a> &#8211; TEATRO DE LOS SENTIDOS<br \/>\nCam\u00ed del Polvor\u00ed s\/n<br \/>\n08038 Barcelona<br \/>\n933 161 111 \/ 678 751 788<br \/>\n<a href=\"http:\/\/www.teatrodelossentidos.com\/eo\/noticiadetall.php?idn=23\" target=\"_blank\"> \u00bfC\u00f3mo llegar?<\/a><\/p>\n<p><span style=\"color: #ffffff;\">.<\/span><\/p>\n<p><span style=\"text-decoration: underline;\">21:00hrs<\/span><br \/>\nSESI\u00d3N ADULTOS<br \/>\n<a href=\"\/2010\/boniface-ofogo\/\" target=\"_blank\"><strong>EL ELEFANTE QUE PERDI\u00d3 SU OJO<\/strong><\/a>, <em>BONIFACE OFOGO<\/em><br \/>\n<a href=\"http:\/\/www.bcn.cat\/centrecivicpatillimona\" target=\"_blank\">C. C. PATI LL\u00cdMONA<\/a><a href=\"www.bcn.cat\/centrecivicpatillimona\" target=\"_blank\"><br \/>\n<\/a><a href=\"http:\/\/w20.bcn.cat\/Guiamap\/Default.aspx#x=31446.088&amp;y=81641.358&amp;z=5&amp;c=K014K015K001K002K003K011K013K006&amp;w=1057&amp;h=442&amp;p=31446.088,81641.358\" target=\"_blank\"> <\/a>C\/ Regomir 3<br \/>\n08002 \u2013 Barcelona<br \/>\n932684700<a href=\"http:\/\/www.bcn.cat\/centrecivicpatillimona\"><br \/>\n<\/a> <a href=\"http:\/\/w20.bcn.cat\/Guiamap\/Default.aspx#x=31446.088&amp;y=81641.358&amp;z=5&amp;c=K014K015K001K002K003K011K013K006&amp;w=1057&amp;h=442&amp;p=31446.088,81641.358\" target=\"_blank\">\u00bfC\u00f3mo llegar?<\/a><a href=\"www.bcn.cat\/centrecivicpatillimona\" target=\"_blank\"> <\/a><\/p>\n<p><span style=\"color: #ffffff;\">.<\/span><\/p>\n<p><span style=\"color: #ffffff;\"> <\/span><\/p>\n<p><strong> <\/strong><\/p>\n<p><span style=\"text-decoration: underline;\">22:00hrs \u2013 23:00hrs<\/span><br \/>\n<span style=\"text-decoration: underline;\">23:30hrs \u2013 00:30hrs<\/span><br \/>\nEXPOSICI\u00d3N-ESPECT\u00c1CULO FAMILIAR\u00a0 (+12)<br \/>\n<a href=\"\/2010\/alek\" target=\"_blank\"><strong>INUTENSILIOS<\/strong><\/a>, <em>ALEKOS<\/em><br \/>\n<a href=\"http:\/\/www.teatrodelossentidos.com\/\" target=\"_blank\">EL POLVOR\u00cdN DE MONTJU\u00cfC<\/a> &#8211; TEATRO DE LOS SENTIDOS<br \/>\nCam\u00ed del Polvor\u00ed s\/n<br \/>\n08038 Barcelona<br \/>\n933 161 111 \/ 678 751 788<br \/>\n<a href=\"http:\/\/www.teatrodelossentidos.com\/eo\/noticiadetall.php?idn=23\" target=\"_blank\"> \u00bfC\u00f3mo llegar?<\/a><\/p>\n<div id=\"_mcePaste\" style=\"position: absolute; left: -10000px; top: 0px; width: 1px; height: 1px; overflow: hidden;\"><span style=\"text-decoration: underline;\">18:00hrs \u2013 21:00hrs<\/span><br \/>\nEXPOSICI\u00d3N-ESPECT\u00c1CULO FAMILIAR<br \/>\n<strong>INUTENSILIOS<\/strong>, <em>ALEKOS<\/em><br \/>\nEL POLVOR\u00cdN DE MONTJU\u00cfC<br \/>\nCam\u00ed del Polvor\u00ed s\/n<br \/>\n08038 Barcelona<br \/>\n933 161 111<\/div>\n","protected":false},"excerpt":{"rendered":"<p>17:00hrs \u2013 19:00hrs EXPOSICI\u00d3N-ESPECT\u00c1CULO FAMILIAR\u00a0 (+12) INUTENSILIOS, ALEKOS EL POLVOR\u00cdN DE MONTJU\u00cfC &#8211; TEATRO DE LOS SENTIDOS Cam\u00ed del Polvor\u00ed s\/n 08038 Barcelona 933 161 111 \/ 678 751 788 \u00bfC\u00f3mo llegar? . 18:00hrs SESI\u00d3N INFANTIL \u00a1AY! \u00a1QUE LOS CUENTOS SE ME SALEN POR LA BOCA!, MERCEDES CARRI\u00d3N C. C. SAGRADA FAM\u00cdLIA C\/ Proven\u00e7a, 480 [&hellip;]<\/p>\n","protected":false},"author":1,"featured_media":0,"parent":0,"menu_order":0,"comment_status":"open","ping_status":"open","template":"","meta":[],"_links":{"self":[{"href":"http:\/\/muntdemots.org\/2010\/wp-json\/wp\/v2\/pages\/35"}],"collection":[{"href":"http:\/\/muntdemots.org\/2010\/wp-json\/wp\/v2\/pages"}],"about":[{"href":"http:\/\/muntdemots.org\/2010\/wp-json\/wp\/v2\/types\/page"}],"author":[{"embeddable":true,"href":"http:\/\/muntdemots.org\/2010\/wp-json\/wp\/v2\/users\/1"}],"replies":[{"embeddable":true,"href":"http:\/\/muntdemots.org\/2010\/wp-json\/wp\/v2\/comments?post=35"}],"version-history":[{"count":62,"href":"http:\/\/muntdemots.org\/2010\/wp-json\/wp\/v2\/pages\/35\/revisions"}],"predecessor-version":[{"id":1565,"href":"http:\/\/muntdemots.org\/2010\/wp-json\/wp\/v2\/pages\/35\/revisions\/1565"}],"wp:attachment":[{"href":"http:\/\/muntdemots.org\/2010\/wp-json\/wp\/v2\/media?parent=35"}],"curies":[{"name":"wp","href":"https:\/\/api.w.org\/{rel}","templated":true}]}}