{"id":348,"date":"2010-09-07T07:46:45","date_gmt":"2010-09-07T07:46:45","guid":{"rendered":"http:\/\/www.muntdemots.org\/"},"modified":"2010-09-30T16:42:10","modified_gmt":"2010-09-30T16:42:10","slug":"monica-martinez-paz","status":"publish","type":"page","link":"http:\/\/muntdemots.org\/2010\/monica-martinez-paz\/","title":{"rendered":"M\u00f3nica Mart\u00ednez Paz"},"content":{"rendered":"<p><a href=\"http:\/\/www.monicamartinezpaz.com\">http:\/\/www.monicamartinezpaz.com<\/a><\/p>\n<p>Va n\u00e9ixer a Maracay (Vene\u00e7uela). \u00c9s llicenciada en Pedagogia per la Universitat de Barcelona (2005) i Narradora Oral des del 1998. L\u2019any 2002 integra el grup <em>Un Mundet de Contes<\/em>. \u00c9s professora del programa de formaci\u00f3 de narradors\/es orals Atrapa la Paraula, per a Biblioteques de Barcelona. Integra el trio de <em>Narraci\u00f3n Oral Juntos pero no Revueltos<\/em>. Resideix a Barcelona des del 2001.<\/p>\n<p><span style=\"color: #ffffff;\">.<\/span><\/p>\n<p><strong> <\/strong><\/p>\n<p><strong>IMAGINACONTES<\/strong><\/p>\n<p>Historias para ni\u00f1os y ni\u00f1as, contadas por varios de los mejores   Cuentacuentos surgidos de los talleres de formaci\u00f3n que se imparten en   las bibliotecas y centros c\u00edvicos de Barcelona: Esther Pozo, Juntos pero  no revueltos, M\u00f3nica Mart\u00ednez Paz, Pili Romano, Raquel de Manuel, Som 3  de 3&#8230;<br \/>\nCuentos para toda la familia, en los que los y las Cuentacuentos ponen   las palabras y el p\u00fablico asistente s\u00f3lo debe dejarse llevar por su   propia imaginaci\u00f3n.<em><br \/>\nDia: Dissabte 16<br \/>\nHora: 11:00hrs<br \/>\nLloc: <\/em><a href=\"http:\/\/obrasocial.lacaixa.es\/nuestroscentros\/caixaforumbarcelona\/elcentro_es.html\" target=\"_blank\">CAIXA FORUM (CALLE MODERNISTA)<\/a><a href=\"http:\/\/www.centreshg.net\/taxonera\" target=\"_blank\"><br \/>\n<\/a><a href=\"http:\/\/w20.bcn.cat\/Guiamap\/Default.aspx#x=28974.653&amp;y=80528.805&amp;z=5&amp;c=K014K015K001K002K003K011K013K006&amp;w=1057&amp;h=442&amp;p=28974.653,80528.805\" target=\"_blank\">\u00bfC\u00f3mo llegar?<\/a><a href=\"http:\/\/w20.bcn.cat\/Guiamap\/Default.aspx#x=30109.788&amp;y=80868.613&amp;z=5&amp;c=K014K015K001K002K003K011K013K006&amp;w=1057&amp;h=442&amp;p=30109.788,80868.613\" target=\"_blank\"><\/a><\/p>\n<p><span style=\"color: #ffffff;\">.<\/span><\/p>\n<p><strong>CONTES D\u2019AQU\u00cd, D\u2019ALL\u00c0 I D\u2019ACULL\u00c0<\/strong><\/p>\n<p>Contes de tot arreu. A trav\u00e9s de mites, llegendes, paraules, veus i gestos de diferents llocs del m\u00f3n, vull que els petits voltin pel nostre planeta utilitzant -com a \u00faniques eines per al viatge- la fantasia i la imaginaci\u00f3: un gripau s\u2019enamora d\u2019una \u00e0nega, que una guineu construeix per al seu amic, i un nen coneix el secret per fer petons de molts colors. Tot aix\u00f2 mentre, a l\u2019altra banda del mar, altres animals descobreixen\u2026<br \/>\n<em>Dia: Diumenge 17<br \/>\nHora: 12:00hrs<br \/>\nLloc: <a href=\"http:\/\/www.centreshg.net\/taxonera\" target=\"_blank\">C. C. TAXONERA<br \/>\n<\/a><\/em><a href=\"http:\/\/w20.bcn.cat\/Guiamap\/Default.aspx#x=28616.746&amp;y=86219.774&amp;z=5&amp;c=K014K015K001K002K003K011K013K006&amp;w=1057&amp;h=442&amp;p=28616.746,86219.774\" target=\"_blank\">\u00bfC\u00f3mo llegar?<\/a><a href=\"http:\/\/www.centreshg.net\/taxonera\" target=\"_blank\"><\/a><\/p>\n<p><span style=\"color: #ffffff;\">.<\/span><\/p>\n<p><strong>INAUGURACI\u00d3N<br \/>\n<\/strong><\/p>\n<p>La inauguraci\u00f3n  del  Festival se realizar\u00e1 en el Teatre Romea,   el 18 de octubre a las 20:00 hrs., con la presencia de Carles Canut   (Fundaci\u00f3n Romea), Toni Puig (Xarxa de Centres C\u00edvics), y un   representante del Consorci de Biblioteques de Barcelona. Seguidamente,   tomar\u00e1n la palabra (y bien que la usar\u00e1n!) los y las cuentacuentos Ana   Herreros (Madrid), Alekos (Colombia), Arnau Vilardeb\u00f2 (Catalunya),   Joseluis Mellado (Chile), M\u00f3nica Mart\u00ednez Paz (Venezuela), Tim Bowley   (Gran Breta\u00f1a) y Charo Pita (Galicia), Malena Placeres y el grupo Nuts   &amp; C.o (Catalunya).<br \/>\n<em>Dia: Dilluns 18<br \/>\nHora: 20:00hrs<br \/>\nLloc: <\/em><a href=\"http:\/\/www.teatreromea.com\/\" target=\"_blank\">Teatre Romea<\/a><br \/>\n<a href=\"http:\/\/w20.bcn.cat\/Guiamap\/Default.aspx#x=30781.756&amp;y=81539.382&amp;z=5&amp;c=K014K015K001K002K003K011K013K006&amp;w=1057&amp;h=442&amp;p=30781.756,81539.382\" target=\"_blank\">\u00bfC\u00f3mo llegar?<\/a><\/p>\n<p><span style=\"color: #ffffff;\">.<\/span><\/p>\n<p><strong>NO HACE FALTA UN TALLER DE NARRACI\u00d3N ORAL PARA APRENDER A CONTAR CUENTOS<\/strong><\/p>\n<p>M\u00f3nica Mart\u00ednez Paz, con m\u00e1s de diez a\u00f1os de experiencia como narradora oral y docente formadora de cuentacuentos, explicar\u00e1 y demostrar\u00e1 con ejercicios pr\u00e1cticos lo que expone en el t\u00edtulo de su charla\/taller&#8230;<br \/>\n<em>Dia: Dimecres 20<br \/>\nHora: 19:00hrs<br \/>\nLloc: <\/em><a href=\"http:\/\/w3.bcn.es\/XMLServeis\/XMLHomeLinkPl\/0,4022,650916769,00.html\" target=\"_blank\">BIBLIOTECA SANT ANTONI- JOAN OLIVER<\/a><br \/>\n<a href=\"http:\/\/w20.bcn.cat\/Guiamap\/Default.aspx#x=30085.26&amp;y=81194.234&amp;z=5&amp;c=K014K015K001K002K003K011K013K006&amp;w=1057&amp;h=442&amp;p=30085.26,81194.234\" target=\"_blank\">\u00bfC\u00f3mo llegar?<\/a><\/p>\n<p><span style=\"color: #ffffff;\">.<\/span><\/p>\n<p><strong>EL TRUCO DEL CUENTO<\/strong><br \/>\nMercedes Carri\u00f3n &amp; M\u00f3nica Mart\u00ednez Paz<\/p>\n<p>Mercedes Carri\u00f3n, Conta contes i maga, durant anys ha vingut mesclant la m\u00e0gia de les paraules amb aquella altra, la de la vareta m\u00e0gica. Per la seva part, M\u00f3nica Mart\u00ednez Paz s\u2019apropa a la m\u00e0gia des dels contes que descobreixen les veritats, prodigis i misteris dels mags (i les magues). Ambdues m\u00e0gies trenquen la realitat en aquest espectacle, on el gran repte ser\u00e0 endevinar <em>El Truco del Cuento<\/em>\u2026<br \/>\n<em>Dia: Divendres 22<br \/>\nHora: 21:00hrs<br \/>\nLloc: <\/em><a href=\"http:\/\/www.almazen.net\/\" target=\"_blank\">EL ALMAZEN<\/a><br \/>\n<a href=\"http:\/\/w20.bcn.cat\/Guiamap\/Default.aspx#x=30387.38&amp;y=81637.054&amp;z=5&amp;c=K014K015K001K002K003K011K013K006&amp;w=1057&amp;h=442&amp;p=30387.38,81637.054\" target=\"_blank\">\u00bfC\u00f3mo llegar?<\/a><br \/>\n<span style=\"color: #ffffff;\">.<\/span><\/p>\n<p><strong>Mercedes Carri\u00f3n <\/strong>(Per\u00fa)<strong> <\/strong>Contista, maga, actriu dram\u00e0tica,  mim, fun\u00e0mbula, malabarista, directora, guionista. Des del 1975 i durant  35 anys ve recorrent escenaris de mig m\u00f3n.<\/p>\n<p><strong>M\u00f3nica Mart\u00ednez Paz <\/strong>(Vene\u00e7uela). Narradora Oral des de l\u2019any 1998. Llicenciada en Pedagogia per la UB (2005). \u00c9s professora de formaci\u00f3 de conta contes per al Consorci de Biblioteques de Barcelona.<br \/>\n<em> <\/em><\/p>\n<p><span style=\"color: #ffffff;\">.<\/span><\/p>\n<p><a href=\"..\/wp-content\/uploads\/2010\/09\/M%C3%93NICA-MART%C3%8DNEZ-PAZ-3.jpg\"><img decoding=\"async\" loading=\"lazy\" title=\"M\u00d3NICA MART\u00cdNEZ PAZ 3\" src=\"..\/wp-content\/uploads\/2010\/09\/M%C3%93NICA-MART%C3%8DNEZ-PAZ-3-300x199.jpg\" alt=\"\" width=\"328\" height=\"218\" \/><\/a><\/p>\n","protected":false},"excerpt":{"rendered":"<p>http:\/\/www.monicamartinezpaz.com Va n\u00e9ixer a Maracay (Vene\u00e7uela). \u00c9s llicenciada en Pedagogia per la Universitat de Barcelona (2005) i Narradora Oral des del 1998. L\u2019any 2002 integra el grup Un Mundet de Contes. \u00c9s professora del programa de formaci\u00f3 de narradors\/es orals Atrapa la Paraula, per a Biblioteques de Barcelona. Integra el trio de Narraci\u00f3n Oral Juntos [&hellip;]<\/p>\n","protected":false},"author":1,"featured_media":0,"parent":0,"menu_order":0,"comment_status":"open","ping_status":"open","template":"","meta":[],"_links":{"self":[{"href":"http:\/\/muntdemots.org\/2010\/wp-json\/wp\/v2\/pages\/348"}],"collection":[{"href":"http:\/\/muntdemots.org\/2010\/wp-json\/wp\/v2\/pages"}],"about":[{"href":"http:\/\/muntdemots.org\/2010\/wp-json\/wp\/v2\/types\/page"}],"author":[{"embeddable":true,"href":"http:\/\/muntdemots.org\/2010\/wp-json\/wp\/v2\/users\/1"}],"replies":[{"embeddable":true,"href":"http:\/\/muntdemots.org\/2010\/wp-json\/wp\/v2\/comments?post=348"}],"version-history":[{"count":20,"href":"http:\/\/muntdemots.org\/2010\/wp-json\/wp\/v2\/pages\/348\/revisions"}],"predecessor-version":[{"id":1139,"href":"http:\/\/muntdemots.org\/2010\/wp-json\/wp\/v2\/pages\/348\/revisions\/1139"}],"wp:attachment":[{"href":"http:\/\/muntdemots.org\/2010\/wp-json\/wp\/v2\/media?parent=348"}],"curies":[{"name":"wp","href":"https:\/\/api.w.org\/{rel}","templated":true}]}}