{"id":33,"date":"2010-09-03T16:14:22","date_gmt":"2010-09-03T16:14:22","guid":{"rendered":"http:\/\/www.muntdemots.org\/"},"modified":"2010-10-19T10:46:14","modified_gmt":"2010-10-19T10:46:14","slug":"dijous-21-doctubre","status":"publish","type":"page","link":"http:\/\/muntdemots.org\/2010\/dijous-21-doctubre\/","title":{"rendered":"Dijous 21 d&#8217;octubre"},"content":{"rendered":"<p><span style=\"text-decoration: underline;\">18:00hrs<\/span><br \/>\nSESI\u00d3N ADULTOS<br \/>\n<a href=\"\/2010\/nohemi-caballer\" target=\"_blank\"><strong>VOCES DE MUJER<\/strong><\/a><br \/>\nIN\u00c9S MACPHERSON, ISABELA M\u00c9NDEZ, NOHEM\u00cd CABALLER<br \/>\n<a href=\" http:\/\/www.cctorrellobeta.es\" target=\"_blank\"> C. C. TORRE LLOBETA<\/a><br \/>\n<a href=\"http:\/\/w20.bcn.cat\/GuiaHandler\/GuiaHandler.ashx\/Guia.cca?x=31057.262&amp;y=86644.19&amp;z=6&amp;c=&amp;w=1057&amp;h=442&amp;p=31057.262,86644.19\" target=\"_blank\"> <\/a>C\/ Santa Fe, 2 bis<br \/>\n08031 &#8211; Barcelona<br \/>\n93 358 56 14<br \/>\n<a href=\"http:\/\/w20.bcn.cat\/Guiamap\/Default.aspx#x=31057.262&amp;y=86644.19&amp;z=5&amp;c=K014K015K001K002K003K011K013K006&amp;w=1057&amp;h=442&amp;p=31057.262,86644.19\" target=\"_blank\">\u00bfC\u00f3mo llegar?<\/a><\/p>\n<p><span style=\"color: #ffffff;\">.<\/span><\/p>\n<p><span style=\"text-decoration: underline;\">18:00hrs<\/span><br \/>\nSESI\u00d3N INFANTIL<br \/>\n<a href=\"\/2010\/patricia-mac-gill\" target=\"_blank\"><strong>CONTES A LA CASSOLA<\/strong><\/a>, <em>PATRICIA MC GILL<\/em><br \/>\n<a href=\"http:\/\/w3.bcn.es\/XMLServeis\/Asia\/XMLFitxaAsiaCtl\/0,4122,370084977_424430559_2_92086004593,00.html?tipusEnllac=equipament&amp;idFitxa=92086004593&amp;nomesFitxa=true\" target=\"_blank\">SALA DE LECTURA DEL CLOT<\/a><br \/>\nC\/Clot, 21-25<br \/>\n08018 \u2013 Barcelona<br \/>\n932463928<br \/>\n<a href=\"http:\/\/w20.bcn.cat\/Guiamap\/Default.aspx#x=32184.155&amp;y=84437.486&amp;z=5&amp;c=K014K015K001K002K003K011K013K006&amp;w=1057&amp;h=442&amp;p=32184.155,84437.486\" target=\"_blank\">\u00bfC\u00f3mo llegar?<\/a><\/p>\n<p><span style=\"color: #ffffff;\">.<\/span><\/p>\n<p><span style=\"text-decoration: underline;\">18:00hrs<\/span><br \/>\nSESI\u00d3N INFANTIL\u00a0 (2-4)<br \/>\n<a href=\"\/2010\/marina-pallares\" target=\"_blank\"><strong>CONTES A LA M\u00c1<\/strong><\/a>, <em>MARINA PALLAR\u00c8S<\/em><br \/>\n<a href=\" http:\/\/w3.bcn.es\/XMLServeis\/XMLHomeLinkPl\/0,4022,650929368_708500075_1,00.html\" target=\"_blank\"> BIBLIOTECA POBLE NOU MANUEL ARRANZ<\/a><br \/>\nC\/ Joncar, 35<br \/>\nBarcelona<br \/>\n93 485 66 22<br \/>\n<a href=\"http:\/\/w20.bcn.cat\/Guiamap\/Default.aspx#x=33600.705&amp;y=83824.516&amp;z=5&amp;c=K014K015K001K002K003K011K013K006&amp;w=1057&amp;h=442&amp;p=33600.705,83824.516\" target=\"_blank\">\u00bfC\u00f3mo llegar?<\/a><\/p>\n<p><span style=\"color: #ffffff;\">.<\/span><\/p>\n<p><span style=\"text-decoration: underline;\">18:00hrs \u2013 21:00hrs<\/span><br \/>\nEXPOSICI\u00d3N-ESPECT\u00c1CULO FAMILIAR\u00a0 (+12)<br \/>\n<a href=\"\/2010\/alekos-alexis-forrero\/\" target=\"_blank\"><strong>INUTENSILIOS<\/strong><\/a>, <em>ALEKOS<\/em><br \/>\n<a href=\"http:\/\/www.teatrodelossentidos.com\/\" target=\"_blank\">EL POLVOR\u00cdN DE MONTJU\u00cfC<\/a> &#8211; TEATRO DE LOS SENTIDOS<br \/>\nCam\u00ed del Polvor\u00ed s\/n<br \/>\n08038 Barcelona<br \/>\n933 161 111 \/ 678 751 788<br \/>\n<a href=\"http:\/\/www.teatrodelossentidos.com\/eo\/noticiadetall.php?idn=23\" target=\"_blank\"> \u00bfC\u00f3mo llegar?<\/a><\/p>\n<p><span style=\"color: #ffffff;\">.<\/span><\/p>\n<p><span style=\"text-decoration: underline;\">19:00hrs<\/span><br \/>\nSESI\u00d3N ADULTOS<br \/>\n<a href=\"\/2010\/pep-duran\" target=\"_blank\"><strong>TRAGINER DE CONTES<\/strong><\/a>, <em>PEP DUR\u00c1N<\/em><br \/>\n<a href=\"http:\/\/www.diba.es\/francescabonnemaison\" target=\"_blank\"> BIBLIOTECA\u00a0 FRANCESCA BONNEMAISON<\/a><br \/>\nCarrer de Sant Pere M\u00e9s Baix, 7<br \/>\n08003 Barcelona<br \/>\n934 022 762<br \/>\n<a href=\"http:\/\/w20.bcn.cat\/Guiamap\/Default.aspx#x=31216.154&amp;y=82194.319&amp;z=5&amp;c=K014K015K001K002K003K011K013K006&amp;w=1057&amp;h=442&amp;p=31216.154,82194.319\" target=\"_blank\">\u00bfC\u00f3mo llegar?<\/a><\/p>\n<p><span style=\"color: #ffffff;\">.<\/span><\/p>\n<p><span style=\"text-decoration: underline;\"> <\/span><\/p>\n<p><span style=\"text-decoration: underline;\">19:00hrs<\/span><br \/>\nCHARLA\/TALLER<br \/>\n<strong><a href=\"\/2010\/helena-cabo\/\" target=\"_blank\">LA VEU: ESPAI SONOR DEL CONTE<\/a>,<\/strong> <em>HELENA CABO<\/em><br \/>\n<a href=\" http:\/\/w3.bcn.es\/XMLServeis\/XMLHomeLinkPl\/0,4022,650916769,00.html\" target=\"_blank\"> BIBLIOTECA SANT ANTONI- JOAN OLIVER<\/a><br \/>\nComte Borrell, 44-46<br \/>\n08015 Barcelona<br \/>\n933 297 216<br \/>\n<a href=\"http:\/\/w20.bcn.cat\/Guiamap\/Default.aspx#x=30085.26&amp;y=81194.234&amp;z=5&amp;c=K014K015K001K002K003K011K013K006&amp;w=1057&amp;h=442&amp;p=30085.26,81194.234\" target=\"_blank\">\u00bfC\u00f3mo llegar?<\/a><\/p>\n<p><span style=\"color: #ffffff;\">.<\/span><\/p>\n<p><span style=\"text-decoration: underline;\">19:00hrs<\/span><br \/>\nCONFERENCIA<br \/>\n<a href=\"\/2010\/ignasi-Potrony\" target=\"_blank\"><strong>LA CONCEPCI\u00d3 DELS M\u00d3NS A TRAV\u00c9S DEL MITE<\/strong><\/a>, <em>IGNASI POTRONY<\/em><br \/>\n<a href=\"http:\/\/w3.bcn.es\/XMLServeis\/XMLHomeLinkPl\/0,4022,650920084_709536676_1,00.html\" target=\"_blank\">BIBLIOTECA VILA DE GR\u00c0CIA<\/a><br \/>\nTorrent de l&#8217;Olla, 104<br \/>\n08012 &#8211; Barcelona<br \/>\n93 284 77 90<br \/>\n<a href=\"http:\/\/w20.bcn.cat\/Guiamap\/Default.aspx#x=29729.58&amp;y=83871.468&amp;z=5&amp;c=K014K015K001K002K003K011K013K006&amp;w=1057&amp;h=442&amp;p=29729.58,83871.468\" target=\"_blank\">\u00bfC\u00f3mo llegar?<\/a><\/p>\n<p><span style=\"color: #ffffff;\">.<\/span><\/p>\n<p><span style=\"text-decoration: underline;\">19:00hrs<\/span><br \/>\nCHARLA<br \/>\n<a href=\"\/2010\/encuentro-con-programadores-de-catalunya\" target=\"_blank\"><strong>ENCUENTRO CON\u2026<\/strong> <em>PROGRAMADORES DE CUENTACUENTOS<\/em><\/a><br \/>\n<a href=\"http:\/\/www.bcn.cat\/centrecivicpatillimona\" target=\"_blank\">C. C. PATI LL\u00cdMONA<\/a><a href=\"www.bcn.cat\/centrecivicpatillimona\" target=\"_blank\"><br \/>\n<\/a><a href=\"http:\/\/w20.bcn.cat\/Guiamap\/Default.aspx#x=31446.088&amp;y=81641.358&amp;z=5&amp;c=K014K015K001K002K003K011K013K006&amp;w=1057&amp;h=442&amp;p=31446.088,81641.358\" target=\"_blank\"> <\/a>C\/ Regomir 3<br \/>\n08002 \u2013 Barcelona<br \/>\n932684700<a href=\"http:\/\/www.bcn.cat\/centrecivicpatillimona\"><br \/>\n<\/a> <a href=\"http:\/\/w20.bcn.cat\/Guiamap\/Default.aspx#x=31446.088&amp;y=81641.358&amp;z=5&amp;c=K014K015K001K002K003K011K013K006&amp;w=1057&amp;h=442&amp;p=31446.088,81641.358\" target=\"_blank\">\u00bfC\u00f3mo llegar?<\/a><a href=\"www.bcn.cat\/centrecivicpatillimona\" target=\"_blank\"> <\/a><\/p>\n<p><span style=\"color: #ffffff;\">.<\/span><\/p>\n<p><span style=\"text-decoration: underline;\">20:00hrs<br \/>\n<\/span><span style=\"color: #ff0000;\"><strong>Canvi d\u2019\u00faltim moment. En  lloc d\u2019actuar Domingo Chinchilla podreu gaudir de les fant\u00e0stiques  <a href=\"\/2010\/susana-tornero\/\" target=\"_blank\">Susana Tornero<\/a> i <a href=\"\/2010\/patricia-macgill\" target=\"_blank\">Patricia McGill<\/a> amb el seu espectacle ENS ANEM DE  CONTES. <\/strong><\/span><br \/>\nSESI\u00d3N ADULTOS<br \/>\n<a href=\"\/2010\/domingo-chinchilla\" target=\"_blank\"><strong>HIST\u00d2RIES QUE CONTEN<\/strong><\/a>, <em>DOMINGO CHINCHILLA<\/em><br \/>\n<a href=\"http:\/\/www.racomultimedia.net\/\" target=\"_blank\">C. C. GUINARD\u00d3 \u2013 EL RACONET<\/a><br \/>\nRda Guinardo, 113<br \/>\n08041 \u2013 Barcelona<br \/>\n93 450 39 87<a href=\"http:\/\/www.racomultimedia.net\/\" target=\"_blank\"><br \/>\n<\/a><a href=\"http:\/\/w20.bcn.cat\/Guiamap\/Default.aspx#x=31008.099&amp;y=85478.573&amp;z=5&amp;c=K014K015K001K002K003K011K013K006&amp;w=1057&amp;h=442&amp;p=31008.099,85478.573\" target=\"_blank\">\u00bfC\u00f3mo llegar?<\/a><a href=\"http:\/\/www.racomultimedia.net\/\" target=\"_blank\"><br \/>\n<\/a><a href=\"http:\/\/www.racomultimedia.net\/\" target=\"_blank\"> <\/a><\/p>\n<p><span style=\"color: #ffffff;\">.<\/span><\/p>\n<p><span style=\"text-decoration: underline;\">20:00hrs<\/span><br \/>\nSESI\u00d3N FAMILIAR<br \/>\n<a href=\"\/2010\/narrin-narran\" target=\"_blank\"><strong>CONTES DE MISTERI I TERROR<\/strong><\/a>, <em>NARR\u00cdN NARR\u00c1N<\/em><br \/>\n<a href=\"http:\/\/w3.bcn.es\/XMLServeis\/Asia\/XMLFitxaAsiaCtl\/0,4122,370084977_424430559_2_99400201447,00.html?tipusEnllac=equipament&amp;idFitxa=99400201447&amp;nomesFitxa=true\" target=\"_blank\"> ESPAI ANTONI MIR\u00d3 PERIS<\/a><br \/>\nPl Carme Monturiol, 10<br \/>\n08026 &#8211; Barcelona<br \/>\n934507013<br \/>\n<a href=\"http:\/\/w20.bcn.cat\/Guiamap\/Default.aspx#x=31942.052&amp;y=85115.403&amp;z=5&amp;c=K014K015K001K002K003K011K013K006&amp;w=1057&amp;h=442&amp;p=31942.052,85115.403\" target=\"_blank\">\u00bfC\u00f3mo llegar?<\/a><\/p>\n<p><span style=\"color: #ffffff;\">.<\/span><\/p>\n<p><span style=\"text-decoration: underline;\">20:00hrs<\/span><br \/>\nSESI\u00d3N ADULTOS<br \/>\n<a href=\"\/2010\/carolina-ortiz\" target=\"_blank\"><strong>CUENTA LO QUE SE CUENTA<\/strong><\/a>, <em>CAROLINA ORTIZ<\/em><br \/>\n<a href=\"http:\/\/www.santosochoa.es\" target=\"_blank\">LIBRER\u00cdA SANTOS OCHOA<\/a><br \/>\n<a href=\"http:\/\/w20.bcn.cat\/Guiamap\/Default.aspx#x=31455.899&amp;y=87037.379&amp;z=5&amp;c=K014K015K001K002K003K011K013K006&amp;w=1057&amp;h=442&amp;p=31455.899,87037.379\" target=\"_blank\"> <\/a>Pg. Fabra i Puig 165<br \/>\nBarcelona<br \/>\n<a href=\"http:\/\/w20.bcn.cat\/Guiamap\/Default.aspx#x=31455.899&amp;y=87037.379&amp;z=5&amp;c=K014K015K001K002K003K011K013K006&amp;w=1057&amp;h=442&amp;p=31455.899,87037.379\" target=\"_blank\">\u00bfC\u00f3mo llegar?<\/a><\/p>\n<p><span style=\"color: #ffffff;\">.<\/span><\/p>\n<p><span style=\"text-decoration: underline;\">20:30hrs<\/span><br \/>\nSESI\u00d3N ADULTOS<br \/>\n<a href=\"\/2010\/ana-cristina-herreros\/\" target=\"_blank\"><strong>NARRADORAS DE LA NOCHE<\/strong><\/a>, <em>ANA CRISTINA HERREROS<\/em><br \/>\n<a href=\" http:\/\/w3.bcn.es\/XMLServeis\/XMLHomeLinkPl\/0,4022,339754497,00.html\" target=\"_blank\"> C. C. VIL.LA FLORIDA<\/a><br \/>\nMuntaner, 544<br \/>\n08022 Barcelona<br \/>\n932546265<br \/>\n<a href=\"http:\/\/w20.bcn.cat\/Guiamap\/Default.aspx#x=27817.752&amp;y=84319.658&amp;z=5&amp;c=K014K015K001K002K003K011K013K006&amp;w=1057&amp;h=442&amp;p=27817.752,84319.658\" target=\"_blank\">\u00bfC\u00f3mo llegar?<\/a><\/p>\n<p><span style=\"color: #ffffff;\">.<\/span><\/p>\n<p><span style=\"text-decoration: underline;\">21:00hrs<\/span><br \/>\nSESI\u00d3N ADULTOS<strong><br \/>\n<a href=\"\/2010\/ines-macpherson\" target=\"_blank\">DULCES SUE\u00d1OS&#8230; A VECES<\/a><\/strong><strong>,<\/strong> <em>IN\u00c9S MACPHERSON<\/em><br \/>\n<a href=\"http:\/\/lastrolabi.blogspot.com\/\" target=\"_blank\">L\u2019ASTROLABI<\/a><span style=\"text-decoration: underline;\"><br \/>\n<\/span>CARRER MART\u00cdNEZ DE LA ROSA, 14<br \/>\nBARCELONA<br \/>\n<a href=\"http:\/\/w20.bcn.cat\/Guiamap\/Default.aspx#x=29853.503&amp;y=83631.433&amp;z=5&amp;c=K014K015K001K002K003K011K013K006&amp;w=1057&amp;h=442&amp;p=29853.503,83631.433\" target=\"_blank\">\u00bfC\u00f3mo llegar?<\/a><\/p>\n<p><span style=\"color: #ffffff;\">.<\/span><\/p>\n<p><span style=\"text-decoration: underline;\">21:00hrs<\/span><br \/>\nSESI\u00d3N ADULTOS<br \/>\n<a href=\"\/2010\/cuentodos\/\" target=\"_blank\"><strong>CUENTODOS<\/strong><\/a>,\u00a0 PARTICIPACI\u00d3N ABIERTA<br \/>\n<a href=\"http:\/\/www.bcn.cat\/centrecivicpatillimona\" target=\"_blank\">C. C. PATI LL\u00cdMONA<br \/>\n<\/a><a href=\"http:\/\/w20.bcn.cat\/Guiamap\/Default.aspx#x=31446.088&amp;y=81641.358&amp;z=5&amp;c=K014K015K001K002K003K011K013K006&amp;w=1057&amp;h=442&amp;p=31446.088,81641.358\" target=\"_blank\"> <\/a>C\/ Regomir 3<br \/>\n08002 \u2013 Barcelona<br \/>\n932684700<a href=\"http:\/\/www.bcn.cat\/centrecivicpatillimona\"><br \/>\n<\/a> <a href=\"http:\/\/w20.bcn.cat\/Guiamap\/Default.aspx#x=31446.088&amp;y=81641.358&amp;z=5&amp;c=K014K015K001K002K003K011K013K006&amp;w=1057&amp;h=442&amp;p=31446.088,81641.358\" target=\"_blank\">\u00bfC\u00f3mo llegar?<\/a><a href=\"www.bcn.cat\/centrecivicpatillimona\" target=\"_blank\"> <\/a><\/p>\n<p><span style=\"color: #ffffff;\">.<\/span><\/p>\n<p><span style=\"text-decoration: underline;\">22:15hrs<\/span><br \/>\nSESI\u00d3N ADULTOS<br \/>\n<strong><a href=\"..\/alicia-molina\" target=\"_blank\">UNIVERSOS CONC\u00c8NTRICS<\/a>, <\/strong><em>ALICIA MOLINA<\/em><br \/>\n<a href=\"http:\/\/www.myspace.com\/barmacondo\" target=\"_blank\">MACONDO BAR<\/a><br \/>\nC\/Conca, 21<br \/>\n08026 &#8211; Barcelona<br \/>\n<a href=\"http:\/\/w20.bcn.cat\/Guiamap\/Default.aspx#x=31563.246&amp;y=85197.07&amp;z=5&amp;c=K014K015K001K002K003K011K013K006&amp;w=1057&amp;h=442&amp;p=31563.246,85197.07\" target=\"_blank\">\u00bfC\u00f3mo llegar?<\/a><\/p>\n","protected":false},"excerpt":{"rendered":"<p>18:00hrs SESI\u00d3N ADULTOS VOCES DE MUJER IN\u00c9S MACPHERSON, ISABELA M\u00c9NDEZ, NOHEM\u00cd CABALLER C. C. TORRE LLOBETA C\/ Santa Fe, 2 bis 08031 &#8211; Barcelona 93 358 56 14 \u00bfC\u00f3mo llegar? . 18:00hrs SESI\u00d3N INFANTIL CONTES A LA CASSOLA, PATRICIA MC GILL SALA DE LECTURA DEL CLOT C\/Clot, 21-25 08018 \u2013 Barcelona 932463928 \u00bfC\u00f3mo llegar? . [&hellip;]<\/p>\n","protected":false},"author":1,"featured_media":0,"parent":0,"menu_order":0,"comment_status":"open","ping_status":"open","template":"","meta":[],"_links":{"self":[{"href":"http:\/\/muntdemots.org\/2010\/wp-json\/wp\/v2\/pages\/33"}],"collection":[{"href":"http:\/\/muntdemots.org\/2010\/wp-json\/wp\/v2\/pages"}],"about":[{"href":"http:\/\/muntdemots.org\/2010\/wp-json\/wp\/v2\/types\/page"}],"author":[{"embeddable":true,"href":"http:\/\/muntdemots.org\/2010\/wp-json\/wp\/v2\/users\/1"}],"replies":[{"embeddable":true,"href":"http:\/\/muntdemots.org\/2010\/wp-json\/wp\/v2\/comments?post=33"}],"version-history":[{"count":44,"href":"http:\/\/muntdemots.org\/2010\/wp-json\/wp\/v2\/pages\/33\/revisions"}],"predecessor-version":[{"id":45,"href":"http:\/\/muntdemots.org\/2010\/wp-json\/wp\/v2\/pages\/33\/revisions\/45"}],"wp:attachment":[{"href":"http:\/\/muntdemots.org\/2010\/wp-json\/wp\/v2\/media?parent=33"}],"curies":[{"name":"wp","href":"https:\/\/api.w.org\/{rel}","templated":true}]}}