{"id":315,"date":"2010-09-06T16:32:24","date_gmt":"2010-09-06T16:32:24","guid":{"rendered":"http:\/\/www.muntdemots.org\/"},"modified":"2010-09-27T23:22:52","modified_gmt":"2010-09-27T23:22:52","slug":"isabela-mendez","status":"publish","type":"page","link":"http:\/\/muntdemots.org\/2010\/isabela-mendez\/","title":{"rendered":"Isabela M\u00e9ndez"},"content":{"rendered":"<p><a href=\"http:\/\/www.isabelamendez.com\">http:\/\/www.isabelamendez.com<\/a><\/p>\n<p>Narradora oral, actriu i cantant. Als Estats Units, va pert\u00e0nyer als grups Water People, Actors of the World i S.E.A. Amb aquest \u00faltim va protagonitzar el musical ROMANCE, guardonat com a Millor Musical amb el premi HOLA de Nova York (2001). Actualment resideix a Barcelona i es dedica a la narraci\u00f3 esc\u00e8nica de contes propis i d\u2019altres autores, amb els que ha recorregut gran part de la pen\u00ednsula ib\u00e8rica.<\/p>\n<p><span style=\"color: #ffffff;\">.<\/span><\/p>\n<p><strong>HISTORIAS SIN FRONTERAS<br \/>\nCOLOMBIA Y VENEZUELA<\/strong><strong><br \/>\n<\/strong>Isabela M\u00e9ndez i Alekos<\/p>\n<p>Sabies que la l\u00ednia que tra\u00e7a la frontera entre els nostres pa\u00efsos no \u00e9s m\u00e9s que un fil llarg i resistent?<br \/>\nAmb tant de fil hem teixit un \u201c<em>bon grapat<\/em> <em>d\u2019hist\u00f2ries\u201d<\/em> i cants. T\u2019hi esperem per a poder-les brodar.<br \/>\n<em>Dia: Dissabte 16<br \/>\nHora: 20:30hrs<br \/>\nLloc: <\/em><a href=\"http:\/\/www.harlemjazzclub.es\/\" target=\"_blank\">HARLEM JAZZ CLUB<\/a><a href=\"http:\/\/www.centreshg.net\/taxonera\" target=\"_blank\"><br \/>\n<\/a><a href=\"http:\/\/w20.bcn.cat\/Guiamap\/Default.aspx#x=31396.225&amp;y=81598.878&amp;z=5&amp;c=K014K015K001K002K003K011K013K006&amp;w=1057&amp;h=442&amp;p=31396.225,81598.878\" target=\"_blank\">\u00bfC\u00f3mo llegar?<\/a><\/p>\n<p><span style=\"color: #ffffff;\">.<\/span><\/p>\n<p><strong>VOCES DE MUJER<\/strong><br \/>\n<em>In\u00e9s Macpherson, Isabela M\u00e9ndez i Noem\u00ed Caballer<\/em><\/p>\n<p>Es tracta d\u2019una sessi\u00f3 de contes en la qual tres joves creadores, en la seva doble condici\u00f3 d\u2019autores i de conta contes, narraran de viva veu alguns dels seus escrits, poemes i relats. In\u00e9s Macpherson, Isabela M\u00e9ndez i Noem\u00ed Caballer ens oferiran aquest inusual privilegi. Una nit per a deixar-se endur all\u00e0 on ens vulguin portar aquestes <em>Veus de Dones<\/em>\u2026<br \/>\n<em>Dia: Dijous 21<br \/>\nHora: 18:00hrs<br \/>\nLloc: <\/em><a href=\"http:\/\/www.cctorrellobeta.es\/\" target=\"_blank\">C. C. TORRE LLOBETA<\/a><a href=\"http:\/\/www.centreshg.net\/taxonera\" target=\"_blank\"><br \/>\n<\/a><a href=\"http:\/\/w20.bcn.cat\/Guiamap\/Default.aspx#x=31057.262&amp;y=86644.19&amp;z=5&amp;c=K014K015K001K002K003K011K013K006&amp;w=1057&amp;h=442&amp;p=31057.262,86644.19\" target=\"_blank\">\u00bfC\u00f3mo llegar?<\/a><\/p>\n<p><span style=\"color: #ffffff;\">.<\/span><\/p>\n<p><strong>In\u00e9s Macpherson<\/strong> (Catalunya). Escriptora i llicenciada en Filosofia. Conta contes des de l\u2019any 2002 i narra cada mes a l\u2019Astrolabi des del 2003.<\/p>\n<p><strong>Isabela M\u00e9ndez<\/strong> (Vene\u00e7uela). Escriptora, actriu, cantant. Narradora oral des de l\u2019any 2006. Va estudiar teatre a Caracas i a Nova York.<\/p>\n<p><strong>Noem\u00ed Caballer<\/strong> (Catalunya) Escriptora i bibliotec\u00e0ria, narra des de l\u2019any 1994. Ha participat en festivals d\u2019Argentina, Portugal i M\u00e8xic.<\/p>\n<p><span style=\"color: #ffffff;\">.<\/span><\/p>\n<p><strong>INAUGURACI\u00d3N<br \/>\n<\/strong><\/p>\n<p>La inauguraci\u00f3n\u00a0 del\u00a0 Festival se realizar\u00e1 en el Teatre Romea,   el  18 de octubre a las 20:00 hrs., con la presencia de Carles Canut    (Fundaci\u00f3n Romea), Toni Puig (Xarxa de Centres C\u00edvics), y un    representante del Consorci de Biblioteques de Barcelona. Seguidamente,    tomar\u00e1n la palabra (y bien que la usar\u00e1n!) los y las cuentacuentos Ana    Herreros (Madrid), Alekos (Colombia), Arnau Vilardeb\u00f2 (Catalunya),    Joseluis Mellado (Chile), M\u00f3nica Mart\u00ednez Paz (Venezuela), Tim Bowley    (Gran Breta\u00f1a) y Charo Pita (Galicia), Malena Placeres y el grupo Nuts    &amp; C.o\u00a0(Catalunya).<br \/>\n<em>Dia: Dilluns 18<br \/>\nHora: 20:00hrs<br \/>\nLloc: <\/em><a href=\"http:\/\/www.teatreromea.com\/\" target=\"_blank\">TEATRE ROMEA<\/a><br \/>\n<a href=\"http:\/\/w20.bcn.cat\/Guiamap\/Default.aspx#x=30781.756&amp;y=81539.382&amp;z=5&amp;c=K014K015K001K002K003K011K013K006&amp;w=1057&amp;h=442&amp;p=30781.756,81539.382\" target=\"_blank\">\u00bfC\u00f3mo llegar?<\/a><\/p>\n<p><span style=\"color: #ffffff;\">.<\/span><\/p>\n<p><a href=\"\/2010\/wp-content\/uploads\/2010\/09\/Isabela.jpg\"><img decoding=\"async\" loading=\"lazy\" class=\"alignnone size-medium wp-image-316\" title=\"Isabela\" src=\"\/2010\/wp-content\/uploads\/2010\/09\/Isabela-300x214.jpg\" alt=\"\" width=\"300\" height=\"214\" srcset=\"https:\/\/muntdemots.org\/2010\/wp-content\/uploads\/2010\/09\/Isabela-300x214.jpg 300w, https:\/\/muntdemots.org\/2010\/wp-content\/uploads\/2010\/09\/Isabela.jpg 320w\" sizes=\"(max-width: 300px) 100vw, 300px\" \/><\/a><\/p>\n","protected":false},"excerpt":{"rendered":"<p>http:\/\/www.isabelamendez.com Narradora oral, actriu i cantant. Als Estats Units, va pert\u00e0nyer als grups Water People, Actors of the World i S.E.A. Amb aquest \u00faltim va protagonitzar el musical ROMANCE, guardonat com a Millor Musical amb el premi HOLA de Nova York (2001). Actualment resideix a Barcelona i es dedica a la narraci\u00f3 esc\u00e8nica de contes [&hellip;]<\/p>\n","protected":false},"author":1,"featured_media":0,"parent":0,"menu_order":0,"comment_status":"open","ping_status":"open","template":"","meta":[],"_links":{"self":[{"href":"http:\/\/muntdemots.org\/2010\/wp-json\/wp\/v2\/pages\/315"}],"collection":[{"href":"http:\/\/muntdemots.org\/2010\/wp-json\/wp\/v2\/pages"}],"about":[{"href":"http:\/\/muntdemots.org\/2010\/wp-json\/wp\/v2\/types\/page"}],"author":[{"embeddable":true,"href":"http:\/\/muntdemots.org\/2010\/wp-json\/wp\/v2\/users\/1"}],"replies":[{"embeddable":true,"href":"http:\/\/muntdemots.org\/2010\/wp-json\/wp\/v2\/comments?post=315"}],"version-history":[{"count":16,"href":"http:\/\/muntdemots.org\/2010\/wp-json\/wp\/v2\/pages\/315\/revisions"}],"predecessor-version":[{"id":1120,"href":"http:\/\/muntdemots.org\/2010\/wp-json\/wp\/v2\/pages\/315\/revisions\/1120"}],"wp:attachment":[{"href":"http:\/\/muntdemots.org\/2010\/wp-json\/wp\/v2\/media?parent=315"}],"curies":[{"name":"wp","href":"https:\/\/api.w.org\/{rel}","templated":true}]}}