{"id":304,"date":"2010-09-06T16:28:49","date_gmt":"2010-09-06T16:28:49","guid":{"rendered":"http:\/\/www.muntdemots.org\/"},"modified":"2010-09-25T15:01:06","modified_gmt":"2010-09-25T15:01:06","slug":"fanny-fuguet","status":"publish","type":"page","link":"http:\/\/muntdemots.org\/2010\/fanny-fuguet\/","title":{"rendered":"Fanny Fuguet"},"content":{"rendered":"<p><a href=\"http:\/\/fannyfuguet.net\">http:\/\/fannyfuguet.net<\/a><\/p>\n<p>(Vene\u00e7uela). Cantautora i poeta vene\u00e7olana. Docent des de 1978, ha exercit com a directora i coordinadora de Pre-escolar. Ha recorregut les principals sales i teatres del seu pa\u00eds. El 1997 va realitzar una gira per tota Espanya. El 1998 es va editar el seu disc per al p\u00fablic infantil <em>JUGUE\u2026 CONTE\u2026 CANTEMOS, <\/em>reeditat l\u2019any 2000 acompanyat d\u2019un can\u00e7oner.<\/p>\n<p><span style=\"color: #ffffff;\">.<\/span><\/p>\n<p><strong>JUGUE\u2026 CONTE\u2026 CANTEMOS<br \/>\n<\/strong><\/p>\n<p>\u00c9s un anar i venir: des d\u2019una can\u00e7\u00f3 a un conte que es transforma en endevinalla i en joc, i aix\u00ed successivament. Caldr\u00e0 la permanent participaci\u00f3 del p\u00fablic (infantil i adult!) cantant, endevinant, jugant i completant hist\u00f2ries. Fanny s\u2019acompanya d\u2019una guitarra i del seu <em>cuatro<\/em> vene\u00e7ol\u00e0, instrument t\u00edpic del seu pa\u00eds.<br \/>\n<em>Dia: Diumenge 17<br \/>\nHora: 12:00hrs<br \/>\nLloc: <\/em><a href=\"http:\/\/www.bcn.cat\/cclescorts\" target=\"_blank\">C. C. LES CORTS \u2013 \u00a0AUSPICIA: CONSEJO DE IGUALDAD DE LA MUJER<\/a><a href=\"http:\/\/www.centreshg.net\/taxonera\" target=\"_blank\"><br \/>\n<\/a><a href=\"http:\/\/w20.bcn.cat\/Guiamap\/Default.aspx#x=27198.875&amp;y=82062.49&amp;z=5&amp;c=K014K015K001K002K003K011K013K006&amp;w=1057&amp;h=458&amp;p=27198.875,82062.49\" target=\"_blank\">\u00bfC\u00f3mo llegar?<\/a><\/p>\n<p>Patrocina el Consejo de Igualdad de la Mujer<\/p>\n<p><span style=\"color: #ffffff;\">.<\/span><\/p>\n<p><a href=\"..\/wp-content\/uploads\/2010\/09\/DONES-DE-LES-CORTS1.jpg\"><img decoding=\"async\" loading=\"lazy\" class=\"alignnone size-thumbnail wp-image-952\" title=\"DONES DE LES CORTS\" src=\"..\/wp-content\/uploads\/2010\/09\/DONES-DE-LES-CORTS1-150x150.jpg\" alt=\"\" width=\"85\" height=\"85\" \/><\/a><\/p>\n<p><em><a href=\"\/2010\/wp-content\/uploads\/2010\/09\/FANNU-FUGUET-1.jpg\"><img decoding=\"async\" loading=\"lazy\" class=\"alignnone size-full wp-image-305\" title=\"FANNU FUGUET 1\" src=\"\/2010\/wp-content\/uploads\/2010\/09\/FANNU-FUGUET-1.jpg\" alt=\"\" width=\"150\" height=\"221\" \/><\/a><br \/>\n<\/em><\/p>\n","protected":false},"excerpt":{"rendered":"<p>http:\/\/fannyfuguet.net (Vene\u00e7uela). Cantautora i poeta vene\u00e7olana. Docent des de 1978, ha exercit com a directora i coordinadora de Pre-escolar. Ha recorregut les principals sales i teatres del seu pa\u00eds. El 1997 va realitzar una gira per tota Espanya. El 1998 es va editar el seu disc per al p\u00fablic infantil JUGUE\u2026 CONTE\u2026 CANTEMOS, reeditat l\u2019any [&hellip;]<\/p>\n","protected":false},"author":1,"featured_media":0,"parent":0,"menu_order":0,"comment_status":"open","ping_status":"open","template":"","meta":[],"_links":{"self":[{"href":"http:\/\/muntdemots.org\/2010\/wp-json\/wp\/v2\/pages\/304"}],"collection":[{"href":"http:\/\/muntdemots.org\/2010\/wp-json\/wp\/v2\/pages"}],"about":[{"href":"http:\/\/muntdemots.org\/2010\/wp-json\/wp\/v2\/types\/page"}],"author":[{"embeddable":true,"href":"http:\/\/muntdemots.org\/2010\/wp-json\/wp\/v2\/users\/1"}],"replies":[{"embeddable":true,"href":"http:\/\/muntdemots.org\/2010\/wp-json\/wp\/v2\/comments?post=304"}],"version-history":[{"count":9,"href":"http:\/\/muntdemots.org\/2010\/wp-json\/wp\/v2\/pages\/304\/revisions"}],"predecessor-version":[{"id":1474,"href":"http:\/\/muntdemots.org\/2010\/wp-json\/wp\/v2\/pages\/304\/revisions\/1474"}],"wp:attachment":[{"href":"http:\/\/muntdemots.org\/2010\/wp-json\/wp\/v2\/media?parent=304"}],"curies":[{"name":"wp","href":"https:\/\/api.w.org\/{rel}","templated":true}]}}