{"id":2948,"date":"2011-02-01T17:35:05","date_gmt":"2011-02-01T17:35:05","guid":{"rendered":"http:\/\/www.muntdemots.org\/"},"modified":"2011-02-23T22:51:03","modified_gmt":"2011-02-23T22:51:03","slug":"premsa","status":"publish","type":"page","link":"http:\/\/muntdemots.org\/2010\/premsa\/","title":{"rendered":"PREMSA"},"content":{"rendered":"<p><span style=\"color: #ffffff;\">.<\/span><\/p>\n<p><strong><span style=\"color: #993300;\">EL FESTIVAL A LES ENTITATS<\/span><\/strong><\/p>\n<ul>\n<li><a href=\"http:\/\/w3.bcn.es\/V01\/Serveis\/Noticies\/V01NoticiesLlistatNoticiesCtl\/0,2138,1653_35144087_1_1367754313,00.html?accio=detall&amp;home=HomeBCN&amp;nomtipusMCM=Noticia\" target=\"_blank\">Ajuntament de Barcelona<\/a><\/li>\n<li><a href=\"http:\/\/w3.bcn.es\/V01\/Serveis\/AgendaRecomanada\/V01AgendaRecomanadaIniciCtl\/0,2169,121995261_122000210_2_1368403848_2,00.html?accio=detall&amp;pagina=2 \" target=\"_blank\">Portal Web de Joventut<\/a><\/li>\n<li><a href=\"http:\/\/w110.bcn.cat\/portal\/site\/CiutatVella\/menuitem.f5458d2803b0f2d826062606a2ef8a0c\/?vgnextoid=a6b6844c85aab210VgnVCM10000074fea8c0RCRD&amp;vgnextfmt=formatDetall&amp;lang=es_ES \" target=\"_blank\">Web Districte de Ciutat Vella<\/a><\/li>\n<li><a href=\"http:\/\/w110.bcn.cat\/portal\/site\/Horta-Guinardo\/menuitem.11688e167cfa971dfc93fc93a2ef8a0c\/?vgnextoid=9fb4e0dcffdcb210VgnVCM10000074fea8c0RCRD&amp;vgnextfmt=formatDetall&amp;lang=ca_ES http:\/\/w110.bcn.cat\/portal\/site\/Horta-Guinardo\/menuitem.11688e167cfa971dfc93fc93a2ef8a0c\/?vgnextoid=77284bcd70ecb210VgnVCM10000074fea8c0RCRD&amp;vgnextfmt=formatDetall&amp;lang=es_ES \" target=\"_blank\">Web Districte Horta-Guinard\u00f3<\/a><\/li>\n<li><a href=\"http:\/\/www.almazen.net\/taller_timbowley_oct10.htm\" target=\"_blank\">Almazen<\/a><\/li>\n<li><a href=\"http:\/\/www.anincat.org\/main.htm\" target=\"_blank\">ANIN<\/a><\/li>\n<li><a href=\"http:\/\/www.cotxeresborrell.net\/\" target=\"_blank\">Centre C\u00edvic Cotxeres Borrell<\/a><\/li>\n<li><a href=\"http:\/\/www.raconet.cat\/projectes\/munt-de-mots\/\" target=\"_blank\">Centre C\u00edvic Guinard\u00f3<\/a><\/li>\n<li><a href=\"http:\/\/www.bcn.cat\/centrecivicpatillimona\/castellano\/altres_activitats.html\" target=\"_blank\">Centre C\u00edvic Pati Llimona<\/a><\/li>\n<li><a href=\"http:\/\/espaiperepruna.org\/html\/index.php?name=News&amp;file=article&amp;sid=145&amp;theme=Printer\" target=\"_blank\">Centre C\u00edvic Pere Pruna<\/a><\/li>\n<li><a href=\"http:\/\/www.cuentacuentos.eu.\/festivales\/festcalendario\/EspanaBarcelonaMuntdeMots.htm\" target=\"_blank\">Centre C\u00edvic Ton i Guida<\/a><\/li>\n<li><a href=\"http:\/\/issuu.com\/butlletinoubarris\/docs\/9b_activitats_set-oct_5\" target=\"_blank\">Centre C\u00edvic Torre Llobeta<\/a><\/li>\n<li><a href=\"http:\/\/w3.bcn.es\/XMLServeis\/Asia\/XMLFitxaAsiaCtl\/0,4122,339754497_917215542_1_99400251707,00.html?tipusEnllac=agenda&amp;idFitxa=99400251707&amp;nomesFitxa=true&amp;llistaCanal=NO\" target=\"_blank\">Centre C\u00edvic Vila Florida<\/a><\/li>\n<li><a href=\"http:\/\/www.bcn.cat\/biblioteques\/\" target=\"_blank\">Consorci de Biblioteques de Barcelona<\/a><\/li>\n<li><a href=\"http:\/\/elpolvorin.over-blog.es\/article-pueblos-en-armonia-museu-etnologic-de-barcelona-57677308.html\" target=\"_blank\">El Polvor\u00edn<\/a><\/li>\n<li><a href=\"http:\/\/www.fundacioromea.com\/index.php?page=activitats&amp;id=202\" target=\"_blank\">Fundaci\u00f3 Romea<\/a><\/li>\n<li><a href=\"http:\/\/www.grupfocus.cat\/e\/press\/news.aspx?Idn=265\" target=\"_blank\">Grup Focus<\/a><\/li>\n<li><a href=\"http:\/\/www.farinera.org\/agenda.aspx\" target=\"_blank\">La Farinera<\/a><\/li>\n<li><a href=\"http:\/\/www.fasamcat.org\/es\/actividades\/actividad.php?id=117&amp;a=1\" target=\"_blank\">FASAMCAT. Federaci\u00f3n de Asociaciones Americanas en Catalunya<\/a><\/li>\n<li><a href=\"http:\/\/blocs.gencat.cat\/blocs\/AppPHP\/informatiumuseus\/files\/2010\/09\/museu-de-la-musicaoct-des-10.pdf\" target=\"_blank\">Museu de la M\u00fasica<\/a><\/li>\n<li><a href=\"http:\/\/w3.bcn.es\/V01\/Serveis\/Noticies\/V01NoticiesLlistatNoticiesCtl\/0,2138,417470534_417706745_1_1345699551,00.html?accio=detall&amp;home\" target=\"_blank\">Museu Picasso de Barcelona<\/a><\/li>\n<li><a href=\"http:\/\/www.naocat.org\/\" target=\"_blank\">Naocat<\/a><\/li>\n<li><a href=\"http:\/\/osmandros.blogspot.com\/\" target=\"_blank\">\u00d3s Mandr\u00f3s<\/a><\/li>\n<li><a href=\"http:\/\/www.cuentacuentos.eu.\/festivales\/festcalendario\/EspanaBarcelonaMuntdeMots.htm\" target=\"_blank\">Red Internacional de Cuentacuentos<\/a><\/li>\n<li><a href=\"http:\/\/salalecturaclot.blogspot.com\/2010\/10\/munt-de-mots.html\" target=\"_blank\">Sala de Lectura del Clot<\/a><\/li>\n<li><a href=\"http:\/\/www.teatrodelossentidos.com\/eo\/noticiadetall.php?idn=30&amp;idioma=EN_EN\" target=\"_blank\">Teatro de los Sentidos<\/a><\/li>\n<li><a href=\"http:\/\/www.thuleediciones.com\/noticias\/r=74\" target=\"_blank\">Thule Ediciones<\/a><\/li>\n<\/ul>\n<p><span style=\"color: #ffffff;\">.<\/span><\/p>\n<p><strong><span style=\"color: #993300;\">ALTRES<\/span><\/strong><\/p>\n<ul>\n<li><a href=\"http:\/\/www.adn.es\/local\/lleida\/20100916\/NWS-0635-Fundacion-Escenicas-Montilla-Artes-Romea.html\" target=\"_blank\">ADN. Es \/ Lleida<\/a><\/li>\n<li><a href=\"http:\/\/www.afinidades.org\/2343\" target=\"_blank\">Afinidades electivas<\/a><\/li>\n<li><a href=\"http:\/\/blogs.umh.es\/antropologia\/2010\/10\/02\/museo-etnologico-de-barcelona-programacion-octubre-diciembre-de-2010\/\" target=\"_blank\">Antropolog\u00eda. Blog UMH (Universidad Miguel Hern\u00e1ndez<\/a><\/li>\n<li><a href=\"http:\/\/www.artezblai.com\/artezblai\/munt-de-mots-nuevo-festival-de-narracion-oral-en-barcelona.html\" target=\"_blank\">ARTEZ. Revista de las Artes Esc\u00e9nicas<\/a><\/li>\n<li><a href=\"http:\/\/acic-cat.blogspot.com\/2010_10_01_archive.html\" target=\"_blank\">Associaci\u00f3 Catalana per a la Integraci\u00f3 del Cec<\/a><\/li>\n<li><a href=\"http:\/\/amesparreguera.blogspot.com\/2010\/09\/munt-de-mots.html\" target=\"_blank\">Associaci\u00f3 de Mexicans<\/a><\/li>\n<li><a href=\"http:\/\/caosmagazine.blogspot.com\/2010\/10\/munt-de-mots.html\" target=\"_blank\">Caos Magazine<\/a><\/li>\n<li><a href=\"http:\/\/www.avui.cat\/noticia\/article\/7-vista\/8-articles\/317819-les-paraules-que-no-sendu-el-vent.html?cks_mnu_id=75&amp;cks_darrers_mnu_id=1600:1412:75:1955:141\" target=\"_blank\">Diari Avui<\/a><\/li>\n<li><a href=\"http:\/\/www.butxaca.com\/ca\/teatre\/altra-cartellera\/details\/malena-placeres\/42865\" target=\"_blank\">Butxaca. L\u2019agenda cultural de Barcelona<\/a><\/li>\n<li><a href=\"http:\/\/www.elperiodico.cat\/ca\/noticias\/agenda\/20101018\/els-mags-les-paraules\/540807.shtml\" target=\"_blank\">El Peri\u00f3dico de Catalunya<\/a><\/li>\n<li><a href=\"http:\/\/www.engrup.org\/noticies.asp?id=623\" target=\"_blank\">Engrup<\/a><\/li>\n<li><a href=\"http:\/\/bibliotecaorlandai.blogspot.com\/2010\/10\/munt-de-mots-festival-de-narracio-oral.html\" target=\"_blank\">Escola Orlandai<\/a><\/li>\n<li><a href=\"http:\/\/www.festamajor.biz\/activitat\/108199\/\" target=\"_blank\">Festes Majors de Catalunya<\/a><\/li>\n<li><a href=\"http:\/\/www.forfree.cat\/event.php?pageid=7&amp;id=3621\" target=\"_blank\">Forfree. La gu\u00eda de actividades gratuitas en Barcelona<\/a><\/li>\n<li><a href=\"http:\/\/garnatxagrupdelectura.blogspot.com\/2010\/10\/munt-de-mots-1r-festival-de-narracio.html\" target=\"_blank\">Garnatxa. Blog de literatura i rodalies<\/a><\/li>\n<li><a href=\"http:\/\/www.literata.cat\/pdf\/literata_31.pdf\" target=\"_blank\">Info Literata. La primera agenda liter\u00e0ria de Catalunya<\/a><\/li>\n<li><a href=\"http:\/\/jimboto.blogspot.com\/2010\/08\/munt-de-mots.html\" target=\"_blank\">JimBot\u00f3. Grup de Treball de Biblioteques Infantils del Col\u00b7legi de Bibliotecaris<\/a><\/li>\n<li><a href=\"http:\/\/www.kulone.com\/ES\/Event\/1128952-MUNT-DE-MOTS-AL-POLVORI\" target=\"_blank\">Kulone. Agenda de eventos<\/a><\/li>\n<li><a href=\"http:\/\/lalibreria.blogspot.com\/2010\/10\/ciclo-casa-america-y-festival-munt-de.html\" target=\"_blank\">La librer\u00eda<\/a><\/li>\n<li><a href=\"http:\/\/www.lamalla.org\/lamalla\/article?id=404230\" target=\"_blank\">Lamalla.cat<\/a><\/li>\n<li><a href=\"http:\/\/issuu.com\/lysmoya\/docs\/munt_de_mots\" target=\"_blank\">Lys Moya<\/a><\/li>\n<li><a href=\"http:\/\/loscuentosdelaluna.blogspot.com\/search?q=munt+de+mots\" target=\"_blank\">Los cuentos de la luna<\/a><\/li>\n<li><a href=\"http:\/\/barcelona.ludicum.com\/actividad\/hilando-cuentos\" target=\"_blank\">Ludicum. Actividades de ocio para singles<\/a><\/li>\n<li><a href=\"http:\/\/espectaculosnarracion.blogspot.com\/2010\/10\/1er-festival-de-narracion-oral-de.html\" target=\"_blank\">Narraci\u00f3n Oral \u2013 Noticias (Argentina)<\/a><\/li>\n<li><a href=\"http:\/\/www.nascutsperllegir.org\/nplinforma\/butlletins\/2010\/201010.htm\" target=\"_blank\">NPL Informa. Butllet\u00ed del programa Nascuts per Llegir (Biblioteques de la Diputaci\u00f3 de Barcelona)<\/a><\/li>\n<li><a href=\"http:\/\/www.panfletonegro.com\/volante\/2010\/10\/17\/munt-de-mots-1er-festival-de-narracion-oral-de-barcelona\/\" target=\"_blank\">Panfletonegro<\/a><\/li>\n<li><a href=\"http:\/\/quatrelinies.blogspot.com\/2010\/10\/exposicio-narradors-orals-els-mags-de.html\" target=\"_blank\">Quatre l\u00ednies des del bucle<\/a><\/li>\n<li><a href=\"http:\/\/www.ramblejant.com\/2010\/10\/sonoro-y-color-narracio-oral-la.html\" target=\"_blank\">Ramblejant. Blog de La Rambla: Associaci\u00f3 d\u2019Amics, Ve\u00efns i Comerciants<\/a><\/li>\n<li><a href=\"http:\/\/www.rosamariaisart.com\/index.php?cont=noticies#247\" target=\"_blank\">Rosa M. Isart<\/a><\/li>\n<li><a href=\"http:\/\/www.teatral.net\/noticies\/cos\/id\/10831\" target=\"_blank\">Teatralnet. Revista Digital d\u2019Arts Esc\u00e8niques<\/a><\/li>\n<li><a href=\"http:\/\/xarxanet.org\/cultural\/noticies\/comenca-munt-de-mots-un-festival-deixar-volar-la-imaginacio\" target=\"_blank\">Xarxanet.org. Entitats i voluntaris per un m\u00f3n millor<\/a><\/li>\n<\/ul>\n<p><span style=\"color: #ffffff;\">.<\/span><\/p>\n<p><strong><span style=\"color: #993300;\">PREMSA I MITJANS ESCRITS<\/span><\/strong><\/p>\n<ul>\n<li><a href=\"\/2010\/los-magos-de-las-palabras\" target=\"_blank\">B.E., \u201cLos magos de las palabras\u201d en, <\/a><strong><em><a href=\"\/2010\/los-magos-de-las-palabras\" target=\"_blank\">El Peri\u00f3dico<\/a><\/em><\/strong><a href=\"\/2010\/los-magos-de-las-palabras\" target=\"_blank\">, 18\/10\/210<\/a><\/li>\n<li><a href=\"\/2010\/les-paraules-que-no-s\u2019endu-el-vent\" target=\"_blank\">Ver\u00f3nica S\u00e1nchez Orpella, \u201cLes paraules que no s\u2019end\u00fa el vent\u201d a, <strong><em>El Punt<\/em><\/strong>, 18\/10\/2010<\/a><\/li>\n<li><a href=\"\/2010\/agenda-biblioteques-de-barcelona\" target=\"_blank\">Agenda Activitats Adults : octubre \u2013 novembre \u2013 desembre 2010, de Biblioteques de Barcelona<\/a><\/li>\n<li><a href=\"\/2010\/butxaca\/\" target=\"_blank\">Butxaca : l\u2019agenda cultural de Barcelona<\/a><\/li>\n<li><a href=\"\/2010\/el-periodico\/\" target=\"_blank\">El Peri\u00f3dico, 16\/10\/210<\/a><\/li>\n<li><a href=\"\/2010\/bcnweek\/\" target=\"_blank\">BCNWeek : Barcelona\u2019s free cultural paper. Vol. 1, n\u00ba089. 16 sep-13 oct<\/a><\/li>\n<\/ul>\n","protected":false},"excerpt":{"rendered":"<p>. EL FESTIVAL A LES ENTITATS Ajuntament de Barcelona Portal Web de Joventut Web Districte de Ciutat Vella Web Districte Horta-Guinard\u00f3 Almazen ANIN Centre C\u00edvic Cotxeres Borrell Centre C\u00edvic Guinard\u00f3 Centre C\u00edvic Pati Llimona Centre C\u00edvic Pere Pruna Centre C\u00edvic Ton i Guida Centre C\u00edvic Torre Llobeta Centre C\u00edvic Vila Florida Consorci de Biblioteques de [&hellip;]<\/p>\n","protected":false},"author":1,"featured_media":0,"parent":0,"menu_order":0,"comment_status":"open","ping_status":"open","template":"","meta":[],"_links":{"self":[{"href":"http:\/\/muntdemots.org\/2010\/wp-json\/wp\/v2\/pages\/2948"}],"collection":[{"href":"http:\/\/muntdemots.org\/2010\/wp-json\/wp\/v2\/pages"}],"about":[{"href":"http:\/\/muntdemots.org\/2010\/wp-json\/wp\/v2\/types\/page"}],"author":[{"embeddable":true,"href":"http:\/\/muntdemots.org\/2010\/wp-json\/wp\/v2\/users\/1"}],"replies":[{"embeddable":true,"href":"http:\/\/muntdemots.org\/2010\/wp-json\/wp\/v2\/comments?post=2948"}],"version-history":[{"count":30,"href":"http:\/\/muntdemots.org\/2010\/wp-json\/wp\/v2\/pages\/2948\/revisions"}],"predecessor-version":[{"id":2950,"href":"http:\/\/muntdemots.org\/2010\/wp-json\/wp\/v2\/pages\/2948\/revisions\/2950"}],"wp:attachment":[{"href":"http:\/\/muntdemots.org\/2010\/wp-json\/wp\/v2\/media?parent=2948"}],"curies":[{"name":"wp","href":"https:\/\/api.w.org\/{rel}","templated":true}]}}