{"id":277,"date":"2010-09-06T16:17:17","date_gmt":"2010-09-06T16:17:17","guid":{"rendered":"http:\/\/www.muntdemots.org\/"},"modified":"2010-09-25T14:25:17","modified_gmt":"2010-09-25T14:25:17","slug":"ana-garcia-y-paco-asencio","status":"publish","type":"page","link":"http:\/\/muntdemots.org\/2010\/ana-garcia-y-paco-asencio\/","title":{"rendered":"Anna Garc\u00eda y Paco Asencio"},"content":{"rendered":"<p><strong>PACO ASENCIO<\/strong><\/p>\n<p>Narrador Oral, actor i cantautor, t\u00e9 una constant activitat en Granollers, explicant contes des del 2003 i formant Conta contes.<\/p>\n<p><span style=\"color: #ffffff;\">.<\/span><\/p>\n<p><strong>ANNA GARC\u00cdA<\/strong><\/p>\n<p>Docent, est\u00e0 especialitzada en contar contes a nens i nenes molt petits, sap fer que les hist\u00f2ries que narra es converteixin r\u00e0pidament en una experi\u00e8ncia juganera i diferent per al seu p\u00fablic.<\/p>\n<p><span style=\"color: #ffffff;\">.<\/span><\/p>\n<p><strong>CANTACONTES<\/strong><\/p>\n<p>Cantar i contar can\u00e7ons, contar i cantar contes, s\u00f3n el mateix per a l\u2019Ana i en Paco.<\/p>\n<p>Quan els escoltes, t\u2019entren ganes de cantar i contar tamb\u00e9. Aix\u00ed, aquesta sessi\u00f3 es converteix en un petit concert de contes i cants on tots i totes hi podem participar.<br \/>\n<em>Dia: Dissabte 23<br \/>\nHora: 18:00hrs<br \/>\nLloc: <\/em><a href=\"http:\/\/www.espaiperepruna.org\/\" target=\"_blank\">C. C. PERE PRUNA<\/a><a href=\"http:\/\/www.centreshg.net\/taxonera\" target=\"_blank\"><br \/>\n<\/a><a href=\"http:\/\/w20.bcn.cat\/Guiamap\/Default.aspx#x=27481.942&amp;y=84083.609&amp;z=5&amp;c=K014K015K001K002K003K011K009K013K006&amp;w=1057&amp;h=442&amp;p=27481.942,84083.609\" target=\"_blank\">\u00bfC\u00f3mo llegar?<\/a><\/p>\n<p><span style=\"color: #ffffff;\">.<\/span><\/p>\n<p><a href=\"\/2010\/wp-content\/uploads\/2010\/09\/ANA-GARCIA.jpg\"><img decoding=\"async\" loading=\"lazy\" class=\"alignnone size-medium wp-image-278\" title=\"ANA GARCIA\" src=\"\/2010\/wp-content\/uploads\/2010\/09\/ANA-GARCIA-300x223.jpg\" alt=\"\" width=\"300\" height=\"223\" srcset=\"https:\/\/muntdemots.org\/2010\/wp-content\/uploads\/2010\/09\/ANA-GARCIA-300x223.jpg 300w, https:\/\/muntdemots.org\/2010\/wp-content\/uploads\/2010\/09\/ANA-GARCIA-1024x761.jpg 1024w, https:\/\/muntdemots.org\/2010\/wp-content\/uploads\/2010\/09\/ANA-GARCIA.jpg 1190w\" sizes=\"(max-width: 300px) 100vw, 300px\" \/><\/a><a href=\"\/2010\/wp-content\/uploads\/2010\/09\/PACO-ASENSIO-2.jpg\"><img decoding=\"async\" loading=\"lazy\" class=\"alignnone size-full wp-image-279\" title=\"PACO ASENSIO 2\" src=\"\/2010\/wp-content\/uploads\/2010\/09\/PACO-ASENSIO-2.jpg\" alt=\"\" width=\"300\" height=\"300\" srcset=\"https:\/\/muntdemots.org\/2010\/wp-content\/uploads\/2010\/09\/PACO-ASENSIO-2.jpg 300w, https:\/\/muntdemots.org\/2010\/wp-content\/uploads\/2010\/09\/PACO-ASENSIO-2-150x150.jpg 150w\" sizes=\"(max-width: 300px) 100vw, 300px\" \/><\/a><\/p>\n","protected":false},"excerpt":{"rendered":"<p>PACO ASENCIO Narrador Oral, actor i cantautor, t\u00e9 una constant activitat en Granollers, explicant contes des del 2003 i formant Conta contes. . ANNA GARC\u00cdA Docent, est\u00e0 especialitzada en contar contes a nens i nenes molt petits, sap fer que les hist\u00f2ries que narra es converteixin r\u00e0pidament en una experi\u00e8ncia juganera i diferent per al [&hellip;]<\/p>\n","protected":false},"author":1,"featured_media":0,"parent":0,"menu_order":0,"comment_status":"open","ping_status":"open","template":"","meta":[],"_links":{"self":[{"href":"http:\/\/muntdemots.org\/2010\/wp-json\/wp\/v2\/pages\/277"}],"collection":[{"href":"http:\/\/muntdemots.org\/2010\/wp-json\/wp\/v2\/pages"}],"about":[{"href":"http:\/\/muntdemots.org\/2010\/wp-json\/wp\/v2\/types\/page"}],"author":[{"embeddable":true,"href":"http:\/\/muntdemots.org\/2010\/wp-json\/wp\/v2\/users\/1"}],"replies":[{"embeddable":true,"href":"http:\/\/muntdemots.org\/2010\/wp-json\/wp\/v2\/comments?post=277"}],"version-history":[{"count":7,"href":"http:\/\/muntdemots.org\/2010\/wp-json\/wp\/v2\/pages\/277\/revisions"}],"predecessor-version":[{"id":1099,"href":"http:\/\/muntdemots.org\/2010\/wp-json\/wp\/v2\/pages\/277\/revisions\/1099"}],"wp:attachment":[{"href":"http:\/\/muntdemots.org\/2010\/wp-json\/wp\/v2\/media?parent=277"}],"curies":[{"name":"wp","href":"https:\/\/api.w.org\/{rel}","templated":true}]}}