{"id":27,"date":"2010-09-03T16:11:56","date_gmt":"2010-09-03T16:11:56","guid":{"rendered":"http:\/\/www.muntdemots.org\/"},"modified":"2010-09-25T18:30:09","modified_gmt":"2010-09-25T18:30:09","slug":"dilluns-18-doctubre","status":"publish","type":"page","link":"http:\/\/muntdemots.org\/2010\/dilluns-18-doctubre\/","title":{"rendered":"Dilluns 18 d&#8217;octubre"},"content":{"rendered":"<p><span style=\"text-decoration: underline;\">18:00hrs<\/span><br \/>\nSESI\u00d3N INFANTIL (+4)<br \/>\n<a href=\"\/2010\/alfredo-becker\" target=\"_blank\"><strong>\u2026Y SE LLAMABA MIGUEL<\/strong><\/a>, <em>ALFREDO BECKER<\/em><br \/>\n<a href=\"http:\/\/www.bcn.cat\/bibbonpastor\" target=\"_blank\"> BIBLIOTECA BON PASTOR<\/a><br \/>\nC\/Estadella, 62<br \/>\n08030 &#8211; Barcelona<br \/>\n934980216<br \/>\n<a href=\"http:\/\/w20.bcn.cat\/Guiamap\/Default.aspx#x=33646.344&amp;y=87575.817&amp;z=5&amp;c=K014K015K001K002K003K011K013K006&amp;w=1057&amp;h=442&amp;p=33646.344,87575.817\" target=\"_blank\">\u00bfC\u00f3mo llegar?<\/a><\/p>\n<p><span style=\"color: #ffffff;\">.<\/span><\/p>\n<p><span style=\"text-decoration: underline;\">18:30hrs<\/span><br \/>\n<a href=\"\/2010\/pia-codina\" target=\"_blank\"><strong>INAUGURACI\u00d3N DE LA EXPOSICI\u00d3N FOTOGR\u00c1FICA<br \/>\nNARRADORS ORALS, ELS MAGS DE LA PARAULA<\/strong><\/a>, <em>P\u00cdA CODINA<\/em><br \/>\n<a href=\" http:\/\/www.ccparcsandaru.cat\/\" target=\"_blank\"> C. C. PARC SANDARU<\/a><br \/>\nC\/ Buenaventura Mu\u00f1oz, 21<br \/>\n08018 &#8211; Barcelona<br \/>\n93 309 06 35<br \/>\n<a href=\"http:\/\/w20.bcn.cat\/Guiamap\/Default.aspx#x=31937.401&amp;y=82767.414&amp;z=5&amp;c=K014K015K001K002K003K011K013K006&amp;w=1057&amp;h=442&amp;p=31937.401,82767.414\" target=\"_blank\">\u00bfC\u00f3mo llegar?<\/a><\/p>\n<p><span style=\"text-decoration: underline;\"> <\/span><\/p>\n<p><span style=\"color: #ffffff;\">.<\/span><\/p>\n<p><span style=\"text-decoration: underline;\">19:00hrs<\/span><br \/>\nSESI\u00d3N ADULTOS<br \/>\n<a href=\"\/2010\/marta-escudero\" target=\"_blank\"><strong>LOS RETABLOS<\/strong> <strong>DE<\/strong> <strong>ROM\u00c1N<\/strong> <strong>CALVO<\/strong><\/a>, <em>MARTHA ESCUDERO<\/em><br \/>\n<a href=\" http:\/\/www.bcn.cat\/bibcanmariner\" target=\"_blank\"> BIBLIOTECA HORTA- CAN MARINER<\/a><br \/>\nCarrer del Vent, 1<br \/>\n08031 BARCELONA<br \/>\n934 208 285<br \/>\n<a href=\"http:\/\/w20.bcn.cat\/Guiamap\/Default.aspx#x=29971.922&amp;y=87159.811&amp;z=5&amp;c=K014K015K001K002K003K011K013K006&amp;w=1057&amp;h=442&amp;p=29971.922,87159.811\" target=\"_blank\">\u00bfC\u00f3mo llegar?<\/a><\/p>\n<p><span style=\"color: #ffffff;\">.<\/span><\/p>\n<p><span style=\"text-decoration: underline;\">19:00hrs<\/span><br \/>\nSESI\u00d3N ADULTOS<br \/>\n<a href=\"\/2010\/laura-rodriguez\" target=\"_blank\"><strong>IDOLOG\u00cdA<\/strong><\/a>, <em>LAURA  RODR\u00cdGUEZ<\/em><br \/>\n<a href=\" http:\/\/lastrolabi.blogspot.com\" target=\"_blank\"> L\u2019ASTROLABI<\/a><br \/>\nC\/Mart\u00ednez de la Rosa, 14<br \/>\nBARCELONA<br \/>\n<a href=\"http:\/\/w20.bcn.cat\/Guiamap\/Default.aspx#x=29853.503&amp;y=83631.433&amp;z=5&amp;c=K014K015K001K002K003K011K013K006&amp;w=1057&amp;h=442&amp;p=29853.503,83631.433\" target=\"_blank\">\u00bfC\u00f3mo llegar?<\/a><\/p>\n<p><span style=\"color: #ffffff;\">.<\/span><\/p>\n<p><span style=\"color: #ff9900;\"><strong> <\/strong><\/span><span style=\"text-decoration: underline;\">20:00hrs<\/span><br \/>\n<a href=\"\/2010\/inauguracion\/\" target=\"_blank\"><strong>INAUGURACI\u00d3N<\/strong> <strong>DEL FESTIVAL<\/strong><\/a><br \/>\n<em>ANA CRISTINA HERREROS, ALEKOS, ARNAU VILARDEB\u00d2, JOSELUIS MELLADO, M\u00d3NICA MART\u00cdNEZ PAZ,  TIM BOWLEY Y CHARO PITA<\/em>, MALENA PLACERES,<br \/>\nNUTS &amp; CO.<br \/>\n<a href=\"http:\/\/www.teatreromea.com\" target=\"_blank\"> Teatre Romea<\/a><br \/>\nC\/ Hospital 51<br \/>\n08001 Barcelona<br \/>\n934 816 696<br \/>\n<a href=\"http:\/\/w20.bcn.cat\/Guiamap\/Default.aspx#x=30781.756&amp;y=81539.382&amp;z=5&amp;c=K014K015K001K002K003K011K013K006&amp;w=1057&amp;h=442&amp;p=30781.756,81539.382\" target=\"_blank\">\u00bfC\u00f3mo llegar?<\/a><\/p>\n<p><span style=\"color: #ffffff;\">.<\/span><\/p>\n<p><span style=\"text-decoration: underline;\">22:15hrs<\/span><br \/>\nSESI\u00d3N ADULTOS<br \/>\n<a href=\"\/2010\/roger-corominas\" target=\"_blank\"><strong>CONTACTES<\/strong><\/a>, <em>ROGER COROMINAS &#8220;El Lladre de <\/em>guants blancs<em>&#8220;<\/em><br \/>\n<a href=\"http:\/\/www.myspace.com\/barmacondo\" target=\"_blank\"> MACONDO BAR<\/a><br \/>\nC\/Conca, 21<br \/>\n08026 &#8211; Barcelona<br \/>\n<a href=\"http:\/\/w20.bcn.cat\/Guiamap\/Default.aspx#x=31563.246&amp;y=85197.07&amp;z=5&amp;c=K014K015K001K002K003K011K013K006&amp;w=1057&amp;h=442&amp;p=31563.246,85197.07\" target=\"_blank\">\u00bfC\u00f3mo llegar?<\/a><\/p>\n<div id=\"_mcePaste\" style=\"position: absolute; left: -10000px; top: 843px; width: 1px; height: 1px; overflow: hidden;\">[18:27:27] ruben: MALENA PLACERES, NUTS &amp; CO.<\/div>\n","protected":false},"excerpt":{"rendered":"<p>18:00hrs SESI\u00d3N INFANTIL (+4) \u2026Y SE LLAMABA MIGUEL, ALFREDO BECKER BIBLIOTECA BON PASTOR C\/Estadella, 62 08030 &#8211; Barcelona 934980216 \u00bfC\u00f3mo llegar? . 18:30hrs INAUGURACI\u00d3N DE LA EXPOSICI\u00d3N FOTOGR\u00c1FICA NARRADORS ORALS, ELS MAGS DE LA PARAULA, P\u00cdA CODINA C. C. PARC SANDARU C\/ Buenaventura Mu\u00f1oz, 21 08018 &#8211; Barcelona 93 309 06 35 \u00bfC\u00f3mo llegar? . [&hellip;]<\/p>\n","protected":false},"author":1,"featured_media":0,"parent":0,"menu_order":0,"comment_status":"open","ping_status":"open","template":"","meta":[],"_links":{"self":[{"href":"http:\/\/muntdemots.org\/2010\/wp-json\/wp\/v2\/pages\/27"}],"collection":[{"href":"http:\/\/muntdemots.org\/2010\/wp-json\/wp\/v2\/pages"}],"about":[{"href":"http:\/\/muntdemots.org\/2010\/wp-json\/wp\/v2\/types\/page"}],"author":[{"embeddable":true,"href":"http:\/\/muntdemots.org\/2010\/wp-json\/wp\/v2\/users\/1"}],"replies":[{"embeddable":true,"href":"http:\/\/muntdemots.org\/2010\/wp-json\/wp\/v2\/comments?post=27"}],"version-history":[{"count":32,"href":"http:\/\/muntdemots.org\/2010\/wp-json\/wp\/v2\/pages\/27\/revisions"}],"predecessor-version":[{"id":42,"href":"http:\/\/muntdemots.org\/2010\/wp-json\/wp\/v2\/pages\/27\/revisions\/42"}],"wp:attachment":[{"href":"http:\/\/muntdemots.org\/2010\/wp-json\/wp\/v2\/media?parent=27"}],"curies":[{"name":"wp","href":"https:\/\/api.w.org\/{rel}","templated":true}]}}