{"id":219,"date":"2010-09-06T14:51:49","date_gmt":"2010-09-06T14:51:49","guid":{"rendered":"http:\/\/www.muntdemots.org\/"},"modified":"2010-09-22T22:27:13","modified_gmt":"2010-09-22T22:27:13","slug":"programacio-tallers-conferencies-i-xerrades","status":"publish","type":"page","link":"http:\/\/muntdemots.org\/2010\/programacio-tallers-conferencies-i-xerrades\/","title":{"rendered":"Programaci\u00f3 Tallers, Confer\u00e8ncies i Xerrades"},"content":{"rendered":"<h2><span style=\"color: #ffffff;\">.<\/span><\/h2>\n<h2><strong>Dissabte 16<\/strong><\/h2>\n<p><span style=\"text-decoration: underline;\">10:00 \u2013 14:00hrs y 15:00 \u2013 18:00hrs<\/span><strong><br \/>\n<a href=\"..\/tim-bowley\" target=\"_blank\">TALLER<\/a><\/strong><a href=\"..\/tim-bowley\" target=\"_blank\"> <strong>EL ARTE DE CONTAR CUENTOS<\/strong><\/a>, <em>TIM BOWLEY<\/em><br \/>\n<a href=\"http:\/\/www.almazen.net\/\" target=\"_blank\"> EL ALMAZEN<\/a><br \/>\n<a href=\"http:\/\/w20.bcn.cat\/Guiamap\/Default.aspx#x=30387.38&amp;y=81637.054&amp;z=5&amp;c=K014K015K001K002K003K011K013K006&amp;w=1057&amp;h=442&amp;p=30387.38,81637.054\" target=\"_blank\"> <\/a>C\/ Guifr\u00e9 9, baixos<br \/>\n08001 &#8211; Barcelona<br \/>\n934426215<br \/>\nCosto 150\u20ac. Interesados llamar a Mar 664277579<br \/>\n<a href=\"http:\/\/w20.bcn.cat\/Guiamap\/Default.aspx#x=30387.38&amp;y=81637.054&amp;z=5&amp;c=K014K015K001K002K003K011K013K006&amp;w=1057&amp;h=442&amp;p=30387.38,81637.054\" target=\"_blank\">\u00bfC\u00f3mo llegar?<\/a><\/p>\n<p><span style=\"text-decoration: underline;\"> <\/span><\/p>\n<p><span style=\"color: #ffffff;\">.<\/span><br \/>\n<span style=\"text-decoration: underline;\">17:00hrs<\/span><br \/>\n<strong><a href=\"\/2010\/trobada-de-narradors-i-narradoresarradors-i-narradores\" target=\"_blank\">TROBADA DE NARRADORES I NARRADORS<\/a><br \/>\n<\/strong><a href=\"http:\/\/www.bcn.cat\/centrecivicpatillimona\" target=\"_blank\">C. C. PATI LL\u00cdMONA<\/a><br \/>\n<a href=\"http:\/\/w20.bcn.cat\/Guiamap\/Default.aspx#x=31446.088&amp;y=81641.358&amp;z=5&amp;c=K014K015K001K002K003K011K013K006&amp;w=1057&amp;h=442&amp;p=31446.088,81641.358\" target=\"_blank\"> <\/a>C\/ Regomir 3<br \/>\n08002 \u2013 Barcelona<br \/>\n932684700<br \/>\n<a href=\"http:\/\/w20.bcn.cat\/Guiamap\/Default.aspx#x=31446.088&amp;y=81641.358&amp;z=5&amp;c=K014K015K001K002K003K011K013K006&amp;w=1057&amp;h=442&amp;p=31446.088,81641.358\" target=\"_blank\">\u00bfC\u00f3mo llegar?<\/a><\/p>\n<p><span style=\"color: #ffffff;\">.<\/span><\/p>\n<p><strong> <\/strong><\/p>\n<h2><strong>Diumenge 17<\/strong><\/h2>\n<p><span style=\"text-decoration: underline;\">10:00 \u2013 14:00hrs y 15:00 \u2013 18:00hrs<\/span><br \/>\n<strong> <a href=\"..\/tim-bowley\" target=\"_blank\">TALLER<\/a><\/strong><a href=\"..\/tim-bowley\" target=\"_blank\"> <strong>EL ARTE DE CONTAR CUENTOS<\/strong><\/a>, <em>TIM BOWLEY<\/em><br \/>\n<em>TIM BOWLEY<\/em><br \/>\n<a href=\" www.almazen.net\" target=\"_blank\"> <\/a><a href=\"http:\/\/www.almazen.net\" target=\"_blank\">EL ALMAZEN<\/a><br \/>\n<a href=\"http:\/\/w20.bcn.cat\/Guiamap\/Default.aspx#x=30387.38&amp;y=81637.054&amp;z=5&amp;c=K014K015K001K002K003K011K013K006&amp;w=1057&amp;h=442&amp;p=30387.38,81637.054\" target=\"_blank\"> <\/a>C\/ Guifr\u00e9 9, baixos<br \/>\n08001 &#8211; Barcelona<br \/>\n934426215<a href=\"http:\/\/www.almazen.net\/\" target=\"_blank\"><br \/>\n<\/a>Costo 150\u20ac. Interesados llamar a Mar 664277579<br \/>\n<a href=\"http:\/\/w20.bcn.cat\/Guiamap\/Default.aspx#x=30387.38&amp;y=81637.054&amp;z=5&amp;c=K014K015K001K002K003K011K013K006&amp;w=1057&amp;h=442&amp;p=30387.38,81637.054\" target=\"_blank\">\u00bfC\u00f3mo llegar?<\/a><\/p>\n<p><span style=\"color: #ffffff;\">.<\/span><\/p>\n<p><span style=\"text-decoration: underline;\">10:00- 14:00hrs<\/span><br \/>\n<a href=\"\/2010\/taller-de-gestion-de-las-emociones-para-cuentacuentos\/\" target=\"_blank\"><strong>TALLER DE GESTI\u00d3N DE EMOCIONES PARA CUENTACUENTOS<\/strong><\/a>, <em>FLAVIA PIAZZA<br \/>\n<\/em><a href=\"http:\/\/www.espaiale.cat\/\" target=\"_blank\">ESPAI AL\u00c8<\/a><br \/>\nPg. Sant Joan, 196, 1\u00ba-2\u00aa<br \/>\n08012 Barcelona<br \/>\nPlazas limitadas, 15 participantes. Costo 30\u20ac<br \/>\nInscripciones abiertas desde el d\u00eda 4 de octubre<br \/>\nLlamar al Espai Al\u00e8 en las tardes al 605453114<br \/>\n<a href=\"http:\/\/w20.bcn.cat\/Guiamap\/Default.aspx#x=30210.78&amp;y=84146.618&amp;z=5&amp;c=K014K015K001K002K003K011K013K006&amp;w=1057&amp;h=458&amp;p=30210.78,84146.618\" target=\"_blank\">\u00bfC\u00f3mo llegar?<\/a><\/p>\n<p><span style=\"color: #ffffff;\">.<\/span><\/p>\n<p><span style=\"color: #ff9900;\"><strong> <\/strong><\/span><span style=\"text-decoration: underline;\">20:00hrs<\/span><br \/>\n<a href=\"\/2010\/inauguracion\/\" target=\"_blank\"><strong>INAUGURACI\u00d3N<\/strong> <strong>DEL FESTIVAL<\/strong><\/a><br \/>\n<em>ANA CRISTINA HERREROS, ALEKOS, ARNAU VILARDEB\u00d2, JOSELUIS MELLADO, M\u00d3NICA MART\u00cdNEZ PAZ,  TIM BOWLEY Y CHARO PITA<\/em>, MALENA PLACERES,<br \/>\nNUTS &amp; CO.<br \/>\n<a href=\"http:\/\/www.teatreromea.com\" target=\"_blank\"> Teatre Romea<\/a><br \/>\nC\/ Hospital 51<br \/>\n08001 Barcelona<br \/>\n934 816 696<br \/>\n<a href=\"http:\/\/w20.bcn.cat\/Guiamap\/Default.aspx#x=30781.756&amp;y=81539.382&amp;z=5&amp;c=K014K015K001K002K003K011K013K006&amp;w=1057&amp;h=442&amp;p=30781.756,81539.382\" target=\"_blank\">\u00bfC\u00f3mo llegar?<\/a><\/p>\n<p><span style=\"color: #ffffff;\">.<\/span><\/p>\n<h2><strong>Dimarts 19<\/strong><\/h2>\n<p><span style=\"text-decoration: underline;\">19:00hrs<\/span><br \/>\nCONFERENCIA<br \/>\n<a href=\"\/2010\/pablo-larraguibel\/\" target=\"_blank\"><strong>DE LA TRADICI\u00d3N ORAL AL LIBRO INFANTIL<\/strong><\/a>, <em>PABLO LAGARRIBEL<\/em><br \/>\n<a href=\"http:\/\/w3.bcn.es\/XMLServeis\/XMLHomeLinkPl\/0,4022,650920084_709536676_1,00.html\" target=\"_blank\">BIBLIOTECA VILA DE GR\u00c0CIA<\/a><br \/>\nTorrent de l&#8217;Olla, 104<br \/>\n08012 &#8211; Barcelona<br \/>\n93 284 77 90<br \/>\n<a href=\"http:\/\/w20.bcn.cat\/Guiamap\/Default.aspx#x=29729.58&amp;y=83871.468&amp;z=5&amp;c=K014K015K001K002K003K011K013K006&amp;w=1057&amp;h=442&amp;p=29729.58,83871.468\" target=\"_blank\">\u00bfC\u00f3mo llegar?<\/a><\/p>\n<p><span style=\"color: #ffffff;\">.<\/span><\/p>\n<p><span style=\"text-decoration: underline;\">19:00hrs<\/span><br \/>\nCHARLA<br \/>\n<a href=\"\/2010\/encuentro-con\u2026-anin\/\" target=\"_blank\"><strong>ENCUENTRO CON\u2026<\/strong> <em>ANIN<\/em><\/a><br \/>\n<a href=\"  www.bcn.cat\/centrecivicpatillimona\" target=\"_blank\"> <\/a><a href=\"http:\/\/www.bcn.cat\/centrecivicpatillimona\" target=\"_blank\">C. C. PATI LL\u00cdMONA<\/a><br \/>\n<a href=\"http:\/\/w20.bcn.cat\/Guiamap\/Default.aspx#x=31446.088&amp;y=81641.358&amp;z=5&amp;c=K014K015K001K002K003K011K013K006&amp;w=1057&amp;h=442&amp;p=31446.088,81641.358\" target=\"_blank\"> <\/a>C\/ Regomir 3<br \/>\n08002 \u2013 Barcelona<br \/>\n932684700<br \/>\n<a href=\"http:\/\/w20.bcn.cat\/Guiamap\/Default.aspx#x=31446.088&amp;y=81641.358&amp;z=5&amp;c=K014K015K001K002K003K011K013K006&amp;w=1057&amp;h=442&amp;p=31446.088,81641.358\" target=\"_blank\">\u00bfC\u00f3mo llegar?<\/a><\/p>\n<p><span style=\"color: #ffffff;\">.<\/span><\/p>\n<p><span style=\"text-decoration: underline;\"> <\/span><\/p>\n<p><span style=\"text-decoration: underline;\">20:00hrs<\/span><br \/>\n<a href=\"\/2010\/raul-contel\" target=\"_blank\"><strong>PROYECCI\u00d3N DE LA PEL\u00cdCULA \u201cL&#8217;AMIC DE LA MORT\u201d<\/strong><\/a><br \/>\nDE <em>RA\u00dcL CONTEL<\/em><br \/>\n<a href=\" http:\/\/www.ccparcsandaru.cat\" target=\"_blank\"> C. C. PARC SANDARU<\/a><br \/>\nC\/ Buenaventura Mu\u00f1oz, 21<br \/>\n08018 &#8211; Barcelona<br \/>\n93 309 06 35<br \/>\n<a href=\"http:\/\/w20.bcn.cat\/Guiamap\/Default.aspx#x=31937.401&amp;y=82767.414&amp;z=5&amp;c=K014K015K001K002K003K011K013K006&amp;w=1057&amp;h=442&amp;p=31937.401,82767.414\" target=\"_blank\">\u00bfC\u00f3mo llegar?<\/a><\/p>\n<p><span style=\"color: #ffffff;\">.<\/span><\/p>\n<h2><strong>Dimecres 20<br \/>\n<\/strong><\/h2>\n<p><span style=\"text-decoration: underline;\">16:30hrs<\/span><br \/>\nMASTERCLASS<br \/>\n<a href=\"\/2010\/ruben-martinez-santana\" target=\"_blank\"><strong>NARRACI\u00d3N ORAL Y TEATRO<\/strong><\/a>,  <em>RUB\u00c9N MART\u00cdNEZ SANTANA<\/em><br \/>\n<strong><a href=\"\/2010\/rube\" target=\"_blank\">MUESTRA DE NARRACI\u00d3N ORAL<\/a>,<\/strong> <em>VARIOS CUENTACUENTOS<\/em><br \/>\n<a href=\"http:\/\/www.institutdelteatre.org\" target=\"_blank\"> INSTITUT DEL TEATRE<\/a><br \/>\nPla\u00e7a Margarida Xirgu, s\/n<br \/>\n08004 Barcelona<br \/>\n932 273 900<br \/>\n<a href=\"http:\/\/w20.bcn.cat\/Guiamap\/Default.aspx#x=29639.529&amp;y=80530.907&amp;z=5&amp;c=K014K015K001K002K003K011K013K006&amp;w=1057&amp;h=442&amp;p=29639.529,80530.907\" target=\"_blank\">\u00bfC\u00f3mo llegar?<\/a><a href=\"http:\/\/www.institutdelteatre.org\" target=\"_blank\"><br \/>\n<\/a><\/p>\n<p><span style=\"color: #ffffff;\">.<\/span><\/p>\n<p><span style=\"text-decoration: underline;\">19:00hrs<\/span><br \/>\nCHARLA\/TALLER<br \/>\n<a href=\"\/2010\/monica-martinez-paz\/\" target=\"_blank\"><strong>NO HACE FALTA UN TALLER DE NARRACI\u00d3N ORAL PARA APRENDER A CONTAR CUENTOS<\/strong><\/a><br \/>\n<em>MONICA MART\u00cdNEZ<\/em><em> PAZ<\/em><br \/>\n<a href=\" http:\/\/w3.bcn.es\/XMLServeis\/XMLHomeLinkPl\/0,4022,650916769,00.html\" target=\"_blank\"> BIBLIOTECA SANT ANTONI- JOAN OLIVER<\/a><br \/>\nComte Borrell, 44-46<br \/>\n08015 Barcelona<br \/>\n933 297 216<br \/>\n<a href=\"http:\/\/w20.bcn.cat\/Guiamap\/Default.aspx#x=30085.26&amp;y=81194.234&amp;z=5&amp;c=K014K015K001K002K003K011K013K006&amp;w=1057&amp;h=442&amp;p=30085.26,81194.234\" target=\"_blank\">\u00bfC\u00f3mo llegar?<\/a><\/p>\n<p><span style=\"color: #ffffff;\">.<\/span><\/p>\n<p><span style=\"text-decoration: underline;\">19:00hrs<\/span><br \/>\nCONFERENCIA<br \/>\n<a href=\"\/2010\/ana-cristina-herreros\/\" target=\"_blank\"><strong>LA<\/strong> <strong>ORALIDAD<\/strong> <strong>TRADICIONAL<\/strong><\/a>, <em>ANA CRISTINA HERREROS<\/em><br \/>\n<a href=\"http:\/\/w3.bcn.es\/XMLServeis\/XMLHomeLinkPl\/0,4022,650920084_709536676_1,00.html\" target=\"_blank\"> BIBLIOTECA VILA DE GR\u00c0CIA<\/a><br \/>\nTorrent de l&#8217;Olla, 104<br \/>\n08012 &#8211; Barcelona<br \/>\n93 284 77 90<br \/>\n<a href=\"http:\/\/w3.bcn.es\/XMLServeis\/XMLHomeLinkPl\/0,4022,650920084_709536676_1,00.html\" target=\"_blank\"><\/a><a href=\"http:\/\/w20.bcn.cat\/Guiamap\/Default.aspx#x=29729.58&amp;y=83871.468&amp;z=5&amp;c=K014K015K001K002K003K011K013K006&amp;w=1057&amp;h=442&amp;p=29729.58,83871.468\" target=\"_blank\">\u00bfC\u00f3mo llegar?<\/a><\/p>\n<p><span style=\"color: #ffffff;\">.<\/span><\/p>\n<p><span style=\"text-decoration: underline;\">19:00hrs<\/span><br \/>\nCHARLA<br \/>\n<a href=\"\/2010\/encuentro-con%E2%80%A6-red-internacional-de-cuentacuentos-y-associacio-de-narradors-professionals\/\"><strong>ENCUENTRO CON\u2026<\/strong> <em>RED INTERNACIONAL DE CUENTACUENTOS Y ASSOCIACI\u00d3 DE NARRADORS PROFESSIONALS<\/em><\/a><br \/>\n<a href=\"http:\/\/www.bcn.cat\/centrecivicpatillimona\" target=\"_blank\">C. C. PATI LL\u00cdMONA<br \/>\n<\/a><a href=\"http:\/\/w20.bcn.cat\/Guiamap\/Default.aspx#x=31446.088&amp;y=81641.358&amp;z=5&amp;c=K014K015K001K002K003K011K013K006&amp;w=1057&amp;h=442&amp;p=31446.088,81641.358\" target=\"_blank\"> <\/a>C\/ Regomir 3<br \/>\n08002 \u2013 Barcelona<br \/>\n932684700<a href=\"http:\/\/www.bcn.cat\/centrecivicpatillimona\"><br \/>\n<\/a> <a href=\"http:\/\/w20.bcn.cat\/Guiamap\/Default.aspx#x=31446.088&amp;y=81641.358&amp;z=5&amp;c=K014K015K001K002K003K011K013K006&amp;w=1057&amp;h=442&amp;p=31446.088,81641.358\" target=\"_blank\">\u00bfC\u00f3mo llegar?<\/a><a href=\"www.bcn.cat\/centrecivicpatillimona\" target=\"_blank\"> <\/a><\/p>\n<p><span style=\"color: #ffffff;\">.<\/span><\/p>\n<p><span style=\"text-decoration: underline;\">19:30hrs<\/span><br \/>\nCONFERENCIA<br \/>\n<a href=\"\/2010\/juan-pablo\" target=\"_blank\"><strong>LA TELARA\u00d1A EN LA RED, CUENTOS Y NARRACIONES EN INTERNET<\/strong><\/a><br \/>\n<em>JUAN PABLO FUENTES<\/em><br \/>\n<a href=\" http:\/\/www.racomultimedia.net\" target=\"_blank\"> C. C. GUINARD\u00d3 \u2013 EL RACONET<\/a><br \/>\nRda Guinardo, 113<br \/>\n08041 \u2013 Barcelona<br \/>\n93 450 39 87<a href=\"http:\/\/www.racomultimedia.net\/\" target=\"_blank\"><br \/>\n<\/a><a href=\"http:\/\/w20.bcn.cat\/Guiamap\/Default.aspx#x=31008.099&amp;y=85478.573&amp;z=5&amp;c=K014K015K001K002K003K011K013K006&amp;w=1057&amp;h=442&amp;p=31008.099,85478.573\" target=\"_blank\">\u00bfC\u00f3mo llegar?<\/a><a href=\"http:\/\/www.racomultimedia.net\/\" target=\"_blank\"><br \/>\n<\/a><\/p>\n<p><span style=\"color: #ffffff;\">.<\/span><\/p>\n<h2><strong>Dijous 21<\/strong><\/h2>\n<p><span style=\"text-decoration: underline;\"> <\/span><\/p>\n<p><span style=\"text-decoration: underline;\">19:00hrs<\/span><br \/>\nCHARLA\/TALLER<br \/>\n<strong><a href=\"\/2010\/helena-cabo\/\" target=\"_blank\">LA VEU: ESPAI SONOR DEL CONTE<\/a>,<\/strong> <em>HELENA CABO<\/em><br \/>\n<a href=\" http:\/\/w3.bcn.es\/XMLServeis\/XMLHomeLinkPl\/0,4022,650916769,00.html\" target=\"_blank\"> BIBLIOTECA SANT ANTONI- JOAN OLIVER<\/a><br \/>\nComte Borrell, 44-46<br \/>\n08015 Barcelona<br \/>\n933 297 216<br \/>\n<a href=\"http:\/\/w20.bcn.cat\/Guiamap\/Default.aspx#x=30085.26&amp;y=81194.234&amp;z=5&amp;c=K014K015K001K002K003K011K013K006&amp;w=1057&amp;h=442&amp;p=30085.26,81194.234\" target=\"_blank\">\u00bfC\u00f3mo llegar?<\/a><\/p>\n<p><span style=\"color: #ffffff;\">.<\/span><\/p>\n<p><span style=\"text-decoration: underline;\">19:00hrs<\/span><br \/>\nCONFERENCIA<br \/>\n<a href=\"\/2010\/ignasi-Potrony\" target=\"_blank\"><strong>LA CONCEPCI\u00d3 DELS M\u00d3NS A TRAV\u00c9S DEL MITE<\/strong><\/a>, <em>IGNASI POTRONY<\/em><br \/>\n<a href=\"http:\/\/w3.bcn.es\/XMLServeis\/XMLHomeLinkPl\/0,4022,650920084_709536676_1,00.html\" target=\"_blank\">BIBLIOTECA VILA DE GR\u00c0CIA<\/a><br \/>\nTorrent de l&#8217;Olla, 104<br \/>\n08012 &#8211; Barcelona<br \/>\n93 284 77 90<br \/>\n<a href=\"http:\/\/w20.bcn.cat\/Guiamap\/Default.aspx#x=29729.58&amp;y=83871.468&amp;z=5&amp;c=K014K015K001K002K003K011K013K006&amp;w=1057&amp;h=442&amp;p=29729.58,83871.468\" target=\"_blank\">\u00bfC\u00f3mo llegar?<\/a><\/p>\n<p><span style=\"color: #ffffff;\">.<\/span><\/p>\n<p><span style=\"text-decoration: underline;\">19:00hrs<\/span><br \/>\nCHARLA<br \/>\n<a href=\"\/2010\/encuentro-con-programadores-de-catalunya\" target=\"_blank\"><strong>ENCUENTRO CON\u2026<\/strong> <em>PROGRAMADORES DE CUENTACUENTOS<\/em><\/a><br \/>\n<a href=\"http:\/\/www.bcn.cat\/centrecivicpatillimona\" target=\"_blank\">C. C. PATI LL\u00cdMONA<\/a><a href=\"www.bcn.cat\/centrecivicpatillimona\" target=\"_blank\"><br \/>\n<\/a><a href=\"http:\/\/w20.bcn.cat\/Guiamap\/Default.aspx#x=31446.088&amp;y=81641.358&amp;z=5&amp;c=K014K015K001K002K003K011K013K006&amp;w=1057&amp;h=442&amp;p=31446.088,81641.358\" target=\"_blank\"> <\/a>C\/ Regomir 3<br \/>\n08002 \u2013 Barcelona<br \/>\n932684700<a href=\"http:\/\/www.bcn.cat\/centrecivicpatillimona\"><br \/>\n<\/a> <a href=\"http:\/\/w20.bcn.cat\/Guiamap\/Default.aspx#x=31446.088&amp;y=81641.358&amp;z=5&amp;c=K014K015K001K002K003K011K013K006&amp;w=1057&amp;h=442&amp;p=31446.088,81641.358\" target=\"_blank\">\u00bfC\u00f3mo llegar?<\/a><a href=\"www.bcn.cat\/centrecivicpatillimona\" target=\"_blank\"> <\/a><\/p>\n<p><span style=\"color: #ffffff;\">.<\/span><\/p>\n<h2><strong>Divendres 22<\/strong><\/h2>\n<p><span style=\"text-decoration: underline;\">19:00hrs<\/span><br \/>\nCONFERENCIA<br \/>\n<a href=\"\/2010\/enrique-vargas\" target=\"_blank\"><strong>EL TEATRO Y LOS RITOS-MITOS EN LAS COMUNIDADES IND\u00cdGENAS DE<br \/>\nLA REGI\u00d3N AMAZ\u00d3NICA DE COLOMBIA<\/strong><\/a>, <em>ENRIQUE VARGAS<\/em><br \/>\n<a href=\"http:\/\/www.teatrodelossentidos.com\/\" target=\"_blank\">EL POLVOR\u00cdN DE MONTJU\u00cfC<\/a> &#8211; TEATRO DE LOS SENTIDOS<br \/>\nCam\u00ed del Polvor\u00ed s\/n<br \/>\n08038 Barcelona<br \/>\n933 161 111 \/ 678 751 788<br \/>\n<a href=\"http:\/\/www.teatrodelossentidos.com\/eo\/noticiadetall.php?idn=23\" target=\"_blank\"> \u00bfC\u00f3mo llegar?<\/a><\/p>\n<p><span style=\"color: #ffffff;\">.<\/span><\/p>\n<p><span style=\"text-decoration: underline;\">19:00hrs<\/span><br \/>\nCONFERENCIA<br \/>\n<a href=\"..\/roser-ros\/\" target=\"_blank\"><strong>LES TRES VELLETES D\u2019ORALITAT: L\u2019ESCOLTA, LA MEM\u00d2RIA I LA VEU<\/strong><\/a>, <em>ROSER ROS<\/em><br \/>\n<a href=\"http:\/\/w3.bcn.es\/XMLServeis\/XMLHomeLinkPl\/0,4022,650920084_709536676_1,00.html\" target=\"_blank\">BIBLIOTECA VILA DE GR\u00c0CIA<\/a><br \/>\nTorrent de l&#8217;Olla, 104<br \/>\n08012 &#8211; Barcelona<br \/>\n93 284 77 90<br \/>\n<a href=\"http:\/\/w20.bcn.cat\/Guiamap\/Default.aspx#x=29729.58&amp;y=83871.468&amp;z=5&amp;c=K014K015K001K002K003K011K013K006&amp;w=1057&amp;h=442&amp;p=29729.58,83871.468\" target=\"_blank\">\u00bfC\u00f3mo llegar?<\/a><\/p>\n<p><span style=\"color: #ffffff;\">.<\/span><\/p>\n<p><span style=\"text-decoration: underline;\"> <\/span><\/p>\n<p><span style=\"text-decoration: underline;\">19:00hrs<\/span><br \/>\nCHARLA<br \/>\n<a href=\"\/2010\/encuentro-con-festivales-de-narracion-oral-en-cataluna\" target=\"_blank\"><strong>ENCUENTRO CON\u2026<\/strong> <em>FESTIVALES DE CATALUNYA<\/em><\/a><br \/>\n<a href=\"http:\/\/www.bcn.cat\/centrecivicpatillimona\" target=\"_blank\">C. C. PATI LL\u00cdMONA<br \/>\n<\/a><a href=\"http:\/\/w20.bcn.cat\/Guiamap\/Default.aspx#x=31446.088&amp;y=81641.358&amp;z=5&amp;c=K014K015K001K002K003K011K013K006&amp;w=1057&amp;h=442&amp;p=31446.088,81641.358\" target=\"_blank\"> <\/a>C\/ Regomir 3<br \/>\n08002 \u2013 Barcelona<br \/>\n932684700<a href=\"http:\/\/www.bcn.cat\/centrecivicpatillimona\"><br \/>\n<\/a> <a href=\"http:\/\/w20.bcn.cat\/Guiamap\/Default.aspx#x=31446.088&amp;y=81641.358&amp;z=5&amp;c=K014K015K001K002K003K011K013K006&amp;w=1057&amp;h=442&amp;p=31446.088,81641.358\" target=\"_blank\">\u00bfC\u00f3mo llegar?<\/a><a href=\"www.bcn.cat\/centrecivicpatillimona\" target=\"_blank\"> <\/a><\/p>\n","protected":false},"excerpt":{"rendered":"<p>. Dissabte 16 10:00 \u2013 14:00hrs y 15:00 \u2013 18:00hrs TALLER EL ARTE DE CONTAR CUENTOS, TIM BOWLEY EL ALMAZEN C\/ Guifr\u00e9 9, baixos 08001 &#8211; Barcelona 934426215 Costo 150\u20ac. Interesados llamar a Mar 664277579 \u00bfC\u00f3mo llegar? . 17:00hrs TROBADA DE NARRADORES I NARRADORS C. C. PATI LL\u00cdMONA C\/ Regomir 3 08002 \u2013 Barcelona 932684700 [&hellip;]<\/p>\n","protected":false},"author":1,"featured_media":0,"parent":0,"menu_order":0,"comment_status":"open","ping_status":"open","template":"","meta":[],"_links":{"self":[{"href":"http:\/\/muntdemots.org\/2010\/wp-json\/wp\/v2\/pages\/219"}],"collection":[{"href":"http:\/\/muntdemots.org\/2010\/wp-json\/wp\/v2\/pages"}],"about":[{"href":"http:\/\/muntdemots.org\/2010\/wp-json\/wp\/v2\/types\/page"}],"author":[{"embeddable":true,"href":"http:\/\/muntdemots.org\/2010\/wp-json\/wp\/v2\/users\/1"}],"replies":[{"embeddable":true,"href":"http:\/\/muntdemots.org\/2010\/wp-json\/wp\/v2\/comments?post=219"}],"version-history":[{"count":36,"href":"http:\/\/muntdemots.org\/2010\/wp-json\/wp\/v2\/pages\/219\/revisions"}],"predecessor-version":[{"id":222,"href":"http:\/\/muntdemots.org\/2010\/wp-json\/wp\/v2\/pages\/219\/revisions\/222"}],"wp:attachment":[{"href":"http:\/\/muntdemots.org\/2010\/wp-json\/wp\/v2\/media?parent=219"}],"curies":[{"name":"wp","href":"https:\/\/api.w.org\/{rel}","templated":true}]}}