{"id":21,"date":"2010-09-03T16:28:35","date_gmt":"2010-09-03T16:28:35","guid":{"rendered":"http:\/\/www.muntdemots.org\/"},"modified":"2010-09-06T14:59:54","modified_gmt":"2010-09-06T14:59:54","slug":"programacio","status":"publish","type":"page","link":"http:\/\/muntdemots.org\/2010\/programacio\/","title":{"rendered":"Programaci\u00f3"},"content":{"rendered":"<p>Sempre pots consultar la programaci\u00f3 en el calendari situat mes a dalt, per\u00f2 aqu\u00ed la tens ordenada per dies:<\/p>\n<p><a href=\"\/2010\/dissabte-16-doctubre\/\"> 16\u00a0d&#8217;octubre<\/a><br \/>\n<a href=\"\/2010\/diumenge-17-doctubre\/\"> 17\u00a0d&#8217;octubre<\/a><br \/>\n<a href=\"\/2010\/dilluns-18-doctubre\/\"> 18\u00a0d&#8217;octubre<\/a><br \/>\n<a href=\"\/2010\/dimarts-19-doctubre\/\"> 19\u00a0d&#8217;octubre<\/a><br \/>\n<a href=\"\/2010\/dimecres-20-doctubre\/\"> 20\u00a0d&#8217;octubre<\/a><br \/>\n<a href=\"\/2010\/dijous-21-doctubre\/\"> 21\u00a0d&#8217;octubre<\/a><br \/>\n<a href=\"\/2010\/divendres-22-doctubre\/\"> 22\u00a0d&#8217;octubre<\/a><br \/>\n<a href=\"\/2010\/dissabte-23-doctubre\/\"> 23\u00a0d&#8217;octubre<\/a><br \/>\nO pots veure<a href=\"\/2010\/tota-la-programacio\/\" target=\"_self\"> tota la programaci\u00f3<\/a>.<\/p>\n<p>Tamb\u00e9 la pots consultar per tema:<\/p>\n<p><a href=\"\/2010\/programacio-infantil\/\">Programaci\u00f3 Infantil<\/a><\/p>\n<p><a href=\"Programaci\u00f3 adults\">Programaci\u00f3n Adults<\/a><\/p>\n<p><a href=\"\/2010\/programacio-exposicions-i-documentals\/\">Programaci\u00f3 Exposicions i Documentals<\/a><\/p>\n<p><a href=\"\/2010\/programacio-tallers-conferencies-i-xerrades\/\">Programaci\u00f3 Tallers, Confer\u00e8ncies i Xerrades<\/a><\/p>\n","protected":false},"excerpt":{"rendered":"<p>Sempre pots consultar la programaci\u00f3 en el calendari situat mes a dalt, per\u00f2 aqu\u00ed la tens ordenada per dies: 16\u00a0d&#8217;octubre 17\u00a0d&#8217;octubre 18\u00a0d&#8217;octubre 19\u00a0d&#8217;octubre 20\u00a0d&#8217;octubre 21\u00a0d&#8217;octubre 22\u00a0d&#8217;octubre 23\u00a0d&#8217;octubre O pots veure tota la programaci\u00f3. Tamb\u00e9 la pots consultar per tema: Programaci\u00f3 Infantil Programaci\u00f3n Adults Programaci\u00f3 Exposicions i Documentals Programaci\u00f3 Tallers, Confer\u00e8ncies i Xerrades<\/p>\n","protected":false},"author":1,"featured_media":0,"parent":0,"menu_order":0,"comment_status":"open","ping_status":"open","template":"","meta":[],"_links":{"self":[{"href":"http:\/\/muntdemots.org\/2010\/wp-json\/wp\/v2\/pages\/21"}],"collection":[{"href":"http:\/\/muntdemots.org\/2010\/wp-json\/wp\/v2\/pages"}],"about":[{"href":"http:\/\/muntdemots.org\/2010\/wp-json\/wp\/v2\/types\/page"}],"author":[{"embeddable":true,"href":"http:\/\/muntdemots.org\/2010\/wp-json\/wp\/v2\/users\/1"}],"replies":[{"embeddable":true,"href":"http:\/\/muntdemots.org\/2010\/wp-json\/wp\/v2\/comments?post=21"}],"version-history":[{"count":4,"href":"http:\/\/muntdemots.org\/2010\/wp-json\/wp\/v2\/pages\/21\/revisions"}],"predecessor-version":[{"id":50,"href":"http:\/\/muntdemots.org\/2010\/wp-json\/wp\/v2\/pages\/21\/revisions\/50"}],"wp:attachment":[{"href":"http:\/\/muntdemots.org\/2010\/wp-json\/wp\/v2\/media?parent=21"}],"curies":[{"name":"wp","href":"https:\/\/api.w.org\/{rel}","templated":true}]}}