{"id":203,"date":"2010-09-06T14:39:40","date_gmt":"2010-09-06T14:39:40","guid":{"rendered":"http:\/\/www.muntdemots.org\/"},"modified":"2010-10-18T23:20:37","modified_gmt":"2010-10-18T23:20:37","slug":"programacio-infantil","status":"publish","type":"page","link":"http:\/\/muntdemots.org\/2010\/programacio-infantil\/","title":{"rendered":"Programaci\u00f3 infantil"},"content":{"rendered":"<h2><span style=\"color: #ffffff;\">.<\/span><\/h2>\n<h2><strong>Dissabte 16<\/strong><\/h2>\n<p><span style=\"text-decoration: underline;\">11:00hrs<\/span><br \/>\nSESI\u00d3N INFANTIL<br \/>\n<a href=\"\/2010\/imaginacontes\/\" target=\"_blank\"><strong>IMAGINACONTES<\/strong><\/a>, <em>VARIAS\/OS NARRADORAS\/ES<\/em><br \/>\n<a href=\"http:\/\/obrasocial.lacaixa.es\/nuestroscentros\/caixaforumbarcelona\/elcentro_es.html\" target=\"_blank\">CAIXA FORUM (CALLE MODERNISTA)<\/a><br \/>\nAv. Francesc Ferrer i Gu\u00e0rdia, 6-8<br \/>\n08038 &#8211; Barcelona<br \/>\n93 476 86  00<br \/>\n<a href=\"http:\/\/w20.bcn.cat\/Guiamap\/Default.aspx#x=28974.653&amp;y=80528.805&amp;z=5&amp;c=K014K015K001K002K003K011K013K006&amp;w=1057&amp;h=442&amp;p=28974.653,80528.805\" target=\"_blank\"> \u00bfC\u00f3mo llegar?<\/a><\/p>\n<p><span style=\"text-decoration: underline;\"> <\/span><\/p>\n<p><span style=\"color: #ffffff;\">.<\/span><\/p>\n<p><span style=\"text-decoration: underline;\">12:00hrs<\/span><br \/>\nSESI\u00d3N INFANTIL<strong><br \/>\n<a href=\"\/2010\/alekos-alexis-forrero\/\" target=\"_blank\">JOROBAILO<\/a><\/strong>, <em>ALEKOS<\/em><br \/>\n<a href=\"http:\/\/www.santosochoa.es\" target=\"_blank\"> LIBRER\u00cdA SANTOS OCHOA<\/a><br \/>\n<a href=\"http:\/\/w20.bcn.cat\/Guiamap\/Default.aspx#x=31455.899&amp;y=87037.379&amp;z=5&amp;c=K014K015K001K002K003K011K013K006&amp;w=1057&amp;h=442&amp;p=31455.899,87037.379\" target=\"_blank\"> <\/a>Pg. Fabra i Puig 165<br \/>\nBarcelona<br \/>\n<a href=\"http:\/\/w20.bcn.cat\/Guiamap\/Default.aspx#x=31455.899&amp;y=87037.379&amp;z=5&amp;c=K014K015K001K002K003K011K013K006&amp;w=1057&amp;h=442&amp;p=31455.899,87037.379\" target=\"_blank\">\u00bfC\u00f3mo llegar?<\/a><\/p>\n<p><span style=\"text-decoration: underline;\"> <\/span><\/p>\n<p><span style=\"text-decoration: underline;\"> <\/span><\/p>\n<p><span style=\"color: #ffffff;\">.<\/span><\/p>\n<p><span style=\"color: #ffffff;\"> <\/span><span style=\"text-decoration: underline;\">19:00hrs<\/span><br \/>\n<strong>INAUGURACI\u00d3N DE LA EXPOSICI\u00d3N DE PANCARTAS<\/strong><strong><br \/>\n<a href=\"\/2010\/alekos-alexis-forrero\/\" target=\"_blank\">LA<\/a><\/strong><a href=\"\/2010\/alekos-alexis-forrero\/\" target=\"_blank\"> <strong>PALABRA<\/strong> <strong>PINTADA<\/strong><\/a>, <em>ALEKOS<br \/>\n<\/em><a href=\"http:\/\/www.bcn.cat\/centrecivicpatillimona\" target=\"_blank\">C. C. PATI LL\u00cdMONA<\/a><br \/>\n<a href=\"http:\/\/w20.bcn.cat\/Guiamap\/Default.aspx#x=31446.088&amp;y=81641.358&amp;z=5&amp;c=K014K015K001K002K003K011K013K006&amp;w=1057&amp;h=442&amp;p=31446.088,81641.358\" target=\"_blank\"> <\/a>C\/ Regomir 3<br \/>\n08002 \u2013 Barcelona<br \/>\n932684700<br \/>\n<a href=\"http:\/\/w20.bcn.cat\/Guiamap\/Default.aspx#x=31446.088&amp;y=81641.358&amp;z=5&amp;c=K014K015K001K002K003K011K013K006&amp;w=1057&amp;h=442&amp;p=31446.088,81641.358\" target=\"_blank\">\u00bfC\u00f3mo llegar?<\/a><\/p>\n<p><span style=\"text-decoration: underline;\"> <\/span><\/p>\n<p><span style=\"color: #ffffff;\">.<\/span><\/p>\n<p><strong> <\/strong><\/p>\n<h2><strong>Diumenge 17<\/strong><\/h2>\n<p><span style=\"text-decoration: underline;\">12:00hrs<\/span><br \/>\nSESI\u00d3N INFANTIL<br \/>\n<a href=\"\/2010\/fanny-fuguet\" target=\"_blank\"><strong>JUGUE<\/strong>\u2026 <strong>CONTE<\/strong>\u2026 <strong>CANTEMOS<\/strong>!<\/a>, <em>FANNY FUGUET<\/em><br \/>\n<a href=\"http:\/\/www.bcn.cat\/cclescorts\" target=\"_blank\"> C. C. LES CORTS \u2013  AUSPICIA: CONSEJO DE IGUALDAD DE LA MUJER<\/a><br \/>\nC\/ Dolors Masferrer i Bosch, 33-35<br \/>\n08028 Barcelona<br \/>\n932916462<br \/>\n<a href=\"http:\/\/w20.bcn.cat\/Guiamap\/Default.aspx#x=27198.875&amp;y=82062.49&amp;z=5&amp;c=K014K015K001K002K003K011K013K006&amp;w=1057&amp;h=458&amp;p=27198.875,82062.49\" target=\"_blank\">\u00bfC\u00f3mo llegar?<\/a><\/p>\n<p><span style=\"color: #ffffff;\">.<\/span><br \/>\n<span style=\"text-decoration: underline;\">12:00hrs<\/span><br \/>\nSESI\u00d3N INFANTIL<br \/>\n<a href=\"\/2010\/patricia-mac-gill\" target=\"_blank\"><strong>TOCAT DE RETOC<\/strong><\/a>, <em>PATRICIA MACGILL<\/em><br \/>\n<a href=\"http:\/\/www.museupicasso.bcn.es\/\" target=\"_blank\"> MUSEO PICASSO<\/a><br \/>\nc\/ Montcada 15-23<br \/>\n08003 Barcelona<br \/>\n93 256 30 00<br \/>\n<a href=\"http:\/\/w20.bcn.cat\/Guiamap\/Default.aspx#x=31603.364&amp;y=82042.116&amp;z=5&amp;c=K014K015K001K002K003K011K013K006&amp;w=1057&amp;h=458&amp;p=31603.364,82042.116\" target=\"_blank\">\u00bfC\u00f3mo llegar?<\/a><\/p>\n<p><span style=\"color: #ffffff;\">.<\/span><\/p>\n<p><span style=\"text-decoration: underline;\">12:00hrs<\/span><br \/>\nSESI\u00d3N INFANTIL<br \/>\n<a href=\"\/2010\/monica-martinez-paz\" target=\"_blank\"><strong>CONTES D\u2019AQU\u00cd, D\u2019ALL\u00c0 I D\u2019ACULL\u00c0<\/strong><\/a>,  <em>M\u00d3NICA MART\u00cdNEZ<\/em><em> PAZ<br \/>\n<\/em><a href=\"http:\/\/www.centreshg.net\/taxonera\" target=\"_blank\">C. C. TAXONERA<\/a><br \/>\nC Arenys, 75<br \/>\n08035 \u2013 Barcelona<br \/>\n932563388<br \/>\n<a href=\"http:\/\/w20.bcn.cat\/Guiamap\/Default.aspx#x=28616.746&amp;y=86219.774&amp;z=5&amp;c=K014K015K001K002K003K011K013K006&amp;w=1057&amp;h=442&amp;p=28616.746,86219.774\" target=\"_blank\">\u00bfC\u00f3mo llegar?<\/a><\/p>\n<p><span style=\"color: #ffffff;\">.<\/span><\/p>\n<p><span style=\"text-decoration: underline;\">12:00hrs<\/span><br \/>\nSESI\u00d3N INFANTIL  (+5)<strong><br \/>\n<a href=\"\/2010\/esther-pozo\" target=\"_blank\">CASTANYES I CONTES AMB BANYES<\/a><\/strong>, <em>ESTHER POZO<\/em><br \/>\n<a href=\" http:\/\/w3.bcn.es\/V51\/Home\/V51HomeLinkPl\/0,3989,526634255,00.html\" target=\"_blank\"> BIBLIOTECA EL CARMEL- JUAN MARS\u00c9<\/a><br \/>\nC\/ Murtra, 135-145<br \/>\n08032 Barcelona<br \/>\n934 072 870<br \/>\n<a href=\"http:\/\/w20.bcn.cat\/Guiamap\/Default.aspx#x=29490.304&amp;y=86042.169&amp;z=5&amp;c=K014K015K001K002K003K011K013K006&amp;w=1057&amp;h=442&amp;p=29490.304,86042.169\" target=\"_blank\">\u00bfC\u00f3mo llegar?<\/a><\/p>\n<p><span style=\"color: #ffffff;\">.<\/span><\/p>\n<h2><strong>Dilluns 18<\/strong><\/h2>\n<p><span style=\"text-decoration: underline;\">18:00hrs<\/span><br \/>\nSESI\u00d3N INFANTIL (+4)<br \/>\n<a href=\"\/2010\/alfredo-becker\" target=\"_blank\"><strong>\u2026Y SE LLAMABA MIGUEL<\/strong><\/a>, <em>ALFREDO BECKER<\/em><br \/>\n<a href=\"http:\/\/www.bcn.cat\/bibbonpastor\" target=\"_blank\"> BIBLIOTECA BON PASTOR<\/a><br \/>\nC\/Estadella, 62<br \/>\n08030 &#8211; Barcelona<br \/>\n934980216<br \/>\n<a href=\"http:\/\/w20.bcn.cat\/Guiamap\/Default.aspx#x=33646.344&amp;y=87575.817&amp;z=5&amp;c=K014K015K001K002K003K011K013K006&amp;w=1057&amp;h=442&amp;p=33646.344,87575.817\" target=\"_blank\">\u00bfC\u00f3mo llegar?<\/a><\/p>\n<p><span style=\"color: #ffffff;\">.<\/span><\/p>\n<h2><strong>Dimarts 19<\/strong><\/h2>\n<p><span style=\"text-decoration: underline;\">17:30hrs<\/span><br \/>\nSESI\u00d3N FAMILIAR<br \/>\n<a href=\"\/2010\/soledad-felloza\" target=\"_blank\"><strong>DE TIN MAR\u00cdN<\/strong><\/a>,  <em>SOLEDAD FELLOZA<\/em><br \/>\n<a href=\" http:\/\/www.bcn.cat\/cctrinitatvella\" target=\"_blank\"> C. C. TRINITAT VELLA<\/a><br \/>\nForadada, 36-38<br \/>\n08033 &#8211; Barcelona<br \/>\n933 457 016<br \/>\n<a href=\"http:\/\/w20.bcn.cat\/Guiamap\/Default.aspx#x=32537.834&amp;y=89413.102&amp;z=5&amp;c=K014K015K001K002K003K011K013K006&amp;w=1057&amp;h=442&amp;p=32537.834,89413.102\" target=\"_blank\">\u00bfC\u00f3mo llegar?<\/a><\/p>\n<p><span style=\"color: #ffffff;\">.<\/span><\/p>\n<p><span style=\"text-decoration: underline;\"> <\/span><\/p>\n<p><span style=\"text-decoration: underline;\">17:30hrs<\/span><br \/>\nSESI\u00d3N INFANTIL (+4)<br \/>\n<a href=\"\/2010\/alfredo-becker\" target=\"_blank\"><strong>\u2026Y SE LLAMABA MIGUEL<\/strong><\/a>, <em>ALFREDO BECKER<\/em><br \/>\n<a href=\"http:\/\/www.bcn.cat\/bibcanroses\" target=\"_blank\"> BIBLIOTECA CAN ROS\u00c9S<\/a><br \/>\nCarrer de D\u00e9u i Mata, 57<br \/>\n08029 \u2013Barcelona<br \/>\n934 191 929 <a href=\"http:\/\/www.bcn.cat\/bibcanroses\"><br \/>\n<\/a><a href=\"http:\/\/w20.bcn.cat\/Guiamap\/Default.aspx#x=27758.99&amp;y=82422.686&amp;z=5&amp;c=K014K015K001K002K003K011K013K006&amp;w=1057&amp;h=442&amp;p=27758.99,82422.686\" target=\"_blank\">\u00bfC\u00f3mo llegar?<\/a><\/p>\n<p><span style=\"color: #ffffff;\">.<\/span><\/p>\n<p><span style=\"text-decoration: underline;\">18:00hrs<\/span><br \/>\nSESI\u00d3N INFANTIL (+4)<br \/>\n<a href=\"\/2010\/albert-estengre\" target=\"_blank\"><strong>BRUIXES, RIALS I PLATGES<\/strong><\/a>, <em>ALBERT ESTENGRE<\/em><br \/>\n<a href=\" http:\/\/w3.bcn.es\/V51\/Home\/V51HomeLinkPl\/0,3989,526653874_528527126_2,00.html\" target=\"_blank\"> BIBLIOTECA SAGRADA FAM\u00ccLIA<\/a><br \/>\nC\/Proven\u00e7a, 480<br \/>\n08025 &#8211; Barcelona<br \/>\n93 450 87 33<br \/>\n<a href=\"http:\/\/w20.bcn.cat\/Guiamap\/Default.aspx#x=31251.628&amp;y=84333.813&amp;z=5&amp;c=K014K015K001K002K003K011K013K006&amp;w=1057&amp;h=442&amp;p=31251.628,84333.813\" target=\"_blank\">\u00bfC\u00f3mo llegar?<\/a><\/p>\n<p><span style=\"color: #ffffff;\">.<\/span><\/p>\n<p><span style=\"text-decoration: underline;\">18:00hrs<\/span><strong><br \/>\nMalauradament aquesta activitat ha sigut suspesa. Des de l\u2019organitzaci\u00f3 del Festival us <\/strong><strong>preguem <\/strong><strong>disculpes<\/strong><br \/>\nSESI\u00d3N INFANTIL  (+3)<br \/>\n<a href=\"\/2010\/sherezade-bardaji-y-rebeca-luciani\" target=\"_blank\"><strong>EL SOMRIURE DE LA DANIELA<\/strong><\/a>, <em>SHEREZADE BARDAJI I REBECA LUCIANI<\/em><br \/>\n<a href=\"http:\/\/w3.bcn.es\/V51\/Home\/V51HomeLinkPl\/0,3989,171935332_173110308_2,00.html\" target=\"_blank\"> BIBLIOTECA SANT PAU- SANTA CREU<\/a><br \/>\nCarme, 47 \/ Hospital, 56<br \/>\n08001 &#8211; Barcelona<br \/>\n93 302 07<span style=\"text-decoration: underline;\"><br \/>\n<a href=\"http:\/\/w20.bcn.cat\/Guiamap\/Default.aspx#x=30606.382&amp;y=81645.275&amp;z=5&amp;c=K014K015K001K002K003K011K013K006&amp;w=1057&amp;h=442&amp;p=30606.382,81645.275\" target=\"_blank\">\u00bfC\u00f3mo llegar?<\/a><\/span><\/p>\n<p><span style=\"color: #ffffff;\">.<\/span><\/p>\n<p><span style=\"text-decoration: underline;\">19:00hrs<\/span><br \/>\n<strong>PRESENTACI\u00d3N DE LIBRO<br \/>\n<a href=\"\/2010\/ana-cristina-herreros\/\" target=\"_blank\">LA SORPRENET I VERITABLE HISTORIA D\u2019UN RATOL\u00cd ANOMENAT P\u00c9REZ<\/a><\/strong>, <em>ANA CRISTINA HERREROS<\/em><br \/>\n<a href=\" www.santosochoa.es\" target=\"_blank\"> <\/a><a href=\"http:\/\/www.santosochoa.es\" target=\"_blank\">LIBRER\u00cdA SANTOS OCHOA<\/a><br \/>\n<a href=\"http:\/\/w20.bcn.cat\/Guiamap\/Default.aspx#x=31455.899&amp;y=87037.379&amp;z=5&amp;c=K014K015K001K002K003K011K013K006&amp;w=1057&amp;h=442&amp;p=31455.899,87037.379\" target=\"_blank\"> <\/a>Pg. Fabra i Puig 165<br \/>\nBarcelona<br \/>\n<a href=\"http:\/\/w20.bcn.cat\/Guiamap\/Default.aspx#x=31455.899&amp;y=87037.379&amp;z=5&amp;c=K014K015K001K002K003K011K013K006&amp;w=1057&amp;h=442&amp;p=31455.899,87037.379\" target=\"_blank\">\u00bfC\u00f3mo llegar?<\/a><span style=\"color: #ffffff;\">.<\/span><\/p>\n<p><span style=\"color: #ffffff;\">.<\/span><\/p>\n<h2><strong>Dimecres 20<\/strong><\/h2>\n<p><span style=\"text-decoration: underline;\">18:00hrs<\/span><br \/>\nSESI\u00d3N INFANTIL<a href=\"\/2010\/albert-marques\" target=\"_blank\"><strong><br \/>\nEL<\/strong> <strong>Q\u00dcENTILADOR<\/strong><\/a>, <em>ALBERT MARQUES<\/em><br \/>\n<a href=\"http:\/\/w3.bcn.es\/XMLServeis\/Asia\/XMLFitxaAsiaCtl\/0,4122,370084977_424430559_2_92086004593,00.html?tipusEnllac=equipament&amp;idFitxa=92086004593&amp;nomesFitxa=true\" target=\"_blank\"> SALA DE LECTURA DEL CLOT<\/a><br \/>\nC\/Clot, 21-25<br \/>\n08018 \u2013 Barcelona<br \/>\n932463928<br \/>\n<a href=\"http:\/\/w20.bcn.cat\/Guiamap\/Default.aspx#x=32184.155&amp;y=84437.486&amp;z=5&amp;c=K014K015K001K002K003K011K013K006&amp;w=1057&amp;h=442&amp;p=32184.155,84437.486\" target=\"_blank\">\u00bfC\u00f3mo llegar?<\/a><\/p>\n<p><span style=\"color: #ffffff;\">.<\/span><\/p>\n<p><span style=\"text-decoration: underline;\">18:00hrs<\/span><br \/>\nSESI\u00d3N INFANTIL<strong><br \/>\n<a href=\"..\/marga-socias\/\" target=\"_blank\">El LLIBRE SECRET<\/a><\/strong>, <em>MARGA SOCIAS<\/em><a href=\"http:\/\/w3.bcn.es\/V51\/Home\/V51HomeLinkPl\/0,3989,171936303,00.html\" target=\"_blank\"><br \/>\nBIBLIOTECA FORT PIENC<\/a><br \/>\nCarrer Ribes, 12-14<br \/>\n08013-Barcelona<br \/>\n932 652 435<a href=\"http:\/\/w3.bcn.es\/V51\/Home\/V51HomeLinkPl\/0,3989,171936303,00.html\" target=\"_blank\"><br \/>\n<\/a><a href=\"http:\/\/w20.bcn.cat\/Guiamap\/Default.aspx#x=32342.902&amp;y=88723.621&amp;z=5&amp;c=K014K015K001K002K003K011K013K006&amp;w=1057&amp;h=442&amp;p=32342.902,88723.621\" target=\"_blank\">\u00bfC\u00f3mo llegar?<\/a><\/p>\n<p><span style=\"color: #ffffff;\">.<\/span><\/p>\n<h2><strong>Dijous 21<\/strong><\/h2>\n<p><span style=\"text-decoration: underline;\">18:00hrs<\/span><br \/>\nSESI\u00d3N INFANTIL<br \/>\n<a href=\"\/2010\/patricia-mac-gill\" target=\"_blank\"><strong>CONTES A LA CASSOLA<\/strong><\/a>, <em>PATRICIA MC GILL<\/em><br \/>\n<a href=\"http:\/\/w3.bcn.es\/XMLServeis\/Asia\/XMLFitxaAsiaCtl\/0,4122,370084977_424430559_2_92086004593,00.html?tipusEnllac=equipament&amp;idFitxa=92086004593&amp;nomesFitxa=true\" target=\"_blank\">SALA DE LECTURA DEL CLOT<\/a><br \/>\nC\/Clot, 21-25<br \/>\n08018 \u2013 Barcelona<br \/>\n932463928<br \/>\n<a href=\"http:\/\/w20.bcn.cat\/Guiamap\/Default.aspx#x=32184.155&amp;y=84437.486&amp;z=5&amp;c=K014K015K001K002K003K011K013K006&amp;w=1057&amp;h=442&amp;p=32184.155,84437.486\" target=\"_blank\">\u00bfC\u00f3mo llegar?<\/a><\/p>\n<p><span style=\"color: #ffffff;\">.<\/span><\/p>\n<p><span style=\"text-decoration: underline;\">18:00hrs<\/span><br \/>\nSESI\u00d3N INFANTIL  (2-4)<br \/>\n<a href=\"\/2010\/marina-pallares\" target=\"_blank\"><strong>CONTES A LA M\u00c1<\/strong><\/a>, <em>MARINA PALLAR\u00c8S<\/em><br \/>\n<a href=\" http:\/\/w3.bcn.es\/XMLServeis\/XMLHomeLinkPl\/0,4022,650929368_708500075_1,00.html\" target=\"_blank\"> BIBLIOTECA POBLE NOU MANUEL ARRANZ<\/a><br \/>\nC\/ Joncar, 35<br \/>\nBarcelona<br \/>\n93 485 66 22<br \/>\n<a href=\"http:\/\/w20.bcn.cat\/Guiamap\/Default.aspx#x=33600.705&amp;y=83824.516&amp;z=5&amp;c=K014K015K001K002K003K011K013K006&amp;w=1057&amp;h=442&amp;p=33600.705,83824.516\" target=\"_blank\">\u00bfC\u00f3mo llegar?<\/a><\/p>\n<p><span style=\"color: #ffffff;\">.<\/span><\/p>\n<p><span style=\"text-decoration: underline;\">18:00hrs \u2013 21:00hrs<\/span><br \/>\nEXPOSICI\u00d3N-ESPECT\u00c1CULO FAMILIAR (+12)<br \/>\n<a href=\"\/2010\/alekos-alexis-forrero\/\" target=\"_blank\"><strong>INUTENSILIOS<\/strong><\/a>, <em>ALEKOS<\/em><br \/>\n<a href=\"http:\/\/www.teatrodelossentidos.com\/\" target=\"_blank\">EL POLVOR\u00cdN DE MONTJU\u00cfC<\/a> &#8211; TEATRO DE LOS SENTIDOS<br \/>\nCam\u00ed del Polvor\u00ed s\/n<br \/>\n08038 Barcelona<br \/>\n933 161 111 \/ 678 751 788<br \/>\n<a href=\"http:\/\/www.teatrodelossentidos.com\/eo\/noticiadetall.php?idn=23\" target=\"_blank\"> \u00bfC\u00f3mo llegar?<\/a><\/p>\n<p><span style=\"color: #ffffff;\">.<\/span><\/p>\n<p><span style=\"text-decoration: underline;\">20:00hrs<\/span><br \/>\nSESI\u00d3N FAMILIAR<br \/>\n<a href=\"\/2010\/narrin-narran\" target=\"_blank\"><strong>CONTES DE MISTERI I TERROR<\/strong><\/a>, <em>NARR\u00cdN NARR\u00c1N<\/em><br \/>\n<a href=\"http:\/\/w3.bcn.es\/XMLServeis\/Asia\/XMLFitxaAsiaCtl\/0,4122,370084977_424430559_2_99400201447,00.html?tipusEnllac=equipament&amp;idFitxa=99400201447&amp;nomesFitxa=true\" target=\"_blank\"> ESPAI ANTONI MIR\u00d3 PERIS<\/a><br \/>\nPl Carme Monturiol, 10<br \/>\n08026 &#8211; Barcelona<br \/>\n934507013<br \/>\n<a href=\"http:\/\/w20.bcn.cat\/Guiamap\/Default.aspx#x=31942.052&amp;y=85115.403&amp;z=5&amp;c=K014K015K001K002K003K011K013K006&amp;w=1057&amp;h=442&amp;p=31942.052,85115.403\" target=\"_blank\">\u00bfC\u00f3mo llegar?<\/a><\/p>\n<p><span style=\"color: #ffffff;\">.<\/span><\/p>\n<h2><strong>Divendres 22<\/strong><\/h2>\n<p><span style=\"text-decoration: underline;\">17:00hrs \u2013 19:00hrs<\/span><br \/>\nEXPOSICI\u00d3N-ESPECT\u00c1CULO FAMILIAR (+12)<br \/>\n<a href=\"\/2010\/alekos-alexis-forrero\/\" target=\"_blank\"><strong>INUTENSILIOS<\/strong><\/a>, <em>ALEKOS<\/em><br \/>\n<a href=\"http:\/\/www.teatrodelossentidos.com\/\" target=\"_blank\">EL POLVOR\u00cdN DE MONTJU\u00cfC<\/a> &#8211; TEATRO DE LOS SENTIDOS<br \/>\nCam\u00ed del Polvor\u00ed s\/n<br \/>\n08038 Barcelona<br \/>\n933 161 111 \/ 678 751 788<br \/>\n<a href=\"http:\/\/www.teatrodelossentidos.com\/eo\/noticiadetall.php?idn=23\" target=\"_blank\"> \u00bfC\u00f3mo llegar?<\/a><\/p>\n<p><span style=\"color: #ffffff;\">.<\/span><\/p>\n<p><span style=\"text-decoration: underline;\">18:00hrs<\/span><br \/>\nSESI\u00d3N INFANTIL<br \/>\n<strong><a href=\"\/2010\/mercedes-carrion\" target=\"_blank\">\u00a1AY! \u00a1QUE LOS CUENTOS SE ME SALEN POR LA BOCA!<\/a>, <\/strong><em>MERCEDES CARRI\u00d3N<\/em><br \/>\n<a href=\" http:\/\/ccsagradafamilia.net\" target=\"_blank\"> C. C. SAGRADA  FAM\u00cdLIA<\/a><br \/>\nC\/ Proven\u00e7a, 480<br \/>\n08025 Barcelona<br \/>\n93 450 89 17<br \/>\n<span style=\"color: #ffffff;\"><a href=\"http:\/\/w20.bcn.cat\/Guiamap\/Default.aspx#x=31251.628&amp;y=84333.813&amp;z=5&amp;c=K014K015K001K002K003K011K013K006&amp;w=1057&amp;h=442&amp;p=31251.628,84333.813\" target=\"_blank\">\u00bfC\u00f3mo llegar?<\/a><\/span><\/p>\n<p><span style=\"color: #ffffff;\">.<\/span><\/p>\n<p><span style=\"color: #ffffff;\"> <\/span><span style=\"text-decoration: underline;\">20:00hrs<\/span><br \/>\nSESI\u00d3N FAMILIAR<br \/>\n<a href=\"\/2010\/ignasi-Potrony\" target=\"_blank\"><strong>BIRLIBOM, LA VACA BLANCA I ALTRES VE\u00cfNS<\/strong><\/a>, <em>T\u00c0\u00c1NDEM<\/em><br \/>\n(<em>IGNASI POTRONY Y SUSANA TORNERO)<\/em><br \/>\n<a href=\" http:\/\/w3.bcn.es\/XMLServeis\/XMLHomeLinkPl\/0,4022,656966449_674234318_1,00.html\" target=\"_blank\"> MUSEU ETNOL\u00d2GIC<\/a><br \/>\nPasseig Santa Madrona, SN<br \/>\n08038 &#8211; Barcelona<br \/>\n934 246 807<a href=\"http:\/\/w3.bcn.es\/XMLServeis\/XMLHomeLinkPl\/0,4022,656966449_674234318_1,00.html\"><br \/>\n<\/a> <a href=\"http:\/\/w20.bcn.cat\/Guiamap\/Default.aspx#x=29660.07&amp;y=80071.91&amp;z=5&amp;c=&amp;w=1057&amp;h=442&amp;p=29660.07,80071.91\" target=\"_blank\">\u00bfC\u00f3mo llegar?<\/a><a href=\"http:\/\/w3.bcn.es\/XMLServeis\/XMLHomeLinkPl\/0,4022,656966449_674234318_1,00.html\"><br \/>\n<\/a><\/p>\n<p><span style=\"color: #ffffff;\">.<\/span><\/p>\n<p><span style=\"color: #ffffff;\"> <\/span><span style=\"text-decoration: underline;\">23:30hrs \u2013 00:30hrs<\/span><br \/>\nEXPOSICI\u00d3N-ESPECT\u00c1CULO FAMILIAR (+12)<br \/>\n<a href=\"\/2010\/alek\" target=\"_blank\"><strong>INUTENSILIOS<\/strong><\/a>, <em>ALEKOS<\/em><br \/>\n<a href=\"http:\/\/www.teatrodelossentidos.com\/\" target=\"_blank\">EL POLVOR\u00cdN DE MONTJU\u00cfC<\/a> &#8211; TEATRO DE LOS SENTIDOS<br \/>\nCam\u00ed del Polvor\u00ed s\/n<br \/>\n08038 Barcelona<br \/>\n933 161 111 \/ 678 751 788<br \/>\n<a href=\"http:\/\/www.teatrodelossentidos.com\/eo\/noticiadetall.php?idn=23\" target=\"_blank\"> \u00bfC\u00f3mo llegar?<\/a><\/p>\n<p><span style=\"color: #ffffff;\">.<\/span><\/p>\n<h2><strong>Dissabte 23<\/strong><\/h2>\n<p><span style=\"text-decoration: underline;\">11:00 \u2013 13:00hrs<\/span><br \/>\n<a href=\"\/2010\/maraton-de-cuentos-para-ninos-y-ninas\" target=\"_blank\"><strong>MARAT\u00d3N DE CUENTOS INFANTILES<\/strong><\/a><br \/>\n<em>GRUPOS: VIVIM DEL CUENTU,<\/em><strong> <\/strong><em>MARACAL\u00c0, BOCABADATS<\/em>, <em>ENCANTACONTES<\/em><br \/>\n<a href=\"http:\/\/www.bcn.cat\/centrecivicpatillimona\" target=\"_blank\">C. C. PATI LL\u00cdMONA<\/a><a href=\"http:\/\/www.bcn.cat\/centrecivicpatillimona\" target=\"_blank\"><br \/>\n<\/a><a href=\"http:\/\/w20.bcn.cat\/Guiamap\/Default.aspx#x=31446.088&amp;y=81641.358&amp;z=5&amp;c=K014K015K001K002K003K011K013K006&amp;w=1057&amp;h=442&amp;p=31446.088,81641.358\" target=\"_blank\"> <\/a>C\/ Regomir 3<br \/>\n08002 \u2013 Barcelona<br \/>\n932684700<a href=\"http:\/\/www.bcn.cat\/centrecivicpatillimona\"><br \/>\n<\/a> <a href=\"http:\/\/w20.bcn.cat\/Guiamap\/Default.aspx#x=31446.088&amp;y=81641.358&amp;z=5&amp;c=K014K015K001K002K003K011K013K006&amp;w=1057&amp;h=442&amp;p=31446.088,81641.358\" target=\"_blank\">\u00bfC\u00f3mo llegar?<\/a><a href=\"www.bcn.cat\/centrecivicpatillimona\" target=\"_blank\"> <\/a><\/p>\n<p><span style=\"color: #ffffff;\">.<\/span><\/p>\n<p><span style=\"text-decoration: underline;\">12:00hrs<\/span><br \/>\n<strong>SESI\u00d3N INFANTIL<\/strong><strong><br \/>\n<a href=\"\/2010\/felix-albo\" target=\"_blank\">CUENTOS DE LA MALETA<\/a><\/strong>, <em>F\u00c9LIX ALBO<\/em><strong><br \/>\n<\/strong><a href=\"http:\/\/www.cctorrellobeta.es\/\" target=\"_blank\">C. C. TORRE LLOBETA<\/a><br \/>\n<a href=\"http:\/\/w20.bcn.cat\/GuiaHandler\/GuiaHandler.ashx\/Guia.cca?x=31057.262&amp;y=86644.19&amp;z=6&amp;c=&amp;w=1057&amp;h=442&amp;p=31057.262,86644.19\" target=\"_blank\"> <\/a>C\/ Santa Fe, 2 bis<br \/>\n08031 &#8211; Barcelona<br \/>\n93 358 56 14<br \/>\n<a href=\"http:\/\/w20.bcn.cat\/Guiamap\/Default.aspx#x=31057.262&amp;y=86644.19&amp;z=5&amp;c=K014K015K001K002K003K011K013K006&amp;w=1057&amp;h=442&amp;p=31057.262,86644.19\" target=\"_blank\">\u00bfC\u00f3mo llegar?<\/a><\/p>\n<p><span style=\"color: #ffffff;\">.<\/span><\/p>\n<p><span style=\"text-decoration: underline;\">12:00hrs<\/span><br \/>\n<a href=\"\/2010\/ruben-martinez-santana\" target=\"_blank\"><strong>PRESENTACI\u00d3N DEL LIBRO<br \/>\nCOQUITOS<\/strong><\/a>, <em>RUB\u00c9N  MART\u00cdNEZ<\/em><em> SANTANA Y ALEKOS<br \/>\n<\/em><a href=\"http:\/\/www.santosochoa.es\/\" target=\"_blank\">LIBRER\u00cdA SANTOS OCHOA<\/a><br \/>\n<a href=\"http:\/\/w20.bcn.cat\/Guiamap\/Default.aspx#x=31455.899&amp;y=87037.379&amp;z=5&amp;c=K014K015K001K002K003K011K013K006&amp;w=1057&amp;h=442&amp;p=31455.899,87037.379\" target=\"_blank\"> <\/a>Pg. Fabra i Puig 165<br \/>\nBarcelona<br \/>\n<a href=\"http:\/\/w20.bcn.cat\/Guiamap\/Default.aspx#x=31455.899&amp;y=87037.379&amp;z=5&amp;c=K014K015K001K002K003K011K013K006&amp;w=1057&amp;h=442&amp;p=31455.899,87037.379\" target=\"_blank\">\u00bfC\u00f3mo llegar?<\/a><\/p>\n<p><span style=\"color: #ffffff;\">.<\/span><\/p>\n<p><span style=\"text-decoration: underline;\">15:00hrs \u2013 16:30hrs<\/span><br \/>\nEXPOSICI\u00d3N-ESPECT\u00c1CULO FAMILIAR (+12)<strong><br \/>\n<a href=\"\/2010\/alekos-alexis-forrero\/\" target=\"_blank\">INUTENSILIOS<\/a><\/strong>, <em>ALEKOS<\/em><br \/>\n<a href=\"http:\/\/www.teatrodelossentidos.com\/\" target=\"_blank\">EL POLVOR\u00cdN DE MONTJU\u00cfC<\/a> &#8211; TEATRO DE LOS SENTIDOS<br \/>\nCam\u00ed del Polvor\u00ed s\/n<br \/>\n08038 Barcelona<br \/>\n933 161 111 \/ 678 751 788<br \/>\n<a href=\"http:\/\/www.teatrodelossentidos.com\/eo\/noticiadetall.php?idn=23\" target=\"_blank\"> \u00bfC\u00f3mo llegar?<\/a><\/p>\n<p><span style=\"color: #ffffff;\">.<\/span><\/p>\n<p><span style=\"text-decoration: underline;\">17:00hrs<\/span><br \/>\nSESI\u00d3N INFANTIL<br \/>\n<a href=\"\/2010\/marga-socias\" target=\"_blank\"><strong>LES INCRE\u00cfBLES HIST\u00d2RIES DEL PA\u00cdS 27<\/strong><\/a>, <em>MARGA SOCIAS<\/em><br \/>\n<a href=\"http:\/\/www.teatrodelossentidos.com\/\" target=\"_blank\">EL POLVOR\u00cdN DE MONTJU\u00cfC<\/a> &#8211; TEATRO DE LOS SENTIDOS<br \/>\nCam\u00ed del Polvor\u00ed s\/n<br \/>\n08038 Barcelona<br \/>\n933 161 111 \/ 678 751 788<br \/>\n<a href=\"http:\/\/www.teatrodelossentidos.com\/eo\/noticiadetall.php?idn=23\" target=\"_blank\"> \u00bfC\u00f3mo llegar?<\/a><\/p>\n<p><span style=\"color: #ffffff;\">.<\/span><\/p>\n<p><span style=\"text-decoration: underline;\">18:00hrs \u2013 20:00hrs<\/span><br \/>\nEXPOSICI\u00d3N-ESPECT\u00c1CULO FAMILIAR (+12)<br \/>\n<strong><a href=\"..\/alekos-alexis-forrero\/\" target=\"_blank\">INUTENSILIOS<\/a><\/strong>, <em>ALEKOS<\/em><br \/>\n<a href=\"http:\/\/www.teatrodelossentidos.com\/\" target=\"_blank\">EL POLVOR\u00cdN DE MONTJU\u00cfC<\/a> &#8211; TEATRO DE LOS SENTIDOS<br \/>\nCam\u00ed del Polvor\u00ed s\/n<br \/>\n08038 Barcelona<br \/>\n933 161 111 \/ 678 751 788<br \/>\n<a href=\"http:\/\/www.teatrodelossentidos.com\/eo\/noticiadetall.php?idn=23\" target=\"_blank\"> \u00bfC\u00f3mo llegar?<\/a><\/p>\n<p><span style=\"color: #ffffff;\">..<\/span><\/p>\n<p><span style=\"text-decoration: underline;\">18:00hrs<\/span><br \/>\nSESI\u00d3N INFANTIL<br \/>\n<a href=\"\/2010\/ana-garcia-y-paco-asencio\" target=\"_blank\"><strong>CANTACONTES<\/strong><\/a>, <em>ANNA  GARC\u00cdA Y<\/em><em> PACO ASENCIO<\/em><br \/>\n<a href=\" http:\/\/www.espaiperepruna.org\" target=\"_blank\"> C. C. PERE PRUNA<\/a><br \/>\nGanduxer, 130<br \/>\nBarcelona<strong><br \/>\n<\/strong>93 4186537<br \/>\n<a href=\"http:\/\/w20.bcn.cat\/Guiamap\/Default.aspx#x=27481.942&amp;y=84083.609&amp;z=5&amp;c=K014K015K001K002K003K011K009K013K006&amp;w=1057&amp;h=442&amp;p=27481.942,84083.609\" target=\"_blank\"> \u00bfC\u00f3mo llegar?<\/a><\/p>\n<p><span style=\"color: #ffffff;\">.<\/span><\/p>\n<p><span style=\"text-decoration: underline;\"> <\/span><\/p>\n<h2><strong> <\/strong><\/h2>\n","protected":false},"excerpt":{"rendered":"<p>. Dissabte 16 11:00hrs SESI\u00d3N INFANTIL IMAGINACONTES, VARIAS\/OS NARRADORAS\/ES CAIXA FORUM (CALLE MODERNISTA) Av. Francesc Ferrer i Gu\u00e0rdia, 6-8 08038 &#8211; Barcelona 93 476 86 00 \u00bfC\u00f3mo llegar? . 12:00hrs SESI\u00d3N INFANTIL JOROBAILO, ALEKOS LIBRER\u00cdA SANTOS OCHOA Pg. Fabra i Puig 165 Barcelona \u00bfC\u00f3mo llegar? . 19:00hrs INAUGURACI\u00d3N DE LA EXPOSICI\u00d3N DE PANCARTAS LA PALABRA [&hellip;]<\/p>\n","protected":false},"author":1,"featured_media":0,"parent":0,"menu_order":0,"comment_status":"open","ping_status":"open","template":"","meta":[],"_links":{"self":[{"href":"http:\/\/muntdemots.org\/2010\/wp-json\/wp\/v2\/pages\/203"}],"collection":[{"href":"http:\/\/muntdemots.org\/2010\/wp-json\/wp\/v2\/pages"}],"about":[{"href":"http:\/\/muntdemots.org\/2010\/wp-json\/wp\/v2\/types\/page"}],"author":[{"embeddable":true,"href":"http:\/\/muntdemots.org\/2010\/wp-json\/wp\/v2\/users\/1"}],"replies":[{"embeddable":true,"href":"http:\/\/muntdemots.org\/2010\/wp-json\/wp\/v2\/comments?post=203"}],"version-history":[{"count":33,"href":"http:\/\/muntdemots.org\/2010\/wp-json\/wp\/v2\/pages\/203\/revisions"}],"predecessor-version":[{"id":2000,"href":"http:\/\/muntdemots.org\/2010\/wp-json\/wp\/v2\/pages\/203\/revisions\/2000"}],"wp:attachment":[{"href":"http:\/\/muntdemots.org\/2010\/wp-json\/wp\/v2\/media?parent=203"}],"curies":[{"name":"wp","href":"https:\/\/api.w.org\/{rel}","templated":true}]}}