{"id":1644,"date":"2010-09-30T15:23:15","date_gmt":"2010-09-30T15:23:15","guid":{"rendered":"http:\/\/www.muntdemots.org\/"},"modified":"2010-09-30T16:40:26","modified_gmt":"2010-09-30T16:40:26","slug":"juntos-pero-no-revueltos","status":"publish","type":"page","link":"http:\/\/muntdemots.org\/2010\/juntos-pero-no-revueltos\/","title":{"rendered":"Juntos pero no revueltos"},"content":{"rendered":"<p>Tres narradores orales, cuyas experiencias e historias cobran vida por la magia de las palabras, para crear un tri\u00e1ngulo perfecto. Cada lado transporta a la audiencia a trav\u00e9s de un mundo que se materializa en la imaginaci\u00f3n. Unidos y diferentes\u2026 Juntos, pero no revueltos.<\/p>\n<p><span style=\"color: #ffffff;\">.<\/span><\/p>\n<p><strong>M\u00f3nica Mart\u00ednez Paz<\/strong><br \/>\nEs Narradora Oral desde el a\u00f1o 1998. Licenciada en Pedagog\u00eda por la UB (2005). Profesora de Narraci\u00f3n Oral para el Consorci de Biblioteques de Barcelona.<\/p>\n<p><strong>Julio C\u00e9sar Andrea<\/strong><br \/>\nEs narrador desde el a\u00f1o 1997 y fundador del grupo \u201cCID te Cuento\u201d en La Victoria (Venezuela). Particip\u00f3 en el Festival Internacional de Teatro de Oriente (1998) y dict\u00f3 talleres de narraci\u00f3n. Actor de teatro, cine y televisi\u00f3n.<\/p>\n<p><strong>Marisol Cumare<\/strong><strong> Landa<\/strong><br \/>\nParticip\u00f3 en los talleres de formaci\u00f3n de narraci\u00f3n oral esc\u00e9nica a cargo de Rub\u00e9n Mart\u00ednez Santana. Ha formado parte de diversos grupos de narraci\u00f3n oral como Pa\u2019quivingui en el a\u00f1o 2001, el d\u00fao \u201cLa Multis\u00e1pida\u201d 2004-2006.<\/p>\n<p><span style=\"color: #ffffff;\">.<\/span><\/p>\n<p><strong>IMAGINACONTES<\/strong><\/p>\n<div>\n<p>Historias para ni\u00f1os y ni\u00f1as, contadas por varios de los mejores  Cuentacuentos surgidos de los talleres de formaci\u00f3n que se imparten en  las bibliotecas y centros c\u00edvicos de Barcelona: Esther Pozo, Juntos pero no revueltos, M\u00f3nica Mart\u00ednez Paz, Pili Romano, Raquel de Manuel, Som 3 de 3&#8230;<br \/>\nCuentos para toda la familia, en los que los y las Cuentacuentos ponen  las palabras y el p\u00fablico asistente s\u00f3lo debe dejarse llevar por su  propia imaginaci\u00f3n.<em><br \/>\nDia: Dissabte 16<br \/>\nHora: 11:00hrs<br \/>\nLloc: <\/em><a href=\"http:\/\/obrasocial.lacaixa.es\/nuestroscentros\/caixaforumbarcelona\/elcentro_es.html\" target=\"_blank\">CAIXA FORUM (CALLE MODERNISTA)<\/a><a href=\"http:\/\/www.centreshg.net\/taxonera\" target=\"_blank\"><br \/>\n<\/a><a href=\"http:\/\/w20.bcn.cat\/Guiamap\/Default.aspx#x=28974.653&amp;y=80528.805&amp;z=5&amp;c=K014K015K001K002K003K011K013K006&amp;w=1057&amp;h=442&amp;p=28974.653,80528.805\" target=\"_blank\">\u00bfC\u00f3mo llegar?<\/a><a href=\"http:\/\/w20.bcn.cat\/Guiamap\/Default.aspx#x=30109.788&amp;y=80868.613&amp;z=5&amp;c=K014K015K001K002K003K011K013K006&amp;w=1057&amp;h=442&amp;p=30109.788,80868.613\" target=\"_blank\"><br \/>\n<\/a><\/p>\n<\/div>\n<p><span style=\"color: #ffffff;\">.<\/span><\/p>\n<p><a href=\"\/2010\/wp-content\/uploads\/2010\/09\/Juntosperonorevueltos4.jpg\"><img decoding=\"async\" loading=\"lazy\" class=\"alignleft size-full wp-image-1651\" title=\"Juntosperonorevueltos\" src=\"\/2010\/wp-content\/uploads\/2010\/09\/Juntosperonorevueltos4.jpg\" alt=\"\" width=\"381\" height=\"252\" srcset=\"https:\/\/muntdemots.org\/2010\/wp-content\/uploads\/2010\/09\/Juntosperonorevueltos4.jpg 1024w, https:\/\/muntdemots.org\/2010\/wp-content\/uploads\/2010\/09\/Juntosperonorevueltos4-300x199.jpg 300w\" sizes=\"(max-width: 381px) 100vw, 381px\" \/><\/a><\/p>\n","protected":false},"excerpt":{"rendered":"<p>Tres narradores orales, cuyas experiencias e historias cobran vida por la magia de las palabras, para crear un tri\u00e1ngulo perfecto. Cada lado transporta a la audiencia a trav\u00e9s de un mundo que se materializa en la imaginaci\u00f3n. Unidos y diferentes\u2026 Juntos, pero no revueltos. . M\u00f3nica Mart\u00ednez Paz Es Narradora Oral desde el a\u00f1o 1998. [&hellip;]<\/p>\n","protected":false},"author":1,"featured_media":0,"parent":0,"menu_order":0,"comment_status":"open","ping_status":"open","template":"","meta":[],"_links":{"self":[{"href":"http:\/\/muntdemots.org\/2010\/wp-json\/wp\/v2\/pages\/1644"}],"collection":[{"href":"http:\/\/muntdemots.org\/2010\/wp-json\/wp\/v2\/pages"}],"about":[{"href":"http:\/\/muntdemots.org\/2010\/wp-json\/wp\/v2\/types\/page"}],"author":[{"embeddable":true,"href":"http:\/\/muntdemots.org\/2010\/wp-json\/wp\/v2\/users\/1"}],"replies":[{"embeddable":true,"href":"http:\/\/muntdemots.org\/2010\/wp-json\/wp\/v2\/comments?post=1644"}],"version-history":[{"count":7,"href":"http:\/\/muntdemots.org\/2010\/wp-json\/wp\/v2\/pages\/1644\/revisions"}],"predecessor-version":[{"id":1650,"href":"http:\/\/muntdemots.org\/2010\/wp-json\/wp\/v2\/pages\/1644\/revisions\/1650"}],"wp:attachment":[{"href":"http:\/\/muntdemots.org\/2010\/wp-json\/wp\/v2\/media?parent=1644"}],"curies":[{"name":"wp","href":"https:\/\/api.w.org\/{rel}","templated":true}]}}