{"id":1214,"date":"2010-09-20T19:57:25","date_gmt":"2010-09-20T19:57:25","guid":{"rendered":"http:\/\/www.muntdemots.org\/"},"modified":"2010-09-25T14:33:32","modified_gmt":"2010-09-25T14:33:32","slug":"boniface-ofogo","status":"publish","type":"page","link":"http:\/\/muntdemots.org\/2010\/boniface-ofogo\/","title":{"rendered":"Boniface Ofogo"},"content":{"rendered":"<p><a href=\"http:\/\/www.boniofogo.com\">http:\/\/www.boniofogo.com<\/a><\/p>\n<p>Yo soy hijo de la tradici\u00f3n oral, porque nac\u00ed y me cri\u00e9 en una aldea del interior de Camer\u00fan, donde la transmisi\u00f3n oral era la \u00fanica manera de acceder a cualquier tipo de informaci\u00f3n o conocimiento. Aunque mis estudios acad\u00e9micos y mi experiencia vital me han conducido a descubrir la literatura escrita, la oralidad primaria en la que yo me eduqu\u00e9 sigue siendo mi principal punto de referencia en mi trabajo de narrador.<\/p>\n<p><span style=\"color: #ffffff;\">.<\/span><\/p>\n<p><strong> <\/strong><\/p>\n<p><strong>EL ELEFANTE QUE PERDI\u00d3 SU OJO<br \/>\n<\/strong>Cuentos africanos<\/p>\n<p>Un elefante se acostumbra a quitarse su ojo para jugar al ping-pong, hasta que un d\u00eda, lo pierde en un riachuelo. De este incidente aprender\u00e1 lecciones importantes \u00a0para la vida, lecciones que tambi\u00e9n podemos sacar los humanos imperfectos, que siempre andamos a la b\u00fasqueda de algo. El espect\u00e1culo, no exento de perfiles po\u00e9ticos, empieza como un viaje inici\u00e1tico al coraz\u00f3n de una familia africana, que es la m\u00eda.<br \/>\n<em>Dia: Divendres 22<br \/>\nHora: 21:00hrs<br \/>\nLloc: <\/em><a href=\"http:\/\/www.bcn.cat\/centrecivicpatillimona\" target=\"_blank\">C. C. PATI LL\u00cdMONA<\/a><a href=\"www.bcn.cat\/centrecivicpatillimona\" target=\"_blank\"><br \/>\n<\/a><a href=\"http:\/\/w20.bcn.cat\/Guiamap\/Default.aspx#x=31446.088&amp;y=81641.358&amp;z=5&amp;c=K014K015K001K002K003K011K013K006&amp;w=1057&amp;h=442&amp;p=31446.088,81641.358\" target=\"_blank\">\u00bfC\u00f3mo llegar?<\/a><a href=\"www.bcn.cat\/centrecivicpatillimona\" target=\"_blank\"> <\/a><\/p>\n<p><span style=\"color: #ffffff;\">.<\/span><\/p>\n<p><a href=\"\/2010\/wp-content\/uploads\/2010\/09\/BONIFACE-1.jpg\"><img decoding=\"async\" loading=\"lazy\" class=\"alignnone size-medium wp-image-1248\" title=\"BONIFACE 1\" src=\"\/2010\/wp-content\/uploads\/2010\/09\/BONIFACE-1-300x200.jpg\" alt=\"\" width=\"300\" height=\"200\" srcset=\"https:\/\/muntdemots.org\/2010\/wp-content\/uploads\/2010\/09\/BONIFACE-1-300x200.jpg 300w, https:\/\/muntdemots.org\/2010\/wp-content\/uploads\/2010\/09\/BONIFACE-1.jpg 500w\" sizes=\"(max-width: 300px) 100vw, 300px\" \/><\/a><\/p>\n","protected":false},"excerpt":{"rendered":"<p>http:\/\/www.boniofogo.com Yo soy hijo de la tradici\u00f3n oral, porque nac\u00ed y me cri\u00e9 en una aldea del interior de Camer\u00fan, donde la transmisi\u00f3n oral era la \u00fanica manera de acceder a cualquier tipo de informaci\u00f3n o conocimiento. Aunque mis estudios acad\u00e9micos y mi experiencia vital me han conducido a descubrir la literatura escrita, la oralidad [&hellip;]<\/p>\n","protected":false},"author":1,"featured_media":0,"parent":0,"menu_order":0,"comment_status":"open","ping_status":"open","template":"","meta":[],"_links":{"self":[{"href":"http:\/\/muntdemots.org\/2010\/wp-json\/wp\/v2\/pages\/1214"}],"collection":[{"href":"http:\/\/muntdemots.org\/2010\/wp-json\/wp\/v2\/pages"}],"about":[{"href":"http:\/\/muntdemots.org\/2010\/wp-json\/wp\/v2\/types\/page"}],"author":[{"embeddable":true,"href":"http:\/\/muntdemots.org\/2010\/wp-json\/wp\/v2\/users\/1"}],"replies":[{"embeddable":true,"href":"http:\/\/muntdemots.org\/2010\/wp-json\/wp\/v2\/comments?post=1214"}],"version-history":[{"count":10,"href":"http:\/\/muntdemots.org\/2010\/wp-json\/wp\/v2\/pages\/1214\/revisions"}],"predecessor-version":[{"id":1251,"href":"http:\/\/muntdemots.org\/2010\/wp-json\/wp\/v2\/pages\/1214\/revisions\/1251"}],"wp:attachment":[{"href":"http:\/\/muntdemots.org\/2010\/wp-json\/wp\/v2\/media?parent=1214"}],"curies":[{"name":"wp","href":"https:\/\/api.w.org\/{rel}","templated":true}]}}